{"id":83004,"date":"2024-04-26T11:48:16","date_gmt":"2024-04-26T09:48:16","guid":{"rendered":"https:\/\/grenier-avocats.com\/?page_id=83004"},"modified":"2024-12-04T11:17:28","modified_gmt":"2024-12-04T10:17:28","slug":"awards","status":"publish","type":"page","link":"https:\/\/grenier-avocats.com\/en\/awards\/","title":{"rendered":"Awards"},"content":{"rendered":"\t\t<div data-elementor-type=\"wp-page\" data-elementor-id=\"83004\" class=\"elementor elementor-83004 elementor-83003\" data-elementor-post-type=\"page\">\n\t\t\t\t\t\t<section class=\"elementor-section elementor-top-section elementor-element elementor-element-7a0739ff elementor-section-full_width elementor-section-stretched elementor-section-height-default elementor-section-height-default\" data-id=\"7a0739ff\" data-element_type=\"section\" data-e-type=\"section\" data-settings=\"{&quot;stretch_section&quot;:&quot;section-stretched&quot;}\">\n\t\t\t\t\t\t<div class=\"elementor-container elementor-column-gap-default\">\n\t\t\t\t\t<div class=\"elementor-column elementor-col-100 elementor-top-column elementor-element elementor-element-3a4d70d6\" data-id=\"3a4d70d6\" data-element_type=\"column\" data-e-type=\"column\">\n\t\t\t<div class=\"elementor-widget-wrap elementor-element-populated\">\n\t\t\t\t\t\t<div class=\"elementor-element elementor-element-5fe966d7 elementor-widget elementor-widget-spacer\" data-id=\"5fe966d7\" data-element_type=\"widget\" data-e-type=\"widget\" data-widget_type=\"spacer.default\">\n\t\t\t\t\t\t\t<div class=\"elementor-spacer\">\n\t\t\t<div class=\"elementor-spacer-inner\"><\/div>\n\t\t<\/div>\n\t\t\t\t\t\t<\/div>\n\t\t\t\t<div class=\"elementor-element elementor-element-4a3df9d4 elementor-widget elementor-widget-heading\" data-id=\"4a3df9d4\" data-element_type=\"widget\" data-e-type=\"widget\" data-widget_type=\"heading.default\">\n\t\t\t\t\t<h1 class=\"elementor-heading-title elementor-size-default\">Awards<\/h1>\t\t\t\t<\/div>\n\t\t\t\t<div class=\"elementor-element elementor-element-221b73cc elementor-widget elementor-widget-spacer\" data-id=\"221b73cc\" data-element_type=\"widget\" data-e-type=\"widget\" data-widget_type=\"spacer.default\">\n\t\t\t\t\t\t\t<div class=\"elementor-spacer\">\n\t\t\t<div class=\"elementor-spacer-inner\"><\/div>\n\t\t<\/div>\n\t\t\t\t\t\t<\/div>\n\t\t<div class=\"elementor-element elementor-element-2bbdf85f e-flex e-con-boxed e-con e-parent\" data-id=\"2bbdf85f\" data-element_type=\"container\" data-e-type=\"container\">\n\t\t\t\t\t<div class=\"e-con-inner\">\n\t\t\t\t<div class=\"elementor-element elementor-element-54399ef2 elementor-widget elementor-widget-heading\" data-id=\"54399ef2\" data-element_type=\"widget\" data-e-type=\"widget\" data-widget_type=\"heading.default\">\n\t\t\t\t\t<h3 class=\"elementor-heading-title elementor-size-default\">Legal 500<\/h3>\t\t\t\t<\/div>\n\t\t\t\t<div class=\"elementor-element elementor-element-2dd5ec81 elementor-widget elementor-widget-image-gallery\" data-id=\"2dd5ec81\" data-element_type=\"widget\" data-e-type=\"widget\" data-widget_type=\"image-gallery.default\">\n\t\t\t\t\t\t\t<div class=\"elementor-image-gallery\">\n\t\t\t\n\t\t\t<style type='text\/css'>\n\t\t\t\t#gallery-1 {\n\t\t\t\t\tmargin: auto;\n\t\t\t\t}\n\t\t\t\t#gallery-1 .gallery-item {\n\t\t\t\t\tfloat: left;\n\t\t\t\t\tmargin-top: 10px;\n\t\t\t\t\ttext-align: center;\n\t\t\t\t\twidth: 50%;\n\t\t\t\t}\n\t\t\t\t#gallery-1 img {\n\t\t\t\t\tborder: 2px solid #cfcfcf;\n\t\t\t\t}\n\t\t\t\t#gallery-1 .gallery-caption {\n\t\t\t\t\tmargin-left: 0;\n\t\t\t\t}\n\t\t\t\t\/* see gallery_shortcode() in wp-includes\/media.php *\/\n\t\t\t<\/style>\n\t\t<div id='gallery-1' class='dt-gallery-container gallery galleryid-83004 gallery-columns-2 gallery-size-medium'><dl class='gallery-item'>\n\t\t\t\t<dt class='gallery-icon landscape'>\n\t\t\t\t\t<a class=\"rollover rollover-zoom\" title=\"\"data-elementor-open-lightbox=\"yes\" data-elementor-lightbox-slideshow=\"2dd5ec81\" data-elementor-lightbox-title=\"GRENIER-AVOCATS_EMEA_LEGAL500_Leading_firm_2024.png\" data-e-action-hash=\"#elementor-action%3Aaction%3Dlightbox%26settings%3DeyJpZCI6ODI5NzYsInVybCI6Imh0dHBzOlwvXC9ncmVuaWVyLWF2b2NhdHMuY29tXC93cC1jb250ZW50XC91cGxvYWRzXC8yMDI0XC8wNFwvR1JFTklFUi1BVk9DQVRTX0VNRUFfTEVHQUw1MDBfTGVhZGluZ19maXJtXzIwMjQtMS5wbmciLCJzbGlkZXNob3ciOiIyZGQ1ZWM4MSJ9\" href='https:\/\/grenier-avocats.com\/wp-content\/uploads\/2024\/04\/GRENIER-AVOCATS_EMEA_LEGAL500_Leading_firm_2024-1.png'><img fetchpriority=\"high\" decoding=\"async\" width=\"300\" height=\"300\" src=\"https:\/\/grenier-avocats.com\/wp-content\/uploads\/2024\/04\/GRENIER-AVOCATS_EMEA_LEGAL500_Leading_firm_2024-1-300x300.png\" class=\"attachment-medium size-medium\" alt=\"\" aria-describedby=\"gallery-1-82976\" srcset=\"https:\/\/grenier-avocats.com\/wp-content\/uploads\/2024\/04\/GRENIER-AVOCATS_EMEA_LEGAL500_Leading_firm_2024-1-300x300.png 300w, https:\/\/grenier-avocats.com\/wp-content\/uploads\/2024\/04\/GRENIER-AVOCATS_EMEA_LEGAL500_Leading_firm_2024-1-150x150.png 150w, https:\/\/grenier-avocats.com\/wp-content\/uploads\/2024\/04\/GRENIER-AVOCATS_EMEA_LEGAL500_Leading_firm_2024-1-768x768.png 768w, https:\/\/grenier-avocats.com\/wp-content\/uploads\/2024\/04\/GRENIER-AVOCATS_EMEA_LEGAL500_Leading_firm_2024-1.png 1024w\" sizes=\"(max-width: 300px) 100vw, 300px\" \/><\/a>\n\t\t\t\t<\/dt>\n\t\t\t\t\t<dd class='wp-caption-text gallery-caption' id='gallery-1-82976'>\n\t\t\t\t\tLeading Firm\n\t\t\t\t\t<\/dd><\/dl><dl class='gallery-item'>\n\t\t\t\t<dt class='gallery-icon landscape'>\n\t\t\t\t\t<a class=\"rollover rollover-zoom\" title=\"\"data-elementor-open-lightbox=\"yes\" data-elementor-lightbox-slideshow=\"2dd5ec81\" data-elementor-lightbox-title=\"PATRICE_GRENIER_EMEA_LEGAL500_Recommented_lawyer_2024.png\" data-e-action-hash=\"#elementor-action%3Aaction%3Dlightbox%26settings%3DeyJpZCI6ODI5NzgsInVybCI6Imh0dHBzOlwvXC9ncmVuaWVyLWF2b2NhdHMuY29tXC93cC1jb250ZW50XC91cGxvYWRzXC8yMDI0XC8wNFwvUEFUUklDRV9HUkVOSUVSX0VNRUFfTEVHQUw1MDBfUmVjb21tZW50ZWRfbGF3eWVyXzIwMjQtMS5wbmciLCJzbGlkZXNob3ciOiIyZGQ1ZWM4MSJ9\" href='https:\/\/grenier-avocats.com\/wp-content\/uploads\/2024\/04\/PATRICE_GRENIER_EMEA_LEGAL500_Recommented_lawyer_2024-1.png'><img decoding=\"async\" width=\"300\" height=\"300\" src=\"https:\/\/grenier-avocats.com\/wp-content\/uploads\/2024\/04\/PATRICE_GRENIER_EMEA_LEGAL500_Recommented_lawyer_2024-1-300x300.png\" class=\"attachment-medium size-medium\" alt=\"\" aria-describedby=\"gallery-1-82978\" srcset=\"https:\/\/grenier-avocats.com\/wp-content\/uploads\/2024\/04\/PATRICE_GRENIER_EMEA_LEGAL500_Recommented_lawyer_2024-1-300x300.png 300w, https:\/\/grenier-avocats.com\/wp-content\/uploads\/2024\/04\/PATRICE_GRENIER_EMEA_LEGAL500_Recommented_lawyer_2024-1-150x150.png 150w, https:\/\/grenier-avocats.com\/wp-content\/uploads\/2024\/04\/PATRICE_GRENIER_EMEA_LEGAL500_Recommented_lawyer_2024-1-768x768.png 768w, https:\/\/grenier-avocats.com\/wp-content\/uploads\/2024\/04\/PATRICE_GRENIER_EMEA_LEGAL500_Recommented_lawyer_2024-1.png 1024w\" sizes=\"(max-width: 300px) 100vw, 300px\" \/><\/a>\n\t\t\t\t<\/dt>\n\t\t\t\t\t<dd class='wp-caption-text gallery-caption' id='gallery-1-82978'>\n\t\t\t\t\tLEGAL500 EMEA 2024 Avocat recommand\u00e9\n\t\t\t\t\t<\/dd><\/dl><br style=\"clear: both\" \/>\n\t\t\t<\/div>\n\t\t<\/div>\n\t\t\t\t\t\t<\/div>\n\t\t\t\t<div class=\"elementor-element elementor-element-128e7815 elementor-widget elementor-widget-spacer\" data-id=\"128e7815\" data-element_type=\"widget\" data-e-type=\"widget\" data-widget_type=\"spacer.default\">\n\t\t\t\t\t\t\t<div class=\"elementor-spacer\">\n\t\t\t<div class=\"elementor-spacer-inner\"><\/div>\n\t\t<\/div>\n\t\t\t\t\t\t<\/div>\n\t\t\t\t<div class=\"elementor-element elementor-element-2bec1fe5 elementor-widget elementor-widget-heading\" data-id=\"2bec1fe5\" data-element_type=\"widget\" data-e-type=\"widget\" data-widget_type=\"heading.default\">\n\t\t\t\t\t<h3 class=\"elementor-heading-title elementor-size-default\">Palmar\u00e8s du Droit<\/h3>\t\t\t\t<\/div>\n\t\t\t\t<div class=\"elementor-element elementor-element-73dfa571 elementor-widget elementor-widget-image-gallery\" data-id=\"73dfa571\" data-element_type=\"widget\" data-e-type=\"widget\" data-widget_type=\"image-gallery.default\">\n\t\t\t\t\t\t\t<div class=\"elementor-image-gallery\">\n\t\t\t\n\t\t\t<style type='text\/css'>\n\t\t\t\t#gallery-2 {\n\t\t\t\t\tmargin: auto;\n\t\t\t\t}\n\t\t\t\t#gallery-2 .gallery-item {\n\t\t\t\t\tfloat: left;\n\t\t\t\t\tmargin-top: 10px;\n\t\t\t\t\ttext-align: center;\n\t\t\t\t\twidth: 33%;\n\t\t\t\t}\n\t\t\t\t#gallery-2 img {\n\t\t\t\t\tborder: 2px solid #cfcfcf;\n\t\t\t\t}\n\t\t\t\t#gallery-2 .gallery-caption {\n\t\t\t\t\tmargin-left: 0;\n\t\t\t\t}\n\t\t\t\t\/* see gallery_shortcode() in wp-includes\/media.php *\/\n\t\t\t<\/style>\n\t\t<div id='gallery-2' class='dt-gallery-container gallery galleryid-83004 gallery-columns-3 gallery-size-medium'><dl class='gallery-item'>\n\t\t\t\t<dt class='gallery-icon landscape'>\n\t\t\t\t\t<a class=\"rollover rollover-zoom\" title=\"\"data-elementor-open-lightbox=\"yes\" data-elementor-lightbox-slideshow=\"73dfa571\" data-elementor-lightbox-title=\"GRENIER-AVOCATS-Palmares_du_Droit_2024-CONFIRMITE.png\" data-e-action-hash=\"#elementor-action%3Aaction%3Dlightbox%26settings%3DeyJpZCI6ODI5ODAsInVybCI6Imh0dHBzOlwvXC9ncmVuaWVyLWF2b2NhdHMuY29tXC93cC1jb250ZW50XC91cGxvYWRzXC8yMDI0XC8wNFwvR1JFTklFUi1BVk9DQVRTLVBhbG1hcmVzX2R1X0Ryb2l0XzIwMjQtQ09ORklSTUlURS0xLnBuZyIsInNsaWRlc2hvdyI6IjczZGZhNTcxIn0%3D\" href='https:\/\/grenier-avocats.com\/wp-content\/uploads\/2024\/04\/GRENIER-AVOCATS-Palmares_du_Droit_2024-CONFIRMITE-1.png'><img decoding=\"async\" width=\"300\" height=\"300\" src=\"https:\/\/grenier-avocats.com\/wp-content\/uploads\/2024\/04\/GRENIER-AVOCATS-Palmares_du_Droit_2024-CONFIRMITE-1-300x300.png\" class=\"attachment-medium size-medium\" alt=\"\" aria-describedby=\"gallery-2-82980\" srcset=\"https:\/\/grenier-avocats.com\/wp-content\/uploads\/2024\/04\/GRENIER-AVOCATS-Palmares_du_Droit_2024-CONFIRMITE-1-300x300.png 300w, https:\/\/grenier-avocats.com\/wp-content\/uploads\/2024\/04\/GRENIER-AVOCATS-Palmares_du_Droit_2024-CONFIRMITE-1-150x150.png 150w, https:\/\/grenier-avocats.com\/wp-content\/uploads\/2024\/04\/GRENIER-AVOCATS-Palmares_du_Droit_2024-CONFIRMITE-1-768x768.png 768w, https:\/\/grenier-avocats.com\/wp-content\/uploads\/2024\/04\/GRENIER-AVOCATS-Palmares_du_Droit_2024-CONFIRMITE-1.png 1024w\" sizes=\"(max-width: 300px) 100vw, 300px\" \/><\/a>\n\t\t\t\t<\/dt>\n\t\t\t\t\t<dd class='wp-caption-text gallery-caption' id='gallery-2-82980'>\n\t\t\t\t\tPalmar\u00e8s du Droit 2024 Conformit\u00e9\n\t\t\t\t\t<\/dd><\/dl><dl class='gallery-item'>\n\t\t\t\t<dt class='gallery-icon landscape'>\n\t\t\t\t\t<a class=\"rollover rollover-zoom\" title=\"\"data-elementor-open-lightbox=\"yes\" data-elementor-lightbox-slideshow=\"73dfa571\" data-elementor-lightbox-title=\"GRENIER-AVOCATS-Palmares_du_Droit_2024-ASSURANCES.png\" data-e-action-hash=\"#elementor-action%3Aaction%3Dlightbox%26settings%3DeyJpZCI6ODI5ODIsInVybCI6Imh0dHBzOlwvXC9ncmVuaWVyLWF2b2NhdHMuY29tXC93cC1jb250ZW50XC91cGxvYWRzXC8yMDI0XC8wNFwvR1JFTklFUi1BVk9DQVRTLVBhbG1hcmVzX2R1X0Ryb2l0XzIwMjQtQVNTVVJBTkNFUy0xLnBuZyIsInNsaWRlc2hvdyI6IjczZGZhNTcxIn0%3D\" href='https:\/\/grenier-avocats.com\/wp-content\/uploads\/2024\/04\/GRENIER-AVOCATS-Palmares_du_Droit_2024-ASSURANCES-1.png'><img loading=\"lazy\" decoding=\"async\" width=\"300\" height=\"300\" src=\"https:\/\/grenier-avocats.com\/wp-content\/uploads\/2024\/04\/GRENIER-AVOCATS-Palmares_du_Droit_2024-ASSURANCES-1-300x300.png\" class=\"attachment-medium size-medium\" alt=\"\" aria-describedby=\"gallery-2-82982\" srcset=\"https:\/\/grenier-avocats.com\/wp-content\/uploads\/2024\/04\/GRENIER-AVOCATS-Palmares_du_Droit_2024-ASSURANCES-1-300x300.png 300w, https:\/\/grenier-avocats.com\/wp-content\/uploads\/2024\/04\/GRENIER-AVOCATS-Palmares_du_Droit_2024-ASSURANCES-1-150x150.png 150w, https:\/\/grenier-avocats.com\/wp-content\/uploads\/2024\/04\/GRENIER-AVOCATS-Palmares_du_Droit_2024-ASSURANCES-1-768x768.png 768w, https:\/\/grenier-avocats.com\/wp-content\/uploads\/2024\/04\/GRENIER-AVOCATS-Palmares_du_Droit_2024-ASSURANCES-1.png 1024w\" sizes=\"(max-width: 300px) 100vw, 300px\" \/><\/a>\n\t\t\t\t<\/dt>\n\t\t\t\t\t<dd class='wp-caption-text gallery-caption' id='gallery-2-82982'>\n\t\t\t\t\tPalmar\u00e8s du Droit 2024 Assurances\n\t\t\t\t\t<\/dd><\/dl><dl class='gallery-item'>\n\t\t\t\t<dt class='gallery-icon landscape'>\n\t\t\t\t\t<a class=\"rollover rollover-zoom\" title=\"\"data-elementor-open-lightbox=\"yes\" data-elementor-lightbox-slideshow=\"73dfa571\" data-elementor-lightbox-title=\"GRENIER-AVOCATS-Palmares_du_Droit_2024-RESPONSABILITE-DES-PRODUITS.png\" data-e-action-hash=\"#elementor-action%3Aaction%3Dlightbox%26settings%3DeyJpZCI6ODI5ODQsInVybCI6Imh0dHBzOlwvXC9ncmVuaWVyLWF2b2NhdHMuY29tXC93cC1jb250ZW50XC91cGxvYWRzXC8yMDI0XC8wNFwvR1JFTklFUi1BVk9DQVRTLVBhbG1hcmVzX2R1X0Ryb2l0XzIwMjQtUkVTUE9OU0FCSUxJVEUtREVTLVBST0RVSVRTLTEucG5nIiwic2xpZGVzaG93IjoiNzNkZmE1NzEifQ%3D%3D\" href='https:\/\/grenier-avocats.com\/wp-content\/uploads\/2024\/04\/GRENIER-AVOCATS-Palmares_du_Droit_2024-RESPONSABILITE-DES-PRODUITS-1.png'><img loading=\"lazy\" decoding=\"async\" width=\"300\" height=\"300\" src=\"https:\/\/grenier-avocats.com\/wp-content\/uploads\/2024\/04\/GRENIER-AVOCATS-Palmares_du_Droit_2024-RESPONSABILITE-DES-PRODUITS-1-300x300.png\" class=\"attachment-medium size-medium\" alt=\"\" aria-describedby=\"gallery-2-82984\" srcset=\"https:\/\/grenier-avocats.com\/wp-content\/uploads\/2024\/04\/GRENIER-AVOCATS-Palmares_du_Droit_2024-RESPONSABILITE-DES-PRODUITS-1-300x300.png 300w, https:\/\/grenier-avocats.com\/wp-content\/uploads\/2024\/04\/GRENIER-AVOCATS-Palmares_du_Droit_2024-RESPONSABILITE-DES-PRODUITS-1-150x150.png 150w, https:\/\/grenier-avocats.com\/wp-content\/uploads\/2024\/04\/GRENIER-AVOCATS-Palmares_du_Droit_2024-RESPONSABILITE-DES-PRODUITS-1-768x768.png 768w, https:\/\/grenier-avocats.com\/wp-content\/uploads\/2024\/04\/GRENIER-AVOCATS-Palmares_du_Droit_2024-RESPONSABILITE-DES-PRODUITS-1.png 1024w\" sizes=\"(max-width: 300px) 100vw, 300px\" \/><\/a>\n\t\t\t\t<\/dt>\n\t\t\t\t\t<dd class='wp-caption-text gallery-caption' id='gallery-2-82984'>\n\t\t\t\t\tPalmar\u00e8s du Droit 2024 Responsabilit\u00e9 des Produits\n\t\t\t\t\t<\/dd><\/dl><br style=\"clear: both\" \/>\n\t\t\t<\/div>\n\t\t<\/div>\n\t\t\t\t\t\t<\/div>\n\t\t\t\t<div class=\"elementor-element elementor-element-644a35b elementor-widget elementor-widget-spacer\" data-id=\"644a35b\" data-element_type=\"widget\" data-e-type=\"widget\" data-widget_type=\"spacer.default\">\n\t\t\t\t\t\t\t<div class=\"elementor-spacer\">\n\t\t\t<div class=\"elementor-spacer-inner\"><\/div>\n\t\t<\/div>\n\t\t\t\t\t\t<\/div>\n\t\t\t\t<div class=\"elementor-element elementor-element-22560ac6 elementor-widget elementor-widget-heading\" data-id=\"22560ac6\" data-element_type=\"widget\" data-e-type=\"widget\" data-widget_type=\"heading.default\">\n\t\t\t\t\t<h3 class=\"elementor-heading-title elementor-size-default\">D\u00e9cideurs \/ Leaders League<\/h3>\t\t\t\t<\/div>\n\t\t\t\t<div class=\"elementor-element elementor-element-51c47265 gallery-spacing-custom elementor-hidden-desktop elementor-hidden-tablet elementor-widget elementor-widget-global elementor-global-83520 elementor-widget-image-gallery\" data-id=\"51c47265\" data-element_type=\"widget\" data-e-type=\"widget\" data-widget_type=\"image-gallery.default\">\n\t\t\t\t\t\t\t<div class=\"elementor-image-gallery\">\n\t\t\t\n\t\t\t<style type='text\/css'>\n\t\t\t\t#gallery-1 {\n\t\t\t\t\tmargin: auto;\n\t\t\t\t}\n\t\t\t\t#gallery-1 .gallery-item {\n\t\t\t\t\tfloat: left;\n\t\t\t\t\tmargin-top: 10px;\n\t\t\t\t\ttext-align: center;\n\t\t\t\t\twidth: 50%;\n\t\t\t\t}\n\t\t\t\t#gallery-1 img {\n\t\t\t\t\tborder: 2px solid #cfcfcf;\n\t\t\t\t}\n\t\t\t\t#gallery-1 .gallery-caption {\n\t\t\t\t\tmargin-left: 0;\n\t\t\t\t}\n\t\t\t\t\/* see gallery_shortcode() in wp-includes\/media.php *\/\n\t\t\t<\/style>\n\t\t<div id='gallery-1' class='dt-gallery-container gallery galleryid-83004 gallery-columns-2 gallery-size-full'><dl class='gallery-item'>\n\t\t\t\t<dt class='gallery-icon landscape'>\n\t\t\t\t\t<a class=\"rollover rollover-zoom\" title=\"\"data-elementor-open-lightbox=\"yes\" data-elementor-lightbox-slideshow=\"51c47265\" data-elementor-lightbox-title=\"Compliance &amp; Fraude - Enqu\u00eate internationale et enqu\u00eat e interne - France 2024\" data-e-action-hash=\"#elementor-action%3Aaction%3Dlightbox%26settings%3DeyJpZCI6ODM4MzksInVybCI6Imh0dHBzOlwvXC9ncmVuaWVyLWF2b2NhdHMuY29tXC93cC1jb250ZW50XC91cGxvYWRzXC8yMDI0XC8xMVwvQ29tcGxpYW5jZS1GcmF1ZGUtRW5xdWV0ZS1pbnRlcm5hdGlvbmFsZS1ldC1lbnF1ZXQtZS1pbnRlcm5lLUZyYW5jZS0yMDI0LmpwZyIsInNsaWRlc2hvdyI6IjUxYzQ3MjY1In0%3D\" href='https:\/\/grenier-avocats.com\/wp-content\/uploads\/2024\/11\/Compliance-Fraude-Enquete-internationale-et-enquet-e-interne-France-2024.jpg'><img loading=\"lazy\" decoding=\"async\" width=\"1040\" height=\"544\" src=\"https:\/\/grenier-avocats.com\/wp-content\/uploads\/2024\/11\/Compliance-Fraude-Enquete-internationale-et-enquet-e-interne-France-2024.jpg\" class=\"attachment-full size-full\" alt=\"\" srcset=\"https:\/\/grenier-avocats.com\/wp-content\/uploads\/2024\/11\/Compliance-Fraude-Enquete-internationale-et-enquet-e-interne-France-2024.jpg 1040w, https:\/\/grenier-avocats.com\/wp-content\/uploads\/2024\/11\/Compliance-Fraude-Enquete-internationale-et-enquet-e-interne-France-2024-300x157.jpg 300w, https:\/\/grenier-avocats.com\/wp-content\/uploads\/2024\/11\/Compliance-Fraude-Enquete-internationale-et-enquet-e-interne-France-2024-1024x536.jpg 1024w, https:\/\/grenier-avocats.com\/wp-content\/uploads\/2024\/11\/Compliance-Fraude-Enquete-internationale-et-enquet-e-interne-France-2024-768x402.jpg 768w\" sizes=\"(max-width: 1040px) 100vw, 1040px\" \/><\/a>\n\t\t\t\t<\/dt><\/dl><dl class='gallery-item'>\n\t\t\t\t<dt class='gallery-icon landscape'>\n\t\t\t\t\t<a class=\"rollover rollover-zoom\" title=\"\"data-elementor-open-lightbox=\"yes\" data-elementor-lightbox-slideshow=\"51c47265\" data-elementor-lightbox-title=\"Compliance &amp; Fraude - Programme de conformit\u00e9 - France 2 024\" data-e-action-hash=\"#elementor-action%3Aaction%3Dlightbox%26settings%3DeyJpZCI6ODM4MzcsInVybCI6Imh0dHBzOlwvXC9ncmVuaWVyLWF2b2NhdHMuY29tXC93cC1jb250ZW50XC91cGxvYWRzXC8yMDI0XC8xMVwvQ29tcGxpYW5jZS1GcmF1ZGUtUHJvZ3JhbW1lLWRlLWNvbmZvcm1pdGUtRnJhbmNlLTItMDI0LmpwZyIsInNsaWRlc2hvdyI6IjUxYzQ3MjY1In0%3D\" href='https:\/\/grenier-avocats.com\/wp-content\/uploads\/2024\/11\/Compliance-Fraude-Programme-de-conformite-France-2-024.jpg'><img loading=\"lazy\" decoding=\"async\" width=\"1040\" height=\"544\" src=\"https:\/\/grenier-avocats.com\/wp-content\/uploads\/2024\/11\/Compliance-Fraude-Programme-de-conformite-France-2-024.jpg\" class=\"attachment-full size-full\" alt=\"\" srcset=\"https:\/\/grenier-avocats.com\/wp-content\/uploads\/2024\/11\/Compliance-Fraude-Programme-de-conformite-France-2-024.jpg 1040w, https:\/\/grenier-avocats.com\/wp-content\/uploads\/2024\/11\/Compliance-Fraude-Programme-de-conformite-France-2-024-300x157.jpg 300w, https:\/\/grenier-avocats.com\/wp-content\/uploads\/2024\/11\/Compliance-Fraude-Programme-de-conformite-France-2-024-1024x536.jpg 1024w, https:\/\/grenier-avocats.com\/wp-content\/uploads\/2024\/11\/Compliance-Fraude-Programme-de-conformite-France-2-024-768x402.jpg 768w\" sizes=\"(max-width: 1040px) 100vw, 1040px\" \/><\/a>\n\t\t\t\t<\/dt><\/dl><br style=\"clear: both\" \/><dl class='gallery-item'>\n\t\t\t\t<dt class='gallery-icon landscape'>\n\t\t\t\t\t<a class=\"rollover rollover-zoom\" title=\"\"data-elementor-open-lightbox=\"yes\" data-elementor-lightbox-slideshow=\"51c47265\" data-elementor-lightbox-title=\"leadersleague-1724140824403\" data-e-action-hash=\"#elementor-action%3Aaction%3Dlightbox%26settings%3DeyJpZCI6ODM1MTMsInVybCI6Imh0dHBzOlwvXC9ncmVuaWVyLWF2b2NhdHMuY29tXC93cC1jb250ZW50XC91cGxvYWRzXC8yMDI0XC8wOFwvbGVhZGVyc2xlYWd1ZS0xNzI0MTQwODI0NDAzLmpwZyIsInNsaWRlc2hvdyI6IjUxYzQ3MjY1In0%3D\" href='https:\/\/grenier-avocats.com\/wp-content\/uploads\/2024\/08\/leadersleague-1724140824403.jpg'><img loading=\"lazy\" decoding=\"async\" width=\"1040\" height=\"544\" src=\"https:\/\/grenier-avocats.com\/wp-content\/uploads\/2024\/08\/leadersleague-1724140824403.jpg\" class=\"attachment-full size-full\" alt=\"\" srcset=\"https:\/\/grenier-avocats.com\/wp-content\/uploads\/2024\/08\/leadersleague-1724140824403.jpg 1040w, https:\/\/grenier-avocats.com\/wp-content\/uploads\/2024\/08\/leadersleague-1724140824403-300x157.jpg 300w, https:\/\/grenier-avocats.com\/wp-content\/uploads\/2024\/08\/leadersleague-1724140824403-1024x536.jpg 1024w, https:\/\/grenier-avocats.com\/wp-content\/uploads\/2024\/08\/leadersleague-1724140824403-768x402.jpg 768w\" sizes=\"(max-width: 1040px) 100vw, 1040px\" \/><\/a>\n\t\t\t\t<\/dt><\/dl><dl class='gallery-item'>\n\t\t\t\t<dt class='gallery-icon landscape'>\n\t\t\t\t\t<a class=\"rollover rollover-zoom\" title=\"\"data-elementor-open-lightbox=\"yes\" data-elementor-lightbox-slideshow=\"51c47265\" data-elementor-lightbox-title=\"leadersleague-1724140811635\" data-e-action-hash=\"#elementor-action%3Aaction%3Dlightbox%26settings%3DeyJpZCI6ODM1MTEsInVybCI6Imh0dHBzOlwvXC9ncmVuaWVyLWF2b2NhdHMuY29tXC93cC1jb250ZW50XC91cGxvYWRzXC8yMDI0XC8wOFwvbGVhZGVyc2xlYWd1ZS0xNzI0MTQwODExNjM1LmpwZyIsInNsaWRlc2hvdyI6IjUxYzQ3MjY1In0%3D\" href='https:\/\/grenier-avocats.com\/wp-content\/uploads\/2024\/08\/leadersleague-1724140811635.jpg'><img loading=\"lazy\" decoding=\"async\" width=\"1040\" height=\"544\" src=\"https:\/\/grenier-avocats.com\/wp-content\/uploads\/2024\/08\/leadersleague-1724140811635.jpg\" class=\"attachment-full size-full\" alt=\"\" srcset=\"https:\/\/grenier-avocats.com\/wp-content\/uploads\/2024\/08\/leadersleague-1724140811635.jpg 1040w, https:\/\/grenier-avocats.com\/wp-content\/uploads\/2024\/08\/leadersleague-1724140811635-300x157.jpg 300w, https:\/\/grenier-avocats.com\/wp-content\/uploads\/2024\/08\/leadersleague-1724140811635-1024x536.jpg 1024w, https:\/\/grenier-avocats.com\/wp-content\/uploads\/2024\/08\/leadersleague-1724140811635-768x402.jpg 768w\" sizes=\"(max-width: 1040px) 100vw, 1040px\" \/><\/a>\n\t\t\t\t<\/dt><\/dl><br style=\"clear: both\" \/><dl class='gallery-item'>\n\t\t\t\t<dt class='gallery-icon landscape'>\n\t\t\t\t\t<a class=\"rollover rollover-zoom\" title=\"\"data-elementor-open-lightbox=\"yes\" data-elementor-lightbox-slideshow=\"51c47265\" data-elementor-lightbox-title=\"leadersleague-1724140799404\" data-e-action-hash=\"#elementor-action%3Aaction%3Dlightbox%26settings%3DeyJpZCI6ODM1MDksInVybCI6Imh0dHBzOlwvXC9ncmVuaWVyLWF2b2NhdHMuY29tXC93cC1jb250ZW50XC91cGxvYWRzXC8yMDI0XC8wOFwvbGVhZGVyc2xlYWd1ZS0xNzI0MTQwNzk5NDA0LmpwZyIsInNsaWRlc2hvdyI6IjUxYzQ3MjY1In0%3D\" href='https:\/\/grenier-avocats.com\/wp-content\/uploads\/2024\/08\/leadersleague-1724140799404.jpg'><img loading=\"lazy\" decoding=\"async\" width=\"1040\" height=\"544\" src=\"https:\/\/grenier-avocats.com\/wp-content\/uploads\/2024\/08\/leadersleague-1724140799404.jpg\" class=\"attachment-full size-full\" alt=\"\" srcset=\"https:\/\/grenier-avocats.com\/wp-content\/uploads\/2024\/08\/leadersleague-1724140799404.jpg 1040w, https:\/\/grenier-avocats.com\/wp-content\/uploads\/2024\/08\/leadersleague-1724140799404-300x157.jpg 300w, https:\/\/grenier-avocats.com\/wp-content\/uploads\/2024\/08\/leadersleague-1724140799404-1024x536.jpg 1024w, https:\/\/grenier-avocats.com\/wp-content\/uploads\/2024\/08\/leadersleague-1724140799404-768x402.jpg 768w\" sizes=\"(max-width: 1040px) 100vw, 1040px\" \/><\/a>\n\t\t\t\t<\/dt><\/dl><dl class='gallery-item'>\n\t\t\t\t<dt class='gallery-icon landscape'>\n\t\t\t\t\t<a class=\"rollover rollover-zoom\" title=\"\"data-elementor-open-lightbox=\"yes\" data-elementor-lightbox-slideshow=\"51c47265\" data-elementor-lightbox-title=\"leadersleague-1724140788151\" data-e-action-hash=\"#elementor-action%3Aaction%3Dlightbox%26settings%3DeyJpZCI6ODM1MDcsInVybCI6Imh0dHBzOlwvXC9ncmVuaWVyLWF2b2NhdHMuY29tXC93cC1jb250ZW50XC91cGxvYWRzXC8yMDI0XC8wOFwvbGVhZGVyc2xlYWd1ZS0xNzI0MTQwNzg4MTUxLmpwZyIsInNsaWRlc2hvdyI6IjUxYzQ3MjY1In0%3D\" href='https:\/\/grenier-avocats.com\/wp-content\/uploads\/2024\/08\/leadersleague-1724140788151.jpg'><img loading=\"lazy\" decoding=\"async\" width=\"1040\" height=\"544\" src=\"https:\/\/grenier-avocats.com\/wp-content\/uploads\/2024\/08\/leadersleague-1724140788151.jpg\" class=\"attachment-full size-full\" alt=\"\" srcset=\"https:\/\/grenier-avocats.com\/wp-content\/uploads\/2024\/08\/leadersleague-1724140788151.jpg 1040w, https:\/\/grenier-avocats.com\/wp-content\/uploads\/2024\/08\/leadersleague-1724140788151-300x157.jpg 300w, https:\/\/grenier-avocats.com\/wp-content\/uploads\/2024\/08\/leadersleague-1724140788151-1024x536.jpg 1024w, https:\/\/grenier-avocats.com\/wp-content\/uploads\/2024\/08\/leadersleague-1724140788151-768x402.jpg 768w\" sizes=\"(max-width: 1040px) 100vw, 1040px\" \/><\/a>\n\t\t\t\t<\/dt><\/dl><br style=\"clear: both\" \/><dl class='gallery-item'>\n\t\t\t\t<dt class='gallery-icon landscape'>\n\t\t\t\t\t<a class=\"rollover rollover-zoom\" title=\"\"data-elementor-open-lightbox=\"yes\" data-elementor-lightbox-slideshow=\"51c47265\" data-elementor-lightbox-title=\"leadersleague-1724140780111\" data-e-action-hash=\"#elementor-action%3Aaction%3Dlightbox%26settings%3DeyJpZCI6ODM1MDUsInVybCI6Imh0dHBzOlwvXC9ncmVuaWVyLWF2b2NhdHMuY29tXC93cC1jb250ZW50XC91cGxvYWRzXC8yMDI0XC8wOFwvbGVhZGVyc2xlYWd1ZS0xNzI0MTQwNzgwMTExLmpwZyIsInNsaWRlc2hvdyI6IjUxYzQ3MjY1In0%3D\" href='https:\/\/grenier-avocats.com\/wp-content\/uploads\/2024\/08\/leadersleague-1724140780111.jpg'><img loading=\"lazy\" decoding=\"async\" width=\"1040\" height=\"544\" src=\"https:\/\/grenier-avocats.com\/wp-content\/uploads\/2024\/08\/leadersleague-1724140780111.jpg\" class=\"attachment-full size-full\" alt=\"\" srcset=\"https:\/\/grenier-avocats.com\/wp-content\/uploads\/2024\/08\/leadersleague-1724140780111.jpg 1040w, https:\/\/grenier-avocats.com\/wp-content\/uploads\/2024\/08\/leadersleague-1724140780111-300x157.jpg 300w, https:\/\/grenier-avocats.com\/wp-content\/uploads\/2024\/08\/leadersleague-1724140780111-1024x536.jpg 1024w, https:\/\/grenier-avocats.com\/wp-content\/uploads\/2024\/08\/leadersleague-1724140780111-768x402.jpg 768w\" sizes=\"(max-width: 1040px) 100vw, 1040px\" \/><\/a>\n\t\t\t\t<\/dt><\/dl><dl class='gallery-item'>\n\t\t\t\t<dt class='gallery-icon landscape'>\n\t\t\t\t\t<a class=\"rollover rollover-zoom\" title=\"\"data-elementor-open-lightbox=\"yes\" data-elementor-lightbox-slideshow=\"51c47265\" data-elementor-lightbox-title=\"leadersleague-1724140589926\" data-e-action-hash=\"#elementor-action%3Aaction%3Dlightbox%26settings%3DeyJpZCI6ODM1MDMsInVybCI6Imh0dHBzOlwvXC9ncmVuaWVyLWF2b2NhdHMuY29tXC93cC1jb250ZW50XC91cGxvYWRzXC8yMDI0XC8wOFwvbGVhZGVyc2xlYWd1ZS0xNzI0MTQwNTg5OTI2LmpwZyIsInNsaWRlc2hvdyI6IjUxYzQ3MjY1In0%3D\" href='https:\/\/grenier-avocats.com\/wp-content\/uploads\/2024\/08\/leadersleague-1724140589926.jpg'><img loading=\"lazy\" decoding=\"async\" width=\"1040\" height=\"544\" src=\"https:\/\/grenier-avocats.com\/wp-content\/uploads\/2024\/08\/leadersleague-1724140589926.jpg\" class=\"attachment-full size-full\" alt=\"\" srcset=\"https:\/\/grenier-avocats.com\/wp-content\/uploads\/2024\/08\/leadersleague-1724140589926.jpg 1040w, https:\/\/grenier-avocats.com\/wp-content\/uploads\/2024\/08\/leadersleague-1724140589926-300x157.jpg 300w, https:\/\/grenier-avocats.com\/wp-content\/uploads\/2024\/08\/leadersleague-1724140589926-1024x536.jpg 1024w, https:\/\/grenier-avocats.com\/wp-content\/uploads\/2024\/08\/leadersleague-1724140589926-768x402.jpg 768w\" sizes=\"(max-width: 1040px) 100vw, 1040px\" \/><\/a>\n\t\t\t\t<\/dt><\/dl><br style=\"clear: both\" \/><dl class='gallery-item'>\n\t\t\t\t<dt class='gallery-icon landscape'>\n\t\t\t\t\t<a class=\"rollover rollover-zoom\" title=\"\"data-elementor-open-lightbox=\"yes\" data-elementor-lightbox-slideshow=\"51c47265\" data-elementor-lightbox-title=\"leadersleague-1724140863009\" data-e-action-hash=\"#elementor-action%3Aaction%3Dlightbox%26settings%3DeyJpZCI6ODM1MDEsInVybCI6Imh0dHBzOlwvXC9ncmVuaWVyLWF2b2NhdHMuY29tXC93cC1jb250ZW50XC91cGxvYWRzXC8yMDI0XC8wOFwvbGVhZGVyc2xlYWd1ZS0xNzI0MTQwODYzMDA5LmpwZyIsInNsaWRlc2hvdyI6IjUxYzQ3MjY1In0%3D\" href='https:\/\/grenier-avocats.com\/wp-content\/uploads\/2024\/08\/leadersleague-1724140863009.jpg'><img loading=\"lazy\" decoding=\"async\" width=\"1040\" height=\"544\" src=\"https:\/\/grenier-avocats.com\/wp-content\/uploads\/2024\/08\/leadersleague-1724140863009.jpg\" class=\"attachment-full size-full\" alt=\"\" srcset=\"https:\/\/grenier-avocats.com\/wp-content\/uploads\/2024\/08\/leadersleague-1724140863009.jpg 1040w, https:\/\/grenier-avocats.com\/wp-content\/uploads\/2024\/08\/leadersleague-1724140863009-300x157.jpg 300w, https:\/\/grenier-avocats.com\/wp-content\/uploads\/2024\/08\/leadersleague-1724140863009-1024x536.jpg 1024w, https:\/\/grenier-avocats.com\/wp-content\/uploads\/2024\/08\/leadersleague-1724140863009-768x402.jpg 768w\" sizes=\"(max-width: 1040px) 100vw, 1040px\" \/><\/a>\n\t\t\t\t<\/dt><\/dl><dl class='gallery-item'>\n\t\t\t\t<dt class='gallery-icon landscape'>\n\t\t\t\t\t<a class=\"rollover rollover-zoom\" title=\"\"data-elementor-open-lightbox=\"yes\" data-elementor-lightbox-slideshow=\"51c47265\" data-elementor-lightbox-title=\"leadersleague-1724140843385\" data-e-action-hash=\"#elementor-action%3Aaction%3Dlightbox%26settings%3DeyJpZCI6ODM0OTksInVybCI6Imh0dHBzOlwvXC9ncmVuaWVyLWF2b2NhdHMuY29tXC93cC1jb250ZW50XC91cGxvYWRzXC8yMDI0XC8wOFwvbGVhZGVyc2xlYWd1ZS0xNzI0MTQwODQzMzg1LmpwZyIsInNsaWRlc2hvdyI6IjUxYzQ3MjY1In0%3D\" href='https:\/\/grenier-avocats.com\/wp-content\/uploads\/2024\/08\/leadersleague-1724140843385.jpg'><img loading=\"lazy\" decoding=\"async\" width=\"1040\" height=\"544\" src=\"https:\/\/grenier-avocats.com\/wp-content\/uploads\/2024\/08\/leadersleague-1724140843385.jpg\" class=\"attachment-full size-full\" alt=\"\" srcset=\"https:\/\/grenier-avocats.com\/wp-content\/uploads\/2024\/08\/leadersleague-1724140843385.jpg 1040w, https:\/\/grenier-avocats.com\/wp-content\/uploads\/2024\/08\/leadersleague-1724140843385-300x157.jpg 300w, https:\/\/grenier-avocats.com\/wp-content\/uploads\/2024\/08\/leadersleague-1724140843385-1024x536.jpg 1024w, https:\/\/grenier-avocats.com\/wp-content\/uploads\/2024\/08\/leadersleague-1724140843385-768x402.jpg 768w\" sizes=\"(max-width: 1040px) 100vw, 1040px\" \/><\/a>\n\t\t\t\t<\/dt><\/dl><br style=\"clear: both\" \/><dl class='gallery-item'>\n\t\t\t\t<dt class='gallery-icon landscape'>\n\t\t\t\t\t<a class=\"rollover rollover-zoom\" title=\"\"data-elementor-open-lightbox=\"yes\" data-elementor-lightbox-slideshow=\"51c47265\" data-elementor-lightbox-title=\"leadersleague-1724140830636\" data-e-action-hash=\"#elementor-action%3Aaction%3Dlightbox%26settings%3DeyJpZCI6ODM0OTcsInVybCI6Imh0dHBzOlwvXC9ncmVuaWVyLWF2b2NhdHMuY29tXC93cC1jb250ZW50XC91cGxvYWRzXC8yMDI0XC8wOFwvbGVhZGVyc2xlYWd1ZS0xNzI0MTQwODMwNjM2LmpwZyIsInNsaWRlc2hvdyI6IjUxYzQ3MjY1In0%3D\" href='https:\/\/grenier-avocats.com\/wp-content\/uploads\/2024\/08\/leadersleague-1724140830636.jpg'><img loading=\"lazy\" decoding=\"async\" width=\"1040\" height=\"544\" src=\"https:\/\/grenier-avocats.com\/wp-content\/uploads\/2024\/08\/leadersleague-1724140830636.jpg\" class=\"attachment-full size-full\" alt=\"\" srcset=\"https:\/\/grenier-avocats.com\/wp-content\/uploads\/2024\/08\/leadersleague-1724140830636.jpg 1040w, https:\/\/grenier-avocats.com\/wp-content\/uploads\/2024\/08\/leadersleague-1724140830636-300x157.jpg 300w, https:\/\/grenier-avocats.com\/wp-content\/uploads\/2024\/08\/leadersleague-1724140830636-1024x536.jpg 1024w, https:\/\/grenier-avocats.com\/wp-content\/uploads\/2024\/08\/leadersleague-1724140830636-768x402.jpg 768w\" sizes=\"(max-width: 1040px) 100vw, 1040px\" \/><\/a>\n\t\t\t\t<\/dt><\/dl><dl class='gallery-item'>\n\t\t\t\t<dt class='gallery-icon landscape'>\n\t\t\t\t\t<a class=\"rollover rollover-zoom\" title=\"\"data-elementor-open-lightbox=\"yes\" data-elementor-lightbox-slideshow=\"51c47265\" data-elementor-lightbox-title=\"contentieux-arbitrage-droit-penal-des-affaires-classement-2023-cabinet-d-avocats-france - simple\" data-e-action-hash=\"#elementor-action%3Aaction%3Dlightbox%26settings%3DeyJpZCI6ODA3NzAsInVybCI6Imh0dHBzOlwvXC9ncmVuaWVyLWF2b2NhdHMuY29tXC93cC1jb250ZW50XC91cGxvYWRzXC8yMDIzXC8wN1wvY29udGVudGlldXgtYXJiaXRyYWdlLWRyb2l0LXBlbmFsLWRlcy1hZmZhaXJlcy1jbGFzc2VtZW50LTIwMjMtY2FiaW5ldC1kLWF2b2NhdHMtZnJhbmNlLXNpbXBsZS5wbmciLCJzbGlkZXNob3ciOiI1MWM0NzI2NSJ9\" href='https:\/\/grenier-avocats.com\/wp-content\/uploads\/2023\/07\/contentieux-arbitrage-droit-penal-des-affaires-classement-2023-cabinet-d-avocats-france-simple.png'><img loading=\"lazy\" decoding=\"async\" width=\"1040\" height=\"544\" src=\"https:\/\/grenier-avocats.com\/wp-content\/uploads\/2023\/07\/contentieux-arbitrage-droit-penal-des-affaires-classement-2023-cabinet-d-avocats-france-simple.png\" class=\"attachment-full size-full\" alt=\"prix-grenier-avocats-decideurs-magazine\" srcset=\"https:\/\/grenier-avocats.com\/wp-content\/uploads\/2023\/07\/contentieux-arbitrage-droit-penal-des-affaires-classement-2023-cabinet-d-avocats-france-simple.png 1040w, https:\/\/grenier-avocats.com\/wp-content\/uploads\/2023\/07\/contentieux-arbitrage-droit-penal-des-affaires-classement-2023-cabinet-d-avocats-france-simple-300x157.png 300w, https:\/\/grenier-avocats.com\/wp-content\/uploads\/2023\/07\/contentieux-arbitrage-droit-penal-des-affaires-classement-2023-cabinet-d-avocats-france-simple-1024x536.png 1024w, https:\/\/grenier-avocats.com\/wp-content\/uploads\/2023\/07\/contentieux-arbitrage-droit-penal-des-affaires-classement-2023-cabinet-d-avocats-france-simple-768x402.png 768w\" sizes=\"(max-width: 1040px) 100vw, 1040px\" \/><\/a>\n\t\t\t\t<\/dt><\/dl><br style=\"clear: both\" \/><dl class='gallery-item'>\n\t\t\t\t<dt class='gallery-icon landscape'>\n\t\t\t\t\t<a class=\"rollover rollover-zoom\" title=\"\"data-elementor-open-lightbox=\"yes\" data-elementor-lightbox-slideshow=\"51c47265\" data-elementor-lightbox-title=\"D\u00e9cideurs France 2023 - compliance et fraude - programme conformit\u00e9 - Pratique r\u00e9put\u00e9e\" data-e-action-hash=\"#elementor-action%3Aaction%3Dlightbox%26settings%3DeyJpZCI6ODE4MTYsInVybCI6Imh0dHBzOlwvXC9ncmVuaWVyLWF2b2NhdHMuY29tXC93cC1jb250ZW50XC91cGxvYWRzXC8yMDIzXC8xMVwvRGVjaWRldXJzLUZyYW5jZS0yMDIzLWNvbXBsaWFuY2UtZXQtZnJhdWRlLXByb2dyYW1tZS1jb25mb3JtaXRlLVByYXRpcXVlLXJlcHV0ZWUucG5nIiwic2xpZGVzaG93IjoiNTFjNDcyNjUifQ%3D%3D\" href='https:\/\/grenier-avocats.com\/wp-content\/uploads\/2023\/11\/Decideurs-France-2023-compliance-et-fraude-programme-conformite-Pratique-reputee.png'><img loading=\"lazy\" decoding=\"async\" width=\"1040\" height=\"544\" src=\"https:\/\/grenier-avocats.com\/wp-content\/uploads\/2023\/11\/Decideurs-France-2023-compliance-et-fraude-programme-conformite-Pratique-reputee.png\" class=\"attachment-full size-full\" alt=\"https:\/\/grenier-avocats.com\/wp-content\/plugins\/pro-elements\/assets\/js\/webpack-pro.runtime.min.js?ver=3.18.1\" srcset=\"https:\/\/grenier-avocats.com\/wp-content\/uploads\/2023\/11\/Decideurs-France-2023-compliance-et-fraude-programme-conformite-Pratique-reputee.png 1040w, https:\/\/grenier-avocats.com\/wp-content\/uploads\/2023\/11\/Decideurs-France-2023-compliance-et-fraude-programme-conformite-Pratique-reputee-300x157.png 300w, https:\/\/grenier-avocats.com\/wp-content\/uploads\/2023\/11\/Decideurs-France-2023-compliance-et-fraude-programme-conformite-Pratique-reputee-1024x536.png 1024w, https:\/\/grenier-avocats.com\/wp-content\/uploads\/2023\/11\/Decideurs-France-2023-compliance-et-fraude-programme-conformite-Pratique-reputee-768x402.png 768w\" sizes=\"(max-width: 1040px) 100vw, 1040px\" \/><\/a>\n\t\t\t\t<\/dt><\/dl><dl class='gallery-item'>\n\t\t\t\t<dt class='gallery-icon landscape'>\n\t\t\t\t\t<a class=\"rollover rollover-zoom\" title=\"\"data-elementor-open-lightbox=\"yes\" data-elementor-lightbox-slideshow=\"51c47265\" data-elementor-lightbox-title=\"D\u00e9cideurs France 2023 - compliance et fraude -enqu\u00eate internationale et internes - Forte notori\u00e9t\u00e9\" data-e-action-hash=\"#elementor-action%3Aaction%3Dlightbox%26settings%3DeyJpZCI6ODE4MTgsInVybCI6Imh0dHBzOlwvXC9ncmVuaWVyLWF2b2NhdHMuY29tXC93cC1jb250ZW50XC91cGxvYWRzXC8yMDIzXC8xMVwvRGVjaWRldXJzLUZyYW5jZS0yMDIzLWNvbXBsaWFuY2UtZXQtZnJhdWRlLWVucXVldGUtaW50ZXJuYXRpb25hbGUtZXQtaW50ZXJuZXMtRm9ydGUtbm90b3JpZXRlLnBuZyIsInNsaWRlc2hvdyI6IjUxYzQ3MjY1In0%3D\" href='https:\/\/grenier-avocats.com\/wp-content\/uploads\/2023\/11\/Decideurs-France-2023-compliance-et-fraude-enquete-internationale-et-internes-Forte-notoriete.png'><img loading=\"lazy\" decoding=\"async\" width=\"1040\" height=\"544\" src=\"https:\/\/grenier-avocats.com\/wp-content\/uploads\/2023\/11\/Decideurs-France-2023-compliance-et-fraude-enquete-internationale-et-internes-Forte-notoriete.png\" class=\"attachment-full size-full\" alt=\"https:\/\/grenier-avocats.com\/wp-content\/plugins\/pro-elements\/assets\/js\/webpack-pro.runtime.min.js?ver=3.18.1\" srcset=\"https:\/\/grenier-avocats.com\/wp-content\/uploads\/2023\/11\/Decideurs-France-2023-compliance-et-fraude-enquete-internationale-et-internes-Forte-notoriete.png 1040w, https:\/\/grenier-avocats.com\/wp-content\/uploads\/2023\/11\/Decideurs-France-2023-compliance-et-fraude-enquete-internationale-et-internes-Forte-notoriete-300x157.png 300w, https:\/\/grenier-avocats.com\/wp-content\/uploads\/2023\/11\/Decideurs-France-2023-compliance-et-fraude-enquete-internationale-et-internes-Forte-notoriete-1024x536.png 1024w, https:\/\/grenier-avocats.com\/wp-content\/uploads\/2023\/11\/Decideurs-France-2023-compliance-et-fraude-enquete-internationale-et-internes-Forte-notoriete-768x402.png 768w\" sizes=\"(max-width: 1040px) 100vw, 1040px\" \/><\/a>\n\t\t\t\t<\/dt><\/dl><br style=\"clear: both\" \/><dl class='gallery-item'>\n\t\t\t\t<dt class='gallery-icon landscape'>\n\t\t\t\t\t<a class=\"rollover rollover-zoom\" title=\"\"data-elementor-open-lightbox=\"yes\" data-elementor-lightbox-slideshow=\"51c47265\" data-elementor-lightbox-title=\"Risques industriels &amp; Contentieux de la responsabilit\u00e9 - Sinistres et contentieux des assurances\" data-e-action-hash=\"#elementor-action%3Aaction%3Dlightbox%26settings%3DeyJpZCI6ODEyNjMsInVybCI6Imh0dHBzOlwvXC9ncmVuaWVyLWF2b2NhdHMuY29tXC93cC1jb250ZW50XC91cGxvYWRzXC8yMDIzXC8wOVwvUmlzcXVlcy1pbmR1c3RyaWVscy1Db250ZW50aWV1eC1kZS1sYS1yZXNwb25zYWJpbGl0ZS1TaW5pc3RyZXMtZXQtY29udGVudGlldXgtZGVzLWFzc3VyYW5jZXMucG5nIiwic2xpZGVzaG93IjoiNTFjNDcyNjUifQ%3D%3D\" href='https:\/\/grenier-avocats.com\/wp-content\/uploads\/2023\/09\/Risques-industriels-Contentieux-de-la-responsabilite-Sinistres-et-contentieux-des-assurances.png'><img loading=\"lazy\" decoding=\"async\" width=\"1040\" height=\"544\" src=\"https:\/\/grenier-avocats.com\/wp-content\/uploads\/2023\/09\/Risques-industriels-Contentieux-de-la-responsabilite-Sinistres-et-contentieux-des-assurances.png\" class=\"attachment-full size-full\" alt=\"https:\/\/grenier-avocats.com\/wp-content\/plugins\/pro-elements\/assets\/js\/webpack-pro.runtime.min.js?ver=3.18.1\" srcset=\"https:\/\/grenier-avocats.com\/wp-content\/uploads\/2023\/09\/Risques-industriels-Contentieux-de-la-responsabilite-Sinistres-et-contentieux-des-assurances.png 1040w, https:\/\/grenier-avocats.com\/wp-content\/uploads\/2023\/09\/Risques-industriels-Contentieux-de-la-responsabilite-Sinistres-et-contentieux-des-assurances-300x157.png 300w, https:\/\/grenier-avocats.com\/wp-content\/uploads\/2023\/09\/Risques-industriels-Contentieux-de-la-responsabilite-Sinistres-et-contentieux-des-assurances-1024x536.png 1024w, https:\/\/grenier-avocats.com\/wp-content\/uploads\/2023\/09\/Risques-industriels-Contentieux-de-la-responsabilite-Sinistres-et-contentieux-des-assurances-768x402.png 768w\" sizes=\"(max-width: 1040px) 100vw, 1040px\" \/><\/a>\n\t\t\t\t<\/dt><\/dl><dl class='gallery-item'>\n\t\t\t\t<dt class='gallery-icon landscape'>\n\t\t\t\t\t<a class=\"rollover rollover-zoom\" title=\"\"data-elementor-open-lightbox=\"yes\" data-elementor-lightbox-slideshow=\"51c47265\" data-elementor-lightbox-title=\"Risques industriels &amp; Contentieux de la responsabilit\u00e9 - Sinistre et transport terrestre (routier et ferroviaire)\" data-e-action-hash=\"#elementor-action%3Aaction%3Dlightbox%26settings%3DeyJpZCI6ODEyNjEsInVybCI6Imh0dHBzOlwvXC9ncmVuaWVyLWF2b2NhdHMuY29tXC93cC1jb250ZW50XC91cGxvYWRzXC8yMDIzXC8wOVwvUmlzcXVlcy1pbmR1c3RyaWVscy1Db250ZW50aWV1eC1kZS1sYS1yZXNwb25zYWJpbGl0ZS1TaW5pc3RyZS1ldC10cmFuc3BvcnQtdGVycmVzdHJlLXJvdXRpZXItZXQtZmVycm92aWFpcmUucG5nIiwic2xpZGVzaG93IjoiNTFjNDcyNjUifQ%3D%3D\" href='https:\/\/grenier-avocats.com\/wp-content\/uploads\/2023\/09\/Risques-industriels-Contentieux-de-la-responsabilite-Sinistre-et-transport-terrestre-routier-et-ferroviaire.png'><img loading=\"lazy\" decoding=\"async\" width=\"1040\" height=\"544\" src=\"https:\/\/grenier-avocats.com\/wp-content\/uploads\/2023\/09\/Risques-industriels-Contentieux-de-la-responsabilite-Sinistre-et-transport-terrestre-routier-et-ferroviaire.png\" class=\"attachment-full size-full\" alt=\"prix-grenier-avocats-decideurs-magazine\" srcset=\"https:\/\/grenier-avocats.com\/wp-content\/uploads\/2023\/09\/Risques-industriels-Contentieux-de-la-responsabilite-Sinistre-et-transport-terrestre-routier-et-ferroviaire.png 1040w, https:\/\/grenier-avocats.com\/wp-content\/uploads\/2023\/09\/Risques-industriels-Contentieux-de-la-responsabilite-Sinistre-et-transport-terrestre-routier-et-ferroviaire-300x157.png 300w, https:\/\/grenier-avocats.com\/wp-content\/uploads\/2023\/09\/Risques-industriels-Contentieux-de-la-responsabilite-Sinistre-et-transport-terrestre-routier-et-ferroviaire-1024x536.png 1024w, https:\/\/grenier-avocats.com\/wp-content\/uploads\/2023\/09\/Risques-industriels-Contentieux-de-la-responsabilite-Sinistre-et-transport-terrestre-routier-et-ferroviaire-768x402.png 768w\" sizes=\"(max-width: 1040px) 100vw, 1040px\" \/><\/a>\n\t\t\t\t<\/dt><\/dl><br style=\"clear: both\" \/><dl class='gallery-item'>\n\t\t\t\t<dt class='gallery-icon landscape'>\n\t\t\t\t\t<a class=\"rollover rollover-zoom\" title=\"\"data-elementor-open-lightbox=\"yes\" data-elementor-lightbox-slideshow=\"51c47265\" data-elementor-lightbox-title=\"Risques industriels &amp; Contentieux de la responsabilit\u00e9 - Responsabilit\u00e9 du fait des produits\" data-e-action-hash=\"#elementor-action%3Aaction%3Dlightbox%26settings%3DeyJpZCI6ODEyNTksInVybCI6Imh0dHBzOlwvXC9ncmVuaWVyLWF2b2NhdHMuY29tXC93cC1jb250ZW50XC91cGxvYWRzXC8yMDIzXC8wOVwvUmlzcXVlcy1pbmR1c3RyaWVscy1Db250ZW50aWV1eC1kZS1sYS1yZXNwb25zYWJpbGl0ZS1SZXNwb25zYWJpbGl0ZS1kdS1mYWl0LWRlcy1wcm9kdWl0cy5wbmciLCJzbGlkZXNob3ciOiI1MWM0NzI2NSJ9\" href='https:\/\/grenier-avocats.com\/wp-content\/uploads\/2023\/09\/Risques-industriels-Contentieux-de-la-responsabilite-Responsabilite-du-fait-des-produits.png'><img loading=\"lazy\" decoding=\"async\" width=\"1040\" height=\"544\" src=\"https:\/\/grenier-avocats.com\/wp-content\/uploads\/2023\/09\/Risques-industriels-Contentieux-de-la-responsabilite-Responsabilite-du-fait-des-produits.png\" class=\"attachment-full size-full\" alt=\"prix-grenier-avocats-decideurs-magazine\" srcset=\"https:\/\/grenier-avocats.com\/wp-content\/uploads\/2023\/09\/Risques-industriels-Contentieux-de-la-responsabilite-Responsabilite-du-fait-des-produits.png 1040w, https:\/\/grenier-avocats.com\/wp-content\/uploads\/2023\/09\/Risques-industriels-Contentieux-de-la-responsabilite-Responsabilite-du-fait-des-produits-300x157.png 300w, https:\/\/grenier-avocats.com\/wp-content\/uploads\/2023\/09\/Risques-industriels-Contentieux-de-la-responsabilite-Responsabilite-du-fait-des-produits-1024x536.png 1024w, https:\/\/grenier-avocats.com\/wp-content\/uploads\/2023\/09\/Risques-industriels-Contentieux-de-la-responsabilite-Responsabilite-du-fait-des-produits-768x402.png 768w\" sizes=\"(max-width: 1040px) 100vw, 1040px\" \/><\/a>\n\t\t\t\t<\/dt><\/dl><dl class='gallery-item'>\n\t\t\t\t<dt class='gallery-icon landscape'>\n\t\t\t\t\t<a class=\"rollover rollover-zoom\" title=\"\"data-elementor-open-lightbox=\"yes\" data-elementor-lightbox-slideshow=\"51c47265\" data-elementor-lightbox-title=\"Risques industriels &amp; Contentieux de la responsabilit\u00e9 - Responsabilit\u00e9 civile professionnelles et risques financiers\" data-e-action-hash=\"#elementor-action%3Aaction%3Dlightbox%26settings%3DeyJpZCI6ODEyNTcsInVybCI6Imh0dHBzOlwvXC9ncmVuaWVyLWF2b2NhdHMuY29tXC93cC1jb250ZW50XC91cGxvYWRzXC8yMDIzXC8wOVwvUmlzcXVlcy1pbmR1c3RyaWVscy1Db250ZW50aWV1eC1kZS1sYS1yZXNwb25zYWJpbGl0ZS1SZXNwb25zYWJpbGl0ZS1jaXZpbGUtcHJvZmVzc2lvbm5lbGxlcy1ldC1yaXNxdWVzLWZpbmFuY2llcnMucG5nIiwic2xpZGVzaG93IjoiNTFjNDcyNjUifQ%3D%3D\" href='https:\/\/grenier-avocats.com\/wp-content\/uploads\/2023\/09\/Risques-industriels-Contentieux-de-la-responsabilite-Responsabilite-civile-professionnelles-et-risques-financiers.png'><img loading=\"lazy\" decoding=\"async\" width=\"1040\" height=\"544\" src=\"https:\/\/grenier-avocats.com\/wp-content\/uploads\/2023\/09\/Risques-industriels-Contentieux-de-la-responsabilite-Responsabilite-civile-professionnelles-et-risques-financiers.png\" class=\"attachment-full size-full\" alt=\"prix-grenier-avocats-decideurs-magazine\" srcset=\"https:\/\/grenier-avocats.com\/wp-content\/uploads\/2023\/09\/Risques-industriels-Contentieux-de-la-responsabilite-Responsabilite-civile-professionnelles-et-risques-financiers.png 1040w, https:\/\/grenier-avocats.com\/wp-content\/uploads\/2023\/09\/Risques-industriels-Contentieux-de-la-responsabilite-Responsabilite-civile-professionnelles-et-risques-financiers-300x157.png 300w, https:\/\/grenier-avocats.com\/wp-content\/uploads\/2023\/09\/Risques-industriels-Contentieux-de-la-responsabilite-Responsabilite-civile-professionnelles-et-risques-financiers-1024x536.png 1024w, https:\/\/grenier-avocats.com\/wp-content\/uploads\/2023\/09\/Risques-industriels-Contentieux-de-la-responsabilite-Responsabilite-civile-professionnelles-et-risques-financiers-768x402.png 768w\" sizes=\"(max-width: 1040px) 100vw, 1040px\" \/><\/a>\n\t\t\t\t<\/dt><\/dl><br style=\"clear: both\" \/><dl class='gallery-item'>\n\t\t\t\t<dt class='gallery-icon landscape'>\n\t\t\t\t\t<a class=\"rollover rollover-zoom\" title=\"\"data-elementor-open-lightbox=\"yes\" data-elementor-lightbox-slideshow=\"51c47265\" data-elementor-lightbox-title=\"Risques industriels &amp; Contentieux de la responsabilit\u00e9 - Regularatory assurance-reasurance\" data-e-action-hash=\"#elementor-action%3Aaction%3Dlightbox%26settings%3DeyJpZCI6ODEyNTUsInVybCI6Imh0dHBzOlwvXC9ncmVuaWVyLWF2b2NhdHMuY29tXC93cC1jb250ZW50XC91cGxvYWRzXC8yMDIzXC8wOVwvUmlzcXVlcy1pbmR1c3RyaWVscy1Db250ZW50aWV1eC1kZS1sYS1yZXNwb25zYWJpbGl0ZS1SZWd1bGFyYXRvcnktYXNzdXJhbmNlLXJlYXN1cmFuY2UucG5nIiwic2xpZGVzaG93IjoiNTFjNDcyNjUifQ%3D%3D\" href='https:\/\/grenier-avocats.com\/wp-content\/uploads\/2023\/09\/Risques-industriels-Contentieux-de-la-responsabilite-Regularatory-assurance-reasurance.png'><img loading=\"lazy\" decoding=\"async\" width=\"1040\" height=\"544\" src=\"https:\/\/grenier-avocats.com\/wp-content\/uploads\/2023\/09\/Risques-industriels-Contentieux-de-la-responsabilite-Regularatory-assurance-reasurance.png\" class=\"attachment-full size-full\" alt=\"prix-grenier-avocats-decideurs-magazine\" srcset=\"https:\/\/grenier-avocats.com\/wp-content\/uploads\/2023\/09\/Risques-industriels-Contentieux-de-la-responsabilite-Regularatory-assurance-reasurance.png 1040w, https:\/\/grenier-avocats.com\/wp-content\/uploads\/2023\/09\/Risques-industriels-Contentieux-de-la-responsabilite-Regularatory-assurance-reasurance-300x157.png 300w, https:\/\/grenier-avocats.com\/wp-content\/uploads\/2023\/09\/Risques-industriels-Contentieux-de-la-responsabilite-Regularatory-assurance-reasurance-1024x536.png 1024w, https:\/\/grenier-avocats.com\/wp-content\/uploads\/2023\/09\/Risques-industriels-Contentieux-de-la-responsabilite-Regularatory-assurance-reasurance-768x402.png 768w\" sizes=\"(max-width: 1040px) 100vw, 1040px\" \/><\/a>\n\t\t\t\t<\/dt><\/dl><dl class='gallery-item'>\n\t\t\t\t<dt class='gallery-icon landscape'>\n\t\t\t\t\t<a class=\"rollover rollover-zoom\" title=\"\"data-elementor-open-lightbox=\"yes\" data-elementor-lightbox-slideshow=\"51c47265\" data-elementor-lightbox-title=\"grenier-avocats-contentieux-arbitrage-multi\" data-e-action-hash=\"#elementor-action%3Aaction%3Dlightbox%26settings%3DeyJpZCI6ODA3NzIsInVybCI6Imh0dHBzOlwvXC9ncmVuaWVyLWF2b2NhdHMuY29tXC93cC1jb250ZW50XC91cGxvYWRzXC8yMDIzXC8wN1wvZ3Jlbmllci1hdm9jYXRzLWNvbnRlbnRpZXV4LWFyYml0cmFnZS1tdWx0aS5wbmciLCJzbGlkZXNob3ciOiI1MWM0NzI2NSJ9\" href='https:\/\/grenier-avocats.com\/wp-content\/uploads\/2023\/07\/grenier-avocats-contentieux-arbitrage-multi.png'><img loading=\"lazy\" decoding=\"async\" width=\"1040\" height=\"544\" src=\"https:\/\/grenier-avocats.com\/wp-content\/uploads\/2023\/07\/grenier-avocats-contentieux-arbitrage-multi.png\" class=\"attachment-full size-full\" alt=\"prix-grenier-avocats-decideurs-magazine\" srcset=\"https:\/\/grenier-avocats.com\/wp-content\/uploads\/2023\/07\/grenier-avocats-contentieux-arbitrage-multi.png 1040w, https:\/\/grenier-avocats.com\/wp-content\/uploads\/2023\/07\/grenier-avocats-contentieux-arbitrage-multi-300x157.png 300w, https:\/\/grenier-avocats.com\/wp-content\/uploads\/2023\/07\/grenier-avocats-contentieux-arbitrage-multi-1024x536.png 1024w, https:\/\/grenier-avocats.com\/wp-content\/uploads\/2023\/07\/grenier-avocats-contentieux-arbitrage-multi-768x402.png 768w\" sizes=\"(max-width: 1040px) 100vw, 1040px\" \/><\/a>\n\t\t\t\t<\/dt><\/dl><br style=\"clear: both\" \/><dl class='gallery-item'>\n\t\t\t\t<dt class='gallery-icon landscape'>\n\t\t\t\t\t<a class=\"rollover rollover-zoom\" title=\"\"data-elementor-open-lightbox=\"yes\" data-elementor-lightbox-slideshow=\"51c47265\" data-elementor-lightbox-title=\"contentieux-arbitrage-contentieux-commercial-classement-2023-cabinet-d-avocats-france - simple\" data-e-action-hash=\"#elementor-action%3Aaction%3Dlightbox%26settings%3DeyJpZCI6ODA3NjgsInVybCI6Imh0dHBzOlwvXC9ncmVuaWVyLWF2b2NhdHMuY29tXC93cC1jb250ZW50XC91cGxvYWRzXC8yMDIzXC8wN1wvY29udGVudGlldXgtYXJiaXRyYWdlLWNvbnRlbnRpZXV4LWNvbW1lcmNpYWwtY2xhc3NlbWVudC0yMDIzLWNhYmluZXQtZC1hdm9jYXRzLWZyYW5jZS1zaW1wbGUucG5nIiwic2xpZGVzaG93IjoiNTFjNDcyNjUifQ%3D%3D\" href='https:\/\/grenier-avocats.com\/wp-content\/uploads\/2023\/07\/contentieux-arbitrage-contentieux-commercial-classement-2023-cabinet-d-avocats-france-simple.png'><img loading=\"lazy\" decoding=\"async\" width=\"1040\" height=\"544\" src=\"https:\/\/grenier-avocats.com\/wp-content\/uploads\/2023\/07\/contentieux-arbitrage-contentieux-commercial-classement-2023-cabinet-d-avocats-france-simple.png\" class=\"attachment-full size-full\" alt=\"prix-grenier-avocats-decideurs-magazine\" srcset=\"https:\/\/grenier-avocats.com\/wp-content\/uploads\/2023\/07\/contentieux-arbitrage-contentieux-commercial-classement-2023-cabinet-d-avocats-france-simple.png 1040w, https:\/\/grenier-avocats.com\/wp-content\/uploads\/2023\/07\/contentieux-arbitrage-contentieux-commercial-classement-2023-cabinet-d-avocats-france-simple-300x157.png 300w, https:\/\/grenier-avocats.com\/wp-content\/uploads\/2023\/07\/contentieux-arbitrage-contentieux-commercial-classement-2023-cabinet-d-avocats-france-simple-1024x536.png 1024w, https:\/\/grenier-avocats.com\/wp-content\/uploads\/2023\/07\/contentieux-arbitrage-contentieux-commercial-classement-2023-cabinet-d-avocats-france-simple-768x402.png 768w\" sizes=\"(max-width: 1040px) 100vw, 1040px\" \/><\/a>\n\t\t\t\t<\/dt><\/dl><dl class='gallery-item'>\n\t\t\t\t<dt class='gallery-icon landscape'>\n\t\t\t\t\t<a class=\"rollover rollover-zoom\" title=\"\"data-elementor-open-lightbox=\"yes\" data-elementor-lightbox-slideshow=\"51c47265\" data-elementor-lightbox-title=\"contentieux-arbitrage-arbitrage-international-classement-2023-cabinet-d-avocats-france - simple\" data-e-action-hash=\"#elementor-action%3Aaction%3Dlightbox%26settings%3DeyJpZCI6ODA3NjYsInVybCI6Imh0dHBzOlwvXC9ncmVuaWVyLWF2b2NhdHMuY29tXC93cC1jb250ZW50XC91cGxvYWRzXC8yMDIzXC8wN1wvY29udGVudGlldXgtYXJiaXRyYWdlLWFyYml0cmFnZS1pbnRlcm5hdGlvbmFsLWNsYXNzZW1lbnQtMjAyMy1jYWJpbmV0LWQtYXZvY2F0cy1mcmFuY2Utc2ltcGxlLnBuZyIsInNsaWRlc2hvdyI6IjUxYzQ3MjY1In0%3D\" href='https:\/\/grenier-avocats.com\/wp-content\/uploads\/2023\/07\/contentieux-arbitrage-arbitrage-international-classement-2023-cabinet-d-avocats-france-simple.png'><img loading=\"lazy\" decoding=\"async\" width=\"1040\" height=\"544\" src=\"https:\/\/grenier-avocats.com\/wp-content\/uploads\/2023\/07\/contentieux-arbitrage-arbitrage-international-classement-2023-cabinet-d-avocats-france-simple.png\" class=\"attachment-full size-full\" alt=\"prix-grenier-avocats-decideurs-magazine\" srcset=\"https:\/\/grenier-avocats.com\/wp-content\/uploads\/2023\/07\/contentieux-arbitrage-arbitrage-international-classement-2023-cabinet-d-avocats-france-simple.png 1040w, https:\/\/grenier-avocats.com\/wp-content\/uploads\/2023\/07\/contentieux-arbitrage-arbitrage-international-classement-2023-cabinet-d-avocats-france-simple-300x157.png 300w, https:\/\/grenier-avocats.com\/wp-content\/uploads\/2023\/07\/contentieux-arbitrage-arbitrage-international-classement-2023-cabinet-d-avocats-france-simple-1024x536.png 1024w, https:\/\/grenier-avocats.com\/wp-content\/uploads\/2023\/07\/contentieux-arbitrage-arbitrage-international-classement-2023-cabinet-d-avocats-france-simple-768x402.png 768w\" sizes=\"(max-width: 1040px) 100vw, 1040px\" \/><\/a>\n\t\t\t\t<\/dt><\/dl><br style=\"clear: both\" \/><dl class='gallery-item'>\n\t\t\t\t<dt class='gallery-icon landscape'>\n\t\t\t\t\t<a class=\"rollover rollover-zoom\" title=\"\"data-elementor-open-lightbox=\"yes\" data-elementor-lightbox-slideshow=\"51c47265\" data-elementor-lightbox-title=\"concurrence-distribution-droit-de-la-distribution-classement-2023-cabinet-d-avocats-france-simple\" data-e-action-hash=\"#elementor-action%3Aaction%3Dlightbox%26settings%3DeyJpZCI6ODA3NjIsInVybCI6Imh0dHBzOlwvXC9ncmVuaWVyLWF2b2NhdHMuY29tXC93cC1jb250ZW50XC91cGxvYWRzXC8yMDIzXC8wN1wvY29uY3VycmVuY2UtZGlzdHJpYnV0aW9uLWRyb2l0LWRlLWxhLWRpc3RyaWJ1dGlvbi1jbGFzc2VtZW50LTIwMjMtY2FiaW5ldC1kLWF2b2NhdHMtZnJhbmNlLXNpbXBsZS5wbmciLCJzbGlkZXNob3ciOiI1MWM0NzI2NSJ9\" href='https:\/\/grenier-avocats.com\/wp-content\/uploads\/2023\/07\/concurrence-distribution-droit-de-la-distribution-classement-2023-cabinet-d-avocats-france-simple.png'><img loading=\"lazy\" decoding=\"async\" width=\"1040\" height=\"544\" src=\"https:\/\/grenier-avocats.com\/wp-content\/uploads\/2023\/07\/concurrence-distribution-droit-de-la-distribution-classement-2023-cabinet-d-avocats-france-simple.png\" class=\"attachment-full size-full\" alt=\"prix-grenier-avocats-decideurs-magazine\" srcset=\"https:\/\/grenier-avocats.com\/wp-content\/uploads\/2023\/07\/concurrence-distribution-droit-de-la-distribution-classement-2023-cabinet-d-avocats-france-simple.png 1040w, https:\/\/grenier-avocats.com\/wp-content\/uploads\/2023\/07\/concurrence-distribution-droit-de-la-distribution-classement-2023-cabinet-d-avocats-france-simple-300x157.png 300w, https:\/\/grenier-avocats.com\/wp-content\/uploads\/2023\/07\/concurrence-distribution-droit-de-la-distribution-classement-2023-cabinet-d-avocats-france-simple-1024x536.png 1024w, https:\/\/grenier-avocats.com\/wp-content\/uploads\/2023\/07\/concurrence-distribution-droit-de-la-distribution-classement-2023-cabinet-d-avocats-france-simple-768x402.png 768w\" sizes=\"(max-width: 1040px) 100vw, 1040px\" \/><\/a>\n\t\t\t\t<\/dt><\/dl><dl class='gallery-item'>\n\t\t\t\t<dt class='gallery-icon landscape'>\n\t\t\t\t\t<a class=\"rollover rollover-zoom\" title=\"\"data-elementor-open-lightbox=\"yes\" data-elementor-lightbox-slideshow=\"51c47265\" data-elementor-lightbox-title=\"risques-industriels-contentieux-de-la-responsabilite-sinistres-et-transport-terrestre-routier-et-ferroviaire-classement-2022-cabinet-d-avocats-france - simple\" data-e-action-hash=\"#elementor-action%3Aaction%3Dlightbox%26settings%3DeyJpZCI6ODExMjUsInVybCI6Imh0dHBzOlwvXC9ncmVuaWVyLWF2b2NhdHMuY29tXC93cC1jb250ZW50XC91cGxvYWRzXC8yMDIzXC8wN1wvcmlzcXVlcy1pbmR1c3RyaWVscy1jb250ZW50aWV1eC1kZS1sYS1yZXNwb25zYWJpbGl0ZS1zaW5pc3RyZXMtZXQtdHJhbnNwb3J0LXRlcnJlc3RyZS1yb3V0aWVyLWV0LWZlcnJvdmlhaXJlLWNsYXNzZW1lbnQtMjAyMi1jYWJpbmV0LWQtYXZvY2F0cy1mcmFuY2Utc2ltcGxlLnBuZyIsInNsaWRlc2hvdyI6IjUxYzQ3MjY1In0%3D\" href='https:\/\/grenier-avocats.com\/wp-content\/uploads\/2023\/07\/risques-industriels-contentieux-de-la-responsabilite-sinistres-et-transport-terrestre-routier-et-ferroviaire-classement-2022-cabinet-d-avocats-france-simple.png'><img loading=\"lazy\" decoding=\"async\" width=\"1040\" height=\"544\" src=\"https:\/\/grenier-avocats.com\/wp-content\/uploads\/2023\/07\/risques-industriels-contentieux-de-la-responsabilite-sinistres-et-transport-terrestre-routier-et-ferroviaire-classement-2022-cabinet-d-avocats-france-simple.png\" class=\"attachment-full size-full\" alt=\"prix-grenier-avocats-decideurs-magazine\" srcset=\"https:\/\/grenier-avocats.com\/wp-content\/uploads\/2023\/07\/risques-industriels-contentieux-de-la-responsabilite-sinistres-et-transport-terrestre-routier-et-ferroviaire-classement-2022-cabinet-d-avocats-france-simple.png 1040w, https:\/\/grenier-avocats.com\/wp-content\/uploads\/2023\/07\/risques-industriels-contentieux-de-la-responsabilite-sinistres-et-transport-terrestre-routier-et-ferroviaire-classement-2022-cabinet-d-avocats-france-simple-300x157.png 300w, https:\/\/grenier-avocats.com\/wp-content\/uploads\/2023\/07\/risques-industriels-contentieux-de-la-responsabilite-sinistres-et-transport-terrestre-routier-et-ferroviaire-classement-2022-cabinet-d-avocats-france-simple-1024x536.png 1024w, https:\/\/grenier-avocats.com\/wp-content\/uploads\/2023\/07\/risques-industriels-contentieux-de-la-responsabilite-sinistres-et-transport-terrestre-routier-et-ferroviaire-classement-2022-cabinet-d-avocats-france-simple-768x402.png 768w\" sizes=\"(max-width: 1040px) 100vw, 1040px\" \/><\/a>\n\t\t\t\t<\/dt><\/dl><br style=\"clear: both\" \/><dl class='gallery-item'>\n\t\t\t\t<dt class='gallery-icon landscape'>\n\t\t\t\t\t<a class=\"rollover rollover-zoom\" title=\"\"data-elementor-open-lightbox=\"yes\" data-elementor-lightbox-slideshow=\"51c47265\" data-elementor-lightbox-title=\"risques-industriels-contentieux-de-la-responsabilite-sinistres-et-contentieux-des-assurances-classement-2022-cabinet-d-avocats-france - simple\" data-e-action-hash=\"#elementor-action%3Aaction%3Dlightbox%26settings%3DeyJpZCI6ODExMjMsInVybCI6Imh0dHBzOlwvXC9ncmVuaWVyLWF2b2NhdHMuY29tXC93cC1jb250ZW50XC91cGxvYWRzXC8yMDIzXC8wN1wvcmlzcXVlcy1pbmR1c3RyaWVscy1jb250ZW50aWV1eC1kZS1sYS1yZXNwb25zYWJpbGl0ZS1zaW5pc3RyZXMtZXQtY29udGVudGlldXgtZGVzLWFzc3VyYW5jZXMtY2xhc3NlbWVudC0yMDIyLWNhYmluZXQtZC1hdm9jYXRzLWZyYW5jZS1zaW1wbGUucG5nIiwic2xpZGVzaG93IjoiNTFjNDcyNjUifQ%3D%3D\" href='https:\/\/grenier-avocats.com\/wp-content\/uploads\/2023\/07\/risques-industriels-contentieux-de-la-responsabilite-sinistres-et-contentieux-des-assurances-classement-2022-cabinet-d-avocats-france-simple.png'><img loading=\"lazy\" decoding=\"async\" width=\"1040\" height=\"544\" src=\"https:\/\/grenier-avocats.com\/wp-content\/uploads\/2023\/07\/risques-industriels-contentieux-de-la-responsabilite-sinistres-et-contentieux-des-assurances-classement-2022-cabinet-d-avocats-france-simple.png\" class=\"attachment-full size-full\" alt=\"prix-grenier-avocats-decideurs-magazine\" srcset=\"https:\/\/grenier-avocats.com\/wp-content\/uploads\/2023\/07\/risques-industriels-contentieux-de-la-responsabilite-sinistres-et-contentieux-des-assurances-classement-2022-cabinet-d-avocats-france-simple.png 1040w, https:\/\/grenier-avocats.com\/wp-content\/uploads\/2023\/07\/risques-industriels-contentieux-de-la-responsabilite-sinistres-et-contentieux-des-assurances-classement-2022-cabinet-d-avocats-france-simple-300x157.png 300w, https:\/\/grenier-avocats.com\/wp-content\/uploads\/2023\/07\/risques-industriels-contentieux-de-la-responsabilite-sinistres-et-contentieux-des-assurances-classement-2022-cabinet-d-avocats-france-simple-1024x536.png 1024w, https:\/\/grenier-avocats.com\/wp-content\/uploads\/2023\/07\/risques-industriels-contentieux-de-la-responsabilite-sinistres-et-contentieux-des-assurances-classement-2022-cabinet-d-avocats-france-simple-768x402.png 768w\" sizes=\"(max-width: 1040px) 100vw, 1040px\" \/><\/a>\n\t\t\t\t<\/dt><\/dl><dl class='gallery-item'>\n\t\t\t\t<dt class='gallery-icon landscape'>\n\t\t\t\t\t<a class=\"rollover rollover-zoom\" title=\"\"data-elementor-open-lightbox=\"yes\" data-elementor-lightbox-slideshow=\"51c47265\" data-elementor-lightbox-title=\"risques-industriels-contentieux-de-la-responsabilite-responsabilite-du-fait-des-produits-classement-2022-cabinet-d-avocats-france - simple\" data-e-action-hash=\"#elementor-action%3Aaction%3Dlightbox%26settings%3DeyJpZCI6ODExMjEsInVybCI6Imh0dHBzOlwvXC9ncmVuaWVyLWF2b2NhdHMuY29tXC93cC1jb250ZW50XC91cGxvYWRzXC8yMDIzXC8wN1wvcmlzcXVlcy1pbmR1c3RyaWVscy1jb250ZW50aWV1eC1kZS1sYS1yZXNwb25zYWJpbGl0ZS1yZXNwb25zYWJpbGl0ZS1kdS1mYWl0LWRlcy1wcm9kdWl0cy1jbGFzc2VtZW50LTIwMjItY2FiaW5ldC1kLWF2b2NhdHMtZnJhbmNlLXNpbXBsZS5wbmciLCJzbGlkZXNob3ciOiI1MWM0NzI2NSJ9\" href='https:\/\/grenier-avocats.com\/wp-content\/uploads\/2023\/07\/risques-industriels-contentieux-de-la-responsabilite-responsabilite-du-fait-des-produits-classement-2022-cabinet-d-avocats-france-simple.png'><img loading=\"lazy\" decoding=\"async\" width=\"1040\" height=\"544\" src=\"https:\/\/grenier-avocats.com\/wp-content\/uploads\/2023\/07\/risques-industriels-contentieux-de-la-responsabilite-responsabilite-du-fait-des-produits-classement-2022-cabinet-d-avocats-france-simple.png\" class=\"attachment-full size-full\" alt=\"prix-grenier-avocats-decideurs-magazine\" srcset=\"https:\/\/grenier-avocats.com\/wp-content\/uploads\/2023\/07\/risques-industriels-contentieux-de-la-responsabilite-responsabilite-du-fait-des-produits-classement-2022-cabinet-d-avocats-france-simple.png 1040w, https:\/\/grenier-avocats.com\/wp-content\/uploads\/2023\/07\/risques-industriels-contentieux-de-la-responsabilite-responsabilite-du-fait-des-produits-classement-2022-cabinet-d-avocats-france-simple-300x157.png 300w, https:\/\/grenier-avocats.com\/wp-content\/uploads\/2023\/07\/risques-industriels-contentieux-de-la-responsabilite-responsabilite-du-fait-des-produits-classement-2022-cabinet-d-avocats-france-simple-1024x536.png 1024w, https:\/\/grenier-avocats.com\/wp-content\/uploads\/2023\/07\/risques-industriels-contentieux-de-la-responsabilite-responsabilite-du-fait-des-produits-classement-2022-cabinet-d-avocats-france-simple-768x402.png 768w\" sizes=\"(max-width: 1040px) 100vw, 1040px\" \/><\/a>\n\t\t\t\t<\/dt><\/dl><br style=\"clear: both\" \/><dl class='gallery-item'>\n\t\t\t\t<dt class='gallery-icon landscape'>\n\t\t\t\t\t<a class=\"rollover rollover-zoom\" title=\"\"data-elementor-open-lightbox=\"yes\" data-elementor-lightbox-slideshow=\"51c47265\" data-elementor-lightbox-title=\"risques-industriels-contentieux-de-la-responsabilite-responsabilite-civile-professionnelle-et-risques-financiers-classement-2022-cabinet-d-avocats-france - simple\" data-e-action-hash=\"#elementor-action%3Aaction%3Dlightbox%26settings%3DeyJpZCI6ODExMTksInVybCI6Imh0dHBzOlwvXC9ncmVuaWVyLWF2b2NhdHMuY29tXC93cC1jb250ZW50XC91cGxvYWRzXC8yMDIzXC8wN1wvcmlzcXVlcy1pbmR1c3RyaWVscy1jb250ZW50aWV1eC1kZS1sYS1yZXNwb25zYWJpbGl0ZS1yZXNwb25zYWJpbGl0ZS1jaXZpbGUtcHJvZmVzc2lvbm5lbGxlLWV0LXJpc3F1ZXMtZmluYW5jaWVycy1jbGFzc2VtZW50LTIwMjItY2FiaW5ldC1kLWF2b2NhdHMtZnJhbmNlLXNpbXBsZS5wbmciLCJzbGlkZXNob3ciOiI1MWM0NzI2NSJ9\" href='https:\/\/grenier-avocats.com\/wp-content\/uploads\/2023\/07\/risques-industriels-contentieux-de-la-responsabilite-responsabilite-civile-professionnelle-et-risques-financiers-classement-2022-cabinet-d-avocats-france-simple.png'><img loading=\"lazy\" decoding=\"async\" width=\"1040\" height=\"544\" src=\"https:\/\/grenier-avocats.com\/wp-content\/uploads\/2023\/07\/risques-industriels-contentieux-de-la-responsabilite-responsabilite-civile-professionnelle-et-risques-financiers-classement-2022-cabinet-d-avocats-france-simple.png\" class=\"attachment-full size-full\" alt=\"prix-grenier-avocats-decideurs-magazine\" srcset=\"https:\/\/grenier-avocats.com\/wp-content\/uploads\/2023\/07\/risques-industriels-contentieux-de-la-responsabilite-responsabilite-civile-professionnelle-et-risques-financiers-classement-2022-cabinet-d-avocats-france-simple.png 1040w, https:\/\/grenier-avocats.com\/wp-content\/uploads\/2023\/07\/risques-industriels-contentieux-de-la-responsabilite-responsabilite-civile-professionnelle-et-risques-financiers-classement-2022-cabinet-d-avocats-france-simple-300x157.png 300w, https:\/\/grenier-avocats.com\/wp-content\/uploads\/2023\/07\/risques-industriels-contentieux-de-la-responsabilite-responsabilite-civile-professionnelle-et-risques-financiers-classement-2022-cabinet-d-avocats-france-simple-1024x536.png 1024w, https:\/\/grenier-avocats.com\/wp-content\/uploads\/2023\/07\/risques-industriels-contentieux-de-la-responsabilite-responsabilite-civile-professionnelle-et-risques-financiers-classement-2022-cabinet-d-avocats-france-simple-768x402.png 768w\" sizes=\"(max-width: 1040px) 100vw, 1040px\" \/><\/a>\n\t\t\t\t<\/dt><\/dl><dl class='gallery-item'>\n\t\t\t\t<dt class='gallery-icon landscape'>\n\t\t\t\t\t<a class=\"rollover rollover-zoom\" title=\"\"data-elementor-open-lightbox=\"yes\" data-elementor-lightbox-slideshow=\"51c47265\" data-elementor-lightbox-title=\"risques-industriels-contentieux-de-la-responsabilite-regulatory-assurance-reassurance-classement-2022-cabinet-d-avocats-france - simple\" data-e-action-hash=\"#elementor-action%3Aaction%3Dlightbox%26settings%3DeyJpZCI6ODExMTcsInVybCI6Imh0dHBzOlwvXC9ncmVuaWVyLWF2b2NhdHMuY29tXC93cC1jb250ZW50XC91cGxvYWRzXC8yMDIzXC8wN1wvcmlzcXVlcy1pbmR1c3RyaWVscy1jb250ZW50aWV1eC1kZS1sYS1yZXNwb25zYWJpbGl0ZS1yZWd1bGF0b3J5LWFzc3VyYW5jZS1yZWFzc3VyYW5jZS1jbGFzc2VtZW50LTIwMjItY2FiaW5ldC1kLWF2b2NhdHMtZnJhbmNlLXNpbXBsZS5wbmciLCJzbGlkZXNob3ciOiI1MWM0NzI2NSJ9\" href='https:\/\/grenier-avocats.com\/wp-content\/uploads\/2023\/07\/risques-industriels-contentieux-de-la-responsabilite-regulatory-assurance-reassurance-classement-2022-cabinet-d-avocats-france-simple.png'><img loading=\"lazy\" decoding=\"async\" width=\"1040\" height=\"544\" src=\"https:\/\/grenier-avocats.com\/wp-content\/uploads\/2023\/07\/risques-industriels-contentieux-de-la-responsabilite-regulatory-assurance-reassurance-classement-2022-cabinet-d-avocats-france-simple.png\" class=\"attachment-full size-full\" alt=\"prix-grenier-avocats-decideurs-magazine\" srcset=\"https:\/\/grenier-avocats.com\/wp-content\/uploads\/2023\/07\/risques-industriels-contentieux-de-la-responsabilite-regulatory-assurance-reassurance-classement-2022-cabinet-d-avocats-france-simple.png 1040w, https:\/\/grenier-avocats.com\/wp-content\/uploads\/2023\/07\/risques-industriels-contentieux-de-la-responsabilite-regulatory-assurance-reassurance-classement-2022-cabinet-d-avocats-france-simple-300x157.png 300w, https:\/\/grenier-avocats.com\/wp-content\/uploads\/2023\/07\/risques-industriels-contentieux-de-la-responsabilite-regulatory-assurance-reassurance-classement-2022-cabinet-d-avocats-france-simple-1024x536.png 1024w, https:\/\/grenier-avocats.com\/wp-content\/uploads\/2023\/07\/risques-industriels-contentieux-de-la-responsabilite-regulatory-assurance-reassurance-classement-2022-cabinet-d-avocats-france-simple-768x402.png 768w\" sizes=\"(max-width: 1040px) 100vw, 1040px\" \/><\/a>\n\t\t\t\t<\/dt><\/dl><br style=\"clear: both\" \/><dl class='gallery-item'>\n\t\t\t\t<dt class='gallery-icon landscape'>\n\t\t\t\t\t<a class=\"rollover rollover-zoom\" title=\"\"data-elementor-open-lightbox=\"yes\" data-elementor-lightbox-slideshow=\"51c47265\" data-elementor-lightbox-title=\"compliance-fraude-enquete-internationale-et-enquete-interne-classement-2022-cabinet-d-avocats-france - simple\" data-e-action-hash=\"#elementor-action%3Aaction%3Dlightbox%26settings%3DeyJpZCI6ODExMTEsInVybCI6Imh0dHBzOlwvXC9ncmVuaWVyLWF2b2NhdHMuY29tXC93cC1jb250ZW50XC91cGxvYWRzXC8yMDIzXC8wN1wvY29tcGxpYW5jZS1mcmF1ZGUtZW5xdWV0ZS1pbnRlcm5hdGlvbmFsZS1ldC1lbnF1ZXRlLWludGVybmUtY2xhc3NlbWVudC0yMDIyLWNhYmluZXQtZC1hdm9jYXRzLWZyYW5jZS1zaW1wbGUucG5nIiwic2xpZGVzaG93IjoiNTFjNDcyNjUifQ%3D%3D\" href='https:\/\/grenier-avocats.com\/wp-content\/uploads\/2023\/07\/compliance-fraude-enquete-internationale-et-enquete-interne-classement-2022-cabinet-d-avocats-france-simple.png'><img loading=\"lazy\" decoding=\"async\" width=\"1040\" height=\"544\" src=\"https:\/\/grenier-avocats.com\/wp-content\/uploads\/2023\/07\/compliance-fraude-enquete-internationale-et-enquete-interne-classement-2022-cabinet-d-avocats-france-simple.png\" class=\"attachment-full size-full\" alt=\"prix-grenier-avocats-decideurs-magazine\" srcset=\"https:\/\/grenier-avocats.com\/wp-content\/uploads\/2023\/07\/compliance-fraude-enquete-internationale-et-enquete-interne-classement-2022-cabinet-d-avocats-france-simple.png 1040w, https:\/\/grenier-avocats.com\/wp-content\/uploads\/2023\/07\/compliance-fraude-enquete-internationale-et-enquete-interne-classement-2022-cabinet-d-avocats-france-simple-300x157.png 300w, https:\/\/grenier-avocats.com\/wp-content\/uploads\/2023\/07\/compliance-fraude-enquete-internationale-et-enquete-interne-classement-2022-cabinet-d-avocats-france-simple-1024x536.png 1024w, https:\/\/grenier-avocats.com\/wp-content\/uploads\/2023\/07\/compliance-fraude-enquete-internationale-et-enquete-interne-classement-2022-cabinet-d-avocats-france-simple-768x402.png 768w\" sizes=\"(max-width: 1040px) 100vw, 1040px\" \/><\/a>\n\t\t\t\t<\/dt><\/dl><dl class='gallery-item'>\n\t\t\t\t<dt class='gallery-icon landscape'>\n\t\t\t\t\t<a class=\"rollover rollover-zoom\" title=\"\"data-elementor-open-lightbox=\"yes\" data-elementor-lightbox-slideshow=\"51c47265\" data-elementor-lightbox-title=\"compliance-fraude-enquete-internationale-et-enquete-interne-classement-2022-cabinet-d-avocats-france\" data-e-action-hash=\"#elementor-action%3Aaction%3Dlightbox%26settings%3DeyJpZCI6ODIwNjMsInVybCI6Imh0dHBzOlwvXC9ncmVuaWVyLWF2b2NhdHMuY29tXC93cC1jb250ZW50XC91cGxvYWRzXC8yMDI0XC8wMVwvY29tcGxpYW5jZS1mcmF1ZGUtZW5xdWV0ZS1pbnRlcm5hdGlvbmFsZS1ldC1lbnF1ZXRlLWludGVybmUtY2xhc3NlbWVudC0yMDIyLWNhYmluZXQtZC1hdm9jYXRzLWZyYW5jZS53ZWJwIiwic2xpZGVzaG93IjoiNTFjNDcyNjUifQ%3D%3D\" href='https:\/\/grenier-avocats.com\/wp-content\/uploads\/2024\/01\/compliance-fraude-enquete-internationale-et-enquete-interne-classement-2022-cabinet-d-avocats-france.webp'><img loading=\"lazy\" decoding=\"async\" width=\"768\" height=\"402\" src=\"https:\/\/grenier-avocats.com\/wp-content\/uploads\/2024\/01\/compliance-fraude-enquete-internationale-et-enquete-interne-classement-2022-cabinet-d-avocats-france.webp\" class=\"attachment-full size-full\" alt=\"prix-grenier-avocats-decideurs-magazine\" srcset=\"https:\/\/grenier-avocats.com\/wp-content\/uploads\/2024\/01\/compliance-fraude-enquete-internationale-et-enquete-interne-classement-2022-cabinet-d-avocats-france.webp 768w, https:\/\/grenier-avocats.com\/wp-content\/uploads\/2024\/01\/compliance-fraude-enquete-internationale-et-enquete-interne-classement-2022-cabinet-d-avocats-france-300x157.webp 300w\" sizes=\"(max-width: 768px) 100vw, 768px\" \/><\/a>\n\t\t\t\t<\/dt><\/dl><br style=\"clear: both\" \/>\n\t\t\t<\/div>\n\t\t<\/div>\n\t\t\t\t\t\t<\/div>\n\t\t\t\t<div class=\"elementor-element elementor-element-7f67f0c4 gallery-spacing-custom elementor-hidden-mobile elementor-widget elementor-widget-global elementor-global-83523 elementor-widget-image-gallery\" data-id=\"7f67f0c4\" data-element_type=\"widget\" data-e-type=\"widget\" data-widget_type=\"image-gallery.default\">\n\t\t\t\t\t\t\t<div class=\"elementor-image-gallery\">\n\t\t\t\n\t\t\t<style type='text\/css'>\n\t\t\t\t#gallery-2 {\n\t\t\t\t\tmargin: auto;\n\t\t\t\t}\n\t\t\t\t#gallery-2 .gallery-item {\n\t\t\t\t\tfloat: left;\n\t\t\t\t\tmargin-top: 10px;\n\t\t\t\t\ttext-align: center;\n\t\t\t\t\twidth: 25%;\n\t\t\t\t}\n\t\t\t\t#gallery-2 img {\n\t\t\t\t\tborder: 2px solid #cfcfcf;\n\t\t\t\t}\n\t\t\t\t#gallery-2 .gallery-caption {\n\t\t\t\t\tmargin-left: 0;\n\t\t\t\t}\n\t\t\t\t\/* see gallery_shortcode() in wp-includes\/media.php *\/\n\t\t\t<\/style>\n\t\t<div id='gallery-2' class='dt-gallery-container gallery galleryid-83004 gallery-columns-4 gallery-size-full'><dl class='gallery-item'>\n\t\t\t\t<dt class='gallery-icon landscape'>\n\t\t\t\t\t<a class=\"rollover rollover-zoom\" title=\"\"data-elementor-open-lightbox=\"yes\" data-elementor-lightbox-slideshow=\"7f67f0c4\" data-elementor-lightbox-title=\"Compliance &amp; Fraude - Enqu\u00eate internationale et enqu\u00eat e interne - France 2024\" data-e-action-hash=\"#elementor-action%3Aaction%3Dlightbox%26settings%3DeyJpZCI6ODM4MzksInVybCI6Imh0dHBzOlwvXC9ncmVuaWVyLWF2b2NhdHMuY29tXC93cC1jb250ZW50XC91cGxvYWRzXC8yMDI0XC8xMVwvQ29tcGxpYW5jZS1GcmF1ZGUtRW5xdWV0ZS1pbnRlcm5hdGlvbmFsZS1ldC1lbnF1ZXQtZS1pbnRlcm5lLUZyYW5jZS0yMDI0LmpwZyIsInNsaWRlc2hvdyI6IjdmNjdmMGM0In0%3D\" href='https:\/\/grenier-avocats.com\/wp-content\/uploads\/2024\/11\/Compliance-Fraude-Enquete-internationale-et-enquet-e-interne-France-2024.jpg'><img loading=\"lazy\" decoding=\"async\" width=\"1040\" height=\"544\" src=\"https:\/\/grenier-avocats.com\/wp-content\/uploads\/2024\/11\/Compliance-Fraude-Enquete-internationale-et-enquet-e-interne-France-2024.jpg\" class=\"attachment-full size-full\" alt=\"\" srcset=\"https:\/\/grenier-avocats.com\/wp-content\/uploads\/2024\/11\/Compliance-Fraude-Enquete-internationale-et-enquet-e-interne-France-2024.jpg 1040w, https:\/\/grenier-avocats.com\/wp-content\/uploads\/2024\/11\/Compliance-Fraude-Enquete-internationale-et-enquet-e-interne-France-2024-300x157.jpg 300w, https:\/\/grenier-avocats.com\/wp-content\/uploads\/2024\/11\/Compliance-Fraude-Enquete-internationale-et-enquet-e-interne-France-2024-1024x536.jpg 1024w, https:\/\/grenier-avocats.com\/wp-content\/uploads\/2024\/11\/Compliance-Fraude-Enquete-internationale-et-enquet-e-interne-France-2024-768x402.jpg 768w\" sizes=\"(max-width: 1040px) 100vw, 1040px\" \/><\/a>\n\t\t\t\t<\/dt><\/dl><dl class='gallery-item'>\n\t\t\t\t<dt class='gallery-icon landscape'>\n\t\t\t\t\t<a class=\"rollover rollover-zoom\" title=\"\"data-elementor-open-lightbox=\"yes\" data-elementor-lightbox-slideshow=\"7f67f0c4\" data-elementor-lightbox-title=\"Compliance &amp; Fraude - Programme de conformit\u00e9 - France 2 024\" data-e-action-hash=\"#elementor-action%3Aaction%3Dlightbox%26settings%3DeyJpZCI6ODM4MzcsInVybCI6Imh0dHBzOlwvXC9ncmVuaWVyLWF2b2NhdHMuY29tXC93cC1jb250ZW50XC91cGxvYWRzXC8yMDI0XC8xMVwvQ29tcGxpYW5jZS1GcmF1ZGUtUHJvZ3JhbW1lLWRlLWNvbmZvcm1pdGUtRnJhbmNlLTItMDI0LmpwZyIsInNsaWRlc2hvdyI6IjdmNjdmMGM0In0%3D\" href='https:\/\/grenier-avocats.com\/wp-content\/uploads\/2024\/11\/Compliance-Fraude-Programme-de-conformite-France-2-024.jpg'><img loading=\"lazy\" decoding=\"async\" width=\"1040\" height=\"544\" src=\"https:\/\/grenier-avocats.com\/wp-content\/uploads\/2024\/11\/Compliance-Fraude-Programme-de-conformite-France-2-024.jpg\" class=\"attachment-full size-full\" alt=\"\" srcset=\"https:\/\/grenier-avocats.com\/wp-content\/uploads\/2024\/11\/Compliance-Fraude-Programme-de-conformite-France-2-024.jpg 1040w, https:\/\/grenier-avocats.com\/wp-content\/uploads\/2024\/11\/Compliance-Fraude-Programme-de-conformite-France-2-024-300x157.jpg 300w, https:\/\/grenier-avocats.com\/wp-content\/uploads\/2024\/11\/Compliance-Fraude-Programme-de-conformite-France-2-024-1024x536.jpg 1024w, https:\/\/grenier-avocats.com\/wp-content\/uploads\/2024\/11\/Compliance-Fraude-Programme-de-conformite-France-2-024-768x402.jpg 768w\" sizes=\"(max-width: 1040px) 100vw, 1040px\" \/><\/a>\n\t\t\t\t<\/dt><\/dl><dl class='gallery-item'>\n\t\t\t\t<dt class='gallery-icon landscape'>\n\t\t\t\t\t<a class=\"rollover rollover-zoom\" title=\"\"data-elementor-open-lightbox=\"yes\" data-elementor-lightbox-slideshow=\"7f67f0c4\" data-elementor-lightbox-title=\"leadersleague-1724140830636\" data-e-action-hash=\"#elementor-action%3Aaction%3Dlightbox%26settings%3DeyJpZCI6ODM0OTcsInVybCI6Imh0dHBzOlwvXC9ncmVuaWVyLWF2b2NhdHMuY29tXC93cC1jb250ZW50XC91cGxvYWRzXC8yMDI0XC8wOFwvbGVhZGVyc2xlYWd1ZS0xNzI0MTQwODMwNjM2LmpwZyIsInNsaWRlc2hvdyI6IjdmNjdmMGM0In0%3D\" href='https:\/\/grenier-avocats.com\/wp-content\/uploads\/2024\/08\/leadersleague-1724140830636.jpg'><img loading=\"lazy\" decoding=\"async\" width=\"1040\" height=\"544\" src=\"https:\/\/grenier-avocats.com\/wp-content\/uploads\/2024\/08\/leadersleague-1724140830636.jpg\" class=\"attachment-full size-full\" alt=\"\" srcset=\"https:\/\/grenier-avocats.com\/wp-content\/uploads\/2024\/08\/leadersleague-1724140830636.jpg 1040w, https:\/\/grenier-avocats.com\/wp-content\/uploads\/2024\/08\/leadersleague-1724140830636-300x157.jpg 300w, https:\/\/grenier-avocats.com\/wp-content\/uploads\/2024\/08\/leadersleague-1724140830636-1024x536.jpg 1024w, https:\/\/grenier-avocats.com\/wp-content\/uploads\/2024\/08\/leadersleague-1724140830636-768x402.jpg 768w\" sizes=\"(max-width: 1040px) 100vw, 1040px\" \/><\/a>\n\t\t\t\t<\/dt><\/dl><dl class='gallery-item'>\n\t\t\t\t<dt class='gallery-icon landscape'>\n\t\t\t\t\t<a class=\"rollover rollover-zoom\" title=\"\"data-elementor-open-lightbox=\"yes\" data-elementor-lightbox-slideshow=\"7f67f0c4\" data-elementor-lightbox-title=\"leadersleague-1724140843385\" data-e-action-hash=\"#elementor-action%3Aaction%3Dlightbox%26settings%3DeyJpZCI6ODM0OTksInVybCI6Imh0dHBzOlwvXC9ncmVuaWVyLWF2b2NhdHMuY29tXC93cC1jb250ZW50XC91cGxvYWRzXC8yMDI0XC8wOFwvbGVhZGVyc2xlYWd1ZS0xNzI0MTQwODQzMzg1LmpwZyIsInNsaWRlc2hvdyI6IjdmNjdmMGM0In0%3D\" href='https:\/\/grenier-avocats.com\/wp-content\/uploads\/2024\/08\/leadersleague-1724140843385.jpg'><img loading=\"lazy\" decoding=\"async\" width=\"1040\" height=\"544\" src=\"https:\/\/grenier-avocats.com\/wp-content\/uploads\/2024\/08\/leadersleague-1724140843385.jpg\" class=\"attachment-full size-full\" alt=\"\" srcset=\"https:\/\/grenier-avocats.com\/wp-content\/uploads\/2024\/08\/leadersleague-1724140843385.jpg 1040w, https:\/\/grenier-avocats.com\/wp-content\/uploads\/2024\/08\/leadersleague-1724140843385-300x157.jpg 300w, https:\/\/grenier-avocats.com\/wp-content\/uploads\/2024\/08\/leadersleague-1724140843385-1024x536.jpg 1024w, https:\/\/grenier-avocats.com\/wp-content\/uploads\/2024\/08\/leadersleague-1724140843385-768x402.jpg 768w\" sizes=\"(max-width: 1040px) 100vw, 1040px\" \/><\/a>\n\t\t\t\t<\/dt><\/dl><br style=\"clear: both\" \/><dl class='gallery-item'>\n\t\t\t\t<dt class='gallery-icon landscape'>\n\t\t\t\t\t<a class=\"rollover rollover-zoom\" title=\"\"data-elementor-open-lightbox=\"yes\" data-elementor-lightbox-slideshow=\"7f67f0c4\" data-elementor-lightbox-title=\"leadersleague-1724140863009\" data-e-action-hash=\"#elementor-action%3Aaction%3Dlightbox%26settings%3DeyJpZCI6ODM1MDEsInVybCI6Imh0dHBzOlwvXC9ncmVuaWVyLWF2b2NhdHMuY29tXC93cC1jb250ZW50XC91cGxvYWRzXC8yMDI0XC8wOFwvbGVhZGVyc2xlYWd1ZS0xNzI0MTQwODYzMDA5LmpwZyIsInNsaWRlc2hvdyI6IjdmNjdmMGM0In0%3D\" href='https:\/\/grenier-avocats.com\/wp-content\/uploads\/2024\/08\/leadersleague-1724140863009.jpg'><img loading=\"lazy\" decoding=\"async\" width=\"1040\" height=\"544\" src=\"https:\/\/grenier-avocats.com\/wp-content\/uploads\/2024\/08\/leadersleague-1724140863009.jpg\" class=\"attachment-full size-full\" alt=\"\" srcset=\"https:\/\/grenier-avocats.com\/wp-content\/uploads\/2024\/08\/leadersleague-1724140863009.jpg 1040w, https:\/\/grenier-avocats.com\/wp-content\/uploads\/2024\/08\/leadersleague-1724140863009-300x157.jpg 300w, https:\/\/grenier-avocats.com\/wp-content\/uploads\/2024\/08\/leadersleague-1724140863009-1024x536.jpg 1024w, https:\/\/grenier-avocats.com\/wp-content\/uploads\/2024\/08\/leadersleague-1724140863009-768x402.jpg 768w\" sizes=\"(max-width: 1040px) 100vw, 1040px\" \/><\/a>\n\t\t\t\t<\/dt><\/dl><dl class='gallery-item'>\n\t\t\t\t<dt class='gallery-icon landscape'>\n\t\t\t\t\t<a class=\"rollover rollover-zoom\" title=\"\"data-elementor-open-lightbox=\"yes\" data-elementor-lightbox-slideshow=\"7f67f0c4\" data-elementor-lightbox-title=\"leadersleague-1724140589926\" data-e-action-hash=\"#elementor-action%3Aaction%3Dlightbox%26settings%3DeyJpZCI6ODM1MDMsInVybCI6Imh0dHBzOlwvXC9ncmVuaWVyLWF2b2NhdHMuY29tXC93cC1jb250ZW50XC91cGxvYWRzXC8yMDI0XC8wOFwvbGVhZGVyc2xlYWd1ZS0xNzI0MTQwNTg5OTI2LmpwZyIsInNsaWRlc2hvdyI6IjdmNjdmMGM0In0%3D\" href='https:\/\/grenier-avocats.com\/wp-content\/uploads\/2024\/08\/leadersleague-1724140589926.jpg'><img loading=\"lazy\" decoding=\"async\" width=\"1040\" height=\"544\" src=\"https:\/\/grenier-avocats.com\/wp-content\/uploads\/2024\/08\/leadersleague-1724140589926.jpg\" class=\"attachment-full size-full\" alt=\"\" srcset=\"https:\/\/grenier-avocats.com\/wp-content\/uploads\/2024\/08\/leadersleague-1724140589926.jpg 1040w, https:\/\/grenier-avocats.com\/wp-content\/uploads\/2024\/08\/leadersleague-1724140589926-300x157.jpg 300w, https:\/\/grenier-avocats.com\/wp-content\/uploads\/2024\/08\/leadersleague-1724140589926-1024x536.jpg 1024w, https:\/\/grenier-avocats.com\/wp-content\/uploads\/2024\/08\/leadersleague-1724140589926-768x402.jpg 768w\" sizes=\"(max-width: 1040px) 100vw, 1040px\" \/><\/a>\n\t\t\t\t<\/dt><\/dl><dl class='gallery-item'>\n\t\t\t\t<dt class='gallery-icon landscape'>\n\t\t\t\t\t<a class=\"rollover rollover-zoom\" title=\"\"data-elementor-open-lightbox=\"yes\" data-elementor-lightbox-slideshow=\"7f67f0c4\" data-elementor-lightbox-title=\"leadersleague-1724140780111\" data-e-action-hash=\"#elementor-action%3Aaction%3Dlightbox%26settings%3DeyJpZCI6ODM1MDUsInVybCI6Imh0dHBzOlwvXC9ncmVuaWVyLWF2b2NhdHMuY29tXC93cC1jb250ZW50XC91cGxvYWRzXC8yMDI0XC8wOFwvbGVhZGVyc2xlYWd1ZS0xNzI0MTQwNzgwMTExLmpwZyIsInNsaWRlc2hvdyI6IjdmNjdmMGM0In0%3D\" href='https:\/\/grenier-avocats.com\/wp-content\/uploads\/2024\/08\/leadersleague-1724140780111.jpg'><img loading=\"lazy\" decoding=\"async\" width=\"1040\" height=\"544\" src=\"https:\/\/grenier-avocats.com\/wp-content\/uploads\/2024\/08\/leadersleague-1724140780111.jpg\" class=\"attachment-full size-full\" alt=\"\" srcset=\"https:\/\/grenier-avocats.com\/wp-content\/uploads\/2024\/08\/leadersleague-1724140780111.jpg 1040w, https:\/\/grenier-avocats.com\/wp-content\/uploads\/2024\/08\/leadersleague-1724140780111-300x157.jpg 300w, https:\/\/grenier-avocats.com\/wp-content\/uploads\/2024\/08\/leadersleague-1724140780111-1024x536.jpg 1024w, https:\/\/grenier-avocats.com\/wp-content\/uploads\/2024\/08\/leadersleague-1724140780111-768x402.jpg 768w\" sizes=\"(max-width: 1040px) 100vw, 1040px\" \/><\/a>\n\t\t\t\t<\/dt><\/dl><dl class='gallery-item'>\n\t\t\t\t<dt class='gallery-icon landscape'>\n\t\t\t\t\t<a class=\"rollover rollover-zoom\" title=\"\"data-elementor-open-lightbox=\"yes\" data-elementor-lightbox-slideshow=\"7f67f0c4\" data-elementor-lightbox-title=\"leadersleague-1724140788151\" data-e-action-hash=\"#elementor-action%3Aaction%3Dlightbox%26settings%3DeyJpZCI6ODM1MDcsInVybCI6Imh0dHBzOlwvXC9ncmVuaWVyLWF2b2NhdHMuY29tXC93cC1jb250ZW50XC91cGxvYWRzXC8yMDI0XC8wOFwvbGVhZGVyc2xlYWd1ZS0xNzI0MTQwNzg4MTUxLmpwZyIsInNsaWRlc2hvdyI6IjdmNjdmMGM0In0%3D\" href='https:\/\/grenier-avocats.com\/wp-content\/uploads\/2024\/08\/leadersleague-1724140788151.jpg'><img loading=\"lazy\" decoding=\"async\" width=\"1040\" height=\"544\" src=\"https:\/\/grenier-avocats.com\/wp-content\/uploads\/2024\/08\/leadersleague-1724140788151.jpg\" class=\"attachment-full size-full\" alt=\"\" srcset=\"https:\/\/grenier-avocats.com\/wp-content\/uploads\/2024\/08\/leadersleague-1724140788151.jpg 1040w, https:\/\/grenier-avocats.com\/wp-content\/uploads\/2024\/08\/leadersleague-1724140788151-300x157.jpg 300w, https:\/\/grenier-avocats.com\/wp-content\/uploads\/2024\/08\/leadersleague-1724140788151-1024x536.jpg 1024w, https:\/\/grenier-avocats.com\/wp-content\/uploads\/2024\/08\/leadersleague-1724140788151-768x402.jpg 768w\" sizes=\"(max-width: 1040px) 100vw, 1040px\" \/><\/a>\n\t\t\t\t<\/dt><\/dl><br style=\"clear: both\" \/><dl class='gallery-item'>\n\t\t\t\t<dt class='gallery-icon landscape'>\n\t\t\t\t\t<a class=\"rollover rollover-zoom\" title=\"\"data-elementor-open-lightbox=\"yes\" data-elementor-lightbox-slideshow=\"7f67f0c4\" data-elementor-lightbox-title=\"leadersleague-1724140799404\" data-e-action-hash=\"#elementor-action%3Aaction%3Dlightbox%26settings%3DeyJpZCI6ODM1MDksInVybCI6Imh0dHBzOlwvXC9ncmVuaWVyLWF2b2NhdHMuY29tXC93cC1jb250ZW50XC91cGxvYWRzXC8yMDI0XC8wOFwvbGVhZGVyc2xlYWd1ZS0xNzI0MTQwNzk5NDA0LmpwZyIsInNsaWRlc2hvdyI6IjdmNjdmMGM0In0%3D\" href='https:\/\/grenier-avocats.com\/wp-content\/uploads\/2024\/08\/leadersleague-1724140799404.jpg'><img loading=\"lazy\" decoding=\"async\" width=\"1040\" height=\"544\" src=\"https:\/\/grenier-avocats.com\/wp-content\/uploads\/2024\/08\/leadersleague-1724140799404.jpg\" class=\"attachment-full size-full\" alt=\"\" srcset=\"https:\/\/grenier-avocats.com\/wp-content\/uploads\/2024\/08\/leadersleague-1724140799404.jpg 1040w, https:\/\/grenier-avocats.com\/wp-content\/uploads\/2024\/08\/leadersleague-1724140799404-300x157.jpg 300w, https:\/\/grenier-avocats.com\/wp-content\/uploads\/2024\/08\/leadersleague-1724140799404-1024x536.jpg 1024w, https:\/\/grenier-avocats.com\/wp-content\/uploads\/2024\/08\/leadersleague-1724140799404-768x402.jpg 768w\" sizes=\"(max-width: 1040px) 100vw, 1040px\" \/><\/a>\n\t\t\t\t<\/dt><\/dl><dl class='gallery-item'>\n\t\t\t\t<dt class='gallery-icon landscape'>\n\t\t\t\t\t<a class=\"rollover rollover-zoom\" title=\"\"data-elementor-open-lightbox=\"yes\" data-elementor-lightbox-slideshow=\"7f67f0c4\" data-elementor-lightbox-title=\"leadersleague-1724140811635\" data-e-action-hash=\"#elementor-action%3Aaction%3Dlightbox%26settings%3DeyJpZCI6ODM1MTEsInVybCI6Imh0dHBzOlwvXC9ncmVuaWVyLWF2b2NhdHMuY29tXC93cC1jb250ZW50XC91cGxvYWRzXC8yMDI0XC8wOFwvbGVhZGVyc2xlYWd1ZS0xNzI0MTQwODExNjM1LmpwZyIsInNsaWRlc2hvdyI6IjdmNjdmMGM0In0%3D\" href='https:\/\/grenier-avocats.com\/wp-content\/uploads\/2024\/08\/leadersleague-1724140811635.jpg'><img loading=\"lazy\" decoding=\"async\" width=\"1040\" height=\"544\" src=\"https:\/\/grenier-avocats.com\/wp-content\/uploads\/2024\/08\/leadersleague-1724140811635.jpg\" class=\"attachment-full size-full\" alt=\"\" srcset=\"https:\/\/grenier-avocats.com\/wp-content\/uploads\/2024\/08\/leadersleague-1724140811635.jpg 1040w, https:\/\/grenier-avocats.com\/wp-content\/uploads\/2024\/08\/leadersleague-1724140811635-300x157.jpg 300w, https:\/\/grenier-avocats.com\/wp-content\/uploads\/2024\/08\/leadersleague-1724140811635-1024x536.jpg 1024w, https:\/\/grenier-avocats.com\/wp-content\/uploads\/2024\/08\/leadersleague-1724140811635-768x402.jpg 768w\" sizes=\"(max-width: 1040px) 100vw, 1040px\" \/><\/a>\n\t\t\t\t<\/dt><\/dl><dl class='gallery-item'>\n\t\t\t\t<dt class='gallery-icon landscape'>\n\t\t\t\t\t<a class=\"rollover rollover-zoom\" title=\"\"data-elementor-open-lightbox=\"yes\" data-elementor-lightbox-slideshow=\"7f67f0c4\" data-elementor-lightbox-title=\"leadersleague-1724140824403\" data-e-action-hash=\"#elementor-action%3Aaction%3Dlightbox%26settings%3DeyJpZCI6ODM1MTMsInVybCI6Imh0dHBzOlwvXC9ncmVuaWVyLWF2b2NhdHMuY29tXC93cC1jb250ZW50XC91cGxvYWRzXC8yMDI0XC8wOFwvbGVhZGVyc2xlYWd1ZS0xNzI0MTQwODI0NDAzLmpwZyIsInNsaWRlc2hvdyI6IjdmNjdmMGM0In0%3D\" href='https:\/\/grenier-avocats.com\/wp-content\/uploads\/2024\/08\/leadersleague-1724140824403.jpg'><img loading=\"lazy\" decoding=\"async\" width=\"1040\" height=\"544\" src=\"https:\/\/grenier-avocats.com\/wp-content\/uploads\/2024\/08\/leadersleague-1724140824403.jpg\" class=\"attachment-full size-full\" alt=\"\" srcset=\"https:\/\/grenier-avocats.com\/wp-content\/uploads\/2024\/08\/leadersleague-1724140824403.jpg 1040w, https:\/\/grenier-avocats.com\/wp-content\/uploads\/2024\/08\/leadersleague-1724140824403-300x157.jpg 300w, https:\/\/grenier-avocats.com\/wp-content\/uploads\/2024\/08\/leadersleague-1724140824403-1024x536.jpg 1024w, https:\/\/grenier-avocats.com\/wp-content\/uploads\/2024\/08\/leadersleague-1724140824403-768x402.jpg 768w\" sizes=\"(max-width: 1040px) 100vw, 1040px\" \/><\/a>\n\t\t\t\t<\/dt><\/dl><dl class='gallery-item'>\n\t\t\t\t<dt class='gallery-icon landscape'>\n\t\t\t\t\t<a class=\"rollover rollover-zoom\" title=\"\"data-elementor-open-lightbox=\"yes\" data-elementor-lightbox-slideshow=\"7f67f0c4\" data-elementor-lightbox-title=\"D\u00e9cideurs France 2023 - compliance et fraude -enqu\u00eate internationale et internes - Forte notori\u00e9t\u00e9\" data-e-action-hash=\"#elementor-action%3Aaction%3Dlightbox%26settings%3DeyJpZCI6ODE4MTgsInVybCI6Imh0dHBzOlwvXC9ncmVuaWVyLWF2b2NhdHMuY29tXC93cC1jb250ZW50XC91cGxvYWRzXC8yMDIzXC8xMVwvRGVjaWRldXJzLUZyYW5jZS0yMDIzLWNvbXBsaWFuY2UtZXQtZnJhdWRlLWVucXVldGUtaW50ZXJuYXRpb25hbGUtZXQtaW50ZXJuZXMtRm9ydGUtbm90b3JpZXRlLnBuZyIsInNsaWRlc2hvdyI6IjdmNjdmMGM0In0%3D\" href='https:\/\/grenier-avocats.com\/wp-content\/uploads\/2023\/11\/Decideurs-France-2023-compliance-et-fraude-enquete-internationale-et-internes-Forte-notoriete.png'><img loading=\"lazy\" decoding=\"async\" width=\"1040\" height=\"544\" src=\"https:\/\/grenier-avocats.com\/wp-content\/uploads\/2023\/11\/Decideurs-France-2023-compliance-et-fraude-enquete-internationale-et-internes-Forte-notoriete.png\" class=\"attachment-full size-full\" alt=\"https:\/\/grenier-avocats.com\/wp-content\/plugins\/pro-elements\/assets\/js\/webpack-pro.runtime.min.js?ver=3.18.1\" srcset=\"https:\/\/grenier-avocats.com\/wp-content\/uploads\/2023\/11\/Decideurs-France-2023-compliance-et-fraude-enquete-internationale-et-internes-Forte-notoriete.png 1040w, https:\/\/grenier-avocats.com\/wp-content\/uploads\/2023\/11\/Decideurs-France-2023-compliance-et-fraude-enquete-internationale-et-internes-Forte-notoriete-300x157.png 300w, https:\/\/grenier-avocats.com\/wp-content\/uploads\/2023\/11\/Decideurs-France-2023-compliance-et-fraude-enquete-internationale-et-internes-Forte-notoriete-1024x536.png 1024w, https:\/\/grenier-avocats.com\/wp-content\/uploads\/2023\/11\/Decideurs-France-2023-compliance-et-fraude-enquete-internationale-et-internes-Forte-notoriete-768x402.png 768w\" sizes=\"(max-width: 1040px) 100vw, 1040px\" \/><\/a>\n\t\t\t\t<\/dt><\/dl><br style=\"clear: both\" \/><dl class='gallery-item'>\n\t\t\t\t<dt class='gallery-icon landscape'>\n\t\t\t\t\t<a class=\"rollover rollover-zoom\" title=\"\"data-elementor-open-lightbox=\"yes\" data-elementor-lightbox-slideshow=\"7f67f0c4\" data-elementor-lightbox-title=\"D\u00e9cideurs France 2023 - compliance et fraude - programme conformit\u00e9 - Pratique r\u00e9put\u00e9e\" data-e-action-hash=\"#elementor-action%3Aaction%3Dlightbox%26settings%3DeyJpZCI6ODE4MTYsInVybCI6Imh0dHBzOlwvXC9ncmVuaWVyLWF2b2NhdHMuY29tXC93cC1jb250ZW50XC91cGxvYWRzXC8yMDIzXC8xMVwvRGVjaWRldXJzLUZyYW5jZS0yMDIzLWNvbXBsaWFuY2UtZXQtZnJhdWRlLXByb2dyYW1tZS1jb25mb3JtaXRlLVByYXRpcXVlLXJlcHV0ZWUucG5nIiwic2xpZGVzaG93IjoiN2Y2N2YwYzQifQ%3D%3D\" href='https:\/\/grenier-avocats.com\/wp-content\/uploads\/2023\/11\/Decideurs-France-2023-compliance-et-fraude-programme-conformite-Pratique-reputee.png'><img loading=\"lazy\" decoding=\"async\" width=\"1040\" height=\"544\" src=\"https:\/\/grenier-avocats.com\/wp-content\/uploads\/2023\/11\/Decideurs-France-2023-compliance-et-fraude-programme-conformite-Pratique-reputee.png\" class=\"attachment-full size-full\" alt=\"https:\/\/grenier-avocats.com\/wp-content\/plugins\/pro-elements\/assets\/js\/webpack-pro.runtime.min.js?ver=3.18.1\" srcset=\"https:\/\/grenier-avocats.com\/wp-content\/uploads\/2023\/11\/Decideurs-France-2023-compliance-et-fraude-programme-conformite-Pratique-reputee.png 1040w, https:\/\/grenier-avocats.com\/wp-content\/uploads\/2023\/11\/Decideurs-France-2023-compliance-et-fraude-programme-conformite-Pratique-reputee-300x157.png 300w, https:\/\/grenier-avocats.com\/wp-content\/uploads\/2023\/11\/Decideurs-France-2023-compliance-et-fraude-programme-conformite-Pratique-reputee-1024x536.png 1024w, https:\/\/grenier-avocats.com\/wp-content\/uploads\/2023\/11\/Decideurs-France-2023-compliance-et-fraude-programme-conformite-Pratique-reputee-768x402.png 768w\" sizes=\"(max-width: 1040px) 100vw, 1040px\" \/><\/a>\n\t\t\t\t<\/dt><\/dl><dl class='gallery-item'>\n\t\t\t\t<dt class='gallery-icon landscape'>\n\t\t\t\t\t<a class=\"rollover rollover-zoom\" title=\"\"data-elementor-open-lightbox=\"yes\" data-elementor-lightbox-slideshow=\"7f67f0c4\" data-elementor-lightbox-title=\"Risques industriels &amp; Contentieux de la responsabilit\u00e9 - Sinistres et contentieux des assurances\" data-e-action-hash=\"#elementor-action%3Aaction%3Dlightbox%26settings%3DeyJpZCI6ODEyNjMsInVybCI6Imh0dHBzOlwvXC9ncmVuaWVyLWF2b2NhdHMuY29tXC93cC1jb250ZW50XC91cGxvYWRzXC8yMDIzXC8wOVwvUmlzcXVlcy1pbmR1c3RyaWVscy1Db250ZW50aWV1eC1kZS1sYS1yZXNwb25zYWJpbGl0ZS1TaW5pc3RyZXMtZXQtY29udGVudGlldXgtZGVzLWFzc3VyYW5jZXMucG5nIiwic2xpZGVzaG93IjoiN2Y2N2YwYzQifQ%3D%3D\" href='https:\/\/grenier-avocats.com\/wp-content\/uploads\/2023\/09\/Risques-industriels-Contentieux-de-la-responsabilite-Sinistres-et-contentieux-des-assurances.png'><img loading=\"lazy\" decoding=\"async\" width=\"1040\" height=\"544\" src=\"https:\/\/grenier-avocats.com\/wp-content\/uploads\/2023\/09\/Risques-industriels-Contentieux-de-la-responsabilite-Sinistres-et-contentieux-des-assurances.png\" class=\"attachment-full size-full\" alt=\"https:\/\/grenier-avocats.com\/wp-content\/plugins\/pro-elements\/assets\/js\/webpack-pro.runtime.min.js?ver=3.18.1\" srcset=\"https:\/\/grenier-avocats.com\/wp-content\/uploads\/2023\/09\/Risques-industriels-Contentieux-de-la-responsabilite-Sinistres-et-contentieux-des-assurances.png 1040w, https:\/\/grenier-avocats.com\/wp-content\/uploads\/2023\/09\/Risques-industriels-Contentieux-de-la-responsabilite-Sinistres-et-contentieux-des-assurances-300x157.png 300w, https:\/\/grenier-avocats.com\/wp-content\/uploads\/2023\/09\/Risques-industriels-Contentieux-de-la-responsabilite-Sinistres-et-contentieux-des-assurances-1024x536.png 1024w, https:\/\/grenier-avocats.com\/wp-content\/uploads\/2023\/09\/Risques-industriels-Contentieux-de-la-responsabilite-Sinistres-et-contentieux-des-assurances-768x402.png 768w\" sizes=\"(max-width: 1040px) 100vw, 1040px\" \/><\/a>\n\t\t\t\t<\/dt><\/dl><dl class='gallery-item'>\n\t\t\t\t<dt class='gallery-icon landscape'>\n\t\t\t\t\t<a class=\"rollover rollover-zoom\" title=\"\"data-elementor-open-lightbox=\"yes\" data-elementor-lightbox-slideshow=\"7f67f0c4\" data-elementor-lightbox-title=\"Risques industriels &amp; Contentieux de la responsabilit\u00e9 - Sinistre et transport terrestre (routier et ferroviaire)\" data-e-action-hash=\"#elementor-action%3Aaction%3Dlightbox%26settings%3DeyJpZCI6ODEyNjEsInVybCI6Imh0dHBzOlwvXC9ncmVuaWVyLWF2b2NhdHMuY29tXC93cC1jb250ZW50XC91cGxvYWRzXC8yMDIzXC8wOVwvUmlzcXVlcy1pbmR1c3RyaWVscy1Db250ZW50aWV1eC1kZS1sYS1yZXNwb25zYWJpbGl0ZS1TaW5pc3RyZS1ldC10cmFuc3BvcnQtdGVycmVzdHJlLXJvdXRpZXItZXQtZmVycm92aWFpcmUucG5nIiwic2xpZGVzaG93IjoiN2Y2N2YwYzQifQ%3D%3D\" href='https:\/\/grenier-avocats.com\/wp-content\/uploads\/2023\/09\/Risques-industriels-Contentieux-de-la-responsabilite-Sinistre-et-transport-terrestre-routier-et-ferroviaire.png'><img loading=\"lazy\" decoding=\"async\" width=\"1040\" height=\"544\" src=\"https:\/\/grenier-avocats.com\/wp-content\/uploads\/2023\/09\/Risques-industriels-Contentieux-de-la-responsabilite-Sinistre-et-transport-terrestre-routier-et-ferroviaire.png\" class=\"attachment-full size-full\" alt=\"prix-grenier-avocats-decideurs-magazine\" srcset=\"https:\/\/grenier-avocats.com\/wp-content\/uploads\/2023\/09\/Risques-industriels-Contentieux-de-la-responsabilite-Sinistre-et-transport-terrestre-routier-et-ferroviaire.png 1040w, https:\/\/grenier-avocats.com\/wp-content\/uploads\/2023\/09\/Risques-industriels-Contentieux-de-la-responsabilite-Sinistre-et-transport-terrestre-routier-et-ferroviaire-300x157.png 300w, https:\/\/grenier-avocats.com\/wp-content\/uploads\/2023\/09\/Risques-industriels-Contentieux-de-la-responsabilite-Sinistre-et-transport-terrestre-routier-et-ferroviaire-1024x536.png 1024w, https:\/\/grenier-avocats.com\/wp-content\/uploads\/2023\/09\/Risques-industriels-Contentieux-de-la-responsabilite-Sinistre-et-transport-terrestre-routier-et-ferroviaire-768x402.png 768w\" sizes=\"(max-width: 1040px) 100vw, 1040px\" \/><\/a>\n\t\t\t\t<\/dt><\/dl><dl class='gallery-item'>\n\t\t\t\t<dt class='gallery-icon landscape'>\n\t\t\t\t\t<a class=\"rollover rollover-zoom\" title=\"\"data-elementor-open-lightbox=\"yes\" data-elementor-lightbox-slideshow=\"7f67f0c4\" data-elementor-lightbox-title=\"Risques industriels &amp; Contentieux de la responsabilit\u00e9 - Responsabilit\u00e9 du fait des produits\" data-e-action-hash=\"#elementor-action%3Aaction%3Dlightbox%26settings%3DeyJpZCI6ODEyNTksInVybCI6Imh0dHBzOlwvXC9ncmVuaWVyLWF2b2NhdHMuY29tXC93cC1jb250ZW50XC91cGxvYWRzXC8yMDIzXC8wOVwvUmlzcXVlcy1pbmR1c3RyaWVscy1Db250ZW50aWV1eC1kZS1sYS1yZXNwb25zYWJpbGl0ZS1SZXNwb25zYWJpbGl0ZS1kdS1mYWl0LWRlcy1wcm9kdWl0cy5wbmciLCJzbGlkZXNob3ciOiI3ZjY3ZjBjNCJ9\" href='https:\/\/grenier-avocats.com\/wp-content\/uploads\/2023\/09\/Risques-industriels-Contentieux-de-la-responsabilite-Responsabilite-du-fait-des-produits.png'><img loading=\"lazy\" decoding=\"async\" width=\"1040\" height=\"544\" src=\"https:\/\/grenier-avocats.com\/wp-content\/uploads\/2023\/09\/Risques-industriels-Contentieux-de-la-responsabilite-Responsabilite-du-fait-des-produits.png\" class=\"attachment-full size-full\" alt=\"prix-grenier-avocats-decideurs-magazine\" srcset=\"https:\/\/grenier-avocats.com\/wp-content\/uploads\/2023\/09\/Risques-industriels-Contentieux-de-la-responsabilite-Responsabilite-du-fait-des-produits.png 1040w, https:\/\/grenier-avocats.com\/wp-content\/uploads\/2023\/09\/Risques-industriels-Contentieux-de-la-responsabilite-Responsabilite-du-fait-des-produits-300x157.png 300w, https:\/\/grenier-avocats.com\/wp-content\/uploads\/2023\/09\/Risques-industriels-Contentieux-de-la-responsabilite-Responsabilite-du-fait-des-produits-1024x536.png 1024w, https:\/\/grenier-avocats.com\/wp-content\/uploads\/2023\/09\/Risques-industriels-Contentieux-de-la-responsabilite-Responsabilite-du-fait-des-produits-768x402.png 768w\" sizes=\"(max-width: 1040px) 100vw, 1040px\" \/><\/a>\n\t\t\t\t<\/dt><\/dl><br style=\"clear: both\" \/><dl class='gallery-item'>\n\t\t\t\t<dt class='gallery-icon landscape'>\n\t\t\t\t\t<a class=\"rollover rollover-zoom\" title=\"\"data-elementor-open-lightbox=\"yes\" data-elementor-lightbox-slideshow=\"7f67f0c4\" data-elementor-lightbox-title=\"Risques industriels &amp; Contentieux de la responsabilit\u00e9 - Responsabilit\u00e9 civile professionnelles et risques financiers\" data-e-action-hash=\"#elementor-action%3Aaction%3Dlightbox%26settings%3DeyJpZCI6ODEyNTcsInVybCI6Imh0dHBzOlwvXC9ncmVuaWVyLWF2b2NhdHMuY29tXC93cC1jb250ZW50XC91cGxvYWRzXC8yMDIzXC8wOVwvUmlzcXVlcy1pbmR1c3RyaWVscy1Db250ZW50aWV1eC1kZS1sYS1yZXNwb25zYWJpbGl0ZS1SZXNwb25zYWJpbGl0ZS1jaXZpbGUtcHJvZmVzc2lvbm5lbGxlcy1ldC1yaXNxdWVzLWZpbmFuY2llcnMucG5nIiwic2xpZGVzaG93IjoiN2Y2N2YwYzQifQ%3D%3D\" href='https:\/\/grenier-avocats.com\/wp-content\/uploads\/2023\/09\/Risques-industriels-Contentieux-de-la-responsabilite-Responsabilite-civile-professionnelles-et-risques-financiers.png'><img loading=\"lazy\" decoding=\"async\" width=\"1040\" height=\"544\" src=\"https:\/\/grenier-avocats.com\/wp-content\/uploads\/2023\/09\/Risques-industriels-Contentieux-de-la-responsabilite-Responsabilite-civile-professionnelles-et-risques-financiers.png\" class=\"attachment-full size-full\" alt=\"prix-grenier-avocats-decideurs-magazine\" srcset=\"https:\/\/grenier-avocats.com\/wp-content\/uploads\/2023\/09\/Risques-industriels-Contentieux-de-la-responsabilite-Responsabilite-civile-professionnelles-et-risques-financiers.png 1040w, https:\/\/grenier-avocats.com\/wp-content\/uploads\/2023\/09\/Risques-industriels-Contentieux-de-la-responsabilite-Responsabilite-civile-professionnelles-et-risques-financiers-300x157.png 300w, https:\/\/grenier-avocats.com\/wp-content\/uploads\/2023\/09\/Risques-industriels-Contentieux-de-la-responsabilite-Responsabilite-civile-professionnelles-et-risques-financiers-1024x536.png 1024w, https:\/\/grenier-avocats.com\/wp-content\/uploads\/2023\/09\/Risques-industriels-Contentieux-de-la-responsabilite-Responsabilite-civile-professionnelles-et-risques-financiers-768x402.png 768w\" sizes=\"(max-width: 1040px) 100vw, 1040px\" \/><\/a>\n\t\t\t\t<\/dt><\/dl><dl class='gallery-item'>\n\t\t\t\t<dt class='gallery-icon landscape'>\n\t\t\t\t\t<a class=\"rollover rollover-zoom\" title=\"\"data-elementor-open-lightbox=\"yes\" data-elementor-lightbox-slideshow=\"7f67f0c4\" data-elementor-lightbox-title=\"Risques industriels &amp; Contentieux de la responsabilit\u00e9 - Regularatory assurance-reasurance\" data-e-action-hash=\"#elementor-action%3Aaction%3Dlightbox%26settings%3DeyJpZCI6ODEyNTUsInVybCI6Imh0dHBzOlwvXC9ncmVuaWVyLWF2b2NhdHMuY29tXC93cC1jb250ZW50XC91cGxvYWRzXC8yMDIzXC8wOVwvUmlzcXVlcy1pbmR1c3RyaWVscy1Db250ZW50aWV1eC1kZS1sYS1yZXNwb25zYWJpbGl0ZS1SZWd1bGFyYXRvcnktYXNzdXJhbmNlLXJlYXN1cmFuY2UucG5nIiwic2xpZGVzaG93IjoiN2Y2N2YwYzQifQ%3D%3D\" href='https:\/\/grenier-avocats.com\/wp-content\/uploads\/2023\/09\/Risques-industriels-Contentieux-de-la-responsabilite-Regularatory-assurance-reasurance.png'><img loading=\"lazy\" decoding=\"async\" width=\"1040\" height=\"544\" src=\"https:\/\/grenier-avocats.com\/wp-content\/uploads\/2023\/09\/Risques-industriels-Contentieux-de-la-responsabilite-Regularatory-assurance-reasurance.png\" class=\"attachment-full size-full\" alt=\"prix-grenier-avocats-decideurs-magazine\" srcset=\"https:\/\/grenier-avocats.com\/wp-content\/uploads\/2023\/09\/Risques-industriels-Contentieux-de-la-responsabilite-Regularatory-assurance-reasurance.png 1040w, https:\/\/grenier-avocats.com\/wp-content\/uploads\/2023\/09\/Risques-industriels-Contentieux-de-la-responsabilite-Regularatory-assurance-reasurance-300x157.png 300w, https:\/\/grenier-avocats.com\/wp-content\/uploads\/2023\/09\/Risques-industriels-Contentieux-de-la-responsabilite-Regularatory-assurance-reasurance-1024x536.png 1024w, https:\/\/grenier-avocats.com\/wp-content\/uploads\/2023\/09\/Risques-industriels-Contentieux-de-la-responsabilite-Regularatory-assurance-reasurance-768x402.png 768w\" sizes=\"(max-width: 1040px) 100vw, 1040px\" \/><\/a>\n\t\t\t\t<\/dt><\/dl><dl class='gallery-item'>\n\t\t\t\t<dt class='gallery-icon landscape'>\n\t\t\t\t\t<a class=\"rollover rollover-zoom\" title=\"\"data-elementor-open-lightbox=\"yes\" data-elementor-lightbox-slideshow=\"7f67f0c4\" data-elementor-lightbox-title=\"grenier-avocats-contentieux-arbitrage-multi\" data-e-action-hash=\"#elementor-action%3Aaction%3Dlightbox%26settings%3DeyJpZCI6ODA3NzIsInVybCI6Imh0dHBzOlwvXC9ncmVuaWVyLWF2b2NhdHMuY29tXC93cC1jb250ZW50XC91cGxvYWRzXC8yMDIzXC8wN1wvZ3Jlbmllci1hdm9jYXRzLWNvbnRlbnRpZXV4LWFyYml0cmFnZS1tdWx0aS5wbmciLCJzbGlkZXNob3ciOiI3ZjY3ZjBjNCJ9\" href='https:\/\/grenier-avocats.com\/wp-content\/uploads\/2023\/07\/grenier-avocats-contentieux-arbitrage-multi.png'><img loading=\"lazy\" decoding=\"async\" width=\"1040\" height=\"544\" src=\"https:\/\/grenier-avocats.com\/wp-content\/uploads\/2023\/07\/grenier-avocats-contentieux-arbitrage-multi.png\" class=\"attachment-full size-full\" alt=\"prix-grenier-avocats-decideurs-magazine\" srcset=\"https:\/\/grenier-avocats.com\/wp-content\/uploads\/2023\/07\/grenier-avocats-contentieux-arbitrage-multi.png 1040w, https:\/\/grenier-avocats.com\/wp-content\/uploads\/2023\/07\/grenier-avocats-contentieux-arbitrage-multi-300x157.png 300w, https:\/\/grenier-avocats.com\/wp-content\/uploads\/2023\/07\/grenier-avocats-contentieux-arbitrage-multi-1024x536.png 1024w, https:\/\/grenier-avocats.com\/wp-content\/uploads\/2023\/07\/grenier-avocats-contentieux-arbitrage-multi-768x402.png 768w\" sizes=\"(max-width: 1040px) 100vw, 1040px\" \/><\/a>\n\t\t\t\t<\/dt><\/dl><dl class='gallery-item'>\n\t\t\t\t<dt class='gallery-icon landscape'>\n\t\t\t\t\t<a class=\"rollover rollover-zoom\" title=\"\"data-elementor-open-lightbox=\"yes\" data-elementor-lightbox-slideshow=\"7f67f0c4\" data-elementor-lightbox-title=\"contentieux-arbitrage-droit-penal-des-affaires-classement-2023-cabinet-d-avocats-france - simple\" data-e-action-hash=\"#elementor-action%3Aaction%3Dlightbox%26settings%3DeyJpZCI6ODA3NzAsInVybCI6Imh0dHBzOlwvXC9ncmVuaWVyLWF2b2NhdHMuY29tXC93cC1jb250ZW50XC91cGxvYWRzXC8yMDIzXC8wN1wvY29udGVudGlldXgtYXJiaXRyYWdlLWRyb2l0LXBlbmFsLWRlcy1hZmZhaXJlcy1jbGFzc2VtZW50LTIwMjMtY2FiaW5ldC1kLWF2b2NhdHMtZnJhbmNlLXNpbXBsZS5wbmciLCJzbGlkZXNob3ciOiI3ZjY3ZjBjNCJ9\" href='https:\/\/grenier-avocats.com\/wp-content\/uploads\/2023\/07\/contentieux-arbitrage-droit-penal-des-affaires-classement-2023-cabinet-d-avocats-france-simple.png'><img loading=\"lazy\" decoding=\"async\" width=\"1040\" height=\"544\" src=\"https:\/\/grenier-avocats.com\/wp-content\/uploads\/2023\/07\/contentieux-arbitrage-droit-penal-des-affaires-classement-2023-cabinet-d-avocats-france-simple.png\" class=\"attachment-full size-full\" alt=\"prix-grenier-avocats-decideurs-magazine\" srcset=\"https:\/\/grenier-avocats.com\/wp-content\/uploads\/2023\/07\/contentieux-arbitrage-droit-penal-des-affaires-classement-2023-cabinet-d-avocats-france-simple.png 1040w, https:\/\/grenier-avocats.com\/wp-content\/uploads\/2023\/07\/contentieux-arbitrage-droit-penal-des-affaires-classement-2023-cabinet-d-avocats-france-simple-300x157.png 300w, https:\/\/grenier-avocats.com\/wp-content\/uploads\/2023\/07\/contentieux-arbitrage-droit-penal-des-affaires-classement-2023-cabinet-d-avocats-france-simple-1024x536.png 1024w, https:\/\/grenier-avocats.com\/wp-content\/uploads\/2023\/07\/contentieux-arbitrage-droit-penal-des-affaires-classement-2023-cabinet-d-avocats-france-simple-768x402.png 768w\" sizes=\"(max-width: 1040px) 100vw, 1040px\" \/><\/a>\n\t\t\t\t<\/dt><\/dl><br style=\"clear: both\" \/><dl class='gallery-item'>\n\t\t\t\t<dt class='gallery-icon landscape'>\n\t\t\t\t\t<a class=\"rollover rollover-zoom\" title=\"\"data-elementor-open-lightbox=\"yes\" data-elementor-lightbox-slideshow=\"7f67f0c4\" data-elementor-lightbox-title=\"contentieux-arbitrage-contentieux-commercial-classement-2023-cabinet-d-avocats-france - simple\" data-e-action-hash=\"#elementor-action%3Aaction%3Dlightbox%26settings%3DeyJpZCI6ODA3NjgsInVybCI6Imh0dHBzOlwvXC9ncmVuaWVyLWF2b2NhdHMuY29tXC93cC1jb250ZW50XC91cGxvYWRzXC8yMDIzXC8wN1wvY29udGVudGlldXgtYXJiaXRyYWdlLWNvbnRlbnRpZXV4LWNvbW1lcmNpYWwtY2xhc3NlbWVudC0yMDIzLWNhYmluZXQtZC1hdm9jYXRzLWZyYW5jZS1zaW1wbGUucG5nIiwic2xpZGVzaG93IjoiN2Y2N2YwYzQifQ%3D%3D\" href='https:\/\/grenier-avocats.com\/wp-content\/uploads\/2023\/07\/contentieux-arbitrage-contentieux-commercial-classement-2023-cabinet-d-avocats-france-simple.png'><img loading=\"lazy\" decoding=\"async\" width=\"1040\" height=\"544\" src=\"https:\/\/grenier-avocats.com\/wp-content\/uploads\/2023\/07\/contentieux-arbitrage-contentieux-commercial-classement-2023-cabinet-d-avocats-france-simple.png\" class=\"attachment-full size-full\" alt=\"prix-grenier-avocats-decideurs-magazine\" srcset=\"https:\/\/grenier-avocats.com\/wp-content\/uploads\/2023\/07\/contentieux-arbitrage-contentieux-commercial-classement-2023-cabinet-d-avocats-france-simple.png 1040w, https:\/\/grenier-avocats.com\/wp-content\/uploads\/2023\/07\/contentieux-arbitrage-contentieux-commercial-classement-2023-cabinet-d-avocats-france-simple-300x157.png 300w, https:\/\/grenier-avocats.com\/wp-content\/uploads\/2023\/07\/contentieux-arbitrage-contentieux-commercial-classement-2023-cabinet-d-avocats-france-simple-1024x536.png 1024w, https:\/\/grenier-avocats.com\/wp-content\/uploads\/2023\/07\/contentieux-arbitrage-contentieux-commercial-classement-2023-cabinet-d-avocats-france-simple-768x402.png 768w\" sizes=\"(max-width: 1040px) 100vw, 1040px\" \/><\/a>\n\t\t\t\t<\/dt><\/dl><dl class='gallery-item'>\n\t\t\t\t<dt class='gallery-icon landscape'>\n\t\t\t\t\t<a class=\"rollover rollover-zoom\" title=\"\"data-elementor-open-lightbox=\"yes\" data-elementor-lightbox-slideshow=\"7f67f0c4\" data-elementor-lightbox-title=\"contentieux-arbitrage-arbitrage-international-classement-2023-cabinet-d-avocats-france - simple\" data-e-action-hash=\"#elementor-action%3Aaction%3Dlightbox%26settings%3DeyJpZCI6ODA3NjYsInVybCI6Imh0dHBzOlwvXC9ncmVuaWVyLWF2b2NhdHMuY29tXC93cC1jb250ZW50XC91cGxvYWRzXC8yMDIzXC8wN1wvY29udGVudGlldXgtYXJiaXRyYWdlLWFyYml0cmFnZS1pbnRlcm5hdGlvbmFsLWNsYXNzZW1lbnQtMjAyMy1jYWJpbmV0LWQtYXZvY2F0cy1mcmFuY2Utc2ltcGxlLnBuZyIsInNsaWRlc2hvdyI6IjdmNjdmMGM0In0%3D\" href='https:\/\/grenier-avocats.com\/wp-content\/uploads\/2023\/07\/contentieux-arbitrage-arbitrage-international-classement-2023-cabinet-d-avocats-france-simple.png'><img loading=\"lazy\" decoding=\"async\" width=\"1040\" height=\"544\" src=\"https:\/\/grenier-avocats.com\/wp-content\/uploads\/2023\/07\/contentieux-arbitrage-arbitrage-international-classement-2023-cabinet-d-avocats-france-simple.png\" class=\"attachment-full size-full\" alt=\"prix-grenier-avocats-decideurs-magazine\" srcset=\"https:\/\/grenier-avocats.com\/wp-content\/uploads\/2023\/07\/contentieux-arbitrage-arbitrage-international-classement-2023-cabinet-d-avocats-france-simple.png 1040w, https:\/\/grenier-avocats.com\/wp-content\/uploads\/2023\/07\/contentieux-arbitrage-arbitrage-international-classement-2023-cabinet-d-avocats-france-simple-300x157.png 300w, https:\/\/grenier-avocats.com\/wp-content\/uploads\/2023\/07\/contentieux-arbitrage-arbitrage-international-classement-2023-cabinet-d-avocats-france-simple-1024x536.png 1024w, https:\/\/grenier-avocats.com\/wp-content\/uploads\/2023\/07\/contentieux-arbitrage-arbitrage-international-classement-2023-cabinet-d-avocats-france-simple-768x402.png 768w\" sizes=\"(max-width: 1040px) 100vw, 1040px\" \/><\/a>\n\t\t\t\t<\/dt><\/dl><dl class='gallery-item'>\n\t\t\t\t<dt class='gallery-icon landscape'>\n\t\t\t\t\t<a class=\"rollover rollover-zoom\" title=\"\"data-elementor-open-lightbox=\"yes\" data-elementor-lightbox-slideshow=\"7f67f0c4\" data-elementor-lightbox-title=\"concurrence-distribution-droit-de-la-distribution-classement-2023-cabinet-d-avocats-france-simple\" data-e-action-hash=\"#elementor-action%3Aaction%3Dlightbox%26settings%3DeyJpZCI6ODA3NjIsInVybCI6Imh0dHBzOlwvXC9ncmVuaWVyLWF2b2NhdHMuY29tXC93cC1jb250ZW50XC91cGxvYWRzXC8yMDIzXC8wN1wvY29uY3VycmVuY2UtZGlzdHJpYnV0aW9uLWRyb2l0LWRlLWxhLWRpc3RyaWJ1dGlvbi1jbGFzc2VtZW50LTIwMjMtY2FiaW5ldC1kLWF2b2NhdHMtZnJhbmNlLXNpbXBsZS5wbmciLCJzbGlkZXNob3ciOiI3ZjY3ZjBjNCJ9\" href='https:\/\/grenier-avocats.com\/wp-content\/uploads\/2023\/07\/concurrence-distribution-droit-de-la-distribution-classement-2023-cabinet-d-avocats-france-simple.png'><img loading=\"lazy\" decoding=\"async\" width=\"1040\" height=\"544\" src=\"https:\/\/grenier-avocats.com\/wp-content\/uploads\/2023\/07\/concurrence-distribution-droit-de-la-distribution-classement-2023-cabinet-d-avocats-france-simple.png\" class=\"attachment-full size-full\" alt=\"prix-grenier-avocats-decideurs-magazine\" srcset=\"https:\/\/grenier-avocats.com\/wp-content\/uploads\/2023\/07\/concurrence-distribution-droit-de-la-distribution-classement-2023-cabinet-d-avocats-france-simple.png 1040w, https:\/\/grenier-avocats.com\/wp-content\/uploads\/2023\/07\/concurrence-distribution-droit-de-la-distribution-classement-2023-cabinet-d-avocats-france-simple-300x157.png 300w, https:\/\/grenier-avocats.com\/wp-content\/uploads\/2023\/07\/concurrence-distribution-droit-de-la-distribution-classement-2023-cabinet-d-avocats-france-simple-1024x536.png 1024w, https:\/\/grenier-avocats.com\/wp-content\/uploads\/2023\/07\/concurrence-distribution-droit-de-la-distribution-classement-2023-cabinet-d-avocats-france-simple-768x402.png 768w\" sizes=\"(max-width: 1040px) 100vw, 1040px\" \/><\/a>\n\t\t\t\t<\/dt><\/dl><dl class='gallery-item'>\n\t\t\t\t<dt class='gallery-icon landscape'>\n\t\t\t\t\t<a class=\"rollover rollover-zoom\" title=\"\"data-elementor-open-lightbox=\"yes\" data-elementor-lightbox-slideshow=\"7f67f0c4\" data-elementor-lightbox-title=\"risques-industriels-contentieux-de-la-responsabilite-sinistres-et-transport-terrestre-routier-et-ferroviaire-classement-2022-cabinet-d-avocats-france - simple\" data-e-action-hash=\"#elementor-action%3Aaction%3Dlightbox%26settings%3DeyJpZCI6ODExMjUsInVybCI6Imh0dHBzOlwvXC9ncmVuaWVyLWF2b2NhdHMuY29tXC93cC1jb250ZW50XC91cGxvYWRzXC8yMDIzXC8wN1wvcmlzcXVlcy1pbmR1c3RyaWVscy1jb250ZW50aWV1eC1kZS1sYS1yZXNwb25zYWJpbGl0ZS1zaW5pc3RyZXMtZXQtdHJhbnNwb3J0LXRlcnJlc3RyZS1yb3V0aWVyLWV0LWZlcnJvdmlhaXJlLWNsYXNzZW1lbnQtMjAyMi1jYWJpbmV0LWQtYXZvY2F0cy1mcmFuY2Utc2ltcGxlLnBuZyIsInNsaWRlc2hvdyI6IjdmNjdmMGM0In0%3D\" href='https:\/\/grenier-avocats.com\/wp-content\/uploads\/2023\/07\/risques-industriels-contentieux-de-la-responsabilite-sinistres-et-transport-terrestre-routier-et-ferroviaire-classement-2022-cabinet-d-avocats-france-simple.png'><img loading=\"lazy\" decoding=\"async\" width=\"1040\" height=\"544\" src=\"https:\/\/grenier-avocats.com\/wp-content\/uploads\/2023\/07\/risques-industriels-contentieux-de-la-responsabilite-sinistres-et-transport-terrestre-routier-et-ferroviaire-classement-2022-cabinet-d-avocats-france-simple.png\" class=\"attachment-full size-full\" alt=\"prix-grenier-avocats-decideurs-magazine\" srcset=\"https:\/\/grenier-avocats.com\/wp-content\/uploads\/2023\/07\/risques-industriels-contentieux-de-la-responsabilite-sinistres-et-transport-terrestre-routier-et-ferroviaire-classement-2022-cabinet-d-avocats-france-simple.png 1040w, https:\/\/grenier-avocats.com\/wp-content\/uploads\/2023\/07\/risques-industriels-contentieux-de-la-responsabilite-sinistres-et-transport-terrestre-routier-et-ferroviaire-classement-2022-cabinet-d-avocats-france-simple-300x157.png 300w, https:\/\/grenier-avocats.com\/wp-content\/uploads\/2023\/07\/risques-industriels-contentieux-de-la-responsabilite-sinistres-et-transport-terrestre-routier-et-ferroviaire-classement-2022-cabinet-d-avocats-france-simple-1024x536.png 1024w, https:\/\/grenier-avocats.com\/wp-content\/uploads\/2023\/07\/risques-industriels-contentieux-de-la-responsabilite-sinistres-et-transport-terrestre-routier-et-ferroviaire-classement-2022-cabinet-d-avocats-france-simple-768x402.png 768w\" sizes=\"(max-width: 1040px) 100vw, 1040px\" \/><\/a>\n\t\t\t\t<\/dt><\/dl><br style=\"clear: both\" \/><dl class='gallery-item'>\n\t\t\t\t<dt class='gallery-icon landscape'>\n\t\t\t\t\t<a class=\"rollover rollover-zoom\" title=\"\"data-elementor-open-lightbox=\"yes\" data-elementor-lightbox-slideshow=\"7f67f0c4\" data-elementor-lightbox-title=\"risques-industriels-contentieux-de-la-responsabilite-sinistres-et-contentieux-des-assurances-classement-2022-cabinet-d-avocats-france - simple\" data-e-action-hash=\"#elementor-action%3Aaction%3Dlightbox%26settings%3DeyJpZCI6ODExMjMsInVybCI6Imh0dHBzOlwvXC9ncmVuaWVyLWF2b2NhdHMuY29tXC93cC1jb250ZW50XC91cGxvYWRzXC8yMDIzXC8wN1wvcmlzcXVlcy1pbmR1c3RyaWVscy1jb250ZW50aWV1eC1kZS1sYS1yZXNwb25zYWJpbGl0ZS1zaW5pc3RyZXMtZXQtY29udGVudGlldXgtZGVzLWFzc3VyYW5jZXMtY2xhc3NlbWVudC0yMDIyLWNhYmluZXQtZC1hdm9jYXRzLWZyYW5jZS1zaW1wbGUucG5nIiwic2xpZGVzaG93IjoiN2Y2N2YwYzQifQ%3D%3D\" href='https:\/\/grenier-avocats.com\/wp-content\/uploads\/2023\/07\/risques-industriels-contentieux-de-la-responsabilite-sinistres-et-contentieux-des-assurances-classement-2022-cabinet-d-avocats-france-simple.png'><img loading=\"lazy\" decoding=\"async\" width=\"1040\" height=\"544\" src=\"https:\/\/grenier-avocats.com\/wp-content\/uploads\/2023\/07\/risques-industriels-contentieux-de-la-responsabilite-sinistres-et-contentieux-des-assurances-classement-2022-cabinet-d-avocats-france-simple.png\" class=\"attachment-full size-full\" alt=\"prix-grenier-avocats-decideurs-magazine\" srcset=\"https:\/\/grenier-avocats.com\/wp-content\/uploads\/2023\/07\/risques-industriels-contentieux-de-la-responsabilite-sinistres-et-contentieux-des-assurances-classement-2022-cabinet-d-avocats-france-simple.png 1040w, https:\/\/grenier-avocats.com\/wp-content\/uploads\/2023\/07\/risques-industriels-contentieux-de-la-responsabilite-sinistres-et-contentieux-des-assurances-classement-2022-cabinet-d-avocats-france-simple-300x157.png 300w, https:\/\/grenier-avocats.com\/wp-content\/uploads\/2023\/07\/risques-industriels-contentieux-de-la-responsabilite-sinistres-et-contentieux-des-assurances-classement-2022-cabinet-d-avocats-france-simple-1024x536.png 1024w, https:\/\/grenier-avocats.com\/wp-content\/uploads\/2023\/07\/risques-industriels-contentieux-de-la-responsabilite-sinistres-et-contentieux-des-assurances-classement-2022-cabinet-d-avocats-france-simple-768x402.png 768w\" sizes=\"(max-width: 1040px) 100vw, 1040px\" \/><\/a>\n\t\t\t\t<\/dt><\/dl><dl class='gallery-item'>\n\t\t\t\t<dt class='gallery-icon landscape'>\n\t\t\t\t\t<a class=\"rollover rollover-zoom\" title=\"\"data-elementor-open-lightbox=\"yes\" data-elementor-lightbox-slideshow=\"7f67f0c4\" data-elementor-lightbox-title=\"risques-industriels-contentieux-de-la-responsabilite-responsabilite-du-fait-des-produits-classement-2022-cabinet-d-avocats-france - simple\" data-e-action-hash=\"#elementor-action%3Aaction%3Dlightbox%26settings%3DeyJpZCI6ODExMjEsInVybCI6Imh0dHBzOlwvXC9ncmVuaWVyLWF2b2NhdHMuY29tXC93cC1jb250ZW50XC91cGxvYWRzXC8yMDIzXC8wN1wvcmlzcXVlcy1pbmR1c3RyaWVscy1jb250ZW50aWV1eC1kZS1sYS1yZXNwb25zYWJpbGl0ZS1yZXNwb25zYWJpbGl0ZS1kdS1mYWl0LWRlcy1wcm9kdWl0cy1jbGFzc2VtZW50LTIwMjItY2FiaW5ldC1kLWF2b2NhdHMtZnJhbmNlLXNpbXBsZS5wbmciLCJzbGlkZXNob3ciOiI3ZjY3ZjBjNCJ9\" href='https:\/\/grenier-avocats.com\/wp-content\/uploads\/2023\/07\/risques-industriels-contentieux-de-la-responsabilite-responsabilite-du-fait-des-produits-classement-2022-cabinet-d-avocats-france-simple.png'><img loading=\"lazy\" decoding=\"async\" width=\"1040\" height=\"544\" src=\"https:\/\/grenier-avocats.com\/wp-content\/uploads\/2023\/07\/risques-industriels-contentieux-de-la-responsabilite-responsabilite-du-fait-des-produits-classement-2022-cabinet-d-avocats-france-simple.png\" class=\"attachment-full size-full\" alt=\"prix-grenier-avocats-decideurs-magazine\" srcset=\"https:\/\/grenier-avocats.com\/wp-content\/uploads\/2023\/07\/risques-industriels-contentieux-de-la-responsabilite-responsabilite-du-fait-des-produits-classement-2022-cabinet-d-avocats-france-simple.png 1040w, https:\/\/grenier-avocats.com\/wp-content\/uploads\/2023\/07\/risques-industriels-contentieux-de-la-responsabilite-responsabilite-du-fait-des-produits-classement-2022-cabinet-d-avocats-france-simple-300x157.png 300w, https:\/\/grenier-avocats.com\/wp-content\/uploads\/2023\/07\/risques-industriels-contentieux-de-la-responsabilite-responsabilite-du-fait-des-produits-classement-2022-cabinet-d-avocats-france-simple-1024x536.png 1024w, https:\/\/grenier-avocats.com\/wp-content\/uploads\/2023\/07\/risques-industriels-contentieux-de-la-responsabilite-responsabilite-du-fait-des-produits-classement-2022-cabinet-d-avocats-france-simple-768x402.png 768w\" sizes=\"(max-width: 1040px) 100vw, 1040px\" \/><\/a>\n\t\t\t\t<\/dt><\/dl><dl class='gallery-item'>\n\t\t\t\t<dt class='gallery-icon landscape'>\n\t\t\t\t\t<a class=\"rollover rollover-zoom\" title=\"\"data-elementor-open-lightbox=\"yes\" data-elementor-lightbox-slideshow=\"7f67f0c4\" data-elementor-lightbox-title=\"risques-industriels-contentieux-de-la-responsabilite-responsabilite-civile-professionnelle-et-risques-financiers-classement-2022-cabinet-d-avocats-france - simple\" data-e-action-hash=\"#elementor-action%3Aaction%3Dlightbox%26settings%3DeyJpZCI6ODExMTksInVybCI6Imh0dHBzOlwvXC9ncmVuaWVyLWF2b2NhdHMuY29tXC93cC1jb250ZW50XC91cGxvYWRzXC8yMDIzXC8wN1wvcmlzcXVlcy1pbmR1c3RyaWVscy1jb250ZW50aWV1eC1kZS1sYS1yZXNwb25zYWJpbGl0ZS1yZXNwb25zYWJpbGl0ZS1jaXZpbGUtcHJvZmVzc2lvbm5lbGxlLWV0LXJpc3F1ZXMtZmluYW5jaWVycy1jbGFzc2VtZW50LTIwMjItY2FiaW5ldC1kLWF2b2NhdHMtZnJhbmNlLXNpbXBsZS5wbmciLCJzbGlkZXNob3ciOiI3ZjY3ZjBjNCJ9\" href='https:\/\/grenier-avocats.com\/wp-content\/uploads\/2023\/07\/risques-industriels-contentieux-de-la-responsabilite-responsabilite-civile-professionnelle-et-risques-financiers-classement-2022-cabinet-d-avocats-france-simple.png'><img loading=\"lazy\" decoding=\"async\" width=\"1040\" height=\"544\" src=\"https:\/\/grenier-avocats.com\/wp-content\/uploads\/2023\/07\/risques-industriels-contentieux-de-la-responsabilite-responsabilite-civile-professionnelle-et-risques-financiers-classement-2022-cabinet-d-avocats-france-simple.png\" class=\"attachment-full size-full\" alt=\"prix-grenier-avocats-decideurs-magazine\" srcset=\"https:\/\/grenier-avocats.com\/wp-content\/uploads\/2023\/07\/risques-industriels-contentieux-de-la-responsabilite-responsabilite-civile-professionnelle-et-risques-financiers-classement-2022-cabinet-d-avocats-france-simple.png 1040w, https:\/\/grenier-avocats.com\/wp-content\/uploads\/2023\/07\/risques-industriels-contentieux-de-la-responsabilite-responsabilite-civile-professionnelle-et-risques-financiers-classement-2022-cabinet-d-avocats-france-simple-300x157.png 300w, https:\/\/grenier-avocats.com\/wp-content\/uploads\/2023\/07\/risques-industriels-contentieux-de-la-responsabilite-responsabilite-civile-professionnelle-et-risques-financiers-classement-2022-cabinet-d-avocats-france-simple-1024x536.png 1024w, https:\/\/grenier-avocats.com\/wp-content\/uploads\/2023\/07\/risques-industriels-contentieux-de-la-responsabilite-responsabilite-civile-professionnelle-et-risques-financiers-classement-2022-cabinet-d-avocats-france-simple-768x402.png 768w\" sizes=\"(max-width: 1040px) 100vw, 1040px\" \/><\/a>\n\t\t\t\t<\/dt><\/dl><dl class='gallery-item'>\n\t\t\t\t<dt class='gallery-icon landscape'>\n\t\t\t\t\t<a class=\"rollover rollover-zoom\" title=\"\"data-elementor-open-lightbox=\"yes\" data-elementor-lightbox-slideshow=\"7f67f0c4\" data-elementor-lightbox-title=\"risques-industriels-contentieux-de-la-responsabilite-regulatory-assurance-reassurance-classement-2022-cabinet-d-avocats-france - simple\" data-e-action-hash=\"#elementor-action%3Aaction%3Dlightbox%26settings%3DeyJpZCI6ODExMTcsInVybCI6Imh0dHBzOlwvXC9ncmVuaWVyLWF2b2NhdHMuY29tXC93cC1jb250ZW50XC91cGxvYWRzXC8yMDIzXC8wN1wvcmlzcXVlcy1pbmR1c3RyaWVscy1jb250ZW50aWV1eC1kZS1sYS1yZXNwb25zYWJpbGl0ZS1yZWd1bGF0b3J5LWFzc3VyYW5jZS1yZWFzc3VyYW5jZS1jbGFzc2VtZW50LTIwMjItY2FiaW5ldC1kLWF2b2NhdHMtZnJhbmNlLXNpbXBsZS5wbmciLCJzbGlkZXNob3ciOiI3ZjY3ZjBjNCJ9\" href='https:\/\/grenier-avocats.com\/wp-content\/uploads\/2023\/07\/risques-industriels-contentieux-de-la-responsabilite-regulatory-assurance-reassurance-classement-2022-cabinet-d-avocats-france-simple.png'><img loading=\"lazy\" decoding=\"async\" width=\"1040\" height=\"544\" src=\"https:\/\/grenier-avocats.com\/wp-content\/uploads\/2023\/07\/risques-industriels-contentieux-de-la-responsabilite-regulatory-assurance-reassurance-classement-2022-cabinet-d-avocats-france-simple.png\" class=\"attachment-full size-full\" alt=\"prix-grenier-avocats-decideurs-magazine\" srcset=\"https:\/\/grenier-avocats.com\/wp-content\/uploads\/2023\/07\/risques-industriels-contentieux-de-la-responsabilite-regulatory-assurance-reassurance-classement-2022-cabinet-d-avocats-france-simple.png 1040w, https:\/\/grenier-avocats.com\/wp-content\/uploads\/2023\/07\/risques-industriels-contentieux-de-la-responsabilite-regulatory-assurance-reassurance-classement-2022-cabinet-d-avocats-france-simple-300x157.png 300w, https:\/\/grenier-avocats.com\/wp-content\/uploads\/2023\/07\/risques-industriels-contentieux-de-la-responsabilite-regulatory-assurance-reassurance-classement-2022-cabinet-d-avocats-france-simple-1024x536.png 1024w, https:\/\/grenier-avocats.com\/wp-content\/uploads\/2023\/07\/risques-industriels-contentieux-de-la-responsabilite-regulatory-assurance-reassurance-classement-2022-cabinet-d-avocats-france-simple-768x402.png 768w\" sizes=\"(max-width: 1040px) 100vw, 1040px\" \/><\/a>\n\t\t\t\t<\/dt><\/dl><br style=\"clear: both\" \/><dl class='gallery-item'>\n\t\t\t\t<dt class='gallery-icon landscape'>\n\t\t\t\t\t<a class=\"rollover rollover-zoom\" title=\"\"data-elementor-open-lightbox=\"yes\" data-elementor-lightbox-slideshow=\"7f67f0c4\" data-elementor-lightbox-title=\"compliance-fraude-programme-de-conformite-classement-2022-cabinet-d-avocats-france - simple\" data-e-action-hash=\"#elementor-action%3Aaction%3Dlightbox%26settings%3DeyJpZCI6ODExMTMsInVybCI6Imh0dHBzOlwvXC9ncmVuaWVyLWF2b2NhdHMuY29tXC93cC1jb250ZW50XC91cGxvYWRzXC8yMDIzXC8wN1wvY29tcGxpYW5jZS1mcmF1ZGUtcHJvZ3JhbW1lLWRlLWNvbmZvcm1pdGUtY2xhc3NlbWVudC0yMDIyLWNhYmluZXQtZC1hdm9jYXRzLWZyYW5jZS1zaW1wbGUucG5nIiwic2xpZGVzaG93IjoiN2Y2N2YwYzQifQ%3D%3D\" href='https:\/\/grenier-avocats.com\/wp-content\/uploads\/2023\/07\/compliance-fraude-programme-de-conformite-classement-2022-cabinet-d-avocats-france-simple.png'><img loading=\"lazy\" decoding=\"async\" width=\"1040\" height=\"544\" src=\"https:\/\/grenier-avocats.com\/wp-content\/uploads\/2023\/07\/compliance-fraude-programme-de-conformite-classement-2022-cabinet-d-avocats-france-simple.png\" class=\"attachment-full size-full\" alt=\"prix-grenier-avocats-decideurs-magazine\" srcset=\"https:\/\/grenier-avocats.com\/wp-content\/uploads\/2023\/07\/compliance-fraude-programme-de-conformite-classement-2022-cabinet-d-avocats-france-simple.png 1040w, https:\/\/grenier-avocats.com\/wp-content\/uploads\/2023\/07\/compliance-fraude-programme-de-conformite-classement-2022-cabinet-d-avocats-france-simple-300x157.png 300w, https:\/\/grenier-avocats.com\/wp-content\/uploads\/2023\/07\/compliance-fraude-programme-de-conformite-classement-2022-cabinet-d-avocats-france-simple-1024x536.png 1024w, https:\/\/grenier-avocats.com\/wp-content\/uploads\/2023\/07\/compliance-fraude-programme-de-conformite-classement-2022-cabinet-d-avocats-france-simple-768x402.png 768w\" sizes=\"(max-width: 1040px) 100vw, 1040px\" \/><\/a>\n\t\t\t\t<\/dt><\/dl><dl class='gallery-item'>\n\t\t\t\t<dt class='gallery-icon landscape'>\n\t\t\t\t\t<a class=\"rollover rollover-zoom\" title=\"\"data-elementor-open-lightbox=\"yes\" data-elementor-lightbox-slideshow=\"7f67f0c4\" data-elementor-lightbox-title=\"compliance-fraude-enquete-internationale-et-enquete-interne-classement-2022-cabinet-d-avocats-france - simple\" data-e-action-hash=\"#elementor-action%3Aaction%3Dlightbox%26settings%3DeyJpZCI6ODExMTEsInVybCI6Imh0dHBzOlwvXC9ncmVuaWVyLWF2b2NhdHMuY29tXC93cC1jb250ZW50XC91cGxvYWRzXC8yMDIzXC8wN1wvY29tcGxpYW5jZS1mcmF1ZGUtZW5xdWV0ZS1pbnRlcm5hdGlvbmFsZS1ldC1lbnF1ZXRlLWludGVybmUtY2xhc3NlbWVudC0yMDIyLWNhYmluZXQtZC1hdm9jYXRzLWZyYW5jZS1zaW1wbGUucG5nIiwic2xpZGVzaG93IjoiN2Y2N2YwYzQifQ%3D%3D\" href='https:\/\/grenier-avocats.com\/wp-content\/uploads\/2023\/07\/compliance-fraude-enquete-internationale-et-enquete-interne-classement-2022-cabinet-d-avocats-france-simple.png'><img loading=\"lazy\" decoding=\"async\" width=\"1040\" height=\"544\" src=\"https:\/\/grenier-avocats.com\/wp-content\/uploads\/2023\/07\/compliance-fraude-enquete-internationale-et-enquete-interne-classement-2022-cabinet-d-avocats-france-simple.png\" class=\"attachment-full size-full\" alt=\"prix-grenier-avocats-decideurs-magazine\" srcset=\"https:\/\/grenier-avocats.com\/wp-content\/uploads\/2023\/07\/compliance-fraude-enquete-internationale-et-enquete-interne-classement-2022-cabinet-d-avocats-france-simple.png 1040w, https:\/\/grenier-avocats.com\/wp-content\/uploads\/2023\/07\/compliance-fraude-enquete-internationale-et-enquete-interne-classement-2022-cabinet-d-avocats-france-simple-300x157.png 300w, https:\/\/grenier-avocats.com\/wp-content\/uploads\/2023\/07\/compliance-fraude-enquete-internationale-et-enquete-interne-classement-2022-cabinet-d-avocats-france-simple-1024x536.png 1024w, https:\/\/grenier-avocats.com\/wp-content\/uploads\/2023\/07\/compliance-fraude-enquete-internationale-et-enquete-interne-classement-2022-cabinet-d-avocats-france-simple-768x402.png 768w\" sizes=\"(max-width: 1040px) 100vw, 1040px\" \/><\/a>\n\t\t\t\t<\/dt><\/dl>\n\t\t\t\t<br style='clear: both' \/>\n\t\t\t<\/div>\n\t\t<\/div>\n\t\t\t\t\t\t<\/div>\n\t\t\t\t<div class=\"elementor-element elementor-element-5f30c5bc elementor-widget elementor-widget-spacer\" data-id=\"5f30c5bc\" data-element_type=\"widget\" data-e-type=\"widget\" data-widget_type=\"spacer.default\">\n\t\t\t\t\t\t\t<div class=\"elementor-spacer\">\n\t\t\t<div class=\"elementor-spacer-inner\"><\/div>\n\t\t<\/div>\n\t\t\t\t\t\t<\/div>\n\t\t\t\t<div class=\"elementor-element elementor-element-737a6ee9 elementor-widget elementor-widget-heading\" data-id=\"737a6ee9\" data-element_type=\"widget\" data-e-type=\"widget\" data-widget_type=\"heading.default\">\n\t\t\t\t\t<h3 class=\"elementor-heading-title elementor-size-default\">Best Lawyers<\/h3>\t\t\t\t<\/div>\n\t\t\t\t<div class=\"elementor-element elementor-element-6fcbf5f elementor-widget elementor-widget-image\" data-id=\"6fcbf5f\" data-element_type=\"widget\" data-e-type=\"widget\" data-widget_type=\"image.default\">\n\t\t\t\t\t\t\t\t\t\t\t\t\t\t\t<img loading=\"lazy\" decoding=\"async\" width=\"500\" height=\"500\" src=\"https:\/\/grenier-avocats.com\/wp-content\/uploads\/2023\/07\/Medaille-Provigis-Fournisseur-Bronze.png\" class=\"attachment-full size-full wp-image-81115\" alt=\"M\u00e9daille Provigis - Fournisseur Bronze\" srcset=\"https:\/\/grenier-avocats.com\/wp-content\/uploads\/2023\/07\/Medaille-Provigis-Fournisseur-Bronze.png 500w, https:\/\/grenier-avocats.com\/wp-content\/uploads\/2023\/07\/Medaille-Provigis-Fournisseur-Bronze-300x300.png 300w, https:\/\/grenier-avocats.com\/wp-content\/uploads\/2023\/07\/Medaille-Provigis-Fournisseur-Bronze-150x150.png 150w\" sizes=\"(max-width: 500px) 100vw, 500px\" \/>\t\t\t\t\t\t\t\t\t\t\t\t\t\t\t<\/div>\n\t\t\t\t\t<\/div>\n\t\t\t\t<\/div>\n\t\t\t\t\t<\/div>\n\t\t<\/div>\n\t\t\t\t\t<\/div>\n\t\t<\/section>\n\t\t\t\t<section class=\"elementor-section elementor-top-section elementor-element elementor-element-d9a0934 elementor-hidden-desktop elementor-hidden-tablet elementor-hidden-mobile elementor-section-boxed elementor-section-height-default elementor-section-height-default\" data-id=\"d9a0934\" data-element_type=\"section\" data-e-type=\"section\" data-settings=\"{&quot;background_background&quot;:&quot;classic&quot;}\">\n\t\t\t\t\t\t<div class=\"elementor-container elementor-column-gap-wider\">\n\t\t\t\t\t<div class=\"elementor-column elementor-col-100 elementor-top-column elementor-element elementor-element-b3bb7e6\" data-id=\"b3bb7e6\" data-element_type=\"column\" data-e-type=\"column\">\n\t\t\t<div class=\"elementor-widget-wrap elementor-element-populated\">\n\t\t\t\t\t\t<div class=\"elementor-element elementor-element-eb32609 elementor-widget__width-initial elementor-widget elementor-widget-heading\" data-id=\"eb32609\" data-element_type=\"widget\" data-e-type=\"widget\" data-widget_type=\"heading.default\">\n\t\t\t\t\t<h1 class=\"elementor-heading-title elementor-size-default\">Awards<\/h1>\t\t\t\t<\/div>\n\t\t\t\t<div class=\"elementor-element elementor-element-148d882 elementor-widget elementor-widget-spacer\" data-id=\"148d882\" data-element_type=\"widget\" data-e-type=\"widget\" data-widget_type=\"spacer.default\">\n\t\t\t\t\t\t\t<div class=\"elementor-spacer\">\n\t\t\t<div class=\"elementor-spacer-inner\"><\/div>\n\t\t<\/div>\n\t\t\t\t\t\t<\/div>\n\t\t\t\t<div class=\"elementor-element elementor-element-fee2fc4 elementor-widget elementor-widget-the7_elements\" data-id=\"fee2fc4\" data-element_type=\"widget\" data-e-type=\"widget\" data-widget_type=\"the7_elements.default\">\n\t\t\t\t<div class=\"elementor-widget-container\">\n\t\t\t\t\t<div class=\"portfolio-shortcode the7-elementor-widget the7_elements-fee2fc4 mode-grid dt-css-grid-wrap classic-layout-list description-under-image scale-img meta-info-off content-bg-on enable-bg-rollover loading-effect-none jquery-filter\" data-padding=\"15px\" data-width=\"300\" data-post-limit=\"12\" data-pagination-mode=\"load-more\" data-scroll-offset=\"\" aria-live=\"assertive\"><div class=\"dt-css-grid custom-pagination-handler\"><div class=\"visible wf-cell\" data-post-id=\"85319\" data-date=\"2025-11-18T10:10:27+01:00\" data-name=\"Grenier Avocats has received two awards from D\u00e9cideurs Magazine!\"><article class=\"post visible post-85319 type-post status-publish format-standard has-post-thumbnail hentry category-decideurs-leaders-league category-publications\" data-name=\"Grenier Avocats has received two awards from D\u00e9cideurs Magazine!\" data-date=\"2025-11-18T10:10:27+01:00\">\n\n\t<div class=\"post-thumbnail-wrap\">\n\t\t<div class=\"post-thumbnail\">\n\n\t\t\t<a class=\"post-thumbnail-rollover img-css-resize-wrapper\" aria-label=\"Post image\" href=\"https:\/\/grenier-avocats.com\/en\/grenier-avocats-has-received-two-awards-from-decideurs-magazine\/\"><img loading=\"lazy\" decoding=\"async\" width=\"2560\" height=\"1623\" src=\"https:\/\/grenier-avocats.com\/wp-content\/uploads\/2025\/11\/Grenier-Avocat-Award-Decideurs-scaled.jpg\" class=\"attachment-full size-full preload-me aspect\" alt=\"Grenier Avocats has received two awards from D\u00e9cideurs Magazine!\" srcset=\"https:\/\/grenier-avocats.com\/wp-content\/uploads\/2025\/11\/Grenier-Avocat-Award-Decideurs-scaled.jpg 2560w, https:\/\/grenier-avocats.com\/wp-content\/uploads\/2025\/11\/Grenier-Avocat-Award-Decideurs-300x190.jpg 300w, https:\/\/grenier-avocats.com\/wp-content\/uploads\/2025\/11\/Grenier-Avocat-Award-Decideurs-1024x649.jpg 1024w, https:\/\/grenier-avocats.com\/wp-content\/uploads\/2025\/11\/Grenier-Avocat-Award-Decideurs-768x487.jpg 768w, https:\/\/grenier-avocats.com\/wp-content\/uploads\/2025\/11\/Grenier-Avocat-Award-Decideurs-1536x974.jpg 1536w, https:\/\/grenier-avocats.com\/wp-content\/uploads\/2025\/11\/Grenier-Avocat-Award-Decideurs-2048x1298.jpg 2048w\" sizes=\"(max-width: 1024px) 300px, 2560px\" style=\"--ratio: 2560 \/ 1623;\" \/><\/a>\n\t\t<\/div>\n\t<\/div>\n\n\n<div class=\"post-entry-content\">\n\n\t<h3 class=\"ele-entry-title\"><a href=\"https:\/\/grenier-avocats.com\/en\/grenier-avocats-has-received-two-awards-from-decideurs-magazine\/\" rel=\"bookmark\" title=\"Grenier Avocats has received two awards from D\u00e9cideurs Magazine!\">Grenier Avocats has received two awards from D\u00e9cideurs Magazine!<\/a><\/h3><div class=\"entry-excerpt\"><p>We are proud to share that the firm has been recognized in the Compliance \u2013 Fraud \u2013 Investigations category for two of our core areas of expertise: \u2714 Internal Investigations \u2013 Strong reputation\u2714 Compliance Program \u2013 Reputable practice These distinctions highlight our team\u2019s dedication to supporting companies facing increasing compliance, investigation, and risk management challenges.&hellip;<\/p>\n<\/div><a href=\"https:\/\/grenier-avocats.com\/en\/grenier-avocats-has-received-two-awards-from-decideurs-magazine\/\" target=\"\" aria-label=\"Read more about Grenier Avocats has received two awards from D\u00e9cideurs Magazine!\" class=\"box-button elementor-button elementor-size-sm\">+ Read more<\/a>\n<\/div><\/article><\/div><div class=\"visible wf-cell\" data-post-id=\"85033\" data-date=\"2025-09-22T10:32:57+02:00\" data-name=\"Patrice Grenier awarded Best Lawyer 2026 and The Lawyer Network Annual Awards 2025\"><article class=\"post visible post-85033 type-post status-publish format-standard has-post-thumbnail hentry category-best-lawyers category-publications\" data-name=\"Patrice Grenier awarded Best Lawyer 2026 and The Lawyer Network Annual Awards 2025\" data-date=\"2025-09-22T10:32:57+02:00\">\n\n\t<div class=\"post-thumbnail-wrap\">\n\t\t<div class=\"post-thumbnail\">\n\n\t\t\t<a class=\"post-thumbnail-rollover img-css-resize-wrapper\" aria-label=\"Post image\" href=\"https:\/\/grenier-avocats.com\/en\/patrice-grenier-awarded-best-lawyer-2026-and-the-lawyer-network-annual-awards-2025\/\"><img loading=\"lazy\" decoding=\"async\" width=\"2560\" height=\"1623\" src=\"https:\/\/grenier-avocats.com\/wp-content\/uploads\/2025\/09\/Grenier-Avocat-Best-Lawyer-2026-and-The-Lawyer-Network-Annual-Awards-2025-scaled.jpg\" class=\"attachment-full size-full preload-me aspect\" alt=\"\" srcset=\"https:\/\/grenier-avocats.com\/wp-content\/uploads\/2025\/09\/Grenier-Avocat-Best-Lawyer-2026-and-The-Lawyer-Network-Annual-Awards-2025-scaled.jpg 2560w, https:\/\/grenier-avocats.com\/wp-content\/uploads\/2025\/09\/Grenier-Avocat-Best-Lawyer-2026-and-The-Lawyer-Network-Annual-Awards-2025-300x190.jpg 300w, https:\/\/grenier-avocats.com\/wp-content\/uploads\/2025\/09\/Grenier-Avocat-Best-Lawyer-2026-and-The-Lawyer-Network-Annual-Awards-2025-1024x649.jpg 1024w, https:\/\/grenier-avocats.com\/wp-content\/uploads\/2025\/09\/Grenier-Avocat-Best-Lawyer-2026-and-The-Lawyer-Network-Annual-Awards-2025-768x487.jpg 768w, https:\/\/grenier-avocats.com\/wp-content\/uploads\/2025\/09\/Grenier-Avocat-Best-Lawyer-2026-and-The-Lawyer-Network-Annual-Awards-2025-1536x974.jpg 1536w, https:\/\/grenier-avocats.com\/wp-content\/uploads\/2025\/09\/Grenier-Avocat-Best-Lawyer-2026-and-The-Lawyer-Network-Annual-Awards-2025-2048x1298.jpg 2048w\" sizes=\"(max-width: 1024px) 300px, 2560px\" style=\"--ratio: 2560 \/ 1623;\" \/><\/a>\n\t\t<\/div>\n\t<\/div>\n\n\n<div class=\"post-entry-content\">\n\n\t<h3 class=\"ele-entry-title\"><a href=\"https:\/\/grenier-avocats.com\/en\/patrice-grenier-awarded-best-lawyer-2026-and-the-lawyer-network-annual-awards-2025\/\" rel=\"bookmark\" title=\"Patrice Grenier awarded Best Lawyer 2026 and The Lawyer Network Annual Awards 2025\">Patrice Grenier awarded Best Lawyer 2026 and The Lawyer Network Annual Awards 2025<\/a><\/h3><div class=\"entry-excerpt\"><p>We are pleased to announce that Patrice Grenier, founding partner, has once again been recognised in The Best Lawyers in France\u2122 \u2013 2026 Edition in the Insurance category, and is also listed in the Lawyer Network Annual Awards 2025 as Industrial Sector Law Firm of the Year, France.\u00a0This recognition highlights his expertise in the insurance&hellip;<\/p>\n<\/div><a href=\"https:\/\/grenier-avocats.com\/en\/patrice-grenier-awarded-best-lawyer-2026-and-the-lawyer-network-annual-awards-2025\/\" target=\"\" aria-label=\"Read more about Patrice Grenier awarded Best Lawyer 2026 and The Lawyer Network Annual Awards 2025\" class=\"box-button elementor-button elementor-size-sm\">+ Read more<\/a>\n<\/div><\/article><\/div><div class=\"visible wf-cell\" data-post-id=\"82647\" data-date=\"2024-04-10T10:53:19+02:00\" data-name=\"\ud83c\udf1f Exceptional Recognition for Grenier Avocats \ud83c\udf1f\"><article class=\"post visible post-82647 type-post status-publish format-standard has-post-thumbnail hentry category-awards-en category-b-distinctions tag-recognition\" data-name=\"\ud83c\udf1f Exceptional Recognition for Grenier Avocats \ud83c\udf1f\" data-date=\"2024-04-10T10:53:19+02:00\">\n\n\t<div class=\"post-thumbnail-wrap\">\n\t\t<div class=\"post-thumbnail\">\n\n\t\t\t<a class=\"post-thumbnail-rollover img-css-resize-wrapper\" aria-label=\"Post image\" href=\"https:\/\/grenier-avocats.com\/en\/exceptional-recognition-for-grenier-avocats\/\"><img loading=\"lazy\" decoding=\"async\" width=\"1920\" height=\"1280\" src=\"https:\/\/grenier-avocats.com\/wp-content\/uploads\/2024\/04\/Palmares_2024_Grenier_Avocats.png\" class=\"attachment-full size-full preload-me aspect\" alt=\"Entr\u00e9e dans le LEGAL 500 EMEA 2024 \u2013 Palmar\u00e8s du Droit 2024 \u2013 Grenier Avocats\" srcset=\"https:\/\/grenier-avocats.com\/wp-content\/uploads\/2024\/04\/Palmares_2024_Grenier_Avocats.png 1920w, https:\/\/grenier-avocats.com\/wp-content\/uploads\/2024\/04\/Palmares_2024_Grenier_Avocats-300x200.png 300w, https:\/\/grenier-avocats.com\/wp-content\/uploads\/2024\/04\/Palmares_2024_Grenier_Avocats-1024x683.png 1024w, https:\/\/grenier-avocats.com\/wp-content\/uploads\/2024\/04\/Palmares_2024_Grenier_Avocats-768x512.png 768w, https:\/\/grenier-avocats.com\/wp-content\/uploads\/2024\/04\/Palmares_2024_Grenier_Avocats-1536x1024.png 1536w\" sizes=\"(max-width: 1024px) 300px, 1920px\" style=\"--ratio: 1920 \/ 1280;\" \/><\/a>\n\t\t<\/div>\n\t<\/div>\n\n\n<div class=\"post-entry-content\">\n\n\t<h3 class=\"ele-entry-title\"><a href=\"https:\/\/grenier-avocats.com\/en\/exceptional-recognition-for-grenier-avocats\/\" rel=\"bookmark\" title=\"\ud83c\udf1f Exceptional Recognition for Grenier Avocats \ud83c\udf1f\">\ud83c\udf1f Exceptional Recognition for Grenier Avocats \ud83c\udf1f<\/a><\/h3><div class=\"entry-excerpt\"><p>We are proud and honored to announce that GrenierAvocats has reached a remarkable milestone by being distinguished both in the prestigious LEGAL 500 EMEA 2024 ranking and in the Palmar\u00e8s du Droit 2024, highlighting our expertise and commitment to excellence. \ud83c\udfc6 At the Palmar\u00e8s du Droit 2024, our firm shone with 3 significant merits in&hellip;<\/p>\n<\/div><a href=\"https:\/\/grenier-avocats.com\/en\/exceptional-recognition-for-grenier-avocats\/\" target=\"\" aria-label=\"Read more about \ud83c\udf1f Exceptional Recognition for Grenier Avocats \ud83c\udf1f\" class=\"box-button elementor-button elementor-size-sm\">+ Read more<\/a>\n<\/div><\/article><\/div><div class=\"visible wf-cell\" data-post-id=\"1913\" data-date=\"2022-07-06T11:28:00+02:00\" data-name=\"Best Lawyers in France: Patrice Grenier referenced for the 4th year in a row\"><article class=\"post visible post-1913 type-post status-publish format-standard has-post-thumbnail hentry category-awards-en category-news\" data-name=\"Best Lawyers in France: Patrice Grenier referenced for the 4th year in a row\" data-date=\"2022-07-06T11:28:00+02:00\">\n\n\t<div class=\"post-thumbnail-wrap\">\n\t\t<div class=\"post-thumbnail\">\n\n\t\t\t<a class=\"post-thumbnail-rollover img-css-resize-wrapper\" aria-label=\"Post image\" href=\"https:\/\/grenier-avocats.com\/en\/best-lawyers-in-france-patrice-grenier-referenced-for-the-4th-year-in-a-row\/\"><img loading=\"lazy\" decoding=\"async\" width=\"538\" height=\"323\" src=\"https:\/\/grenier-avocats.com\/wp-content\/uploads\/2022\/04\/Patrice_Grenier_awards.jpg\" class=\"attachment-full size-full preload-me aspect\" alt=\"Patrice Grenier\" srcset=\"https:\/\/grenier-avocats.com\/wp-content\/uploads\/2022\/04\/Patrice_Grenier_awards.jpg 538w, https:\/\/grenier-avocats.com\/wp-content\/uploads\/2022\/04\/Patrice_Grenier_awards-300x180.jpg 300w\" sizes=\"(max-width: 1024px) 300px, 538px\" style=\"--ratio: 538 \/ 323;\" \/><\/a>\n\t\t<\/div>\n\t<\/div>\n\n\n<div class=\"post-entry-content\">\n\n\t<h3 class=\"ele-entry-title\"><a href=\"https:\/\/grenier-avocats.com\/en\/best-lawyers-in-france-patrice-grenier-referenced-for-the-4th-year-in-a-row\/\" rel=\"bookmark\" title=\"Best Lawyers in France: Patrice Grenier referenced for the 4th year in a row\">Best Lawyers in France: Patrice Grenier referenced for the 4th year in a row<\/a><\/h3><div class=\"entry-excerpt\"><p>Thank you to all our fellow lawyers who, through their votes, have allowed&nbsp;Patrice Grenier, founder of&nbsp;GrenierAvocats, to appear for the 4th consecutive year in the directory &#8220;The&nbsp;Best Lawyers&nbsp;in France&#8221; 2023. His expertise in insurance law has once again been recognized by this prestigious guide which is a reference in the profession.<\/p>\n<\/div><a href=\"https:\/\/grenier-avocats.com\/en\/best-lawyers-in-france-patrice-grenier-referenced-for-the-4th-year-in-a-row\/\" target=\"\" aria-label=\"Read more about Best Lawyers in France: Patrice Grenier referenced for the 4th year in a row\" class=\"box-button elementor-button elementor-size-sm\">+ Read more<\/a>\n<\/div><\/article><\/div><div class=\"visible wf-cell\" data-post-id=\"1859\" data-date=\"2022-04-07T09:51:42+02:00\" data-name=\"Grenier Avocats receives 2 prestigious awards at the Palmar\u00e8s du Droit 2022 organized by Le Monde du Droit in partnership with the AFJE\"><article class=\"post visible post-1859 type-post status-publish format-standard has-post-thumbnail hentry category-awards-en category-news\" data-name=\"Grenier Avocats receives 2 prestigious awards at the Palmar\u00e8s du Droit 2022 organized by Le Monde du Droit in partnership with the AFJE\" data-date=\"2022-04-07T09:51:42+02:00\">\n\n\t<div class=\"post-thumbnail-wrap\">\n\t\t<div class=\"post-thumbnail\">\n\n\t\t\t<a class=\"post-thumbnail-rollover img-css-resize-wrapper\" aria-label=\"Post image\" href=\"https:\/\/grenier-avocats.com\/en\/grenieravocats-receives-2-prestigious-awards-at-the-palmares-du-droit-2022-organized-by-le-monde-du-droit-in-partnership-with-the-afje\/\"><img loading=\"lazy\" decoding=\"async\" width=\"538\" height=\"323\" src=\"https:\/\/grenier-avocats.com\/wp-content\/uploads\/2022\/04\/Patrice_Grenier_awards.jpg\" class=\"attachment-full size-full preload-me aspect\" alt=\"Patrice Grenier\" srcset=\"https:\/\/grenier-avocats.com\/wp-content\/uploads\/2022\/04\/Patrice_Grenier_awards.jpg 538w, https:\/\/grenier-avocats.com\/wp-content\/uploads\/2022\/04\/Patrice_Grenier_awards-300x180.jpg 300w\" sizes=\"(max-width: 1024px) 300px, 538px\" style=\"--ratio: 538 \/ 323;\" \/><\/a>\n\t\t<\/div>\n\t<\/div>\n\n\n<div class=\"post-entry-content\">\n\n\t<h3 class=\"ele-entry-title\"><a href=\"https:\/\/grenier-avocats.com\/en\/grenieravocats-receives-2-prestigious-awards-at-the-palmares-du-droit-2022-organized-by-le-monde-du-droit-in-partnership-with-the-afje\/\" rel=\"bookmark\" title=\"Grenier Avocats receives 2 prestigious awards at the Palmar\u00e8s du Droit 2022 organized by Le Monde du Droit in partnership with the AFJE\">Grenier Avocats receives 2 prestigious awards at the Palmar\u00e8s du Droit 2022 organized by Le Monde du Droit in partnership with the AFJE<\/a><\/h3><div class=\"entry-excerpt\"><p>Grenier Avocats is proud to have received 2 prestigious awards at the Palmar\u00e8s du Droit 2022 organized by Le Monde du Droit in partnership with the AFJE: &#8211; Gold in the &#8220;Industrial Risks&#8221; category &#8211; Silver in the &#8220;Compliance&#8221; category We would like to thank our clients and partners for their support in showing us&hellip;<\/p>\n<\/div><a href=\"https:\/\/grenier-avocats.com\/en\/grenieravocats-receives-2-prestigious-awards-at-the-palmares-du-droit-2022-organized-by-le-monde-du-droit-in-partnership-with-the-afje\/\" target=\"\" aria-label=\"Read more about Grenier Avocats receives 2 prestigious awards at the Palmar\u00e8s du Droit 2022 organized by Le Monde du Droit in partnership with the AFJE\" class=\"box-button elementor-button elementor-size-sm\">+ Read more<\/a>\n<\/div><\/article><\/div><div class=\"visible wf-cell\" data-post-id=\"1645\" data-date=\"2021-04-26T10:26:07+02:00\" data-name=\"Palmares du Droit 2021: &quot;Product liability&quot; and &quot;Compliance&quot;, two trophies reward\u00a0GrenierAvocats\"><article class=\"post visible post-1645 type-post status-publish format-standard has-post-thumbnail hentry category-awards-en category-news\" data-name=\"Palmares du Droit 2021: &#8220;Product liability&#8221; and &#8220;Compliance&#8221;, two trophies reward\u00a0GrenierAvocats\" data-date=\"2021-04-26T10:26:07+02:00\">\n\n\t<div class=\"post-thumbnail-wrap\">\n\t\t<div class=\"post-thumbnail\">\n\n\t\t\t<a class=\"post-thumbnail-rollover img-css-resize-wrapper\" aria-label=\"Post image\" href=\"https:\/\/grenier-avocats.com\/en\/palmares-du-droit-2021-product-liability-and-compliance-two-trophies-reward-grenieravocats\/\"><img loading=\"lazy\" decoding=\"async\" width=\"538\" height=\"323\" src=\"https:\/\/grenier-avocats.com\/wp-content\/uploads\/2022\/04\/Patrice_Grenier_awards.jpg\" class=\"attachment-full size-full preload-me aspect\" alt=\"Patrice Grenier\" srcset=\"https:\/\/grenier-avocats.com\/wp-content\/uploads\/2022\/04\/Patrice_Grenier_awards.jpg 538w, https:\/\/grenier-avocats.com\/wp-content\/uploads\/2022\/04\/Patrice_Grenier_awards-300x180.jpg 300w\" sizes=\"(max-width: 1024px) 300px, 538px\" style=\"--ratio: 538 \/ 323;\" \/><\/a>\n\t\t<\/div>\n\t<\/div>\n\n\n<div class=\"post-entry-content\">\n\n\t<h3 class=\"ele-entry-title\"><a href=\"https:\/\/grenier-avocats.com\/en\/palmares-du-droit-2021-product-liability-and-compliance-two-trophies-reward-grenieravocats\/\" rel=\"bookmark\" title=\"Palmares du Droit 2021: &#8220;Product liability&#8221; and &#8220;Compliance&#8221;, two trophies reward\u00a0GrenierAvocats\">Palmares du Droit 2021: &#8220;Product liability&#8221; and &#8220;Compliance&#8221;, two trophies reward\u00a0GrenierAvocats<\/a><\/h3><div class=\"entry-excerpt\"><p>On March 31, 2021, at the 9th edition of the Palmaresdudroit&nbsp;awards ceremony co-organized by&nbsp;Le Monde du Droit&nbsp;and the&nbsp;AFJE&nbsp;(French Association of Corporate Lawyers),&nbsp;GrenierAvocats&nbsp;was once again distinguished with two trophies: &#8211; a trophy in &#8220;Product Liability&#8221; obtained for the 6th consecutive year, which confirms its legal expertise in industrial issues, and &#8211; a Gold Trophy in &#8220;Compliance&#8221;,&hellip;<\/p>\n<\/div><a href=\"https:\/\/grenier-avocats.com\/en\/palmares-du-droit-2021-product-liability-and-compliance-two-trophies-reward-grenieravocats\/\" target=\"\" aria-label=\"Read more about Palmares du Droit 2021: &#8220;Product liability&#8221; and &#8220;Compliance&#8221;, two trophies reward\u00a0GrenierAvocats\" class=\"box-button elementor-button elementor-size-sm\">+ Read more<\/a>\n<\/div><\/article><\/div><div class=\"visible wf-cell\" data-post-id=\"1601\" data-date=\"2020-10-28T17:51:45+01:00\" data-name=\"The 2020 Decision-Makers Magazine ranking of the best firms in France : GrenierAvocats retains its \u00abForte notori\u00e9t\u00e9\u00bb in many areas\"><article class=\"post visible post-1601 type-post status-publish format-standard has-post-thumbnail hentry category-awards-en\" data-name=\"The 2020 Decision-Makers Magazine ranking of the best firms in France : GrenierAvocats retains its \u00abForte notori\u00e9t\u00e9\u00bb in many areas\" data-date=\"2020-10-28T17:51:45+01:00\">\n\n\t<div class=\"post-thumbnail-wrap\">\n\t\t<div class=\"post-thumbnail\">\n\n\t\t\t<a class=\"post-thumbnail-rollover img-css-resize-wrapper\" aria-label=\"Post image\" href=\"https:\/\/grenier-avocats.com\/en\/the-2020-decision-makers-magazine-ranking-of-the-best-firms-in-france-grenieravocats-retains-its-forte-notoriete-in-many-areas\/\"><img loading=\"lazy\" decoding=\"async\" width=\"538\" height=\"323\" src=\"https:\/\/grenier-avocats.com\/wp-content\/uploads\/2022\/04\/Patrice_Grenier_awards.jpg\" class=\"attachment-full size-full preload-me aspect\" alt=\"Patrice Grenier\" srcset=\"https:\/\/grenier-avocats.com\/wp-content\/uploads\/2022\/04\/Patrice_Grenier_awards.jpg 538w, https:\/\/grenier-avocats.com\/wp-content\/uploads\/2022\/04\/Patrice_Grenier_awards-300x180.jpg 300w\" sizes=\"(max-width: 1024px) 300px, 538px\" style=\"--ratio: 538 \/ 323;\" \/><\/a>\n\t\t<\/div>\n\t<\/div>\n\n\n<div class=\"post-entry-content\">\n\n\t<h3 class=\"ele-entry-title\"><a href=\"https:\/\/grenier-avocats.com\/en\/the-2020-decision-makers-magazine-ranking-of-the-best-firms-in-france-grenieravocats-retains-its-forte-notoriete-in-many-areas\/\" rel=\"bookmark\" title=\"The 2020 Decision-Makers Magazine ranking of the best firms in France : GrenierAvocats retains its \u00abForte notori\u00e9t\u00e9\u00bb in many areas\">The 2020 Decision-Makers Magazine ranking of the best firms in France : GrenierAvocats retains its \u00abForte notori\u00e9t\u00e9\u00bb in many areas<\/a><\/h3><div class=\"entry-excerpt\"><p>The 2020 Decision-Makers Magazine ranking of the best firms in France: \u00abExcellent\u00bb in industrial risks, GrenierAvocats retains its \u00abForte notori\u00e9t\u00e9\u00bb in many areas ! The famous D\u00e9cideurs Magazine &#8211; Groupe Leaders League revealed its 2020 ranking of the best law firms in France. GrenierAvocats is described as \u201cExcellent\u201d for its practice in industrial law and&hellip;<\/p>\n<\/div><a href=\"https:\/\/grenier-avocats.com\/en\/the-2020-decision-makers-magazine-ranking-of-the-best-firms-in-france-grenieravocats-retains-its-forte-notoriete-in-many-areas\/\" target=\"\" aria-label=\"Read more about The 2020 Decision-Makers Magazine ranking of the best firms in France : GrenierAvocats retains its \u00abForte notori\u00e9t\u00e9\u00bb in many areas\" class=\"box-button elementor-button elementor-size-sm\">+ Read more<\/a>\n<\/div><\/article><\/div><div class=\"visible wf-cell\" data-post-id=\"1585\" data-date=\"2020-10-02T14:39:05+02:00\" data-name=\"GrenierAvocats awarded in the Industrial Risks Compliance and Public Law categories\"><article class=\"post visible post-1585 type-post status-publish format-standard has-post-thumbnail hentry category-awards-en category-news\" data-name=\"GrenierAvocats awarded in the Industrial Risks Compliance and Public Law categories\" data-date=\"2020-10-02T14:39:05+02:00\">\n\n\t<div class=\"post-thumbnail-wrap\">\n\t\t<div class=\"post-thumbnail\">\n\n\t\t\t<a class=\"post-thumbnail-rollover img-css-resize-wrapper\" aria-label=\"Post image\" href=\"https:\/\/grenier-avocats.com\/en\/grenieravocats-awarded-in-the-industrial-risks-compliance-and-public-law-categories\/\"><img loading=\"lazy\" decoding=\"async\" width=\"538\" height=\"323\" src=\"https:\/\/grenier-avocats.com\/wp-content\/uploads\/2022\/04\/Patrice_Grenier_awards.jpg\" class=\"attachment-full size-full preload-me aspect\" alt=\"Patrice Grenier\" srcset=\"https:\/\/grenier-avocats.com\/wp-content\/uploads\/2022\/04\/Patrice_Grenier_awards.jpg 538w, https:\/\/grenier-avocats.com\/wp-content\/uploads\/2022\/04\/Patrice_Grenier_awards-300x180.jpg 300w\" sizes=\"(max-width: 1024px) 300px, 538px\" style=\"--ratio: 538 \/ 323;\" \/><\/a>\n\t\t<\/div>\n\t<\/div>\n\n\n<div class=\"post-entry-content\">\n\n\t<h3 class=\"ele-entry-title\"><a href=\"https:\/\/grenier-avocats.com\/en\/grenieravocats-awarded-in-the-industrial-risks-compliance-and-public-law-categories\/\" rel=\"bookmark\" title=\"GrenierAvocats awarded in the Industrial Risks Compliance and Public Law categories\">GrenierAvocats awarded in the Industrial Risks Compliance and Public Law categories<\/a><\/h3><div class=\"entry-excerpt\"><p>Wednesday 30 September 2020, on the occasion of the 8th edition of the Palmar\u00e8s du droit 2020 organized by the magazine Le Monde du Droit in partnership with the AFJE (Association Fran\u00e7aise des Juristes d&#8217;Entreprise), Patrice Grenier received three awards recognizing GrenierAvocats&#8217; high level of expertise in the Industrial Risks Compliance and Public Law categories.&hellip;<\/p>\n<\/div><a href=\"https:\/\/grenier-avocats.com\/en\/grenieravocats-awarded-in-the-industrial-risks-compliance-and-public-law-categories\/\" target=\"\" aria-label=\"Read more about GrenierAvocats awarded in the Industrial Risks Compliance and Public Law categories\" class=\"box-button elementor-button elementor-size-sm\">+ Read more<\/a>\n<\/div><\/article><\/div><\/div><!-- iso-container|iso-grid --><div class=\"paginator filter-decorations paginator-more-button filter-pointer-underline\">\n\t\t\t\t<a class=\"button-load-more highlighted filter-item\" href=\"javascript:void(0);\" data-dt-page=\"1\" ><svg aria-hidden=\"true\" class=\"e-font-icon-svg e-fas-arrow-circle-down\" viewBox=\"0 0 512 512\" xmlns=\"http:\/\/www.w3.org\/2000\/svg\"><path d=\"M504 256c0 137-111 248-248 248S8 393 8 256 119 8 256 8s248 111 248 248zm-143.6-28.9L288 302.6V120c0-13.3-10.7-24-24-24h-16c-13.3 0-24 10.7-24 24v182.6l-72.4-75.5c-9.3-9.7-24.8-9.9-34.3-.4l-10.9 11c-9.4 9.4-9.4 24.6 0 33.9L239 404.3c9.4 9.4 24.6 9.4 33.9 0l132.7-132.7c9.4-9.4 9.4-24.6 0-33.9l-10.9-11c-9.5-9.5-25-9.3-34.3.4z\"><\/path><\/svg><span class=\"button-caption\">Read more<\/span><\/a>\n\t\t\t<\/div><\/div>\t\t\t\t<\/div>\n\t\t\t\t<\/div>\n\t\t\t\t\t<\/div>\n\t\t<\/div>\n\t\t\t\t\t<\/div>\n\t\t<\/section>\n\t\t<div class=\"elementor-element elementor-element-1dc17a1 e-flex e-con-boxed e-con e-parent\" data-id=\"1dc17a1\" data-element_type=\"container\" data-e-type=\"container\" data-settings=\"{&quot;background_background&quot;:&quot;classic&quot;}\">\n\t\t\t\t\t<div class=\"e-con-inner\">\n\t\t<div class=\"elementor-element elementor-element-339931c8 e-con-full e-flex e-con e-child\" data-id=\"339931c8\" data-element_type=\"container\" data-e-type=\"container\">\n\t\t\t\t<div class=\"elementor-element elementor-element-6071e65c elementor-widget__width-auto elementor-widget elementor-widget-heading\" data-id=\"6071e65c\" data-element_type=\"widget\" data-e-type=\"widget\" data-widget_type=\"heading.default\">\n\t\t\t\t\t<h3 class=\"elementor-heading-title elementor-size-default\"><u>Your question ? Our solution !<\/u><\/h3>\t\t\t\t<\/div>\n\t\t\t\t<div class=\"elementor-element elementor-element-4c16c521 elementor-widget elementor-widget-heading\" data-id=\"4c16c521\" data-element_type=\"widget\" data-e-type=\"widget\" data-widget_type=\"heading.default\">\n\t\t\t\t\t<h2 class=\"elementor-heading-title elementor-size-default\">Please feel free to contact us<\/h2>\t\t\t\t<\/div>\n\t\t\t\t<div class=\"elementor-element elementor-element-3ef99e14 elementor-widget__width-auto elementor-widget-mobile__width-inherit elementor-mobile-align-center elementor-align-center e-transform elementor-widget elementor-widget-the7_button_widget\" data-id=\"3ef99e14\" data-element_type=\"widget\" data-e-type=\"widget\" data-settings=\"{&quot;_transform_scale_effect_hover&quot;:{&quot;unit&quot;:&quot;px&quot;,&quot;size&quot;:1.0500000000000000444089209850062616169452667236328125,&quot;sizes&quot;:[]},&quot;_transform_scale_effect_hover_tablet&quot;:{&quot;unit&quot;:&quot;px&quot;,&quot;size&quot;:&quot;&quot;,&quot;sizes&quot;:[]},&quot;_transform_scale_effect_hover_mobile&quot;:{&quot;unit&quot;:&quot;px&quot;,&quot;size&quot;:&quot;&quot;,&quot;sizes&quot;:[]}}\" data-widget_type=\"the7_button_widget.default\">\n\t\t\t\t<div class=\"elementor-widget-container\">\n\t\t\t\t\t<div class=\"elementor-button-wrapper\"><a href=\"https:\/\/grenier-avocats.com\/en\/contact-us\/\" class=\"box-button elementor-button elementor-size-lg\">Contact<\/a><\/div>\t\t\t\t<\/div>\n\t\t\t\t<\/div>\n\t\t\t\t<\/div>\n\t\t\t\t\t<\/div>\n\t\t\t\t<\/div>\n\t\t<div class=\"elementor-element elementor-element-2f23b6a6 e-flex e-con-boxed e-con e-parent\" data-id=\"2f23b6a6\" data-element_type=\"container\" data-e-type=\"container\" data-settings=\"{&quot;background_background&quot;:&quot;classic&quot;}\">\n\t\t\t\t\t<div class=\"e-con-inner\">\n\t\t<div class=\"elementor-element elementor-element-745e5e13 e-flex e-con-boxed e-con e-child\" data-id=\"745e5e13\" data-element_type=\"container\" data-e-type=\"container\">\n\t\t\t\t\t<div class=\"e-con-inner\">\n\t\t<div class=\"elementor-element elementor-element-4ab0694e e-flex e-con-boxed e-con e-child\" data-id=\"4ab0694e\" data-element_type=\"container\" data-e-type=\"container\">\n\t\t\t\t\t<div class=\"e-con-inner\">\n\t\t\t\t<div class=\"elementor-element elementor-element-7df732e2 elementor-widget elementor-widget-image\" data-id=\"7df732e2\" data-element_type=\"widget\" data-e-type=\"widget\" data-widget_type=\"image.default\">\n\t\t\t\t\t\t\t\t\t\t\t\t\t\t\t<img loading=\"lazy\" decoding=\"async\" width=\"521\" height=\"100\" src=\"https:\/\/grenier-avocats.com\/wp-content\/uploads\/2022\/09\/Illustration_sans_titre.png\" class=\"attachment-full size-full wp-image-77844\" alt=\"\" srcset=\"https:\/\/grenier-avocats.com\/wp-content\/uploads\/2022\/09\/Illustration_sans_titre.png 521w, https:\/\/grenier-avocats.com\/wp-content\/uploads\/2022\/09\/Illustration_sans_titre-300x58.png 300w\" sizes=\"(max-width: 521px) 100vw, 521px\" \/>\t\t\t\t\t\t\t\t\t\t\t\t\t\t\t<\/div>\n\t\t\t\t\t<\/div>\n\t\t\t\t<\/div>\n\t\t<div class=\"elementor-element elementor-element-5d3ea909 e-con-full e-flex e-con e-child\" data-id=\"5d3ea909\" data-element_type=\"container\" data-e-type=\"container\">\n\t\t\t\t<div class=\"elementor-element elementor-element-70f529ba elementor-widget elementor-widget-text-editor\" data-id=\"70f529ba\" data-element_type=\"widget\" data-e-type=\"widget\" data-widget_type=\"text-editor.default\">\n\t\t\t\t\t\t\t\t\t<p><span><strong>AARPI Grenier Avocats<\/strong><br \/>18 rue de l\u2019Arcade<br \/>75008 Paris &#8211; France<br \/>Switchboard : <a style=\"color: white;\" href=\"tel:+33186951590\">+ 33 1 86 95 15 90<\/a><br \/>Fax : <a style=\"color: white;\" href=\"tel:+33186953760\">+ 33 1 86 95 37 60<\/a><\/span><\/p>\n\t\t\t\t\t\t\t\t<\/div>\n\t\t\t\t<\/div>\n\t\t<div class=\"elementor-element elementor-element-7c1cd0cc e-flex e-con-boxed e-con e-child\" data-id=\"7c1cd0cc\" data-element_type=\"container\" data-e-type=\"container\">\n\t\t\t\t\t<div class=\"e-con-inner\">\n\t\t\t\t<div class=\"elementor-element elementor-element-459c2d4c elementor-widget elementor-widget-text-editor\" data-id=\"459c2d4c\" data-element_type=\"widget\" data-e-type=\"widget\" data-widget_type=\"text-editor.default\">\n\t\t\t\t\t\t\t\t\t<a style=\"color:white;\" href=\"https:\/\/grenier-avocats.com\/en\/contact-us\/\">CONTACT<\/a><br>\n<a style=\"color:white;\" href=\"https:\/\/grenier-avocats.com\/mentions-legales\/\">MENTIONS L\u00c9GALES<\/a><br>\n<a style=\"color:white;\" href=\"https:\/\/www.iso.org\/fr\/iso-9001-quality-management.html\">NOTRE CERTIFICATION ISO 9001<\/a><br>\t\t\t\t\t\t\t\t<\/div>\n\t\t\t\t\t<\/div>\n\t\t\t\t<\/div>\n\t\t\t\t\t<\/div>\n\t\t\t\t<\/div>\n\t\t\t\t\t<\/div>\n\t\t\t\t<\/div>\n\t\t\t\t<\/div>\n\t\t","protected":false},"excerpt":{"rendered":"<p>Awards Legal 500 LEGAL500 EMEA 2024 Cabinet leader LEGAL500 EMEA 2024 Patrice Grenier Avocat recommand\u00e9 Palmar\u00e8s du Droit Palmar\u00e8s du Droit 2024 Conformit\u00e9 Palmar\u00e8s du Droit 2024 Assurances Palmar\u00e8s du Droit 2024 Responsabilit\u00e9 des Produits D\u00e9cideurs \/ Leaders League Best Lawyers Awards \ud83c\udf1f Une Reconnaissance Exceptionnelle pour Grenier Avocats \ud83c\udf1f Nous sommes fiers et honor\u00e9s&hellip;<\/p>\n","protected":false},"author":2,"featured_media":0,"parent":0,"menu_order":1,"comment_status":"closed","ping_status":"closed","template":"elementor_header_footer","meta":{"inline_featured_image":false,"footnotes":""},"class_list":["post-83004","page","type-page","status-publish","hentry"],"yoast_head":"<!-- This site is optimized with the Yoast SEO plugin v27.5 - https:\/\/yoast.com\/product\/yoast-seo-wordpress\/ -->\n<title>Last Awards<\/title>\n<meta name=\"description\" content=\"Last Awards\" \/>\n<meta name=\"robots\" content=\"index, follow, max-snippet:-1, max-image-preview:large, max-video-preview:-1\" \/>\n<link rel=\"canonical\" href=\"https:\/\/grenier-avocats.com\/en\/awards\/\" \/>\n<meta property=\"og:locale\" content=\"en_US\" \/>\n<meta property=\"og:type\" content=\"article\" \/>\n<meta property=\"og:title\" content=\"Last Awards\" \/>\n<meta property=\"og:description\" content=\"Last Awards\" \/>\n<meta property=\"og:url\" content=\"https:\/\/grenier-avocats.com\/en\/awards\/\" \/>\n<meta property=\"og:site_name\" content=\"Grenier Avocats\" \/>\n<meta property=\"article:modified_time\" content=\"2024-12-04T10:17:28+00:00\" \/>\n<meta property=\"og:image\" content=\"https:\/\/grenier-avocats.com\/wp-content\/uploads\/2024\/04\/GRENIER-AVOCATS_EMEA_LEGAL500_Leading_firm_2024-1-300x300.png\" \/>\n<meta name=\"twitter:card\" content=\"summary_large_image\" \/>\n<meta name=\"twitter:label1\" content=\"Est. reading time\" \/>\n\t<meta name=\"twitter:data1\" content=\"18 minutes\" \/>\n<script type=\"application\/ld+json\" class=\"yoast-schema-graph\">{\"@context\":\"https:\\\/\\\/schema.org\",\"@graph\":[{\"@type\":\"WebPage\",\"@id\":\"https:\\\/\\\/grenier-avocats.com\\\/en\\\/awards\\\/\",\"url\":\"https:\\\/\\\/grenier-avocats.com\\\/en\\\/awards\\\/\",\"name\":\"Last Awards\",\"isPartOf\":{\"@id\":\"https:\\\/\\\/grenier-avocats.com\\\/en\\\/#website\"},\"primaryImageOfPage\":{\"@id\":\"https:\\\/\\\/grenier-avocats.com\\\/en\\\/awards\\\/#primaryimage\"},\"image\":{\"@id\":\"https:\\\/\\\/grenier-avocats.com\\\/en\\\/awards\\\/#primaryimage\"},\"thumbnailUrl\":\"https:\\\/\\\/grenier-avocats.com\\\/wp-content\\\/uploads\\\/2024\\\/04\\\/GRENIER-AVOCATS_EMEA_LEGAL500_Leading_firm_2024-1-300x300.png\",\"datePublished\":\"2024-04-26T09:48:16+00:00\",\"dateModified\":\"2024-12-04T10:17:28+00:00\",\"description\":\"Last Awards\",\"breadcrumb\":{\"@id\":\"https:\\\/\\\/grenier-avocats.com\\\/en\\\/awards\\\/#breadcrumb\"},\"inLanguage\":\"en-US\",\"potentialAction\":[{\"@type\":\"ReadAction\",\"target\":[\"https:\\\/\\\/grenier-avocats.com\\\/en\\\/awards\\\/\"]}]},{\"@type\":\"ImageObject\",\"inLanguage\":\"en-US\",\"@id\":\"https:\\\/\\\/grenier-avocats.com\\\/en\\\/awards\\\/#primaryimage\",\"url\":\"https:\\\/\\\/grenier-avocats.com\\\/wp-content\\\/uploads\\\/2024\\\/04\\\/GRENIER-AVOCATS_EMEA_LEGAL500_Leading_firm_2024-1-300x300.png\",\"contentUrl\":\"https:\\\/\\\/grenier-avocats.com\\\/wp-content\\\/uploads\\\/2024\\\/04\\\/GRENIER-AVOCATS_EMEA_LEGAL500_Leading_firm_2024-1-300x300.png\"},{\"@type\":\"BreadcrumbList\",\"@id\":\"https:\\\/\\\/grenier-avocats.com\\\/en\\\/awards\\\/#breadcrumb\",\"itemListElement\":[{\"@type\":\"ListItem\",\"position\":1,\"name\":\"Accueil\",\"item\":\"https:\\\/\\\/grenier-avocats.com\\\/en\\\/\"},{\"@type\":\"ListItem\",\"position\":2,\"name\":\"Awards\"}]},{\"@type\":\"WebSite\",\"@id\":\"https:\\\/\\\/grenier-avocats.com\\\/en\\\/#website\",\"url\":\"https:\\\/\\\/grenier-avocats.com\\\/en\\\/\",\"name\":\"Grenier Avocats\",\"description\":\"Cabinet d&#039;avocats d&#039;affaires \u00e0 Paris\",\"publisher\":{\"@id\":\"https:\\\/\\\/grenier-avocats.com\\\/en\\\/#organization\"},\"alternateName\":\"L'expertise juridique des enjeux industriels et \u00e9thiques\",\"potentialAction\":[{\"@type\":\"SearchAction\",\"target\":{\"@type\":\"EntryPoint\",\"urlTemplate\":\"https:\\\/\\\/grenier-avocats.com\\\/en\\\/?s={search_term_string}\"},\"query-input\":{\"@type\":\"PropertyValueSpecification\",\"valueRequired\":true,\"valueName\":\"search_term_string\"}}],\"inLanguage\":\"en-US\"},{\"@type\":\"Organization\",\"@id\":\"https:\\\/\\\/grenier-avocats.com\\\/en\\\/#organization\",\"name\":\"Grenier Avocats \u2013\u00a0Law Firm\",\"alternateName\":\"L'expertise juridique des enjeux industriels et \u00e9thiques\",\"url\":\"https:\\\/\\\/grenier-avocats.com\\\/en\\\/\",\"logo\":{\"@type\":\"ImageObject\",\"inLanguage\":\"en-US\",\"@id\":\"https:\\\/\\\/grenier-avocats.com\\\/en\\\/#\\\/schema\\\/logo\\\/image\\\/\",\"url\":\"https:\\\/\\\/grenier-avocats.com\\\/wp-content\\\/uploads\\\/2022\\\/08\\\/logo-grenieravocats_100.png\",\"contentUrl\":\"https:\\\/\\\/grenier-avocats.com\\\/wp-content\\\/uploads\\\/2022\\\/08\\\/logo-grenieravocats_100.png\",\"width\":521,\"height\":100,\"caption\":\"Grenier Avocats \u2013\u00a0Law Firm\"},\"image\":{\"@id\":\"https:\\\/\\\/grenier-avocats.com\\\/en\\\/#\\\/schema\\\/logo\\\/image\\\/\"},\"sameAs\":[\"https:\\\/\\\/www.linkedin.com\\\/company\\\/grenieravocats\\\/\"]}]}<\/script>\n<!-- \/ Yoast SEO plugin. -->","yoast_head_json":{"title":"Last Awards","description":"Last Awards","robots":{"index":"index","follow":"follow","max-snippet":"max-snippet:-1","max-image-preview":"max-image-preview:large","max-video-preview":"max-video-preview:-1"},"canonical":"https:\/\/grenier-avocats.com\/en\/awards\/","og_locale":"en_US","og_type":"article","og_title":"Last Awards","og_description":"Last Awards","og_url":"https:\/\/grenier-avocats.com\/en\/awards\/","og_site_name":"Grenier Avocats","article_modified_time":"2024-12-04T10:17:28+00:00","og_image":[{"url":"https:\/\/grenier-avocats.com\/wp-content\/uploads\/2024\/04\/GRENIER-AVOCATS_EMEA_LEGAL500_Leading_firm_2024-1-300x300.png","type":"","width":"","height":""}],"twitter_card":"summary_large_image","twitter_misc":{"Est. reading time":"18 minutes"},"schema":{"@context":"https:\/\/schema.org","@graph":[{"@type":"WebPage","@id":"https:\/\/grenier-avocats.com\/en\/awards\/","url":"https:\/\/grenier-avocats.com\/en\/awards\/","name":"Last Awards","isPartOf":{"@id":"https:\/\/grenier-avocats.com\/en\/#website"},"primaryImageOfPage":{"@id":"https:\/\/grenier-avocats.com\/en\/awards\/#primaryimage"},"image":{"@id":"https:\/\/grenier-avocats.com\/en\/awards\/#primaryimage"},"thumbnailUrl":"https:\/\/grenier-avocats.com\/wp-content\/uploads\/2024\/04\/GRENIER-AVOCATS_EMEA_LEGAL500_Leading_firm_2024-1-300x300.png","datePublished":"2024-04-26T09:48:16+00:00","dateModified":"2024-12-04T10:17:28+00:00","description":"Last Awards","breadcrumb":{"@id":"https:\/\/grenier-avocats.com\/en\/awards\/#breadcrumb"},"inLanguage":"en-US","potentialAction":[{"@type":"ReadAction","target":["https:\/\/grenier-avocats.com\/en\/awards\/"]}]},{"@type":"ImageObject","inLanguage":"en-US","@id":"https:\/\/grenier-avocats.com\/en\/awards\/#primaryimage","url":"https:\/\/grenier-avocats.com\/wp-content\/uploads\/2024\/04\/GRENIER-AVOCATS_EMEA_LEGAL500_Leading_firm_2024-1-300x300.png","contentUrl":"https:\/\/grenier-avocats.com\/wp-content\/uploads\/2024\/04\/GRENIER-AVOCATS_EMEA_LEGAL500_Leading_firm_2024-1-300x300.png"},{"@type":"BreadcrumbList","@id":"https:\/\/grenier-avocats.com\/en\/awards\/#breadcrumb","itemListElement":[{"@type":"ListItem","position":1,"name":"Accueil","item":"https:\/\/grenier-avocats.com\/en\/"},{"@type":"ListItem","position":2,"name":"Awards"}]},{"@type":"WebSite","@id":"https:\/\/grenier-avocats.com\/en\/#website","url":"https:\/\/grenier-avocats.com\/en\/","name":"Grenier Avocats","description":"Cabinet d&#039;avocats d&#039;affaires \u00e0 Paris","publisher":{"@id":"https:\/\/grenier-avocats.com\/en\/#organization"},"alternateName":"L'expertise juridique des enjeux industriels et \u00e9thiques","potentialAction":[{"@type":"SearchAction","target":{"@type":"EntryPoint","urlTemplate":"https:\/\/grenier-avocats.com\/en\/?s={search_term_string}"},"query-input":{"@type":"PropertyValueSpecification","valueRequired":true,"valueName":"search_term_string"}}],"inLanguage":"en-US"},{"@type":"Organization","@id":"https:\/\/grenier-avocats.com\/en\/#organization","name":"Grenier Avocats \u2013\u00a0Law Firm","alternateName":"L'expertise juridique des enjeux industriels et \u00e9thiques","url":"https:\/\/grenier-avocats.com\/en\/","logo":{"@type":"ImageObject","inLanguage":"en-US","@id":"https:\/\/grenier-avocats.com\/en\/#\/schema\/logo\/image\/","url":"https:\/\/grenier-avocats.com\/wp-content\/uploads\/2022\/08\/logo-grenieravocats_100.png","contentUrl":"https:\/\/grenier-avocats.com\/wp-content\/uploads\/2022\/08\/logo-grenieravocats_100.png","width":521,"height":100,"caption":"Grenier Avocats \u2013\u00a0Law Firm"},"image":{"@id":"https:\/\/grenier-avocats.com\/en\/#\/schema\/logo\/image\/"},"sameAs":["https:\/\/www.linkedin.com\/company\/grenieravocats\/"]}]}},"_links":{"self":[{"href":"https:\/\/grenier-avocats.com\/en\/wp-json\/wp\/v2\/pages\/83004","targetHints":{"allow":["GET"]}}],"collection":[{"href":"https:\/\/grenier-avocats.com\/en\/wp-json\/wp\/v2\/pages"}],"about":[{"href":"https:\/\/grenier-avocats.com\/en\/wp-json\/wp\/v2\/types\/page"}],"author":[{"embeddable":true,"href":"https:\/\/grenier-avocats.com\/en\/wp-json\/wp\/v2\/users\/2"}],"replies":[{"embeddable":true,"href":"https:\/\/grenier-avocats.com\/en\/wp-json\/wp\/v2\/comments?post=83004"}],"version-history":[{"count":0,"href":"https:\/\/grenier-avocats.com\/en\/wp-json\/wp\/v2\/pages\/83004\/revisions"}],"wp:attachment":[{"href":"https:\/\/grenier-avocats.com\/en\/wp-json\/wp\/v2\/media?parent=83004"}],"curies":[{"name":"wp","href":"https:\/\/api.w.org\/{rel}","templated":true}]}}