{"id":77188,"date":"2022-08-10T09:24:17","date_gmt":"2022-08-10T07:24:17","guid":{"rendered":"https:\/\/grenier-avocats.com\/home\/"},"modified":"2025-10-11T02:47:11","modified_gmt":"2025-10-11T00:47:11","slug":"home","status":"publish","type":"page","link":"https:\/\/grenier-avocats.com\/en\/","title":{"rendered":"Home"},"content":{"rendered":"\t\t<div data-elementor-type=\"wp-page\" data-elementor-id=\"77188\" class=\"elementor elementor-77188 elementor-76585\" data-elementor-post-type=\"page\">\n\t\t\t\t\t\t<section class=\"elementor-section elementor-top-section elementor-element elementor-element-410ad64 elementor-section-height-min-height elementor-section-content-space-between elementor-section-boxed elementor-section-height-default elementor-section-items-middle\" data-id=\"410ad64\" data-element_type=\"section\" data-e-type=\"section\" data-settings=\"{&quot;background_background&quot;:&quot;video&quot;,&quot;background_video_link&quot;:&quot;https:\\\/\\\/grenier-avocats.com\\\/wp-content\\\/uploads\\\/2024\\\/08\\\/Grenier_accueil3-1.mp4&quot;,&quot;background_play_on_mobile&quot;:&quot;yes&quot;}\">\n\t\t\t\t\t\t\t\t<div class=\"elementor-background-video-container\">\n\t\t\t\t\t\t\t\t\t\t\t\t\t<video class=\"elementor-background-video-hosted\" role=\"presentation\" autoplay muted playsinline loop><\/video>\n\t\t\t\t\t\t\t\t\t\t\t<\/div>\n\t\t\t\t\t\t\t\t\t<div class=\"elementor-background-overlay\"><\/div>\n\t\t\t\t\t\t\t<div class=\"elementor-container elementor-column-gap-no\">\n\t\t\t\t\t<div class=\"elementor-column elementor-col-100 elementor-top-column elementor-element elementor-element-9576477\" data-id=\"9576477\" data-element_type=\"column\" data-e-type=\"column\">\n\t\t\t<div class=\"elementor-widget-wrap elementor-element-populated\">\n\t\t\t\t\t\t<div class=\"elementor-element elementor-element-56a1809 elementor-widget elementor-widget-spacer\" data-id=\"56a1809\" data-element_type=\"widget\" data-e-type=\"widget\" data-widget_type=\"spacer.default\">\n\t\t\t\t\t\t\t<div class=\"elementor-spacer\">\n\t\t\t<div class=\"elementor-spacer-inner\"><\/div>\n\t\t<\/div>\n\t\t\t\t\t\t<\/div>\n\t\t\t\t<div class=\"elementor-element elementor-element-1039e65 elementor-widget elementor-widget-heading\" data-id=\"1039e65\" data-element_type=\"widget\" data-e-type=\"widget\" data-widget_type=\"heading.default\">\n\t\t\t\t\t<h1 class=\"elementor-heading-title elementor-size-default\">INDUSTRIAL, ETHICAL <br>&amp; COMMERCIAL ISSUES<\/h1>\t\t\t\t<\/div>\n\t\t\t\t<div class=\"elementor-element elementor-element-75e4a6b elementor-widget-divider--view-line elementor-widget elementor-widget-divider\" data-id=\"75e4a6b\" data-element_type=\"widget\" data-e-type=\"widget\" data-widget_type=\"divider.default\">\n\t\t\t\t\t\t\t<div class=\"elementor-divider\">\n\t\t\t<span class=\"elementor-divider-separator\">\n\t\t\t\t\t\t<\/span>\n\t\t<\/div>\n\t\t\t\t\t\t<\/div>\n\t\t\t\t<div class=\"elementor-element elementor-element-a147c9f elementor-widget elementor-widget-heading\" data-id=\"a147c9f\" data-element_type=\"widget\" data-e-type=\"widget\" data-widget_type=\"heading.default\">\n\t\t\t\t\t<p class=\"elementor-heading-title elementor-size-default\">Widely recognized in France and abroad for its legal expertise in industrial ans ethical issues, the firm of Grenier Avocats has worked closely over the last 15 years and more with leading industrial groups and with insurance and reinsurance companies, as well as brokers.<\/p>\t\t\t\t<\/div>\n\t\t\t\t<div class=\"elementor-element elementor-element-f7daba3 elementor-widget elementor-widget-spacer\" data-id=\"f7daba3\" data-element_type=\"widget\" data-e-type=\"widget\" data-widget_type=\"spacer.default\">\n\t\t\t\t\t\t\t<div class=\"elementor-spacer\">\n\t\t\t<div class=\"elementor-spacer-inner\"><\/div>\n\t\t<\/div>\n\t\t\t\t\t\t<\/div>\n\t\t\t\t<section class=\"elementor-section elementor-inner-section elementor-element elementor-element-e74cdeb elementor-section-content-bottom elementor-hidden-tablet elementor-hidden-mobile elementor-section-boxed elementor-section-height-default elementor-section-height-default\" data-id=\"e74cdeb\" data-element_type=\"section\" data-e-type=\"section\">\n\t\t\t\t\t\t<div class=\"elementor-container elementor-column-gap-narrow\">\n\t\t\t\t\t<div class=\"elementor-column elementor-col-25 elementor-inner-column elementor-element elementor-element-66ca34e\" data-id=\"66ca34e\" data-element_type=\"column\" data-e-type=\"column\">\n\t\t\t<div class=\"elementor-widget-wrap\">\n\t\t\t\t\t\t\t<\/div>\n\t\t<\/div>\n\t\t\t\t<div class=\"elementor-column elementor-col-25 elementor-inner-column elementor-element elementor-element-9c8a5cd\" data-id=\"9c8a5cd\" data-element_type=\"column\" data-e-type=\"column\">\n\t\t\t<div class=\"elementor-widget-wrap\">\n\t\t\t\t\t\t\t<\/div>\n\t\t<\/div>\n\t\t\t\t<div class=\"elementor-column elementor-col-25 elementor-inner-column elementor-element elementor-element-07fd8c2\" data-id=\"07fd8c2\" data-element_type=\"column\" data-e-type=\"column\">\n\t\t\t<div class=\"elementor-widget-wrap\">\n\t\t\t\t\t\t\t<\/div>\n\t\t<\/div>\n\t\t\t\t<div class=\"elementor-column elementor-col-25 elementor-inner-column elementor-element elementor-element-d1d0552\" data-id=\"d1d0552\" data-element_type=\"column\" data-e-type=\"column\">\n\t\t\t<div class=\"elementor-widget-wrap\">\n\t\t\t\t\t\t\t<\/div>\n\t\t<\/div>\n\t\t\t\t\t<\/div>\n\t\t<\/section>\n\t\t\t\t<section class=\"elementor-section elementor-inner-section elementor-element elementor-element-a1f7af4 elementor-hidden-desktop elementor-section-boxed elementor-section-height-default elementor-section-height-default\" data-id=\"a1f7af4\" data-element_type=\"section\" data-e-type=\"section\">\n\t\t\t\t\t\t<div class=\"elementor-container elementor-column-gap-wide\">\n\t\t\t\t\t<div class=\"elementor-column elementor-col-50 elementor-inner-column elementor-element elementor-element-93b4d53\" data-id=\"93b4d53\" data-element_type=\"column\" data-e-type=\"column\">\n\t\t\t<div class=\"elementor-widget-wrap\">\n\t\t\t\t\t\t\t<\/div>\n\t\t<\/div>\n\t\t\t\t<div class=\"elementor-column elementor-col-50 elementor-inner-column elementor-element elementor-element-8d07981\" data-id=\"8d07981\" data-element_type=\"column\" data-e-type=\"column\">\n\t\t\t<div class=\"elementor-widget-wrap\">\n\t\t\t\t\t\t\t<\/div>\n\t\t<\/div>\n\t\t\t\t\t<\/div>\n\t\t<\/section>\n\t\t\t\t<section class=\"elementor-section elementor-inner-section elementor-element elementor-element-42aded9 elementor-hidden-desktop elementor-section-boxed elementor-section-height-default elementor-section-height-default\" data-id=\"42aded9\" data-element_type=\"section\" data-e-type=\"section\">\n\t\t\t\t\t\t<div class=\"elementor-container elementor-column-gap-wide\">\n\t\t\t\t\t<div class=\"elementor-column elementor-col-50 elementor-inner-column elementor-element elementor-element-bc6262f\" data-id=\"bc6262f\" data-element_type=\"column\" data-e-type=\"column\">\n\t\t\t<div class=\"elementor-widget-wrap\">\n\t\t\t\t\t\t\t<\/div>\n\t\t<\/div>\n\t\t\t\t<div class=\"elementor-column elementor-col-50 elementor-inner-column elementor-element elementor-element-e5fb6a9\" data-id=\"e5fb6a9\" data-element_type=\"column\" data-e-type=\"column\">\n\t\t\t<div class=\"elementor-widget-wrap\">\n\t\t\t\t\t\t\t<\/div>\n\t\t<\/div>\n\t\t\t\t\t<\/div>\n\t\t<\/section>\n\t\t\t\t\t<\/div>\n\t\t<\/div>\n\t\t\t\t\t<\/div>\n\t\t<\/section>\n\t\t\t\t<section class=\"elementor-section elementor-top-section elementor-element elementor-element-d9a0934 elementor-section-boxed elementor-section-height-default elementor-section-height-default\" data-id=\"d9a0934\" data-element_type=\"section\" data-e-type=\"section\" data-settings=\"{&quot;background_background&quot;:&quot;classic&quot;}\">\n\t\t\t\t\t\t<div class=\"elementor-container elementor-column-gap-wider\">\n\t\t\t\t\t<div class=\"elementor-column elementor-col-100 elementor-top-column elementor-element elementor-element-b3bb7e6\" data-id=\"b3bb7e6\" data-element_type=\"column\" data-e-type=\"column\">\n\t\t\t<div class=\"elementor-widget-wrap elementor-element-populated\">\n\t\t\t\t\t\t<div class=\"elementor-element elementor-element-eb32609 elementor-widget__width-initial elementor-widget elementor-widget-heading\" data-id=\"eb32609\" data-element_type=\"widget\" data-e-type=\"widget\" data-widget_type=\"heading.default\">\n\t\t\t\t\t<h2 class=\"elementor-heading-title elementor-size-default\">NEWS<\/h2>\t\t\t\t<\/div>\n\t\t\t\t\t<\/div>\n\t\t<\/div>\n\t\t\t\t\t<\/div>\n\t\t<\/section>\n\t\t\t\t<section class=\"elementor-section elementor-top-section elementor-element elementor-element-81c91ca elementor-section-boxed elementor-section-height-default elementor-section-height-default\" data-id=\"81c91ca\" data-element_type=\"section\" data-e-type=\"section\" data-settings=\"{&quot;background_background&quot;:&quot;classic&quot;}\">\n\t\t\t\t\t\t<div class=\"elementor-container elementor-column-gap-wider\">\n\t\t\t\t\t<div class=\"elementor-column elementor-col-100 elementor-top-column elementor-element elementor-element-dc1eaad\" data-id=\"dc1eaad\" data-element_type=\"column\" data-e-type=\"column\">\n\t\t\t<div class=\"elementor-widget-wrap elementor-element-populated\">\n\t\t\t\t\t\t<div class=\"elementor-element elementor-element-a9ade5c elementor-grid-3 elementor-grid-tablet-2 elementor-grid-mobile-1 elementor-posts--thumbnail-top elementor-card-shadow-yes elementor-posts__hover-gradient elementor-widget elementor-widget-posts\" data-id=\"a9ade5c\" data-element_type=\"widget\" data-e-type=\"widget\" data-settings=\"{&quot;cards_columns&quot;:&quot;3&quot;,&quot;cards_columns_tablet&quot;:&quot;2&quot;,&quot;cards_columns_mobile&quot;:&quot;1&quot;,&quot;cards_row_gap&quot;:{&quot;unit&quot;:&quot;px&quot;,&quot;size&quot;:35,&quot;sizes&quot;:[]},&quot;cards_row_gap_tablet&quot;:{&quot;unit&quot;:&quot;px&quot;,&quot;size&quot;:&quot;&quot;,&quot;sizes&quot;:[]},&quot;cards_row_gap_mobile&quot;:{&quot;unit&quot;:&quot;px&quot;,&quot;size&quot;:&quot;&quot;,&quot;sizes&quot;:[]}}\" data-widget_type=\"posts.cards\">\n\t\t\t\t<div class=\"elementor-widget-container\">\n\t\t\t\t\t\t\t<div class=\"elementor-posts-container elementor-posts elementor-posts--skin-cards elementor-grid\" role=\"list\">\n\t\t\t\t<article class=\"elementor-post elementor-grid-item post-85531 post type-post status-publish format-standard has-post-thumbnail hentry category-publications\" role=\"listitem\">\n\t\t\t<div class=\"elementor-post__card\">\n\t\t\t\t<a class=\"elementor-post__thumbnail__link\" href=\"https:\/\/grenier-avocats.com\/en\/grenier-avocats-at-the-ipba-2026-conference-in-new-delhi\/\" tabindex=\"-1\" ><div class=\"elementor-post__thumbnail\"><img fetchpriority=\"high\" decoding=\"async\" width=\"768\" height=\"512\" src=\"https:\/\/grenier-avocats.com\/wp-content\/uploads\/2026\/03\/IPBA-2026-\u2013-New-Delhi-EN-768x512.jpg\" class=\"attachment-medium_large size-medium_large wp-image-85533\" alt=\"IPBA 2026 \u2013 New Delhi EN\" srcset=\"https:\/\/grenier-avocats.com\/wp-content\/uploads\/2026\/03\/IPBA-2026-\u2013-New-Delhi-EN-768x512.jpg 768w, https:\/\/grenier-avocats.com\/wp-content\/uploads\/2026\/03\/IPBA-2026-\u2013-New-Delhi-EN-300x200.jpg 300w, https:\/\/grenier-avocats.com\/wp-content\/uploads\/2026\/03\/IPBA-2026-\u2013-New-Delhi-EN-1024x682.jpg 1024w, https:\/\/grenier-avocats.com\/wp-content\/uploads\/2026\/03\/IPBA-2026-\u2013-New-Delhi-EN-1536x1023.jpg 1536w, https:\/\/grenier-avocats.com\/wp-content\/uploads\/2026\/03\/IPBA-2026-\u2013-New-Delhi-EN-2048x1365.jpg 2048w\" sizes=\"(max-width: 768px) 100vw, 768px\" \/><\/div><\/a>\n\t\t\t\t<div class=\"elementor-post__text\">\n\t\t\t\t<h3 class=\"elementor-post__title\">\n\t\t\t<a href=\"https:\/\/grenier-avocats.com\/en\/grenier-avocats-at-the-ipba-2026-conference-in-new-delhi\/\" >\n\t\t\t\tGrenier Avocats at the IPBA 2026 Conference in New Delhi\t\t\t<\/a>\n\t\t<\/h3>\n\t\t\t\t<div class=\"elementor-post__excerpt\">\n\t\t\t<p>We are proud to share that our Partner Patrice Grenier and Senior Associate Marie Eichwald attended the Inter-Pacific Bar Association&#8217;s Annual Meeting &amp; Conference in<\/p>\n\t\t<\/div>\n\t\t\t\t\t<div class=\"elementor-post__read-more-wrapper\">\n\t\t\n\t\t<a class=\"elementor-post__read-more\" href=\"https:\/\/grenier-avocats.com\/en\/grenier-avocats-at-the-ipba-2026-conference-in-new-delhi\/\" aria-label=\"Read more about Grenier Avocats at the IPBA 2026 Conference in New Delhi\" tabindex=\"-1\" >\n\t\t\tRead the article \u00bb\t\t<\/a>\n\n\t\t\t\t\t<\/div>\n\t\t\t\t<\/div>\n\t\t\t\t\t<\/div>\n\t\t<\/article>\n\t\t\t\t<article class=\"elementor-post elementor-grid-item post-85319 post type-post status-publish format-standard has-post-thumbnail hentry category-decideurs-leaders-league category-publications\" role=\"listitem\">\n\t\t\t<div class=\"elementor-post__card\">\n\t\t\t\t<a class=\"elementor-post__thumbnail__link\" href=\"https:\/\/grenier-avocats.com\/en\/grenier-avocats-has-received-two-awards-from-decideurs-magazine\/\" tabindex=\"-1\" ><div class=\"elementor-post__thumbnail\"><img decoding=\"async\" width=\"768\" height=\"487\" src=\"https:\/\/grenier-avocats.com\/wp-content\/uploads\/2025\/11\/Grenier-Avocat-Award-Decideurs-768x487.jpg\" class=\"attachment-medium_large size-medium_large wp-image-85320\" alt=\"Grenier Avocats has received two awards from D\u00e9cideurs Magazine!\" srcset=\"https:\/\/grenier-avocats.com\/wp-content\/uploads\/2025\/11\/Grenier-Avocat-Award-Decideurs-768x487.jpg 768w, https:\/\/grenier-avocats.com\/wp-content\/uploads\/2025\/11\/Grenier-Avocat-Award-Decideurs-300x190.jpg 300w, https:\/\/grenier-avocats.com\/wp-content\/uploads\/2025\/11\/Grenier-Avocat-Award-Decideurs-1024x649.jpg 1024w, https:\/\/grenier-avocats.com\/wp-content\/uploads\/2025\/11\/Grenier-Avocat-Award-Decideurs-1536x974.jpg 1536w, https:\/\/grenier-avocats.com\/wp-content\/uploads\/2025\/11\/Grenier-Avocat-Award-Decideurs-2048x1298.jpg 2048w\" sizes=\"(max-width: 768px) 100vw, 768px\" \/><\/div><\/a>\n\t\t\t\t<div class=\"elementor-post__text\">\n\t\t\t\t<h3 class=\"elementor-post__title\">\n\t\t\t<a href=\"https:\/\/grenier-avocats.com\/en\/grenier-avocats-has-received-two-awards-from-decideurs-magazine\/\" >\n\t\t\t\tGrenier Avocats has received two awards from D\u00e9cideurs Magazine!\t\t\t<\/a>\n\t\t<\/h3>\n\t\t\t\t<div class=\"elementor-post__excerpt\">\n\t\t\t<p>We are proud to share that the firm has been recognized in the Compliance \u2013 Fraud \u2013 Investigations category for two of our core areas<\/p>\n\t\t<\/div>\n\t\t\t\t\t<div class=\"elementor-post__read-more-wrapper\">\n\t\t\n\t\t<a class=\"elementor-post__read-more\" href=\"https:\/\/grenier-avocats.com\/en\/grenier-avocats-has-received-two-awards-from-decideurs-magazine\/\" aria-label=\"Read more about Grenier Avocats has received two awards from D\u00e9cideurs Magazine!\" tabindex=\"-1\" >\n\t\t\tRead the article \u00bb\t\t<\/a>\n\n\t\t\t\t\t<\/div>\n\t\t\t\t<\/div>\n\t\t\t\t\t<\/div>\n\t\t<\/article>\n\t\t\t\t<article class=\"elementor-post elementor-grid-item post-85033 post type-post status-publish format-standard has-post-thumbnail hentry category-best-lawyers category-publications\" role=\"listitem\">\n\t\t\t<div class=\"elementor-post__card\">\n\t\t\t\t<a class=\"elementor-post__thumbnail__link\" href=\"https:\/\/grenier-avocats.com\/en\/patrice-grenier-awarded-best-lawyer-2026-and-the-lawyer-network-annual-awards-2025\/\" tabindex=\"-1\" ><div class=\"elementor-post__thumbnail\"><img decoding=\"async\" width=\"768\" height=\"487\" src=\"https:\/\/grenier-avocats.com\/wp-content\/uploads\/2025\/09\/Grenier-Avocat-Best-Lawyer-2026-and-The-Lawyer-Network-Annual-Awards-2025-768x487.jpg\" class=\"attachment-medium_large size-medium_large wp-image-85029\" alt=\"\" srcset=\"https:\/\/grenier-avocats.com\/wp-content\/uploads\/2025\/09\/Grenier-Avocat-Best-Lawyer-2026-and-The-Lawyer-Network-Annual-Awards-2025-768x487.jpg 768w, https:\/\/grenier-avocats.com\/wp-content\/uploads\/2025\/09\/Grenier-Avocat-Best-Lawyer-2026-and-The-Lawyer-Network-Annual-Awards-2025-300x190.jpg 300w, https:\/\/grenier-avocats.com\/wp-content\/uploads\/2025\/09\/Grenier-Avocat-Best-Lawyer-2026-and-The-Lawyer-Network-Annual-Awards-2025-1024x649.jpg 1024w, https:\/\/grenier-avocats.com\/wp-content\/uploads\/2025\/09\/Grenier-Avocat-Best-Lawyer-2026-and-The-Lawyer-Network-Annual-Awards-2025-1536x974.jpg 1536w, https:\/\/grenier-avocats.com\/wp-content\/uploads\/2025\/09\/Grenier-Avocat-Best-Lawyer-2026-and-The-Lawyer-Network-Annual-Awards-2025-2048x1298.jpg 2048w\" sizes=\"(max-width: 768px) 100vw, 768px\" \/><\/div><\/a>\n\t\t\t\t<div class=\"elementor-post__text\">\n\t\t\t\t<h3 class=\"elementor-post__title\">\n\t\t\t<a href=\"https:\/\/grenier-avocats.com\/en\/patrice-grenier-awarded-best-lawyer-2026-and-the-lawyer-network-annual-awards-2025\/\" >\n\t\t\t\tPatrice Grenier awarded Best Lawyer 2026 and The Lawyer Network Annual Awards 2025\t\t\t<\/a>\n\t\t<\/h3>\n\t\t\t\t<div class=\"elementor-post__excerpt\">\n\t\t\t<p>We are pleased to announce that Patrice Grenier, founding partner, has once again been recognised in The Best Lawyers in France\u2122 \u2013 2026 Edition in<\/p>\n\t\t<\/div>\n\t\t\t\t\t<div class=\"elementor-post__read-more-wrapper\">\n\t\t\n\t\t<a class=\"elementor-post__read-more\" href=\"https:\/\/grenier-avocats.com\/en\/patrice-grenier-awarded-best-lawyer-2026-and-the-lawyer-network-annual-awards-2025\/\" aria-label=\"Read more about Patrice Grenier awarded Best Lawyer 2026 and The Lawyer Network Annual Awards 2025\" tabindex=\"-1\" >\n\t\t\tRead the article \u00bb\t\t<\/a>\n\n\t\t\t\t\t<\/div>\n\t\t\t\t<\/div>\n\t\t\t\t\t<\/div>\n\t\t<\/article>\n\t\t\t\t<\/div>\n\t\t\n\t\t\t\t\t\t<\/div>\n\t\t\t\t<\/div>\n\t\t\t\t\t<\/div>\n\t\t<\/div>\n\t\t\t\t\t<\/div>\n\t\t<\/section>\n\t\t\t\t<section class=\"elementor-section elementor-top-section elementor-element elementor-element-0ca6653 elementor-section-full_width elementor-section-stretched elementor-section-height-default elementor-section-height-default\" data-id=\"0ca6653\" data-element_type=\"section\" data-e-type=\"section\" data-settings=\"{&quot;background_background&quot;:&quot;classic&quot;,&quot;stretch_section&quot;:&quot;section-stretched&quot;}\">\n\t\t\t\t\t\t<div class=\"elementor-container elementor-column-gap-wider\">\n\t\t\t\t\t<div class=\"elementor-column elementor-col-100 elementor-top-column elementor-element elementor-element-5562c28\" data-id=\"5562c28\" data-element_type=\"column\" data-e-type=\"column\">\n\t\t\t<div class=\"elementor-widget-wrap elementor-element-populated\">\n\t\t\t\t\t\t<div class=\"elementor-element elementor-element-2954f0f elementor-widget__width-auto elementor-widget elementor-widget-heading\" data-id=\"2954f0f\" data-element_type=\"widget\" data-e-type=\"widget\" data-widget_type=\"heading.default\">\n\t\t\t\t\t<h3 class=\"elementor-heading-title elementor-size-default\"><a href=\"https:\/\/grenier-avocats.com\/en\/news\/\">+ All news<\/a><\/h3>\t\t\t\t<\/div>\n\t\t\t\t<div class=\"elementor-element elementor-element-7fd9cb8c elementor-widget elementor-widget-image\" data-id=\"7fd9cb8c\" data-element_type=\"widget\" data-e-type=\"widget\" id=\"roue1\" data-settings=\"{&quot;motion_fx_motion_fx_scrolling&quot;:&quot;yes&quot;,&quot;motion_fx_translateX_effect&quot;:&quot;yes&quot;,&quot;motion_fx_translateX_direction&quot;:&quot;negative&quot;,&quot;motion_fx_translateX_speed&quot;:{&quot;unit&quot;:&quot;px&quot;,&quot;size&quot;:6.79999999999999982236431605997495353221893310546875,&quot;sizes&quot;:[]},&quot;motion_fx_translateX_affectedRange&quot;:{&quot;unit&quot;:&quot;%&quot;,&quot;size&quot;:&quot;&quot;,&quot;sizes&quot;:{&quot;start&quot;:15,&quot;end&quot;:85}},&quot;motion_fx_rotateZ_effect&quot;:&quot;yes&quot;,&quot;motion_fx_rotateZ_direction&quot;:&quot;negative&quot;,&quot;motion_fx_rotateZ_speed&quot;:{&quot;unit&quot;:&quot;px&quot;,&quot;size&quot;:3.70000000000000017763568394002504646778106689453125,&quot;sizes&quot;:[]},&quot;motion_fx_rotateZ_affectedRange&quot;:{&quot;unit&quot;:&quot;%&quot;,&quot;size&quot;:&quot;&quot;,&quot;sizes&quot;:{&quot;start&quot;:0,&quot;end&quot;:100}},&quot;motion_fx_devices&quot;:[&quot;desktop&quot;,&quot;tablet&quot;,&quot;mobile&quot;]}\" data-widget_type=\"image.default\">\n\t\t\t\t\t\t\t\t\t\t\t\t\t\t\t<img decoding=\"async\" src=\"https:\/\/grenier-avocats.com\/wp-content\/uploads\/elementor\/thumbs\/cogwheels-gear-engineering-settings-b-q92i88zpbkts37tfugnuxn3om8a4acas3mhgiuv3kg.png\" title=\"cogwheels, gear, engineering, settings, b\" alt=\"cogwheels, gear, engineering, settings, b\" loading=\"lazy\" \/>\t\t\t\t\t\t\t\t\t\t\t\t\t\t\t<\/div>\n\t\t\t\t\t<\/div>\n\t\t<\/div>\n\t\t\t\t\t<\/div>\n\t\t<\/section>\n\t\t\t\t<section class=\"elementor-section elementor-top-section elementor-element elementor-element-7b9a26f8 elementor-section-full_width elementor-section-stretched elementor-section-height-default elementor-section-height-default\" data-id=\"7b9a26f8\" data-element_type=\"section\" data-e-type=\"section\" data-settings=\"{&quot;stretch_section&quot;:&quot;section-stretched&quot;}\">\n\t\t\t\t\t\t<div class=\"elementor-container elementor-column-gap-default\">\n\t\t\t\t\t<div class=\"elementor-column elementor-col-100 elementor-top-column elementor-element elementor-element-6736dfc7\" data-id=\"6736dfc7\" data-element_type=\"column\" data-e-type=\"column\">\n\t\t\t<div class=\"elementor-widget-wrap\">\n\t\t\t\t\t\t\t<\/div>\n\t\t<\/div>\n\t\t\t\t\t<\/div>\n\t\t<\/section>\n\t\t\t\t<section class=\"elementor-section elementor-top-section elementor-element elementor-element-c4a5abb elementor-section-boxed elementor-section-height-default elementor-section-height-default\" data-id=\"c4a5abb\" data-element_type=\"section\" data-e-type=\"section\" data-settings=\"{&quot;background_background&quot;:&quot;classic&quot;}\">\n\t\t\t\t\t\t<div class=\"elementor-container elementor-column-gap-wider\">\n\t\t\t\t\t<div class=\"elementor-column elementor-col-100 elementor-top-column elementor-element elementor-element-70ba481\" data-id=\"70ba481\" data-element_type=\"column\" data-e-type=\"column\">\n\t\t\t<div class=\"elementor-widget-wrap elementor-element-populated\">\n\t\t\t\t\t\t<div class=\"elementor-element elementor-element-d9c65de elementor-widget__width-initial elementor-widget elementor-widget-heading\" data-id=\"d9c65de\" data-element_type=\"widget\" data-e-type=\"widget\" data-widget_type=\"heading.default\">\n\t\t\t\t\t<h2 class=\"elementor-heading-title elementor-size-default\">AWARDS<\/h2>\t\t\t\t<\/div>\n\t\t\t\t\t<\/div>\n\t\t<\/div>\n\t\t\t\t\t<\/div>\n\t\t<\/section>\n\t\t\t\t<section class=\"elementor-section elementor-top-section elementor-element elementor-element-673cdc6c elementor-section-full_width elementor-section-stretched elementor-section-height-default elementor-section-height-default\" data-id=\"673cdc6c\" data-element_type=\"section\" data-e-type=\"section\" data-settings=\"{&quot;stretch_section&quot;:&quot;section-stretched&quot;}\">\n\t\t\t\t\t\t<div class=\"elementor-container elementor-column-gap-default\">\n\t\t\t\t\t<div class=\"elementor-column elementor-col-100 elementor-top-column elementor-element elementor-element-3a1bb69c\" data-id=\"3a1bb69c\" data-element_type=\"column\" data-e-type=\"column\">\n\t\t\t<div class=\"elementor-widget-wrap elementor-element-populated\">\n\t\t\t\t<div class=\"elementor-element elementor-element-35f2a0f9 e-flex e-con-boxed e-con e-parent\" data-id=\"35f2a0f9\" data-element_type=\"container\" data-e-type=\"container\" data-settings=\"{&quot;background_background&quot;:&quot;classic&quot;}\">\n\t\t\t\t\t<div class=\"e-con-inner\">\n\t\t\t\t<div class=\"elementor-element elementor-element-8baf29e elementor-widget elementor-widget-spacer\" data-id=\"8baf29e\" data-element_type=\"widget\" data-e-type=\"widget\" data-widget_type=\"spacer.default\">\n\t\t\t\t\t\t\t<div class=\"elementor-spacer\">\n\t\t\t<div class=\"elementor-spacer-inner\"><\/div>\n\t\t<\/div>\n\t\t\t\t\t\t<\/div>\n\t\t\t\t<div class=\"elementor-element elementor-element-e375448 elementor-widget elementor-widget-heading\" data-id=\"e375448\" data-element_type=\"widget\" data-e-type=\"widget\" data-widget_type=\"heading.default\">\n\t\t\t\t\t<h2 class=\"elementor-heading-title elementor-size-default\">Legal 500<\/h2>\t\t\t\t<\/div>\n\t\t\t\t<div class=\"elementor-element elementor-element-478a2a7 elementor-widget elementor-widget-image-gallery\" data-id=\"478a2a7\" data-element_type=\"widget\" data-e-type=\"widget\" data-widget_type=\"image-gallery.default\">\n\t\t\t\t\t\t\t<div class=\"elementor-image-gallery\">\n\t\t\t\n\t\t\t<style type='text\/css'>\n\t\t\t\t#gallery-1 {\n\t\t\t\t\tmargin: auto;\n\t\t\t\t}\n\t\t\t\t#gallery-1 .gallery-item {\n\t\t\t\t\tfloat: left;\n\t\t\t\t\tmargin-top: 10px;\n\t\t\t\t\ttext-align: center;\n\t\t\t\t\twidth: 50%;\n\t\t\t\t}\n\t\t\t\t#gallery-1 img {\n\t\t\t\t\tborder: 2px solid #cfcfcf;\n\t\t\t\t}\n\t\t\t\t#gallery-1 .gallery-caption {\n\t\t\t\t\tmargin-left: 0;\n\t\t\t\t}\n\t\t\t\t\/* see gallery_shortcode() in wp-includes\/media.php *\/\n\t\t\t<\/style>\n\t\t<div id='gallery-1' class='dt-gallery-container gallery galleryid-77188 gallery-columns-2 gallery-size-medium'><dl class='gallery-item'>\n\t\t\t\t<dt class='gallery-icon landscape'>\n\t\t\t\t\t<a class=\"rollover rollover-zoom\" title=\"\"data-elementor-open-lightbox=\"yes\" data-elementor-lightbox-slideshow=\"478a2a7\" data-elementor-lightbox-title=\"GRENIER-AVOCATS_EMEA_LEGAL500_Leading_firm_2024\" data-e-action-hash=\"#elementor-action%3Aaction%3Dlightbox%26settings%3DeyJpZCI6ODI5NjksInVybCI6Imh0dHBzOlwvXC9ncmVuaWVyLWF2b2NhdHMuY29tXC93cC1jb250ZW50XC91cGxvYWRzXC8yMDI0XC8wNFwvR1JFTklFUi1BVk9DQVRTX0VNRUFfTEVHQUw1MDBfTGVhZGluZ19maXJtXzIwMjQucG5nIiwic2xpZGVzaG93IjoiNDc4YTJhNyJ9\" href='https:\/\/grenier-avocats.com\/wp-content\/uploads\/2024\/04\/GRENIER-AVOCATS_EMEA_LEGAL500_Leading_firm_2024.png'><img loading=\"lazy\" decoding=\"async\" width=\"300\" height=\"300\" src=\"https:\/\/grenier-avocats.com\/wp-content\/uploads\/2024\/04\/GRENIER-AVOCATS_EMEA_LEGAL500_Leading_firm_2024-300x300.png\" class=\"attachment-medium size-medium\" alt=\"LEGAL500 EMEA Leading Firm for Grenier Avocats\" aria-describedby=\"gallery-1-82969\" srcset=\"https:\/\/grenier-avocats.com\/wp-content\/uploads\/2024\/04\/GRENIER-AVOCATS_EMEA_LEGAL500_Leading_firm_2024-300x300.png 300w, https:\/\/grenier-avocats.com\/wp-content\/uploads\/2024\/04\/GRENIER-AVOCATS_EMEA_LEGAL500_Leading_firm_2024-150x150.png 150w, https:\/\/grenier-avocats.com\/wp-content\/uploads\/2024\/04\/GRENIER-AVOCATS_EMEA_LEGAL500_Leading_firm_2024-768x768.png 768w, https:\/\/grenier-avocats.com\/wp-content\/uploads\/2024\/04\/GRENIER-AVOCATS_EMEA_LEGAL500_Leading_firm_2024.png 1024w\" sizes=\"(max-width: 300px) 100vw, 300px\" \/><\/a>\n\t\t\t\t<\/dt>\n\t\t\t\t\t<dd class='wp-caption-text gallery-caption' id='gallery-1-82969'>\n\t\t\t\t\tLEGAL500 EMEA 2024 Leading Firm for GrenierAvocats\n\t\t\t\t\t<\/dd><\/dl><dl class='gallery-item'>\n\t\t\t\t<dt class='gallery-icon landscape'>\n\t\t\t\t\t<a class=\"rollover rollover-zoom\" title=\"\"data-elementor-open-lightbox=\"yes\" data-elementor-lightbox-slideshow=\"478a2a7\" data-elementor-lightbox-title=\"PATRICE_GRENIER_EMEA_LEGAL500_Recommented_lawyer_2024\" data-e-action-hash=\"#elementor-action%3Aaction%3Dlightbox%26settings%3DeyJpZCI6ODI5NjEsInVybCI6Imh0dHBzOlwvXC9ncmVuaWVyLWF2b2NhdHMuY29tXC93cC1jb250ZW50XC91cGxvYWRzXC8yMDI0XC8wNFwvUEFUUklDRV9HUkVOSUVSX0VNRUFfTEVHQUw1MDBfUmVjb21tZW50ZWRfbGF3eWVyXzIwMjQucG5nIiwic2xpZGVzaG93IjoiNDc4YTJhNyJ9\" href='https:\/\/grenier-avocats.com\/wp-content\/uploads\/2024\/04\/PATRICE_GRENIER_EMEA_LEGAL500_Recommented_lawyer_2024.png'><img loading=\"lazy\" decoding=\"async\" width=\"300\" height=\"300\" src=\"https:\/\/grenier-avocats.com\/wp-content\/uploads\/2024\/04\/PATRICE_GRENIER_EMEA_LEGAL500_Recommented_lawyer_2024-300x300.png\" class=\"attachment-medium size-medium\" alt=\"LEGAL 500 EMEA 2024 for Patrice Grenier\" aria-describedby=\"gallery-1-82961\" srcset=\"https:\/\/grenier-avocats.com\/wp-content\/uploads\/2024\/04\/PATRICE_GRENIER_EMEA_LEGAL500_Recommented_lawyer_2024-300x300.png 300w, https:\/\/grenier-avocats.com\/wp-content\/uploads\/2024\/04\/PATRICE_GRENIER_EMEA_LEGAL500_Recommented_lawyer_2024-150x150.png 150w, https:\/\/grenier-avocats.com\/wp-content\/uploads\/2024\/04\/PATRICE_GRENIER_EMEA_LEGAL500_Recommented_lawyer_2024-768x768.png 768w, https:\/\/grenier-avocats.com\/wp-content\/uploads\/2024\/04\/PATRICE_GRENIER_EMEA_LEGAL500_Recommented_lawyer_2024.png 1024w\" sizes=\"(max-width: 300px) 100vw, 300px\" \/><\/a>\n\t\t\t\t<\/dt>\n\t\t\t\t\t<dd class='wp-caption-text gallery-caption' id='gallery-1-82961'>\n\t\t\t\t\tLEGAL 500 EMEA 2024 for Grenier Avocats\n\t\t\t\t\t<\/dd><\/dl><br style=\"clear: both\" \/>\n\t\t\t<\/div>\n\t\t<\/div>\n\t\t\t\t\t\t<\/div>\n\t\t\t\t<div class=\"elementor-element elementor-element-abbcbae elementor-widget elementor-widget-spacer\" data-id=\"abbcbae\" data-element_type=\"widget\" data-e-type=\"widget\" data-widget_type=\"spacer.default\">\n\t\t\t\t\t\t\t<div class=\"elementor-spacer\">\n\t\t\t<div class=\"elementor-spacer-inner\"><\/div>\n\t\t<\/div>\n\t\t\t\t\t\t<\/div>\n\t\t\t\t<div class=\"elementor-element elementor-element-64a2ac2 elementor-widget elementor-widget-heading\" data-id=\"64a2ac2\" data-element_type=\"widget\" data-e-type=\"widget\" data-widget_type=\"heading.default\">\n\t\t\t\t\t<h2 class=\"elementor-heading-title elementor-size-default\">Palmar\u00e8s du Droit<\/h2>\t\t\t\t<\/div>\n\t\t\t\t<div class=\"elementor-element elementor-element-c8a6366 elementor-widget elementor-widget-image-gallery\" data-id=\"c8a6366\" data-element_type=\"widget\" data-e-type=\"widget\" data-widget_type=\"image-gallery.default\">\n\t\t\t\t\t\t\t<div class=\"elementor-image-gallery\">\n\t\t\t\n\t\t\t<style type='text\/css'>\n\t\t\t\t#gallery-2 {\n\t\t\t\t\tmargin: auto;\n\t\t\t\t}\n\t\t\t\t#gallery-2 .gallery-item {\n\t\t\t\t\tfloat: left;\n\t\t\t\t\tmargin-top: 10px;\n\t\t\t\t\ttext-align: center;\n\t\t\t\t\twidth: 33%;\n\t\t\t\t}\n\t\t\t\t#gallery-2 img {\n\t\t\t\t\tborder: 2px solid #cfcfcf;\n\t\t\t\t}\n\t\t\t\t#gallery-2 .gallery-caption {\n\t\t\t\t\tmargin-left: 0;\n\t\t\t\t}\n\t\t\t\t\/* see gallery_shortcode() in wp-includes\/media.php *\/\n\t\t\t<\/style>\n\t\t<div id='gallery-2' class='dt-gallery-container gallery galleryid-77188 gallery-columns-3 gallery-size-medium'><dl class='gallery-item'>\n\t\t\t\t<dt class='gallery-icon landscape'>\n\t\t\t\t\t<a class=\"rollover rollover-zoom\" title=\"\"data-elementor-open-lightbox=\"yes\" data-elementor-lightbox-slideshow=\"c8a6366\" data-elementor-lightbox-title=\"GRENIER-AVOCATS-Palmares_du_Droit_2024-CONFIRMITE\" data-e-action-hash=\"#elementor-action%3Aaction%3Dlightbox%26settings%3DeyJpZCI6ODI5NjUsInVybCI6Imh0dHBzOlwvXC9ncmVuaWVyLWF2b2NhdHMuY29tXC93cC1jb250ZW50XC91cGxvYWRzXC8yMDI0XC8wNFwvR1JFTklFUi1BVk9DQVRTLVBhbG1hcmVzX2R1X0Ryb2l0XzIwMjQtQ09ORklSTUlURS5wbmciLCJzbGlkZXNob3ciOiJjOGE2MzY2In0%3D\" href='https:\/\/grenier-avocats.com\/wp-content\/uploads\/2024\/04\/GRENIER-AVOCATS-Palmares_du_Droit_2024-CONFIRMITE.png'><img loading=\"lazy\" decoding=\"async\" width=\"300\" height=\"300\" src=\"https:\/\/grenier-avocats.com\/wp-content\/uploads\/2024\/04\/GRENIER-AVOCATS-Palmares_du_Droit_2024-CONFIRMITE-300x300.png\" class=\"attachment-medium size-medium\" alt=\"Palmar\u00e8s du Droit 2024 Conformit\u00e9\" aria-describedby=\"gallery-2-82965\" srcset=\"https:\/\/grenier-avocats.com\/wp-content\/uploads\/2024\/04\/GRENIER-AVOCATS-Palmares_du_Droit_2024-CONFIRMITE-300x300.png 300w, https:\/\/grenier-avocats.com\/wp-content\/uploads\/2024\/04\/GRENIER-AVOCATS-Palmares_du_Droit_2024-CONFIRMITE-150x150.png 150w, https:\/\/grenier-avocats.com\/wp-content\/uploads\/2024\/04\/GRENIER-AVOCATS-Palmares_du_Droit_2024-CONFIRMITE-768x768.png 768w, https:\/\/grenier-avocats.com\/wp-content\/uploads\/2024\/04\/GRENIER-AVOCATS-Palmares_du_Droit_2024-CONFIRMITE.png 1024w\" sizes=\"(max-width: 300px) 100vw, 300px\" \/><\/a>\n\t\t\t\t<\/dt>\n\t\t\t\t\t<dd class='wp-caption-text gallery-caption' id='gallery-2-82965'>\n\t\t\t\t\tConformit\u00e9\n\t\t\t\t\t<\/dd><\/dl><dl class='gallery-item'>\n\t\t\t\t<dt class='gallery-icon landscape'>\n\t\t\t\t\t<a class=\"rollover rollover-zoom\" title=\"\"data-elementor-open-lightbox=\"yes\" data-elementor-lightbox-slideshow=\"c8a6366\" data-elementor-lightbox-title=\"GRENIER-AVOCATS-Palmares_du_Droit_2024-ASSURANCES\" data-e-action-hash=\"#elementor-action%3Aaction%3Dlightbox%26settings%3DeyJpZCI6ODI5NjMsInVybCI6Imh0dHBzOlwvXC9ncmVuaWVyLWF2b2NhdHMuY29tXC93cC1jb250ZW50XC91cGxvYWRzXC8yMDI0XC8wNFwvR1JFTklFUi1BVk9DQVRTLVBhbG1hcmVzX2R1X0Ryb2l0XzIwMjQtQVNTVVJBTkNFUy5wbmciLCJzbGlkZXNob3ciOiJjOGE2MzY2In0%3D\" href='https:\/\/grenier-avocats.com\/wp-content\/uploads\/2024\/04\/GRENIER-AVOCATS-Palmares_du_Droit_2024-ASSURANCES.png'><img loading=\"lazy\" decoding=\"async\" width=\"300\" height=\"300\" src=\"https:\/\/grenier-avocats.com\/wp-content\/uploads\/2024\/04\/GRENIER-AVOCATS-Palmares_du_Droit_2024-ASSURANCES-300x300.png\" class=\"attachment-medium size-medium\" alt=\"Palmar\u00e8s du Droit 2024\" aria-describedby=\"gallery-2-82963\" srcset=\"https:\/\/grenier-avocats.com\/wp-content\/uploads\/2024\/04\/GRENIER-AVOCATS-Palmares_du_Droit_2024-ASSURANCES-300x300.png 300w, https:\/\/grenier-avocats.com\/wp-content\/uploads\/2024\/04\/GRENIER-AVOCATS-Palmares_du_Droit_2024-ASSURANCES-150x150.png 150w, https:\/\/grenier-avocats.com\/wp-content\/uploads\/2024\/04\/GRENIER-AVOCATS-Palmares_du_Droit_2024-ASSURANCES-768x768.png 768w, https:\/\/grenier-avocats.com\/wp-content\/uploads\/2024\/04\/GRENIER-AVOCATS-Palmares_du_Droit_2024-ASSURANCES.png 1024w\" sizes=\"(max-width: 300px) 100vw, 300px\" \/><\/a>\n\t\t\t\t<\/dt>\n\t\t\t\t\t<dd class='wp-caption-text gallery-caption' id='gallery-2-82963'>\n\t\t\t\t\tAssurances\n\t\t\t\t\t<\/dd><\/dl><dl class='gallery-item'>\n\t\t\t\t<dt class='gallery-icon landscape'>\n\t\t\t\t\t<a class=\"rollover rollover-zoom\" title=\"\"data-elementor-open-lightbox=\"yes\" data-elementor-lightbox-slideshow=\"c8a6366\" data-elementor-lightbox-title=\"GRENIER-AVOCATS-Palmares_du_Droit_2024-RESPONSABILITE-DES-PRODUITS\" data-e-action-hash=\"#elementor-action%3Aaction%3Dlightbox%26settings%3DeyJpZCI6ODI5NjcsInVybCI6Imh0dHBzOlwvXC9ncmVuaWVyLWF2b2NhdHMuY29tXC93cC1jb250ZW50XC91cGxvYWRzXC8yMDI0XC8wNFwvR1JFTklFUi1BVk9DQVRTLVBhbG1hcmVzX2R1X0Ryb2l0XzIwMjQtUkVTUE9OU0FCSUxJVEUtREVTLVBST0RVSVRTLnBuZyIsInNsaWRlc2hvdyI6ImM4YTYzNjYifQ%3D%3D\" href='https:\/\/grenier-avocats.com\/wp-content\/uploads\/2024\/04\/GRENIER-AVOCATS-Palmares_du_Droit_2024-RESPONSABILITE-DES-PRODUITS.png'><img loading=\"lazy\" decoding=\"async\" width=\"300\" height=\"300\" src=\"https:\/\/grenier-avocats.com\/wp-content\/uploads\/2024\/04\/GRENIER-AVOCATS-Palmares_du_Droit_2024-RESPONSABILITE-DES-PRODUITS-300x300.png\" class=\"attachment-medium size-medium\" alt=\"Palmar\u00e8s du Droit 2024 Responsabilit\u00e9 des Produits\" aria-describedby=\"gallery-2-82967\" srcset=\"https:\/\/grenier-avocats.com\/wp-content\/uploads\/2024\/04\/GRENIER-AVOCATS-Palmares_du_Droit_2024-RESPONSABILITE-DES-PRODUITS-300x300.png 300w, https:\/\/grenier-avocats.com\/wp-content\/uploads\/2024\/04\/GRENIER-AVOCATS-Palmares_du_Droit_2024-RESPONSABILITE-DES-PRODUITS-150x150.png 150w, https:\/\/grenier-avocats.com\/wp-content\/uploads\/2024\/04\/GRENIER-AVOCATS-Palmares_du_Droit_2024-RESPONSABILITE-DES-PRODUITS-768x768.png 768w, https:\/\/grenier-avocats.com\/wp-content\/uploads\/2024\/04\/GRENIER-AVOCATS-Palmares_du_Droit_2024-RESPONSABILITE-DES-PRODUITS.png 1024w\" sizes=\"(max-width: 300px) 100vw, 300px\" \/><\/a>\n\t\t\t\t<\/dt>\n\t\t\t\t\t<dd class='wp-caption-text gallery-caption' id='gallery-2-82967'>\n\t\t\t\t\tResponsabilit\u00e9 des Produits\n\t\t\t\t\t<\/dd><\/dl><br style=\"clear: both\" \/>\n\t\t\t<\/div>\n\t\t<\/div>\n\t\t\t\t\t\t<\/div>\n\t\t\t\t<div class=\"elementor-element elementor-element-c03295a elementor-widget elementor-widget-spacer\" data-id=\"c03295a\" data-element_type=\"widget\" data-e-type=\"widget\" data-widget_type=\"spacer.default\">\n\t\t\t\t\t\t\t<div class=\"elementor-spacer\">\n\t\t\t<div class=\"elementor-spacer-inner\"><\/div>\n\t\t<\/div>\n\t\t\t\t\t\t<\/div>\n\t\t\t\t<div class=\"elementor-element elementor-element-819b4dd elementor-widget elementor-widget-heading\" data-id=\"819b4dd\" data-element_type=\"widget\" data-e-type=\"widget\" data-widget_type=\"heading.default\">\n\t\t\t\t\t<h2 class=\"elementor-heading-title elementor-size-default\">D\u00e9cideurs \/ Leaders League<\/h2>\t\t\t\t<\/div>\n\t\t\t\t<div class=\"elementor-element elementor-element-4e4d27c1 gallery-spacing-custom elementor-hidden-mobile elementor-widget elementor-widget-image-gallery\" data-id=\"4e4d27c1\" data-element_type=\"widget\" data-e-type=\"widget\" data-widget_type=\"image-gallery.default\">\n\t\t\t\t\t\t\t<div class=\"elementor-image-gallery\">\n\t\t\t\n\t\t\t<style type='text\/css'>\n\t\t\t\t#gallery-3 {\n\t\t\t\t\tmargin: auto;\n\t\t\t\t}\n\t\t\t\t#gallery-3 .gallery-item {\n\t\t\t\t\tfloat: left;\n\t\t\t\t\tmargin-top: 10px;\n\t\t\t\t\ttext-align: center;\n\t\t\t\t\twidth: 25%;\n\t\t\t\t}\n\t\t\t\t#gallery-3 img {\n\t\t\t\t\tborder: 2px solid #cfcfcf;\n\t\t\t\t}\n\t\t\t\t#gallery-3 .gallery-caption {\n\t\t\t\t\tmargin-left: 0;\n\t\t\t\t}\n\t\t\t\t\/* see gallery_shortcode() in wp-includes\/media.php *\/\n\t\t\t<\/style>\n\t\t<div id='gallery-3' class='dt-gallery-container gallery galleryid-77188 gallery-columns-4 gallery-size-full'><dl class='gallery-item'>\n\t\t\t\t<dt class='gallery-icon landscape'>\n\t\t\t\t\t<a class=\"rollover rollover-zoom\" title=\"\"data-elementor-open-lightbox=\"yes\" data-elementor-lightbox-slideshow=\"4e4d27c1\" data-elementor-lightbox-title=\"D\u00e9cideurs France 2023 - compliance et fraude - programme conformit\u00e9 - Pratique r\u00e9put\u00e9e\" data-e-action-hash=\"#elementor-action%3Aaction%3Dlightbox%26settings%3DeyJpZCI6ODE4MTYsInVybCI6Imh0dHBzOlwvXC9ncmVuaWVyLWF2b2NhdHMuY29tXC93cC1jb250ZW50XC91cGxvYWRzXC8yMDIzXC8xMVwvRGVjaWRldXJzLUZyYW5jZS0yMDIzLWNvbXBsaWFuY2UtZXQtZnJhdWRlLXByb2dyYW1tZS1jb25mb3JtaXRlLVByYXRpcXVlLXJlcHV0ZWUucG5nIiwic2xpZGVzaG93IjoiNGU0ZDI3YzEifQ%3D%3D\" href='https:\/\/grenier-avocats.com\/wp-content\/uploads\/2023\/11\/Decideurs-France-2023-compliance-et-fraude-programme-conformite-Pratique-reputee.png'><img loading=\"lazy\" decoding=\"async\" width=\"1040\" height=\"544\" src=\"https:\/\/grenier-avocats.com\/wp-content\/uploads\/2023\/11\/Decideurs-France-2023-compliance-et-fraude-programme-conformite-Pratique-reputee.png\" class=\"attachment-full size-full\" alt=\"https:\/\/grenier-avocats.com\/wp-content\/plugins\/pro-elements\/assets\/js\/webpack-pro.runtime.min.js?ver=3.18.1\" srcset=\"https:\/\/grenier-avocats.com\/wp-content\/uploads\/2023\/11\/Decideurs-France-2023-compliance-et-fraude-programme-conformite-Pratique-reputee.png 1040w, https:\/\/grenier-avocats.com\/wp-content\/uploads\/2023\/11\/Decideurs-France-2023-compliance-et-fraude-programme-conformite-Pratique-reputee-300x157.png 300w, https:\/\/grenier-avocats.com\/wp-content\/uploads\/2023\/11\/Decideurs-France-2023-compliance-et-fraude-programme-conformite-Pratique-reputee-1024x536.png 1024w, https:\/\/grenier-avocats.com\/wp-content\/uploads\/2023\/11\/Decideurs-France-2023-compliance-et-fraude-programme-conformite-Pratique-reputee-768x402.png 768w\" sizes=\"(max-width: 1040px) 100vw, 1040px\" \/><\/a>\n\t\t\t\t<\/dt><\/dl><dl class='gallery-item'>\n\t\t\t\t<dt class='gallery-icon landscape'>\n\t\t\t\t\t<a class=\"rollover rollover-zoom\" title=\"\"data-elementor-open-lightbox=\"yes\" data-elementor-lightbox-slideshow=\"4e4d27c1\" data-elementor-lightbox-title=\"D\u00e9cideurs France 2023 - compliance et fraude -enqu\u00eate internationale et internes - Forte notori\u00e9t\u00e9\" data-e-action-hash=\"#elementor-action%3Aaction%3Dlightbox%26settings%3DeyJpZCI6ODE4MTgsInVybCI6Imh0dHBzOlwvXC9ncmVuaWVyLWF2b2NhdHMuY29tXC93cC1jb250ZW50XC91cGxvYWRzXC8yMDIzXC8xMVwvRGVjaWRldXJzLUZyYW5jZS0yMDIzLWNvbXBsaWFuY2UtZXQtZnJhdWRlLWVucXVldGUtaW50ZXJuYXRpb25hbGUtZXQtaW50ZXJuZXMtRm9ydGUtbm90b3JpZXRlLnBuZyIsInNsaWRlc2hvdyI6IjRlNGQyN2MxIn0%3D\" href='https:\/\/grenier-avocats.com\/wp-content\/uploads\/2023\/11\/Decideurs-France-2023-compliance-et-fraude-enquete-internationale-et-internes-Forte-notoriete.png'><img loading=\"lazy\" decoding=\"async\" width=\"1040\" height=\"544\" src=\"https:\/\/grenier-avocats.com\/wp-content\/uploads\/2023\/11\/Decideurs-France-2023-compliance-et-fraude-enquete-internationale-et-internes-Forte-notoriete.png\" class=\"attachment-full size-full\" alt=\"https:\/\/grenier-avocats.com\/wp-content\/plugins\/pro-elements\/assets\/js\/webpack-pro.runtime.min.js?ver=3.18.1\" srcset=\"https:\/\/grenier-avocats.com\/wp-content\/uploads\/2023\/11\/Decideurs-France-2023-compliance-et-fraude-enquete-internationale-et-internes-Forte-notoriete.png 1040w, https:\/\/grenier-avocats.com\/wp-content\/uploads\/2023\/11\/Decideurs-France-2023-compliance-et-fraude-enquete-internationale-et-internes-Forte-notoriete-300x157.png 300w, https:\/\/grenier-avocats.com\/wp-content\/uploads\/2023\/11\/Decideurs-France-2023-compliance-et-fraude-enquete-internationale-et-internes-Forte-notoriete-1024x536.png 1024w, https:\/\/grenier-avocats.com\/wp-content\/uploads\/2023\/11\/Decideurs-France-2023-compliance-et-fraude-enquete-internationale-et-internes-Forte-notoriete-768x402.png 768w\" sizes=\"(max-width: 1040px) 100vw, 1040px\" \/><\/a>\n\t\t\t\t<\/dt><\/dl><dl class='gallery-item'>\n\t\t\t\t<dt class='gallery-icon landscape'>\n\t\t\t\t\t<a class=\"rollover rollover-zoom\" title=\"\"data-elementor-open-lightbox=\"yes\" data-elementor-lightbox-slideshow=\"4e4d27c1\" data-elementor-lightbox-title=\"Risques industriels &amp; Contentieux de la responsabilit\u00e9 - Sinistres et contentieux des assurances\" data-e-action-hash=\"#elementor-action%3Aaction%3Dlightbox%26settings%3DeyJpZCI6ODEyNjMsInVybCI6Imh0dHBzOlwvXC9ncmVuaWVyLWF2b2NhdHMuY29tXC93cC1jb250ZW50XC91cGxvYWRzXC8yMDIzXC8wOVwvUmlzcXVlcy1pbmR1c3RyaWVscy1Db250ZW50aWV1eC1kZS1sYS1yZXNwb25zYWJpbGl0ZS1TaW5pc3RyZXMtZXQtY29udGVudGlldXgtZGVzLWFzc3VyYW5jZXMucG5nIiwic2xpZGVzaG93IjoiNGU0ZDI3YzEifQ%3D%3D\" href='https:\/\/grenier-avocats.com\/wp-content\/uploads\/2023\/09\/Risques-industriels-Contentieux-de-la-responsabilite-Sinistres-et-contentieux-des-assurances.png'><img loading=\"lazy\" decoding=\"async\" width=\"1040\" height=\"544\" src=\"https:\/\/grenier-avocats.com\/wp-content\/uploads\/2023\/09\/Risques-industriels-Contentieux-de-la-responsabilite-Sinistres-et-contentieux-des-assurances.png\" class=\"attachment-full size-full\" alt=\"https:\/\/grenier-avocats.com\/wp-content\/plugins\/pro-elements\/assets\/js\/webpack-pro.runtime.min.js?ver=3.18.1\" srcset=\"https:\/\/grenier-avocats.com\/wp-content\/uploads\/2023\/09\/Risques-industriels-Contentieux-de-la-responsabilite-Sinistres-et-contentieux-des-assurances.png 1040w, https:\/\/grenier-avocats.com\/wp-content\/uploads\/2023\/09\/Risques-industriels-Contentieux-de-la-responsabilite-Sinistres-et-contentieux-des-assurances-300x157.png 300w, https:\/\/grenier-avocats.com\/wp-content\/uploads\/2023\/09\/Risques-industriels-Contentieux-de-la-responsabilite-Sinistres-et-contentieux-des-assurances-1024x536.png 1024w, https:\/\/grenier-avocats.com\/wp-content\/uploads\/2023\/09\/Risques-industriels-Contentieux-de-la-responsabilite-Sinistres-et-contentieux-des-assurances-768x402.png 768w\" sizes=\"(max-width: 1040px) 100vw, 1040px\" \/><\/a>\n\t\t\t\t<\/dt><\/dl><dl class='gallery-item'>\n\t\t\t\t<dt class='gallery-icon landscape'>\n\t\t\t\t\t<a class=\"rollover rollover-zoom\" title=\"\"data-elementor-open-lightbox=\"yes\" data-elementor-lightbox-slideshow=\"4e4d27c1\" data-elementor-lightbox-title=\"Risques industriels &amp; Contentieux de la responsabilit\u00e9 - Sinistre et transport terrestre (routier et ferroviaire)\" data-e-action-hash=\"#elementor-action%3Aaction%3Dlightbox%26settings%3DeyJpZCI6ODEyNjEsInVybCI6Imh0dHBzOlwvXC9ncmVuaWVyLWF2b2NhdHMuY29tXC93cC1jb250ZW50XC91cGxvYWRzXC8yMDIzXC8wOVwvUmlzcXVlcy1pbmR1c3RyaWVscy1Db250ZW50aWV1eC1kZS1sYS1yZXNwb25zYWJpbGl0ZS1TaW5pc3RyZS1ldC10cmFuc3BvcnQtdGVycmVzdHJlLXJvdXRpZXItZXQtZmVycm92aWFpcmUucG5nIiwic2xpZGVzaG93IjoiNGU0ZDI3YzEifQ%3D%3D\" href='https:\/\/grenier-avocats.com\/wp-content\/uploads\/2023\/09\/Risques-industriels-Contentieux-de-la-responsabilite-Sinistre-et-transport-terrestre-routier-et-ferroviaire.png'><img loading=\"lazy\" decoding=\"async\" width=\"1040\" height=\"544\" src=\"https:\/\/grenier-avocats.com\/wp-content\/uploads\/2023\/09\/Risques-industriels-Contentieux-de-la-responsabilite-Sinistre-et-transport-terrestre-routier-et-ferroviaire.png\" class=\"attachment-full size-full\" alt=\"prix-grenier-avocats-decideurs-magazine\" srcset=\"https:\/\/grenier-avocats.com\/wp-content\/uploads\/2023\/09\/Risques-industriels-Contentieux-de-la-responsabilite-Sinistre-et-transport-terrestre-routier-et-ferroviaire.png 1040w, https:\/\/grenier-avocats.com\/wp-content\/uploads\/2023\/09\/Risques-industriels-Contentieux-de-la-responsabilite-Sinistre-et-transport-terrestre-routier-et-ferroviaire-300x157.png 300w, https:\/\/grenier-avocats.com\/wp-content\/uploads\/2023\/09\/Risques-industriels-Contentieux-de-la-responsabilite-Sinistre-et-transport-terrestre-routier-et-ferroviaire-1024x536.png 1024w, https:\/\/grenier-avocats.com\/wp-content\/uploads\/2023\/09\/Risques-industriels-Contentieux-de-la-responsabilite-Sinistre-et-transport-terrestre-routier-et-ferroviaire-768x402.png 768w\" sizes=\"(max-width: 1040px) 100vw, 1040px\" \/><\/a>\n\t\t\t\t<\/dt><\/dl><br style=\"clear: both\" \/><dl class='gallery-item'>\n\t\t\t\t<dt class='gallery-icon landscape'>\n\t\t\t\t\t<a class=\"rollover rollover-zoom\" title=\"\"data-elementor-open-lightbox=\"yes\" data-elementor-lightbox-slideshow=\"4e4d27c1\" data-elementor-lightbox-title=\"Risques industriels &amp; Contentieux de la responsabilit\u00e9 - Responsabilit\u00e9 du fait des produits\" data-e-action-hash=\"#elementor-action%3Aaction%3Dlightbox%26settings%3DeyJpZCI6ODEyNTksInVybCI6Imh0dHBzOlwvXC9ncmVuaWVyLWF2b2NhdHMuY29tXC93cC1jb250ZW50XC91cGxvYWRzXC8yMDIzXC8wOVwvUmlzcXVlcy1pbmR1c3RyaWVscy1Db250ZW50aWV1eC1kZS1sYS1yZXNwb25zYWJpbGl0ZS1SZXNwb25zYWJpbGl0ZS1kdS1mYWl0LWRlcy1wcm9kdWl0cy5wbmciLCJzbGlkZXNob3ciOiI0ZTRkMjdjMSJ9\" href='https:\/\/grenier-avocats.com\/wp-content\/uploads\/2023\/09\/Risques-industriels-Contentieux-de-la-responsabilite-Responsabilite-du-fait-des-produits.png'><img loading=\"lazy\" decoding=\"async\" width=\"1040\" height=\"544\" src=\"https:\/\/grenier-avocats.com\/wp-content\/uploads\/2023\/09\/Risques-industriels-Contentieux-de-la-responsabilite-Responsabilite-du-fait-des-produits.png\" class=\"attachment-full size-full\" alt=\"prix-grenier-avocats-decideurs-magazine\" srcset=\"https:\/\/grenier-avocats.com\/wp-content\/uploads\/2023\/09\/Risques-industriels-Contentieux-de-la-responsabilite-Responsabilite-du-fait-des-produits.png 1040w, https:\/\/grenier-avocats.com\/wp-content\/uploads\/2023\/09\/Risques-industriels-Contentieux-de-la-responsabilite-Responsabilite-du-fait-des-produits-300x157.png 300w, https:\/\/grenier-avocats.com\/wp-content\/uploads\/2023\/09\/Risques-industriels-Contentieux-de-la-responsabilite-Responsabilite-du-fait-des-produits-1024x536.png 1024w, https:\/\/grenier-avocats.com\/wp-content\/uploads\/2023\/09\/Risques-industriels-Contentieux-de-la-responsabilite-Responsabilite-du-fait-des-produits-768x402.png 768w\" sizes=\"(max-width: 1040px) 100vw, 1040px\" \/><\/a>\n\t\t\t\t<\/dt><\/dl><dl class='gallery-item'>\n\t\t\t\t<dt class='gallery-icon landscape'>\n\t\t\t\t\t<a class=\"rollover rollover-zoom\" title=\"\"data-elementor-open-lightbox=\"yes\" data-elementor-lightbox-slideshow=\"4e4d27c1\" data-elementor-lightbox-title=\"Risques industriels &amp; Contentieux de la responsabilit\u00e9 - Responsabilit\u00e9 civile professionnelles et risques financiers\" data-e-action-hash=\"#elementor-action%3Aaction%3Dlightbox%26settings%3DeyJpZCI6ODEyNTcsInVybCI6Imh0dHBzOlwvXC9ncmVuaWVyLWF2b2NhdHMuY29tXC93cC1jb250ZW50XC91cGxvYWRzXC8yMDIzXC8wOVwvUmlzcXVlcy1pbmR1c3RyaWVscy1Db250ZW50aWV1eC1kZS1sYS1yZXNwb25zYWJpbGl0ZS1SZXNwb25zYWJpbGl0ZS1jaXZpbGUtcHJvZmVzc2lvbm5lbGxlcy1ldC1yaXNxdWVzLWZpbmFuY2llcnMucG5nIiwic2xpZGVzaG93IjoiNGU0ZDI3YzEifQ%3D%3D\" href='https:\/\/grenier-avocats.com\/wp-content\/uploads\/2023\/09\/Risques-industriels-Contentieux-de-la-responsabilite-Responsabilite-civile-professionnelles-et-risques-financiers.png'><img loading=\"lazy\" decoding=\"async\" width=\"1040\" height=\"544\" src=\"https:\/\/grenier-avocats.com\/wp-content\/uploads\/2023\/09\/Risques-industriels-Contentieux-de-la-responsabilite-Responsabilite-civile-professionnelles-et-risques-financiers.png\" class=\"attachment-full size-full\" alt=\"prix-grenier-avocats-decideurs-magazine\" srcset=\"https:\/\/grenier-avocats.com\/wp-content\/uploads\/2023\/09\/Risques-industriels-Contentieux-de-la-responsabilite-Responsabilite-civile-professionnelles-et-risques-financiers.png 1040w, https:\/\/grenier-avocats.com\/wp-content\/uploads\/2023\/09\/Risques-industriels-Contentieux-de-la-responsabilite-Responsabilite-civile-professionnelles-et-risques-financiers-300x157.png 300w, https:\/\/grenier-avocats.com\/wp-content\/uploads\/2023\/09\/Risques-industriels-Contentieux-de-la-responsabilite-Responsabilite-civile-professionnelles-et-risques-financiers-1024x536.png 1024w, https:\/\/grenier-avocats.com\/wp-content\/uploads\/2023\/09\/Risques-industriels-Contentieux-de-la-responsabilite-Responsabilite-civile-professionnelles-et-risques-financiers-768x402.png 768w\" sizes=\"(max-width: 1040px) 100vw, 1040px\" \/><\/a>\n\t\t\t\t<\/dt><\/dl><dl class='gallery-item'>\n\t\t\t\t<dt class='gallery-icon landscape'>\n\t\t\t\t\t<a class=\"rollover rollover-zoom\" title=\"\"data-elementor-open-lightbox=\"yes\" data-elementor-lightbox-slideshow=\"4e4d27c1\" data-elementor-lightbox-title=\"Risques industriels &amp; Contentieux de la responsabilit\u00e9 - Regularatory assurance-reasurance\" data-e-action-hash=\"#elementor-action%3Aaction%3Dlightbox%26settings%3DeyJpZCI6ODEyNTUsInVybCI6Imh0dHBzOlwvXC9ncmVuaWVyLWF2b2NhdHMuY29tXC93cC1jb250ZW50XC91cGxvYWRzXC8yMDIzXC8wOVwvUmlzcXVlcy1pbmR1c3RyaWVscy1Db250ZW50aWV1eC1kZS1sYS1yZXNwb25zYWJpbGl0ZS1SZWd1bGFyYXRvcnktYXNzdXJhbmNlLXJlYXN1cmFuY2UucG5nIiwic2xpZGVzaG93IjoiNGU0ZDI3YzEifQ%3D%3D\" href='https:\/\/grenier-avocats.com\/wp-content\/uploads\/2023\/09\/Risques-industriels-Contentieux-de-la-responsabilite-Regularatory-assurance-reasurance.png'><img loading=\"lazy\" decoding=\"async\" width=\"1040\" height=\"544\" src=\"https:\/\/grenier-avocats.com\/wp-content\/uploads\/2023\/09\/Risques-industriels-Contentieux-de-la-responsabilite-Regularatory-assurance-reasurance.png\" class=\"attachment-full size-full\" alt=\"prix-grenier-avocats-decideurs-magazine\" srcset=\"https:\/\/grenier-avocats.com\/wp-content\/uploads\/2023\/09\/Risques-industriels-Contentieux-de-la-responsabilite-Regularatory-assurance-reasurance.png 1040w, https:\/\/grenier-avocats.com\/wp-content\/uploads\/2023\/09\/Risques-industriels-Contentieux-de-la-responsabilite-Regularatory-assurance-reasurance-300x157.png 300w, https:\/\/grenier-avocats.com\/wp-content\/uploads\/2023\/09\/Risques-industriels-Contentieux-de-la-responsabilite-Regularatory-assurance-reasurance-1024x536.png 1024w, https:\/\/grenier-avocats.com\/wp-content\/uploads\/2023\/09\/Risques-industriels-Contentieux-de-la-responsabilite-Regularatory-assurance-reasurance-768x402.png 768w\" sizes=\"(max-width: 1040px) 100vw, 1040px\" \/><\/a>\n\t\t\t\t<\/dt><\/dl><dl class='gallery-item'>\n\t\t\t\t<dt class='gallery-icon landscape'>\n\t\t\t\t\t<a class=\"rollover rollover-zoom\" title=\"\"data-elementor-open-lightbox=\"yes\" data-elementor-lightbox-slideshow=\"4e4d27c1\" data-elementor-lightbox-title=\"grenier-avocats-contentieux-arbitrage-multi\" data-e-action-hash=\"#elementor-action%3Aaction%3Dlightbox%26settings%3DeyJpZCI6ODA3NzIsInVybCI6Imh0dHBzOlwvXC9ncmVuaWVyLWF2b2NhdHMuY29tXC93cC1jb250ZW50XC91cGxvYWRzXC8yMDIzXC8wN1wvZ3Jlbmllci1hdm9jYXRzLWNvbnRlbnRpZXV4LWFyYml0cmFnZS1tdWx0aS5wbmciLCJzbGlkZXNob3ciOiI0ZTRkMjdjMSJ9\" href='https:\/\/grenier-avocats.com\/wp-content\/uploads\/2023\/07\/grenier-avocats-contentieux-arbitrage-multi.png'><img loading=\"lazy\" decoding=\"async\" width=\"1040\" height=\"544\" src=\"https:\/\/grenier-avocats.com\/wp-content\/uploads\/2023\/07\/grenier-avocats-contentieux-arbitrage-multi.png\" class=\"attachment-full size-full\" alt=\"prix-grenier-avocats-decideurs-magazine\" srcset=\"https:\/\/grenier-avocats.com\/wp-content\/uploads\/2023\/07\/grenier-avocats-contentieux-arbitrage-multi.png 1040w, https:\/\/grenier-avocats.com\/wp-content\/uploads\/2023\/07\/grenier-avocats-contentieux-arbitrage-multi-300x157.png 300w, https:\/\/grenier-avocats.com\/wp-content\/uploads\/2023\/07\/grenier-avocats-contentieux-arbitrage-multi-1024x536.png 1024w, https:\/\/grenier-avocats.com\/wp-content\/uploads\/2023\/07\/grenier-avocats-contentieux-arbitrage-multi-768x402.png 768w\" sizes=\"(max-width: 1040px) 100vw, 1040px\" \/><\/a>\n\t\t\t\t<\/dt><\/dl><br style=\"clear: both\" \/><dl class='gallery-item'>\n\t\t\t\t<dt class='gallery-icon landscape'>\n\t\t\t\t\t<a class=\"rollover rollover-zoom\" title=\"\"data-elementor-open-lightbox=\"yes\" data-elementor-lightbox-slideshow=\"4e4d27c1\" data-elementor-lightbox-title=\"contentieux-arbitrage-droit-penal-des-affaires-classement-2023-cabinet-d-avocats-france - simple\" data-e-action-hash=\"#elementor-action%3Aaction%3Dlightbox%26settings%3DeyJpZCI6ODA3NzAsInVybCI6Imh0dHBzOlwvXC9ncmVuaWVyLWF2b2NhdHMuY29tXC93cC1jb250ZW50XC91cGxvYWRzXC8yMDIzXC8wN1wvY29udGVudGlldXgtYXJiaXRyYWdlLWRyb2l0LXBlbmFsLWRlcy1hZmZhaXJlcy1jbGFzc2VtZW50LTIwMjMtY2FiaW5ldC1kLWF2b2NhdHMtZnJhbmNlLXNpbXBsZS5wbmciLCJzbGlkZXNob3ciOiI0ZTRkMjdjMSJ9\" href='https:\/\/grenier-avocats.com\/wp-content\/uploads\/2023\/07\/contentieux-arbitrage-droit-penal-des-affaires-classement-2023-cabinet-d-avocats-france-simple.png'><img loading=\"lazy\" decoding=\"async\" width=\"1040\" height=\"544\" src=\"https:\/\/grenier-avocats.com\/wp-content\/uploads\/2023\/07\/contentieux-arbitrage-droit-penal-des-affaires-classement-2023-cabinet-d-avocats-france-simple.png\" class=\"attachment-full size-full\" alt=\"prix-grenier-avocats-decideurs-magazine\" srcset=\"https:\/\/grenier-avocats.com\/wp-content\/uploads\/2023\/07\/contentieux-arbitrage-droit-penal-des-affaires-classement-2023-cabinet-d-avocats-france-simple.png 1040w, https:\/\/grenier-avocats.com\/wp-content\/uploads\/2023\/07\/contentieux-arbitrage-droit-penal-des-affaires-classement-2023-cabinet-d-avocats-france-simple-300x157.png 300w, https:\/\/grenier-avocats.com\/wp-content\/uploads\/2023\/07\/contentieux-arbitrage-droit-penal-des-affaires-classement-2023-cabinet-d-avocats-france-simple-1024x536.png 1024w, https:\/\/grenier-avocats.com\/wp-content\/uploads\/2023\/07\/contentieux-arbitrage-droit-penal-des-affaires-classement-2023-cabinet-d-avocats-france-simple-768x402.png 768w\" sizes=\"(max-width: 1040px) 100vw, 1040px\" \/><\/a>\n\t\t\t\t<\/dt><\/dl><dl class='gallery-item'>\n\t\t\t\t<dt class='gallery-icon landscape'>\n\t\t\t\t\t<a class=\"rollover rollover-zoom\" title=\"\"data-elementor-open-lightbox=\"yes\" data-elementor-lightbox-slideshow=\"4e4d27c1\" data-elementor-lightbox-title=\"contentieux-arbitrage-contentieux-commercial-classement-2023-cabinet-d-avocats-france - simple\" data-e-action-hash=\"#elementor-action%3Aaction%3Dlightbox%26settings%3DeyJpZCI6ODA3NjgsInVybCI6Imh0dHBzOlwvXC9ncmVuaWVyLWF2b2NhdHMuY29tXC93cC1jb250ZW50XC91cGxvYWRzXC8yMDIzXC8wN1wvY29udGVudGlldXgtYXJiaXRyYWdlLWNvbnRlbnRpZXV4LWNvbW1lcmNpYWwtY2xhc3NlbWVudC0yMDIzLWNhYmluZXQtZC1hdm9jYXRzLWZyYW5jZS1zaW1wbGUucG5nIiwic2xpZGVzaG93IjoiNGU0ZDI3YzEifQ%3D%3D\" href='https:\/\/grenier-avocats.com\/wp-content\/uploads\/2023\/07\/contentieux-arbitrage-contentieux-commercial-classement-2023-cabinet-d-avocats-france-simple.png'><img loading=\"lazy\" decoding=\"async\" width=\"1040\" height=\"544\" src=\"https:\/\/grenier-avocats.com\/wp-content\/uploads\/2023\/07\/contentieux-arbitrage-contentieux-commercial-classement-2023-cabinet-d-avocats-france-simple.png\" class=\"attachment-full size-full\" alt=\"prix-grenier-avocats-decideurs-magazine\" srcset=\"https:\/\/grenier-avocats.com\/wp-content\/uploads\/2023\/07\/contentieux-arbitrage-contentieux-commercial-classement-2023-cabinet-d-avocats-france-simple.png 1040w, https:\/\/grenier-avocats.com\/wp-content\/uploads\/2023\/07\/contentieux-arbitrage-contentieux-commercial-classement-2023-cabinet-d-avocats-france-simple-300x157.png 300w, https:\/\/grenier-avocats.com\/wp-content\/uploads\/2023\/07\/contentieux-arbitrage-contentieux-commercial-classement-2023-cabinet-d-avocats-france-simple-1024x536.png 1024w, https:\/\/grenier-avocats.com\/wp-content\/uploads\/2023\/07\/contentieux-arbitrage-contentieux-commercial-classement-2023-cabinet-d-avocats-france-simple-768x402.png 768w\" sizes=\"(max-width: 1040px) 100vw, 1040px\" \/><\/a>\n\t\t\t\t<\/dt><\/dl><dl class='gallery-item'>\n\t\t\t\t<dt class='gallery-icon landscape'>\n\t\t\t\t\t<a class=\"rollover rollover-zoom\" title=\"\"data-elementor-open-lightbox=\"yes\" data-elementor-lightbox-slideshow=\"4e4d27c1\" data-elementor-lightbox-title=\"contentieux-arbitrage-arbitrage-international-classement-2023-cabinet-d-avocats-france - simple\" data-e-action-hash=\"#elementor-action%3Aaction%3Dlightbox%26settings%3DeyJpZCI6ODA3NjYsInVybCI6Imh0dHBzOlwvXC9ncmVuaWVyLWF2b2NhdHMuY29tXC93cC1jb250ZW50XC91cGxvYWRzXC8yMDIzXC8wN1wvY29udGVudGlldXgtYXJiaXRyYWdlLWFyYml0cmFnZS1pbnRlcm5hdGlvbmFsLWNsYXNzZW1lbnQtMjAyMy1jYWJpbmV0LWQtYXZvY2F0cy1mcmFuY2Utc2ltcGxlLnBuZyIsInNsaWRlc2hvdyI6IjRlNGQyN2MxIn0%3D\" href='https:\/\/grenier-avocats.com\/wp-content\/uploads\/2023\/07\/contentieux-arbitrage-arbitrage-international-classement-2023-cabinet-d-avocats-france-simple.png'><img loading=\"lazy\" decoding=\"async\" width=\"1040\" height=\"544\" src=\"https:\/\/grenier-avocats.com\/wp-content\/uploads\/2023\/07\/contentieux-arbitrage-arbitrage-international-classement-2023-cabinet-d-avocats-france-simple.png\" class=\"attachment-full size-full\" alt=\"prix-grenier-avocats-decideurs-magazine\" srcset=\"https:\/\/grenier-avocats.com\/wp-content\/uploads\/2023\/07\/contentieux-arbitrage-arbitrage-international-classement-2023-cabinet-d-avocats-france-simple.png 1040w, https:\/\/grenier-avocats.com\/wp-content\/uploads\/2023\/07\/contentieux-arbitrage-arbitrage-international-classement-2023-cabinet-d-avocats-france-simple-300x157.png 300w, https:\/\/grenier-avocats.com\/wp-content\/uploads\/2023\/07\/contentieux-arbitrage-arbitrage-international-classement-2023-cabinet-d-avocats-france-simple-1024x536.png 1024w, https:\/\/grenier-avocats.com\/wp-content\/uploads\/2023\/07\/contentieux-arbitrage-arbitrage-international-classement-2023-cabinet-d-avocats-france-simple-768x402.png 768w\" sizes=\"(max-width: 1040px) 100vw, 1040px\" \/><\/a>\n\t\t\t\t<\/dt><\/dl><dl class='gallery-item'>\n\t\t\t\t<dt class='gallery-icon landscape'>\n\t\t\t\t\t<a class=\"rollover rollover-zoom\" title=\"\"data-elementor-open-lightbox=\"yes\" data-elementor-lightbox-slideshow=\"4e4d27c1\" data-elementor-lightbox-title=\"concurrence-distribution-droit-de-la-distribution-classement-2023-cabinet-d-avocats-france-simple\" data-e-action-hash=\"#elementor-action%3Aaction%3Dlightbox%26settings%3DeyJpZCI6ODA3NjIsInVybCI6Imh0dHBzOlwvXC9ncmVuaWVyLWF2b2NhdHMuY29tXC93cC1jb250ZW50XC91cGxvYWRzXC8yMDIzXC8wN1wvY29uY3VycmVuY2UtZGlzdHJpYnV0aW9uLWRyb2l0LWRlLWxhLWRpc3RyaWJ1dGlvbi1jbGFzc2VtZW50LTIwMjMtY2FiaW5ldC1kLWF2b2NhdHMtZnJhbmNlLXNpbXBsZS5wbmciLCJzbGlkZXNob3ciOiI0ZTRkMjdjMSJ9\" href='https:\/\/grenier-avocats.com\/wp-content\/uploads\/2023\/07\/concurrence-distribution-droit-de-la-distribution-classement-2023-cabinet-d-avocats-france-simple.png'><img loading=\"lazy\" decoding=\"async\" width=\"1040\" height=\"544\" src=\"https:\/\/grenier-avocats.com\/wp-content\/uploads\/2023\/07\/concurrence-distribution-droit-de-la-distribution-classement-2023-cabinet-d-avocats-france-simple.png\" class=\"attachment-full size-full\" alt=\"prix-grenier-avocats-decideurs-magazine\" srcset=\"https:\/\/grenier-avocats.com\/wp-content\/uploads\/2023\/07\/concurrence-distribution-droit-de-la-distribution-classement-2023-cabinet-d-avocats-france-simple.png 1040w, https:\/\/grenier-avocats.com\/wp-content\/uploads\/2023\/07\/concurrence-distribution-droit-de-la-distribution-classement-2023-cabinet-d-avocats-france-simple-300x157.png 300w, https:\/\/grenier-avocats.com\/wp-content\/uploads\/2023\/07\/concurrence-distribution-droit-de-la-distribution-classement-2023-cabinet-d-avocats-france-simple-1024x536.png 1024w, https:\/\/grenier-avocats.com\/wp-content\/uploads\/2023\/07\/concurrence-distribution-droit-de-la-distribution-classement-2023-cabinet-d-avocats-france-simple-768x402.png 768w\" sizes=\"(max-width: 1040px) 100vw, 1040px\" \/><\/a>\n\t\t\t\t<\/dt><\/dl><br style=\"clear: both\" \/><dl class='gallery-item'>\n\t\t\t\t<dt class='gallery-icon landscape'>\n\t\t\t\t\t<a class=\"rollover rollover-zoom\" title=\"\"data-elementor-open-lightbox=\"yes\" data-elementor-lightbox-slideshow=\"4e4d27c1\" data-elementor-lightbox-title=\"risques-industriels-contentieux-de-la-responsabilite-sinistres-et-transport-terrestre-routier-et-ferroviaire-classement-2022-cabinet-d-avocats-france - simple\" data-e-action-hash=\"#elementor-action%3Aaction%3Dlightbox%26settings%3DeyJpZCI6ODExMjUsInVybCI6Imh0dHBzOlwvXC9ncmVuaWVyLWF2b2NhdHMuY29tXC93cC1jb250ZW50XC91cGxvYWRzXC8yMDIzXC8wN1wvcmlzcXVlcy1pbmR1c3RyaWVscy1jb250ZW50aWV1eC1kZS1sYS1yZXNwb25zYWJpbGl0ZS1zaW5pc3RyZXMtZXQtdHJhbnNwb3J0LXRlcnJlc3RyZS1yb3V0aWVyLWV0LWZlcnJvdmlhaXJlLWNsYXNzZW1lbnQtMjAyMi1jYWJpbmV0LWQtYXZvY2F0cy1mcmFuY2Utc2ltcGxlLnBuZyIsInNsaWRlc2hvdyI6IjRlNGQyN2MxIn0%3D\" href='https:\/\/grenier-avocats.com\/wp-content\/uploads\/2023\/07\/risques-industriels-contentieux-de-la-responsabilite-sinistres-et-transport-terrestre-routier-et-ferroviaire-classement-2022-cabinet-d-avocats-france-simple.png'><img loading=\"lazy\" decoding=\"async\" width=\"1040\" height=\"544\" src=\"https:\/\/grenier-avocats.com\/wp-content\/uploads\/2023\/07\/risques-industriels-contentieux-de-la-responsabilite-sinistres-et-transport-terrestre-routier-et-ferroviaire-classement-2022-cabinet-d-avocats-france-simple.png\" class=\"attachment-full size-full\" alt=\"prix-grenier-avocats-decideurs-magazine\" srcset=\"https:\/\/grenier-avocats.com\/wp-content\/uploads\/2023\/07\/risques-industriels-contentieux-de-la-responsabilite-sinistres-et-transport-terrestre-routier-et-ferroviaire-classement-2022-cabinet-d-avocats-france-simple.png 1040w, https:\/\/grenier-avocats.com\/wp-content\/uploads\/2023\/07\/risques-industriels-contentieux-de-la-responsabilite-sinistres-et-transport-terrestre-routier-et-ferroviaire-classement-2022-cabinet-d-avocats-france-simple-300x157.png 300w, https:\/\/grenier-avocats.com\/wp-content\/uploads\/2023\/07\/risques-industriels-contentieux-de-la-responsabilite-sinistres-et-transport-terrestre-routier-et-ferroviaire-classement-2022-cabinet-d-avocats-france-simple-1024x536.png 1024w, https:\/\/grenier-avocats.com\/wp-content\/uploads\/2023\/07\/risques-industriels-contentieux-de-la-responsabilite-sinistres-et-transport-terrestre-routier-et-ferroviaire-classement-2022-cabinet-d-avocats-france-simple-768x402.png 768w\" sizes=\"(max-width: 1040px) 100vw, 1040px\" \/><\/a>\n\t\t\t\t<\/dt><\/dl><dl class='gallery-item'>\n\t\t\t\t<dt class='gallery-icon landscape'>\n\t\t\t\t\t<a class=\"rollover rollover-zoom\" title=\"\"data-elementor-open-lightbox=\"yes\" data-elementor-lightbox-slideshow=\"4e4d27c1\" data-elementor-lightbox-title=\"risques-industriels-contentieux-de-la-responsabilite-sinistres-et-contentieux-des-assurances-classement-2022-cabinet-d-avocats-france - simple\" data-e-action-hash=\"#elementor-action%3Aaction%3Dlightbox%26settings%3DeyJpZCI6ODExMjMsInVybCI6Imh0dHBzOlwvXC9ncmVuaWVyLWF2b2NhdHMuY29tXC93cC1jb250ZW50XC91cGxvYWRzXC8yMDIzXC8wN1wvcmlzcXVlcy1pbmR1c3RyaWVscy1jb250ZW50aWV1eC1kZS1sYS1yZXNwb25zYWJpbGl0ZS1zaW5pc3RyZXMtZXQtY29udGVudGlldXgtZGVzLWFzc3VyYW5jZXMtY2xhc3NlbWVudC0yMDIyLWNhYmluZXQtZC1hdm9jYXRzLWZyYW5jZS1zaW1wbGUucG5nIiwic2xpZGVzaG93IjoiNGU0ZDI3YzEifQ%3D%3D\" href='https:\/\/grenier-avocats.com\/wp-content\/uploads\/2023\/07\/risques-industriels-contentieux-de-la-responsabilite-sinistres-et-contentieux-des-assurances-classement-2022-cabinet-d-avocats-france-simple.png'><img loading=\"lazy\" decoding=\"async\" width=\"1040\" height=\"544\" src=\"https:\/\/grenier-avocats.com\/wp-content\/uploads\/2023\/07\/risques-industriels-contentieux-de-la-responsabilite-sinistres-et-contentieux-des-assurances-classement-2022-cabinet-d-avocats-france-simple.png\" class=\"attachment-full size-full\" alt=\"prix-grenier-avocats-decideurs-magazine\" srcset=\"https:\/\/grenier-avocats.com\/wp-content\/uploads\/2023\/07\/risques-industriels-contentieux-de-la-responsabilite-sinistres-et-contentieux-des-assurances-classement-2022-cabinet-d-avocats-france-simple.png 1040w, https:\/\/grenier-avocats.com\/wp-content\/uploads\/2023\/07\/risques-industriels-contentieux-de-la-responsabilite-sinistres-et-contentieux-des-assurances-classement-2022-cabinet-d-avocats-france-simple-300x157.png 300w, https:\/\/grenier-avocats.com\/wp-content\/uploads\/2023\/07\/risques-industriels-contentieux-de-la-responsabilite-sinistres-et-contentieux-des-assurances-classement-2022-cabinet-d-avocats-france-simple-1024x536.png 1024w, https:\/\/grenier-avocats.com\/wp-content\/uploads\/2023\/07\/risques-industriels-contentieux-de-la-responsabilite-sinistres-et-contentieux-des-assurances-classement-2022-cabinet-d-avocats-france-simple-768x402.png 768w\" sizes=\"(max-width: 1040px) 100vw, 1040px\" \/><\/a>\n\t\t\t\t<\/dt><\/dl><dl class='gallery-item'>\n\t\t\t\t<dt class='gallery-icon landscape'>\n\t\t\t\t\t<a class=\"rollover rollover-zoom\" title=\"\"data-elementor-open-lightbox=\"yes\" data-elementor-lightbox-slideshow=\"4e4d27c1\" data-elementor-lightbox-title=\"risques-industriels-contentieux-de-la-responsabilite-responsabilite-du-fait-des-produits-classement-2022-cabinet-d-avocats-france - simple\" data-e-action-hash=\"#elementor-action%3Aaction%3Dlightbox%26settings%3DeyJpZCI6ODExMjEsInVybCI6Imh0dHBzOlwvXC9ncmVuaWVyLWF2b2NhdHMuY29tXC93cC1jb250ZW50XC91cGxvYWRzXC8yMDIzXC8wN1wvcmlzcXVlcy1pbmR1c3RyaWVscy1jb250ZW50aWV1eC1kZS1sYS1yZXNwb25zYWJpbGl0ZS1yZXNwb25zYWJpbGl0ZS1kdS1mYWl0LWRlcy1wcm9kdWl0cy1jbGFzc2VtZW50LTIwMjItY2FiaW5ldC1kLWF2b2NhdHMtZnJhbmNlLXNpbXBsZS5wbmciLCJzbGlkZXNob3ciOiI0ZTRkMjdjMSJ9\" href='https:\/\/grenier-avocats.com\/wp-content\/uploads\/2023\/07\/risques-industriels-contentieux-de-la-responsabilite-responsabilite-du-fait-des-produits-classement-2022-cabinet-d-avocats-france-simple.png'><img loading=\"lazy\" decoding=\"async\" width=\"1040\" height=\"544\" src=\"https:\/\/grenier-avocats.com\/wp-content\/uploads\/2023\/07\/risques-industriels-contentieux-de-la-responsabilite-responsabilite-du-fait-des-produits-classement-2022-cabinet-d-avocats-france-simple.png\" class=\"attachment-full size-full\" alt=\"prix-grenier-avocats-decideurs-magazine\" srcset=\"https:\/\/grenier-avocats.com\/wp-content\/uploads\/2023\/07\/risques-industriels-contentieux-de-la-responsabilite-responsabilite-du-fait-des-produits-classement-2022-cabinet-d-avocats-france-simple.png 1040w, https:\/\/grenier-avocats.com\/wp-content\/uploads\/2023\/07\/risques-industriels-contentieux-de-la-responsabilite-responsabilite-du-fait-des-produits-classement-2022-cabinet-d-avocats-france-simple-300x157.png 300w, https:\/\/grenier-avocats.com\/wp-content\/uploads\/2023\/07\/risques-industriels-contentieux-de-la-responsabilite-responsabilite-du-fait-des-produits-classement-2022-cabinet-d-avocats-france-simple-1024x536.png 1024w, https:\/\/grenier-avocats.com\/wp-content\/uploads\/2023\/07\/risques-industriels-contentieux-de-la-responsabilite-responsabilite-du-fait-des-produits-classement-2022-cabinet-d-avocats-france-simple-768x402.png 768w\" sizes=\"(max-width: 1040px) 100vw, 1040px\" \/><\/a>\n\t\t\t\t<\/dt><\/dl><dl class='gallery-item'>\n\t\t\t\t<dt class='gallery-icon landscape'>\n\t\t\t\t\t<a class=\"rollover rollover-zoom\" title=\"\"data-elementor-open-lightbox=\"yes\" data-elementor-lightbox-slideshow=\"4e4d27c1\" data-elementor-lightbox-title=\"risques-industriels-contentieux-de-la-responsabilite-responsabilite-civile-professionnelle-et-risques-financiers-classement-2022-cabinet-d-avocats-france - simple\" data-e-action-hash=\"#elementor-action%3Aaction%3Dlightbox%26settings%3DeyJpZCI6ODExMTksInVybCI6Imh0dHBzOlwvXC9ncmVuaWVyLWF2b2NhdHMuY29tXC93cC1jb250ZW50XC91cGxvYWRzXC8yMDIzXC8wN1wvcmlzcXVlcy1pbmR1c3RyaWVscy1jb250ZW50aWV1eC1kZS1sYS1yZXNwb25zYWJpbGl0ZS1yZXNwb25zYWJpbGl0ZS1jaXZpbGUtcHJvZmVzc2lvbm5lbGxlLWV0LXJpc3F1ZXMtZmluYW5jaWVycy1jbGFzc2VtZW50LTIwMjItY2FiaW5ldC1kLWF2b2NhdHMtZnJhbmNlLXNpbXBsZS5wbmciLCJzbGlkZXNob3ciOiI0ZTRkMjdjMSJ9\" href='https:\/\/grenier-avocats.com\/wp-content\/uploads\/2023\/07\/risques-industriels-contentieux-de-la-responsabilite-responsabilite-civile-professionnelle-et-risques-financiers-classement-2022-cabinet-d-avocats-france-simple.png'><img loading=\"lazy\" decoding=\"async\" width=\"1040\" height=\"544\" src=\"https:\/\/grenier-avocats.com\/wp-content\/uploads\/2023\/07\/risques-industriels-contentieux-de-la-responsabilite-responsabilite-civile-professionnelle-et-risques-financiers-classement-2022-cabinet-d-avocats-france-simple.png\" class=\"attachment-full size-full\" alt=\"prix-grenier-avocats-decideurs-magazine\" srcset=\"https:\/\/grenier-avocats.com\/wp-content\/uploads\/2023\/07\/risques-industriels-contentieux-de-la-responsabilite-responsabilite-civile-professionnelle-et-risques-financiers-classement-2022-cabinet-d-avocats-france-simple.png 1040w, https:\/\/grenier-avocats.com\/wp-content\/uploads\/2023\/07\/risques-industriels-contentieux-de-la-responsabilite-responsabilite-civile-professionnelle-et-risques-financiers-classement-2022-cabinet-d-avocats-france-simple-300x157.png 300w, https:\/\/grenier-avocats.com\/wp-content\/uploads\/2023\/07\/risques-industriels-contentieux-de-la-responsabilite-responsabilite-civile-professionnelle-et-risques-financiers-classement-2022-cabinet-d-avocats-france-simple-1024x536.png 1024w, https:\/\/grenier-avocats.com\/wp-content\/uploads\/2023\/07\/risques-industriels-contentieux-de-la-responsabilite-responsabilite-civile-professionnelle-et-risques-financiers-classement-2022-cabinet-d-avocats-france-simple-768x402.png 768w\" sizes=\"(max-width: 1040px) 100vw, 1040px\" \/><\/a>\n\t\t\t\t<\/dt><\/dl><br style=\"clear: both\" \/><dl class='gallery-item'>\n\t\t\t\t<dt class='gallery-icon landscape'>\n\t\t\t\t\t<a class=\"rollover rollover-zoom\" title=\"\"data-elementor-open-lightbox=\"yes\" data-elementor-lightbox-slideshow=\"4e4d27c1\" data-elementor-lightbox-title=\"risques-industriels-contentieux-de-la-responsabilite-regulatory-assurance-reassurance-classement-2022-cabinet-d-avocats-france - simple\" data-e-action-hash=\"#elementor-action%3Aaction%3Dlightbox%26settings%3DeyJpZCI6ODExMTcsInVybCI6Imh0dHBzOlwvXC9ncmVuaWVyLWF2b2NhdHMuY29tXC93cC1jb250ZW50XC91cGxvYWRzXC8yMDIzXC8wN1wvcmlzcXVlcy1pbmR1c3RyaWVscy1jb250ZW50aWV1eC1kZS1sYS1yZXNwb25zYWJpbGl0ZS1yZWd1bGF0b3J5LWFzc3VyYW5jZS1yZWFzc3VyYW5jZS1jbGFzc2VtZW50LTIwMjItY2FiaW5ldC1kLWF2b2NhdHMtZnJhbmNlLXNpbXBsZS5wbmciLCJzbGlkZXNob3ciOiI0ZTRkMjdjMSJ9\" href='https:\/\/grenier-avocats.com\/wp-content\/uploads\/2023\/07\/risques-industriels-contentieux-de-la-responsabilite-regulatory-assurance-reassurance-classement-2022-cabinet-d-avocats-france-simple.png'><img loading=\"lazy\" decoding=\"async\" width=\"1040\" height=\"544\" src=\"https:\/\/grenier-avocats.com\/wp-content\/uploads\/2023\/07\/risques-industriels-contentieux-de-la-responsabilite-regulatory-assurance-reassurance-classement-2022-cabinet-d-avocats-france-simple.png\" class=\"attachment-full size-full\" alt=\"prix-grenier-avocats-decideurs-magazine\" srcset=\"https:\/\/grenier-avocats.com\/wp-content\/uploads\/2023\/07\/risques-industriels-contentieux-de-la-responsabilite-regulatory-assurance-reassurance-classement-2022-cabinet-d-avocats-france-simple.png 1040w, https:\/\/grenier-avocats.com\/wp-content\/uploads\/2023\/07\/risques-industriels-contentieux-de-la-responsabilite-regulatory-assurance-reassurance-classement-2022-cabinet-d-avocats-france-simple-300x157.png 300w, https:\/\/grenier-avocats.com\/wp-content\/uploads\/2023\/07\/risques-industriels-contentieux-de-la-responsabilite-regulatory-assurance-reassurance-classement-2022-cabinet-d-avocats-france-simple-1024x536.png 1024w, https:\/\/grenier-avocats.com\/wp-content\/uploads\/2023\/07\/risques-industriels-contentieux-de-la-responsabilite-regulatory-assurance-reassurance-classement-2022-cabinet-d-avocats-france-simple-768x402.png 768w\" sizes=\"(max-width: 1040px) 100vw, 1040px\" \/><\/a>\n\t\t\t\t<\/dt><\/dl><dl class='gallery-item'>\n\t\t\t\t<dt class='gallery-icon landscape'>\n\t\t\t\t\t<a class=\"rollover rollover-zoom\" title=\"\"data-elementor-open-lightbox=\"yes\" data-elementor-lightbox-slideshow=\"4e4d27c1\" data-elementor-lightbox-title=\"compliance-fraude-programme-de-conformite-classement-2022-cabinet-d-avocats-france - simple\" data-e-action-hash=\"#elementor-action%3Aaction%3Dlightbox%26settings%3DeyJpZCI6ODExMTMsInVybCI6Imh0dHBzOlwvXC9ncmVuaWVyLWF2b2NhdHMuY29tXC93cC1jb250ZW50XC91cGxvYWRzXC8yMDIzXC8wN1wvY29tcGxpYW5jZS1mcmF1ZGUtcHJvZ3JhbW1lLWRlLWNvbmZvcm1pdGUtY2xhc3NlbWVudC0yMDIyLWNhYmluZXQtZC1hdm9jYXRzLWZyYW5jZS1zaW1wbGUucG5nIiwic2xpZGVzaG93IjoiNGU0ZDI3YzEifQ%3D%3D\" href='https:\/\/grenier-avocats.com\/wp-content\/uploads\/2023\/07\/compliance-fraude-programme-de-conformite-classement-2022-cabinet-d-avocats-france-simple.png'><img loading=\"lazy\" decoding=\"async\" width=\"1040\" height=\"544\" src=\"https:\/\/grenier-avocats.com\/wp-content\/uploads\/2023\/07\/compliance-fraude-programme-de-conformite-classement-2022-cabinet-d-avocats-france-simple.png\" class=\"attachment-full size-full\" alt=\"prix-grenier-avocats-decideurs-magazine\" srcset=\"https:\/\/grenier-avocats.com\/wp-content\/uploads\/2023\/07\/compliance-fraude-programme-de-conformite-classement-2022-cabinet-d-avocats-france-simple.png 1040w, https:\/\/grenier-avocats.com\/wp-content\/uploads\/2023\/07\/compliance-fraude-programme-de-conformite-classement-2022-cabinet-d-avocats-france-simple-300x157.png 300w, https:\/\/grenier-avocats.com\/wp-content\/uploads\/2023\/07\/compliance-fraude-programme-de-conformite-classement-2022-cabinet-d-avocats-france-simple-1024x536.png 1024w, https:\/\/grenier-avocats.com\/wp-content\/uploads\/2023\/07\/compliance-fraude-programme-de-conformite-classement-2022-cabinet-d-avocats-france-simple-768x402.png 768w\" sizes=\"(max-width: 1040px) 100vw, 1040px\" \/><\/a>\n\t\t\t\t<\/dt><\/dl><dl class='gallery-item'>\n\t\t\t\t<dt class='gallery-icon landscape'>\n\t\t\t\t\t<a class=\"rollover rollover-zoom\" title=\"\"data-elementor-open-lightbox=\"yes\" data-elementor-lightbox-slideshow=\"4e4d27c1\" data-elementor-lightbox-title=\"compliance-fraude-enquete-internationale-et-enquete-interne-classement-2022-cabinet-d-avocats-france - simple\" data-e-action-hash=\"#elementor-action%3Aaction%3Dlightbox%26settings%3DeyJpZCI6ODExMTEsInVybCI6Imh0dHBzOlwvXC9ncmVuaWVyLWF2b2NhdHMuY29tXC93cC1jb250ZW50XC91cGxvYWRzXC8yMDIzXC8wN1wvY29tcGxpYW5jZS1mcmF1ZGUtZW5xdWV0ZS1pbnRlcm5hdGlvbmFsZS1ldC1lbnF1ZXRlLWludGVybmUtY2xhc3NlbWVudC0yMDIyLWNhYmluZXQtZC1hdm9jYXRzLWZyYW5jZS1zaW1wbGUucG5nIiwic2xpZGVzaG93IjoiNGU0ZDI3YzEifQ%3D%3D\" href='https:\/\/grenier-avocats.com\/wp-content\/uploads\/2023\/07\/compliance-fraude-enquete-internationale-et-enquete-interne-classement-2022-cabinet-d-avocats-france-simple.png'><img loading=\"lazy\" decoding=\"async\" width=\"1040\" height=\"544\" src=\"https:\/\/grenier-avocats.com\/wp-content\/uploads\/2023\/07\/compliance-fraude-enquete-internationale-et-enquete-interne-classement-2022-cabinet-d-avocats-france-simple.png\" class=\"attachment-full size-full\" alt=\"prix-grenier-avocats-decideurs-magazine\" srcset=\"https:\/\/grenier-avocats.com\/wp-content\/uploads\/2023\/07\/compliance-fraude-enquete-internationale-et-enquete-interne-classement-2022-cabinet-d-avocats-france-simple.png 1040w, https:\/\/grenier-avocats.com\/wp-content\/uploads\/2023\/07\/compliance-fraude-enquete-internationale-et-enquete-interne-classement-2022-cabinet-d-avocats-france-simple-300x157.png 300w, https:\/\/grenier-avocats.com\/wp-content\/uploads\/2023\/07\/compliance-fraude-enquete-internationale-et-enquete-interne-classement-2022-cabinet-d-avocats-france-simple-1024x536.png 1024w, https:\/\/grenier-avocats.com\/wp-content\/uploads\/2023\/07\/compliance-fraude-enquete-internationale-et-enquete-interne-classement-2022-cabinet-d-avocats-france-simple-768x402.png 768w\" sizes=\"(max-width: 1040px) 100vw, 1040px\" \/><\/a>\n\t\t\t\t<\/dt><\/dl>\n\t\t\t\t<br style='clear: both' \/>\n\t\t\t<\/div>\n\t\t<\/div>\n\t\t\t\t\t\t<\/div>\n\t\t\t\t<div class=\"elementor-element elementor-element-da57ede gallery-spacing-custom elementor-hidden-desktop elementor-hidden-tablet elementor-widget elementor-widget-image-gallery\" data-id=\"da57ede\" data-element_type=\"widget\" data-e-type=\"widget\" data-widget_type=\"image-gallery.default\">\n\t\t\t\t\t\t\t<div class=\"elementor-image-gallery\">\n\t\t\t\n\t\t\t<style type='text\/css'>\n\t\t\t\t#gallery-4 {\n\t\t\t\t\tmargin: auto;\n\t\t\t\t}\n\t\t\t\t#gallery-4 .gallery-item {\n\t\t\t\t\tfloat: left;\n\t\t\t\t\tmargin-top: 10px;\n\t\t\t\t\ttext-align: center;\n\t\t\t\t\twidth: 50%;\n\t\t\t\t}\n\t\t\t\t#gallery-4 img {\n\t\t\t\t\tborder: 2px solid #cfcfcf;\n\t\t\t\t}\n\t\t\t\t#gallery-4 .gallery-caption {\n\t\t\t\t\tmargin-left: 0;\n\t\t\t\t}\n\t\t\t\t\/* see gallery_shortcode() in wp-includes\/media.php *\/\n\t\t\t<\/style>\n\t\t<div id='gallery-4' class='dt-gallery-container gallery galleryid-77188 gallery-columns-2 gallery-size-full'><dl class='gallery-item'>\n\t\t\t\t<dt class='gallery-icon landscape'>\n\t\t\t\t\t<a class=\"rollover rollover-zoom\" title=\"\"data-elementor-open-lightbox=\"yes\" data-elementor-lightbox-slideshow=\"da57ede\" data-elementor-lightbox-title=\"compliance-fraude-enquete-internationale-et-enquete-interne-classement-2022-cabinet-d-avocats-france - simple\" data-e-action-hash=\"#elementor-action%3Aaction%3Dlightbox%26settings%3DeyJpZCI6ODExMTEsInVybCI6Imh0dHBzOlwvXC9ncmVuaWVyLWF2b2NhdHMuY29tXC93cC1jb250ZW50XC91cGxvYWRzXC8yMDIzXC8wN1wvY29tcGxpYW5jZS1mcmF1ZGUtZW5xdWV0ZS1pbnRlcm5hdGlvbmFsZS1ldC1lbnF1ZXRlLWludGVybmUtY2xhc3NlbWVudC0yMDIyLWNhYmluZXQtZC1hdm9jYXRzLWZyYW5jZS1zaW1wbGUucG5nIiwic2xpZGVzaG93IjoiZGE1N2VkZSJ9\" href='https:\/\/grenier-avocats.com\/wp-content\/uploads\/2023\/07\/compliance-fraude-enquete-internationale-et-enquete-interne-classement-2022-cabinet-d-avocats-france-simple.png'><img loading=\"lazy\" decoding=\"async\" width=\"1040\" height=\"544\" src=\"https:\/\/grenier-avocats.com\/wp-content\/uploads\/2023\/07\/compliance-fraude-enquete-internationale-et-enquete-interne-classement-2022-cabinet-d-avocats-france-simple.png\" class=\"attachment-full size-full\" alt=\"prix-grenier-avocats-decideurs-magazine\" srcset=\"https:\/\/grenier-avocats.com\/wp-content\/uploads\/2023\/07\/compliance-fraude-enquete-internationale-et-enquete-interne-classement-2022-cabinet-d-avocats-france-simple.png 1040w, https:\/\/grenier-avocats.com\/wp-content\/uploads\/2023\/07\/compliance-fraude-enquete-internationale-et-enquete-interne-classement-2022-cabinet-d-avocats-france-simple-300x157.png 300w, https:\/\/grenier-avocats.com\/wp-content\/uploads\/2023\/07\/compliance-fraude-enquete-internationale-et-enquete-interne-classement-2022-cabinet-d-avocats-france-simple-1024x536.png 1024w, https:\/\/grenier-avocats.com\/wp-content\/uploads\/2023\/07\/compliance-fraude-enquete-internationale-et-enquete-interne-classement-2022-cabinet-d-avocats-france-simple-768x402.png 768w\" sizes=\"(max-width: 1040px) 100vw, 1040px\" \/><\/a>\n\t\t\t\t<\/dt><\/dl><dl class='gallery-item'>\n\t\t\t\t<dt class='gallery-icon landscape'>\n\t\t\t\t\t<a class=\"rollover rollover-zoom\" title=\"\"data-elementor-open-lightbox=\"yes\" data-elementor-lightbox-slideshow=\"da57ede\" data-elementor-lightbox-title=\"compliance-fraude-programme-de-conformite-classement-2022-cabinet-d-avocats-france - simple\" data-e-action-hash=\"#elementor-action%3Aaction%3Dlightbox%26settings%3DeyJpZCI6ODExMTMsInVybCI6Imh0dHBzOlwvXC9ncmVuaWVyLWF2b2NhdHMuY29tXC93cC1jb250ZW50XC91cGxvYWRzXC8yMDIzXC8wN1wvY29tcGxpYW5jZS1mcmF1ZGUtcHJvZ3JhbW1lLWRlLWNvbmZvcm1pdGUtY2xhc3NlbWVudC0yMDIyLWNhYmluZXQtZC1hdm9jYXRzLWZyYW5jZS1zaW1wbGUucG5nIiwic2xpZGVzaG93IjoiZGE1N2VkZSJ9\" href='https:\/\/grenier-avocats.com\/wp-content\/uploads\/2023\/07\/compliance-fraude-programme-de-conformite-classement-2022-cabinet-d-avocats-france-simple.png'><img loading=\"lazy\" decoding=\"async\" width=\"1040\" height=\"544\" src=\"https:\/\/grenier-avocats.com\/wp-content\/uploads\/2023\/07\/compliance-fraude-programme-de-conformite-classement-2022-cabinet-d-avocats-france-simple.png\" class=\"attachment-full size-full\" alt=\"prix-grenier-avocats-decideurs-magazine\" srcset=\"https:\/\/grenier-avocats.com\/wp-content\/uploads\/2023\/07\/compliance-fraude-programme-de-conformite-classement-2022-cabinet-d-avocats-france-simple.png 1040w, https:\/\/grenier-avocats.com\/wp-content\/uploads\/2023\/07\/compliance-fraude-programme-de-conformite-classement-2022-cabinet-d-avocats-france-simple-300x157.png 300w, https:\/\/grenier-avocats.com\/wp-content\/uploads\/2023\/07\/compliance-fraude-programme-de-conformite-classement-2022-cabinet-d-avocats-france-simple-1024x536.png 1024w, https:\/\/grenier-avocats.com\/wp-content\/uploads\/2023\/07\/compliance-fraude-programme-de-conformite-classement-2022-cabinet-d-avocats-france-simple-768x402.png 768w\" sizes=\"(max-width: 1040px) 100vw, 1040px\" \/><\/a>\n\t\t\t\t<\/dt><\/dl><br style=\"clear: both\" \/><dl class='gallery-item'>\n\t\t\t\t<dt class='gallery-icon landscape'>\n\t\t\t\t\t<a class=\"rollover rollover-zoom\" title=\"\"data-elementor-open-lightbox=\"yes\" data-elementor-lightbox-slideshow=\"da57ede\" data-elementor-lightbox-title=\"risques-industriels-contentieux-de-la-responsabilite-regulatory-assurance-reassurance-classement-2022-cabinet-d-avocats-france - simple\" data-e-action-hash=\"#elementor-action%3Aaction%3Dlightbox%26settings%3DeyJpZCI6ODExMTcsInVybCI6Imh0dHBzOlwvXC9ncmVuaWVyLWF2b2NhdHMuY29tXC93cC1jb250ZW50XC91cGxvYWRzXC8yMDIzXC8wN1wvcmlzcXVlcy1pbmR1c3RyaWVscy1jb250ZW50aWV1eC1kZS1sYS1yZXNwb25zYWJpbGl0ZS1yZWd1bGF0b3J5LWFzc3VyYW5jZS1yZWFzc3VyYW5jZS1jbGFzc2VtZW50LTIwMjItY2FiaW5ldC1kLWF2b2NhdHMtZnJhbmNlLXNpbXBsZS5wbmciLCJzbGlkZXNob3ciOiJkYTU3ZWRlIn0%3D\" href='https:\/\/grenier-avocats.com\/wp-content\/uploads\/2023\/07\/risques-industriels-contentieux-de-la-responsabilite-regulatory-assurance-reassurance-classement-2022-cabinet-d-avocats-france-simple.png'><img loading=\"lazy\" decoding=\"async\" width=\"1040\" height=\"544\" src=\"https:\/\/grenier-avocats.com\/wp-content\/uploads\/2023\/07\/risques-industriels-contentieux-de-la-responsabilite-regulatory-assurance-reassurance-classement-2022-cabinet-d-avocats-france-simple.png\" class=\"attachment-full size-full\" alt=\"prix-grenier-avocats-decideurs-magazine\" srcset=\"https:\/\/grenier-avocats.com\/wp-content\/uploads\/2023\/07\/risques-industriels-contentieux-de-la-responsabilite-regulatory-assurance-reassurance-classement-2022-cabinet-d-avocats-france-simple.png 1040w, https:\/\/grenier-avocats.com\/wp-content\/uploads\/2023\/07\/risques-industriels-contentieux-de-la-responsabilite-regulatory-assurance-reassurance-classement-2022-cabinet-d-avocats-france-simple-300x157.png 300w, https:\/\/grenier-avocats.com\/wp-content\/uploads\/2023\/07\/risques-industriels-contentieux-de-la-responsabilite-regulatory-assurance-reassurance-classement-2022-cabinet-d-avocats-france-simple-1024x536.png 1024w, https:\/\/grenier-avocats.com\/wp-content\/uploads\/2023\/07\/risques-industriels-contentieux-de-la-responsabilite-regulatory-assurance-reassurance-classement-2022-cabinet-d-avocats-france-simple-768x402.png 768w\" sizes=\"(max-width: 1040px) 100vw, 1040px\" \/><\/a>\n\t\t\t\t<\/dt><\/dl><dl class='gallery-item'>\n\t\t\t\t<dt class='gallery-icon landscape'>\n\t\t\t\t\t<a class=\"rollover rollover-zoom\" title=\"\"data-elementor-open-lightbox=\"yes\" data-elementor-lightbox-slideshow=\"da57ede\" data-elementor-lightbox-title=\"risques-industriels-contentieux-de-la-responsabilite-responsabilite-civile-professionnelle-et-risques-financiers-classement-2022-cabinet-d-avocats-france - simple\" data-e-action-hash=\"#elementor-action%3Aaction%3Dlightbox%26settings%3DeyJpZCI6ODExMTksInVybCI6Imh0dHBzOlwvXC9ncmVuaWVyLWF2b2NhdHMuY29tXC93cC1jb250ZW50XC91cGxvYWRzXC8yMDIzXC8wN1wvcmlzcXVlcy1pbmR1c3RyaWVscy1jb250ZW50aWV1eC1kZS1sYS1yZXNwb25zYWJpbGl0ZS1yZXNwb25zYWJpbGl0ZS1jaXZpbGUtcHJvZmVzc2lvbm5lbGxlLWV0LXJpc3F1ZXMtZmluYW5jaWVycy1jbGFzc2VtZW50LTIwMjItY2FiaW5ldC1kLWF2b2NhdHMtZnJhbmNlLXNpbXBsZS5wbmciLCJzbGlkZXNob3ciOiJkYTU3ZWRlIn0%3D\" href='https:\/\/grenier-avocats.com\/wp-content\/uploads\/2023\/07\/risques-industriels-contentieux-de-la-responsabilite-responsabilite-civile-professionnelle-et-risques-financiers-classement-2022-cabinet-d-avocats-france-simple.png'><img loading=\"lazy\" decoding=\"async\" width=\"1040\" height=\"544\" src=\"https:\/\/grenier-avocats.com\/wp-content\/uploads\/2023\/07\/risques-industriels-contentieux-de-la-responsabilite-responsabilite-civile-professionnelle-et-risques-financiers-classement-2022-cabinet-d-avocats-france-simple.png\" class=\"attachment-full size-full\" alt=\"prix-grenier-avocats-decideurs-magazine\" srcset=\"https:\/\/grenier-avocats.com\/wp-content\/uploads\/2023\/07\/risques-industriels-contentieux-de-la-responsabilite-responsabilite-civile-professionnelle-et-risques-financiers-classement-2022-cabinet-d-avocats-france-simple.png 1040w, https:\/\/grenier-avocats.com\/wp-content\/uploads\/2023\/07\/risques-industriels-contentieux-de-la-responsabilite-responsabilite-civile-professionnelle-et-risques-financiers-classement-2022-cabinet-d-avocats-france-simple-300x157.png 300w, https:\/\/grenier-avocats.com\/wp-content\/uploads\/2023\/07\/risques-industriels-contentieux-de-la-responsabilite-responsabilite-civile-professionnelle-et-risques-financiers-classement-2022-cabinet-d-avocats-france-simple-1024x536.png 1024w, https:\/\/grenier-avocats.com\/wp-content\/uploads\/2023\/07\/risques-industriels-contentieux-de-la-responsabilite-responsabilite-civile-professionnelle-et-risques-financiers-classement-2022-cabinet-d-avocats-france-simple-768x402.png 768w\" sizes=\"(max-width: 1040px) 100vw, 1040px\" \/><\/a>\n\t\t\t\t<\/dt><\/dl><br style=\"clear: both\" \/><dl class='gallery-item'>\n\t\t\t\t<dt class='gallery-icon landscape'>\n\t\t\t\t\t<a class=\"rollover rollover-zoom\" title=\"\"data-elementor-open-lightbox=\"yes\" data-elementor-lightbox-slideshow=\"da57ede\" data-elementor-lightbox-title=\"risques-industriels-contentieux-de-la-responsabilite-responsabilite-du-fait-des-produits-classement-2022-cabinet-d-avocats-france - simple\" data-e-action-hash=\"#elementor-action%3Aaction%3Dlightbox%26settings%3DeyJpZCI6ODExMjEsInVybCI6Imh0dHBzOlwvXC9ncmVuaWVyLWF2b2NhdHMuY29tXC93cC1jb250ZW50XC91cGxvYWRzXC8yMDIzXC8wN1wvcmlzcXVlcy1pbmR1c3RyaWVscy1jb250ZW50aWV1eC1kZS1sYS1yZXNwb25zYWJpbGl0ZS1yZXNwb25zYWJpbGl0ZS1kdS1mYWl0LWRlcy1wcm9kdWl0cy1jbGFzc2VtZW50LTIwMjItY2FiaW5ldC1kLWF2b2NhdHMtZnJhbmNlLXNpbXBsZS5wbmciLCJzbGlkZXNob3ciOiJkYTU3ZWRlIn0%3D\" href='https:\/\/grenier-avocats.com\/wp-content\/uploads\/2023\/07\/risques-industriels-contentieux-de-la-responsabilite-responsabilite-du-fait-des-produits-classement-2022-cabinet-d-avocats-france-simple.png'><img loading=\"lazy\" decoding=\"async\" width=\"1040\" height=\"544\" src=\"https:\/\/grenier-avocats.com\/wp-content\/uploads\/2023\/07\/risques-industriels-contentieux-de-la-responsabilite-responsabilite-du-fait-des-produits-classement-2022-cabinet-d-avocats-france-simple.png\" class=\"attachment-full size-full\" alt=\"prix-grenier-avocats-decideurs-magazine\" srcset=\"https:\/\/grenier-avocats.com\/wp-content\/uploads\/2023\/07\/risques-industriels-contentieux-de-la-responsabilite-responsabilite-du-fait-des-produits-classement-2022-cabinet-d-avocats-france-simple.png 1040w, https:\/\/grenier-avocats.com\/wp-content\/uploads\/2023\/07\/risques-industriels-contentieux-de-la-responsabilite-responsabilite-du-fait-des-produits-classement-2022-cabinet-d-avocats-france-simple-300x157.png 300w, https:\/\/grenier-avocats.com\/wp-content\/uploads\/2023\/07\/risques-industriels-contentieux-de-la-responsabilite-responsabilite-du-fait-des-produits-classement-2022-cabinet-d-avocats-france-simple-1024x536.png 1024w, https:\/\/grenier-avocats.com\/wp-content\/uploads\/2023\/07\/risques-industriels-contentieux-de-la-responsabilite-responsabilite-du-fait-des-produits-classement-2022-cabinet-d-avocats-france-simple-768x402.png 768w\" sizes=\"(max-width: 1040px) 100vw, 1040px\" \/><\/a>\n\t\t\t\t<\/dt><\/dl><dl class='gallery-item'>\n\t\t\t\t<dt class='gallery-icon landscape'>\n\t\t\t\t\t<a class=\"rollover rollover-zoom\" title=\"\"data-elementor-open-lightbox=\"yes\" data-elementor-lightbox-slideshow=\"da57ede\" data-elementor-lightbox-title=\"risques-industriels-contentieux-de-la-responsabilite-sinistres-et-contentieux-des-assurances-classement-2022-cabinet-d-avocats-france - simple\" data-e-action-hash=\"#elementor-action%3Aaction%3Dlightbox%26settings%3DeyJpZCI6ODExMjMsInVybCI6Imh0dHBzOlwvXC9ncmVuaWVyLWF2b2NhdHMuY29tXC93cC1jb250ZW50XC91cGxvYWRzXC8yMDIzXC8wN1wvcmlzcXVlcy1pbmR1c3RyaWVscy1jb250ZW50aWV1eC1kZS1sYS1yZXNwb25zYWJpbGl0ZS1zaW5pc3RyZXMtZXQtY29udGVudGlldXgtZGVzLWFzc3VyYW5jZXMtY2xhc3NlbWVudC0yMDIyLWNhYmluZXQtZC1hdm9jYXRzLWZyYW5jZS1zaW1wbGUucG5nIiwic2xpZGVzaG93IjoiZGE1N2VkZSJ9\" href='https:\/\/grenier-avocats.com\/wp-content\/uploads\/2023\/07\/risques-industriels-contentieux-de-la-responsabilite-sinistres-et-contentieux-des-assurances-classement-2022-cabinet-d-avocats-france-simple.png'><img loading=\"lazy\" decoding=\"async\" width=\"1040\" height=\"544\" src=\"https:\/\/grenier-avocats.com\/wp-content\/uploads\/2023\/07\/risques-industriels-contentieux-de-la-responsabilite-sinistres-et-contentieux-des-assurances-classement-2022-cabinet-d-avocats-france-simple.png\" class=\"attachment-full size-full\" alt=\"prix-grenier-avocats-decideurs-magazine\" srcset=\"https:\/\/grenier-avocats.com\/wp-content\/uploads\/2023\/07\/risques-industriels-contentieux-de-la-responsabilite-sinistres-et-contentieux-des-assurances-classement-2022-cabinet-d-avocats-france-simple.png 1040w, https:\/\/grenier-avocats.com\/wp-content\/uploads\/2023\/07\/risques-industriels-contentieux-de-la-responsabilite-sinistres-et-contentieux-des-assurances-classement-2022-cabinet-d-avocats-france-simple-300x157.png 300w, https:\/\/grenier-avocats.com\/wp-content\/uploads\/2023\/07\/risques-industriels-contentieux-de-la-responsabilite-sinistres-et-contentieux-des-assurances-classement-2022-cabinet-d-avocats-france-simple-1024x536.png 1024w, https:\/\/grenier-avocats.com\/wp-content\/uploads\/2023\/07\/risques-industriels-contentieux-de-la-responsabilite-sinistres-et-contentieux-des-assurances-classement-2022-cabinet-d-avocats-france-simple-768x402.png 768w\" sizes=\"(max-width: 1040px) 100vw, 1040px\" \/><\/a>\n\t\t\t\t<\/dt><\/dl><br style=\"clear: both\" \/><dl class='gallery-item'>\n\t\t\t\t<dt class='gallery-icon landscape'>\n\t\t\t\t\t<a class=\"rollover rollover-zoom\" title=\"\"data-elementor-open-lightbox=\"yes\" data-elementor-lightbox-slideshow=\"da57ede\" data-elementor-lightbox-title=\"risques-industriels-contentieux-de-la-responsabilite-sinistres-et-transport-terrestre-routier-et-ferroviaire-classement-2022-cabinet-d-avocats-france - simple\" data-e-action-hash=\"#elementor-action%3Aaction%3Dlightbox%26settings%3DeyJpZCI6ODExMjUsInVybCI6Imh0dHBzOlwvXC9ncmVuaWVyLWF2b2NhdHMuY29tXC93cC1jb250ZW50XC91cGxvYWRzXC8yMDIzXC8wN1wvcmlzcXVlcy1pbmR1c3RyaWVscy1jb250ZW50aWV1eC1kZS1sYS1yZXNwb25zYWJpbGl0ZS1zaW5pc3RyZXMtZXQtdHJhbnNwb3J0LXRlcnJlc3RyZS1yb3V0aWVyLWV0LWZlcnJvdmlhaXJlLWNsYXNzZW1lbnQtMjAyMi1jYWJpbmV0LWQtYXZvY2F0cy1mcmFuY2Utc2ltcGxlLnBuZyIsInNsaWRlc2hvdyI6ImRhNTdlZGUifQ%3D%3D\" href='https:\/\/grenier-avocats.com\/wp-content\/uploads\/2023\/07\/risques-industriels-contentieux-de-la-responsabilite-sinistres-et-transport-terrestre-routier-et-ferroviaire-classement-2022-cabinet-d-avocats-france-simple.png'><img loading=\"lazy\" decoding=\"async\" width=\"1040\" height=\"544\" src=\"https:\/\/grenier-avocats.com\/wp-content\/uploads\/2023\/07\/risques-industriels-contentieux-de-la-responsabilite-sinistres-et-transport-terrestre-routier-et-ferroviaire-classement-2022-cabinet-d-avocats-france-simple.png\" class=\"attachment-full size-full\" alt=\"prix-grenier-avocats-decideurs-magazine\" srcset=\"https:\/\/grenier-avocats.com\/wp-content\/uploads\/2023\/07\/risques-industriels-contentieux-de-la-responsabilite-sinistres-et-transport-terrestre-routier-et-ferroviaire-classement-2022-cabinet-d-avocats-france-simple.png 1040w, https:\/\/grenier-avocats.com\/wp-content\/uploads\/2023\/07\/risques-industriels-contentieux-de-la-responsabilite-sinistres-et-transport-terrestre-routier-et-ferroviaire-classement-2022-cabinet-d-avocats-france-simple-300x157.png 300w, https:\/\/grenier-avocats.com\/wp-content\/uploads\/2023\/07\/risques-industriels-contentieux-de-la-responsabilite-sinistres-et-transport-terrestre-routier-et-ferroviaire-classement-2022-cabinet-d-avocats-france-simple-1024x536.png 1024w, https:\/\/grenier-avocats.com\/wp-content\/uploads\/2023\/07\/risques-industriels-contentieux-de-la-responsabilite-sinistres-et-transport-terrestre-routier-et-ferroviaire-classement-2022-cabinet-d-avocats-france-simple-768x402.png 768w\" sizes=\"(max-width: 1040px) 100vw, 1040px\" \/><\/a>\n\t\t\t\t<\/dt><\/dl><dl class='gallery-item'>\n\t\t\t\t<dt class='gallery-icon landscape'>\n\t\t\t\t\t<a class=\"rollover rollover-zoom\" title=\"\"data-elementor-open-lightbox=\"yes\" data-elementor-lightbox-slideshow=\"da57ede\" data-elementor-lightbox-title=\"concurrence-distribution-droit-de-la-distribution-classement-2023-cabinet-d-avocats-france-simple\" data-e-action-hash=\"#elementor-action%3Aaction%3Dlightbox%26settings%3DeyJpZCI6ODA3NjIsInVybCI6Imh0dHBzOlwvXC9ncmVuaWVyLWF2b2NhdHMuY29tXC93cC1jb250ZW50XC91cGxvYWRzXC8yMDIzXC8wN1wvY29uY3VycmVuY2UtZGlzdHJpYnV0aW9uLWRyb2l0LWRlLWxhLWRpc3RyaWJ1dGlvbi1jbGFzc2VtZW50LTIwMjMtY2FiaW5ldC1kLWF2b2NhdHMtZnJhbmNlLXNpbXBsZS5wbmciLCJzbGlkZXNob3ciOiJkYTU3ZWRlIn0%3D\" href='https:\/\/grenier-avocats.com\/wp-content\/uploads\/2023\/07\/concurrence-distribution-droit-de-la-distribution-classement-2023-cabinet-d-avocats-france-simple.png'><img loading=\"lazy\" decoding=\"async\" width=\"1040\" height=\"544\" src=\"https:\/\/grenier-avocats.com\/wp-content\/uploads\/2023\/07\/concurrence-distribution-droit-de-la-distribution-classement-2023-cabinet-d-avocats-france-simple.png\" class=\"attachment-full size-full\" alt=\"prix-grenier-avocats-decideurs-magazine\" srcset=\"https:\/\/grenier-avocats.com\/wp-content\/uploads\/2023\/07\/concurrence-distribution-droit-de-la-distribution-classement-2023-cabinet-d-avocats-france-simple.png 1040w, https:\/\/grenier-avocats.com\/wp-content\/uploads\/2023\/07\/concurrence-distribution-droit-de-la-distribution-classement-2023-cabinet-d-avocats-france-simple-300x157.png 300w, https:\/\/grenier-avocats.com\/wp-content\/uploads\/2023\/07\/concurrence-distribution-droit-de-la-distribution-classement-2023-cabinet-d-avocats-france-simple-1024x536.png 1024w, https:\/\/grenier-avocats.com\/wp-content\/uploads\/2023\/07\/concurrence-distribution-droit-de-la-distribution-classement-2023-cabinet-d-avocats-france-simple-768x402.png 768w\" sizes=\"(max-width: 1040px) 100vw, 1040px\" \/><\/a>\n\t\t\t\t<\/dt><\/dl><br style=\"clear: both\" \/><dl class='gallery-item'>\n\t\t\t\t<dt class='gallery-icon landscape'>\n\t\t\t\t\t<a class=\"rollover rollover-zoom\" title=\"\"data-elementor-open-lightbox=\"yes\" data-elementor-lightbox-slideshow=\"da57ede\" data-elementor-lightbox-title=\"contentieux-arbitrage-arbitrage-international-classement-2023-cabinet-d-avocats-france - simple\" data-e-action-hash=\"#elementor-action%3Aaction%3Dlightbox%26settings%3DeyJpZCI6ODA3NjYsInVybCI6Imh0dHBzOlwvXC9ncmVuaWVyLWF2b2NhdHMuY29tXC93cC1jb250ZW50XC91cGxvYWRzXC8yMDIzXC8wN1wvY29udGVudGlldXgtYXJiaXRyYWdlLWFyYml0cmFnZS1pbnRlcm5hdGlvbmFsLWNsYXNzZW1lbnQtMjAyMy1jYWJpbmV0LWQtYXZvY2F0cy1mcmFuY2Utc2ltcGxlLnBuZyIsInNsaWRlc2hvdyI6ImRhNTdlZGUifQ%3D%3D\" href='https:\/\/grenier-avocats.com\/wp-content\/uploads\/2023\/07\/contentieux-arbitrage-arbitrage-international-classement-2023-cabinet-d-avocats-france-simple.png'><img loading=\"lazy\" decoding=\"async\" width=\"1040\" height=\"544\" src=\"https:\/\/grenier-avocats.com\/wp-content\/uploads\/2023\/07\/contentieux-arbitrage-arbitrage-international-classement-2023-cabinet-d-avocats-france-simple.png\" class=\"attachment-full size-full\" alt=\"prix-grenier-avocats-decideurs-magazine\" srcset=\"https:\/\/grenier-avocats.com\/wp-content\/uploads\/2023\/07\/contentieux-arbitrage-arbitrage-international-classement-2023-cabinet-d-avocats-france-simple.png 1040w, https:\/\/grenier-avocats.com\/wp-content\/uploads\/2023\/07\/contentieux-arbitrage-arbitrage-international-classement-2023-cabinet-d-avocats-france-simple-300x157.png 300w, https:\/\/grenier-avocats.com\/wp-content\/uploads\/2023\/07\/contentieux-arbitrage-arbitrage-international-classement-2023-cabinet-d-avocats-france-simple-1024x536.png 1024w, https:\/\/grenier-avocats.com\/wp-content\/uploads\/2023\/07\/contentieux-arbitrage-arbitrage-international-classement-2023-cabinet-d-avocats-france-simple-768x402.png 768w\" sizes=\"(max-width: 1040px) 100vw, 1040px\" \/><\/a>\n\t\t\t\t<\/dt><\/dl><dl class='gallery-item'>\n\t\t\t\t<dt class='gallery-icon landscape'>\n\t\t\t\t\t<a class=\"rollover rollover-zoom\" title=\"\"data-elementor-open-lightbox=\"yes\" data-elementor-lightbox-slideshow=\"da57ede\" data-elementor-lightbox-title=\"contentieux-arbitrage-contentieux-commercial-classement-2023-cabinet-d-avocats-france - simple\" data-e-action-hash=\"#elementor-action%3Aaction%3Dlightbox%26settings%3DeyJpZCI6ODA3NjgsInVybCI6Imh0dHBzOlwvXC9ncmVuaWVyLWF2b2NhdHMuY29tXC93cC1jb250ZW50XC91cGxvYWRzXC8yMDIzXC8wN1wvY29udGVudGlldXgtYXJiaXRyYWdlLWNvbnRlbnRpZXV4LWNvbW1lcmNpYWwtY2xhc3NlbWVudC0yMDIzLWNhYmluZXQtZC1hdm9jYXRzLWZyYW5jZS1zaW1wbGUucG5nIiwic2xpZGVzaG93IjoiZGE1N2VkZSJ9\" href='https:\/\/grenier-avocats.com\/wp-content\/uploads\/2023\/07\/contentieux-arbitrage-contentieux-commercial-classement-2023-cabinet-d-avocats-france-simple.png'><img loading=\"lazy\" decoding=\"async\" width=\"1040\" height=\"544\" src=\"https:\/\/grenier-avocats.com\/wp-content\/uploads\/2023\/07\/contentieux-arbitrage-contentieux-commercial-classement-2023-cabinet-d-avocats-france-simple.png\" class=\"attachment-full size-full\" alt=\"prix-grenier-avocats-decideurs-magazine\" srcset=\"https:\/\/grenier-avocats.com\/wp-content\/uploads\/2023\/07\/contentieux-arbitrage-contentieux-commercial-classement-2023-cabinet-d-avocats-france-simple.png 1040w, https:\/\/grenier-avocats.com\/wp-content\/uploads\/2023\/07\/contentieux-arbitrage-contentieux-commercial-classement-2023-cabinet-d-avocats-france-simple-300x157.png 300w, https:\/\/grenier-avocats.com\/wp-content\/uploads\/2023\/07\/contentieux-arbitrage-contentieux-commercial-classement-2023-cabinet-d-avocats-france-simple-1024x536.png 1024w, https:\/\/grenier-avocats.com\/wp-content\/uploads\/2023\/07\/contentieux-arbitrage-contentieux-commercial-classement-2023-cabinet-d-avocats-france-simple-768x402.png 768w\" sizes=\"(max-width: 1040px) 100vw, 1040px\" \/><\/a>\n\t\t\t\t<\/dt><\/dl><br style=\"clear: both\" \/><dl class='gallery-item'>\n\t\t\t\t<dt class='gallery-icon landscape'>\n\t\t\t\t\t<a class=\"rollover rollover-zoom\" title=\"\"data-elementor-open-lightbox=\"yes\" data-elementor-lightbox-slideshow=\"da57ede\" data-elementor-lightbox-title=\"contentieux-arbitrage-droit-penal-des-affaires-classement-2023-cabinet-d-avocats-france - simple\" data-e-action-hash=\"#elementor-action%3Aaction%3Dlightbox%26settings%3DeyJpZCI6ODA3NzAsInVybCI6Imh0dHBzOlwvXC9ncmVuaWVyLWF2b2NhdHMuY29tXC93cC1jb250ZW50XC91cGxvYWRzXC8yMDIzXC8wN1wvY29udGVudGlldXgtYXJiaXRyYWdlLWRyb2l0LXBlbmFsLWRlcy1hZmZhaXJlcy1jbGFzc2VtZW50LTIwMjMtY2FiaW5ldC1kLWF2b2NhdHMtZnJhbmNlLXNpbXBsZS5wbmciLCJzbGlkZXNob3ciOiJkYTU3ZWRlIn0%3D\" href='https:\/\/grenier-avocats.com\/wp-content\/uploads\/2023\/07\/contentieux-arbitrage-droit-penal-des-affaires-classement-2023-cabinet-d-avocats-france-simple.png'><img loading=\"lazy\" decoding=\"async\" width=\"1040\" height=\"544\" src=\"https:\/\/grenier-avocats.com\/wp-content\/uploads\/2023\/07\/contentieux-arbitrage-droit-penal-des-affaires-classement-2023-cabinet-d-avocats-france-simple.png\" class=\"attachment-full size-full\" alt=\"prix-grenier-avocats-decideurs-magazine\" srcset=\"https:\/\/grenier-avocats.com\/wp-content\/uploads\/2023\/07\/contentieux-arbitrage-droit-penal-des-affaires-classement-2023-cabinet-d-avocats-france-simple.png 1040w, https:\/\/grenier-avocats.com\/wp-content\/uploads\/2023\/07\/contentieux-arbitrage-droit-penal-des-affaires-classement-2023-cabinet-d-avocats-france-simple-300x157.png 300w, https:\/\/grenier-avocats.com\/wp-content\/uploads\/2023\/07\/contentieux-arbitrage-droit-penal-des-affaires-classement-2023-cabinet-d-avocats-france-simple-1024x536.png 1024w, https:\/\/grenier-avocats.com\/wp-content\/uploads\/2023\/07\/contentieux-arbitrage-droit-penal-des-affaires-classement-2023-cabinet-d-avocats-france-simple-768x402.png 768w\" sizes=\"(max-width: 1040px) 100vw, 1040px\" \/><\/a>\n\t\t\t\t<\/dt><\/dl><dl class='gallery-item'>\n\t\t\t\t<dt class='gallery-icon landscape'>\n\t\t\t\t\t<a class=\"rollover rollover-zoom\" title=\"\"data-elementor-open-lightbox=\"yes\" data-elementor-lightbox-slideshow=\"da57ede\" data-elementor-lightbox-title=\"grenier-avocats-contentieux-arbitrage-multi\" data-e-action-hash=\"#elementor-action%3Aaction%3Dlightbox%26settings%3DeyJpZCI6ODA3NzIsInVybCI6Imh0dHBzOlwvXC9ncmVuaWVyLWF2b2NhdHMuY29tXC93cC1jb250ZW50XC91cGxvYWRzXC8yMDIzXC8wN1wvZ3Jlbmllci1hdm9jYXRzLWNvbnRlbnRpZXV4LWFyYml0cmFnZS1tdWx0aS5wbmciLCJzbGlkZXNob3ciOiJkYTU3ZWRlIn0%3D\" href='https:\/\/grenier-avocats.com\/wp-content\/uploads\/2023\/07\/grenier-avocats-contentieux-arbitrage-multi.png'><img loading=\"lazy\" decoding=\"async\" width=\"1040\" height=\"544\" src=\"https:\/\/grenier-avocats.com\/wp-content\/uploads\/2023\/07\/grenier-avocats-contentieux-arbitrage-multi.png\" class=\"attachment-full size-full\" alt=\"prix-grenier-avocats-decideurs-magazine\" srcset=\"https:\/\/grenier-avocats.com\/wp-content\/uploads\/2023\/07\/grenier-avocats-contentieux-arbitrage-multi.png 1040w, https:\/\/grenier-avocats.com\/wp-content\/uploads\/2023\/07\/grenier-avocats-contentieux-arbitrage-multi-300x157.png 300w, https:\/\/grenier-avocats.com\/wp-content\/uploads\/2023\/07\/grenier-avocats-contentieux-arbitrage-multi-1024x536.png 1024w, https:\/\/grenier-avocats.com\/wp-content\/uploads\/2023\/07\/grenier-avocats-contentieux-arbitrage-multi-768x402.png 768w\" sizes=\"(max-width: 1040px) 100vw, 1040px\" \/><\/a>\n\t\t\t\t<\/dt><\/dl><br style=\"clear: both\" \/><dl class='gallery-item'>\n\t\t\t\t<dt class='gallery-icon landscape'>\n\t\t\t\t\t<a class=\"rollover rollover-zoom\" title=\"\"data-elementor-open-lightbox=\"yes\" data-elementor-lightbox-slideshow=\"da57ede\" data-elementor-lightbox-title=\"Risques industriels &amp; Contentieux de la responsabilit\u00e9 - Regularatory assurance-reasurance\" data-e-action-hash=\"#elementor-action%3Aaction%3Dlightbox%26settings%3DeyJpZCI6ODEyNTUsInVybCI6Imh0dHBzOlwvXC9ncmVuaWVyLWF2b2NhdHMuY29tXC93cC1jb250ZW50XC91cGxvYWRzXC8yMDIzXC8wOVwvUmlzcXVlcy1pbmR1c3RyaWVscy1Db250ZW50aWV1eC1kZS1sYS1yZXNwb25zYWJpbGl0ZS1SZWd1bGFyYXRvcnktYXNzdXJhbmNlLXJlYXN1cmFuY2UucG5nIiwic2xpZGVzaG93IjoiZGE1N2VkZSJ9\" href='https:\/\/grenier-avocats.com\/wp-content\/uploads\/2023\/09\/Risques-industriels-Contentieux-de-la-responsabilite-Regularatory-assurance-reasurance.png'><img loading=\"lazy\" decoding=\"async\" width=\"1040\" height=\"544\" src=\"https:\/\/grenier-avocats.com\/wp-content\/uploads\/2023\/09\/Risques-industriels-Contentieux-de-la-responsabilite-Regularatory-assurance-reasurance.png\" class=\"attachment-full size-full\" alt=\"prix-grenier-avocats-decideurs-magazine\" srcset=\"https:\/\/grenier-avocats.com\/wp-content\/uploads\/2023\/09\/Risques-industriels-Contentieux-de-la-responsabilite-Regularatory-assurance-reasurance.png 1040w, https:\/\/grenier-avocats.com\/wp-content\/uploads\/2023\/09\/Risques-industriels-Contentieux-de-la-responsabilite-Regularatory-assurance-reasurance-300x157.png 300w, https:\/\/grenier-avocats.com\/wp-content\/uploads\/2023\/09\/Risques-industriels-Contentieux-de-la-responsabilite-Regularatory-assurance-reasurance-1024x536.png 1024w, https:\/\/grenier-avocats.com\/wp-content\/uploads\/2023\/09\/Risques-industriels-Contentieux-de-la-responsabilite-Regularatory-assurance-reasurance-768x402.png 768w\" sizes=\"(max-width: 1040px) 100vw, 1040px\" \/><\/a>\n\t\t\t\t<\/dt><\/dl><dl class='gallery-item'>\n\t\t\t\t<dt class='gallery-icon landscape'>\n\t\t\t\t\t<a class=\"rollover rollover-zoom\" title=\"\"data-elementor-open-lightbox=\"yes\" data-elementor-lightbox-slideshow=\"da57ede\" data-elementor-lightbox-title=\"Risques industriels &amp; Contentieux de la responsabilit\u00e9 - Responsabilit\u00e9 civile professionnelles et risques financiers\" data-e-action-hash=\"#elementor-action%3Aaction%3Dlightbox%26settings%3DeyJpZCI6ODEyNTcsInVybCI6Imh0dHBzOlwvXC9ncmVuaWVyLWF2b2NhdHMuY29tXC93cC1jb250ZW50XC91cGxvYWRzXC8yMDIzXC8wOVwvUmlzcXVlcy1pbmR1c3RyaWVscy1Db250ZW50aWV1eC1kZS1sYS1yZXNwb25zYWJpbGl0ZS1SZXNwb25zYWJpbGl0ZS1jaXZpbGUtcHJvZmVzc2lvbm5lbGxlcy1ldC1yaXNxdWVzLWZpbmFuY2llcnMucG5nIiwic2xpZGVzaG93IjoiZGE1N2VkZSJ9\" href='https:\/\/grenier-avocats.com\/wp-content\/uploads\/2023\/09\/Risques-industriels-Contentieux-de-la-responsabilite-Responsabilite-civile-professionnelles-et-risques-financiers.png'><img loading=\"lazy\" decoding=\"async\" width=\"1040\" height=\"544\" src=\"https:\/\/grenier-avocats.com\/wp-content\/uploads\/2023\/09\/Risques-industriels-Contentieux-de-la-responsabilite-Responsabilite-civile-professionnelles-et-risques-financiers.png\" class=\"attachment-full size-full\" alt=\"prix-grenier-avocats-decideurs-magazine\" srcset=\"https:\/\/grenier-avocats.com\/wp-content\/uploads\/2023\/09\/Risques-industriels-Contentieux-de-la-responsabilite-Responsabilite-civile-professionnelles-et-risques-financiers.png 1040w, https:\/\/grenier-avocats.com\/wp-content\/uploads\/2023\/09\/Risques-industriels-Contentieux-de-la-responsabilite-Responsabilite-civile-professionnelles-et-risques-financiers-300x157.png 300w, https:\/\/grenier-avocats.com\/wp-content\/uploads\/2023\/09\/Risques-industriels-Contentieux-de-la-responsabilite-Responsabilite-civile-professionnelles-et-risques-financiers-1024x536.png 1024w, https:\/\/grenier-avocats.com\/wp-content\/uploads\/2023\/09\/Risques-industriels-Contentieux-de-la-responsabilite-Responsabilite-civile-professionnelles-et-risques-financiers-768x402.png 768w\" sizes=\"(max-width: 1040px) 100vw, 1040px\" \/><\/a>\n\t\t\t\t<\/dt><\/dl><br style=\"clear: both\" \/><dl class='gallery-item'>\n\t\t\t\t<dt class='gallery-icon landscape'>\n\t\t\t\t\t<a class=\"rollover rollover-zoom\" title=\"\"data-elementor-open-lightbox=\"yes\" data-elementor-lightbox-slideshow=\"da57ede\" data-elementor-lightbox-title=\"Risques industriels &amp; Contentieux de la responsabilit\u00e9 - Responsabilit\u00e9 du fait des produits\" data-e-action-hash=\"#elementor-action%3Aaction%3Dlightbox%26settings%3DeyJpZCI6ODEyNTksInVybCI6Imh0dHBzOlwvXC9ncmVuaWVyLWF2b2NhdHMuY29tXC93cC1jb250ZW50XC91cGxvYWRzXC8yMDIzXC8wOVwvUmlzcXVlcy1pbmR1c3RyaWVscy1Db250ZW50aWV1eC1kZS1sYS1yZXNwb25zYWJpbGl0ZS1SZXNwb25zYWJpbGl0ZS1kdS1mYWl0LWRlcy1wcm9kdWl0cy5wbmciLCJzbGlkZXNob3ciOiJkYTU3ZWRlIn0%3D\" href='https:\/\/grenier-avocats.com\/wp-content\/uploads\/2023\/09\/Risques-industriels-Contentieux-de-la-responsabilite-Responsabilite-du-fait-des-produits.png'><img loading=\"lazy\" decoding=\"async\" width=\"1040\" height=\"544\" src=\"https:\/\/grenier-avocats.com\/wp-content\/uploads\/2023\/09\/Risques-industriels-Contentieux-de-la-responsabilite-Responsabilite-du-fait-des-produits.png\" class=\"attachment-full size-full\" alt=\"prix-grenier-avocats-decideurs-magazine\" srcset=\"https:\/\/grenier-avocats.com\/wp-content\/uploads\/2023\/09\/Risques-industriels-Contentieux-de-la-responsabilite-Responsabilite-du-fait-des-produits.png 1040w, https:\/\/grenier-avocats.com\/wp-content\/uploads\/2023\/09\/Risques-industriels-Contentieux-de-la-responsabilite-Responsabilite-du-fait-des-produits-300x157.png 300w, https:\/\/grenier-avocats.com\/wp-content\/uploads\/2023\/09\/Risques-industriels-Contentieux-de-la-responsabilite-Responsabilite-du-fait-des-produits-1024x536.png 1024w, https:\/\/grenier-avocats.com\/wp-content\/uploads\/2023\/09\/Risques-industriels-Contentieux-de-la-responsabilite-Responsabilite-du-fait-des-produits-768x402.png 768w\" sizes=\"(max-width: 1040px) 100vw, 1040px\" \/><\/a>\n\t\t\t\t<\/dt><\/dl><dl class='gallery-item'>\n\t\t\t\t<dt class='gallery-icon landscape'>\n\t\t\t\t\t<a class=\"rollover rollover-zoom\" title=\"\"data-elementor-open-lightbox=\"yes\" data-elementor-lightbox-slideshow=\"da57ede\" data-elementor-lightbox-title=\"Risques industriels &amp; Contentieux de la responsabilit\u00e9 - Sinistre et transport terrestre (routier et ferroviaire)\" data-e-action-hash=\"#elementor-action%3Aaction%3Dlightbox%26settings%3DeyJpZCI6ODEyNjEsInVybCI6Imh0dHBzOlwvXC9ncmVuaWVyLWF2b2NhdHMuY29tXC93cC1jb250ZW50XC91cGxvYWRzXC8yMDIzXC8wOVwvUmlzcXVlcy1pbmR1c3RyaWVscy1Db250ZW50aWV1eC1kZS1sYS1yZXNwb25zYWJpbGl0ZS1TaW5pc3RyZS1ldC10cmFuc3BvcnQtdGVycmVzdHJlLXJvdXRpZXItZXQtZmVycm92aWFpcmUucG5nIiwic2xpZGVzaG93IjoiZGE1N2VkZSJ9\" href='https:\/\/grenier-avocats.com\/wp-content\/uploads\/2023\/09\/Risques-industriels-Contentieux-de-la-responsabilite-Sinistre-et-transport-terrestre-routier-et-ferroviaire.png'><img loading=\"lazy\" decoding=\"async\" width=\"1040\" height=\"544\" src=\"https:\/\/grenier-avocats.com\/wp-content\/uploads\/2023\/09\/Risques-industriels-Contentieux-de-la-responsabilite-Sinistre-et-transport-terrestre-routier-et-ferroviaire.png\" class=\"attachment-full size-full\" alt=\"prix-grenier-avocats-decideurs-magazine\" srcset=\"https:\/\/grenier-avocats.com\/wp-content\/uploads\/2023\/09\/Risques-industriels-Contentieux-de-la-responsabilite-Sinistre-et-transport-terrestre-routier-et-ferroviaire.png 1040w, https:\/\/grenier-avocats.com\/wp-content\/uploads\/2023\/09\/Risques-industriels-Contentieux-de-la-responsabilite-Sinistre-et-transport-terrestre-routier-et-ferroviaire-300x157.png 300w, https:\/\/grenier-avocats.com\/wp-content\/uploads\/2023\/09\/Risques-industriels-Contentieux-de-la-responsabilite-Sinistre-et-transport-terrestre-routier-et-ferroviaire-1024x536.png 1024w, https:\/\/grenier-avocats.com\/wp-content\/uploads\/2023\/09\/Risques-industriels-Contentieux-de-la-responsabilite-Sinistre-et-transport-terrestre-routier-et-ferroviaire-768x402.png 768w\" sizes=\"(max-width: 1040px) 100vw, 1040px\" \/><\/a>\n\t\t\t\t<\/dt><\/dl><br style=\"clear: both\" \/><dl class='gallery-item'>\n\t\t\t\t<dt class='gallery-icon landscape'>\n\t\t\t\t\t<a class=\"rollover rollover-zoom\" title=\"\"data-elementor-open-lightbox=\"yes\" data-elementor-lightbox-slideshow=\"da57ede\" data-elementor-lightbox-title=\"Risques industriels &amp; Contentieux de la responsabilit\u00e9 - Sinistres et contentieux des assurances\" data-e-action-hash=\"#elementor-action%3Aaction%3Dlightbox%26settings%3DeyJpZCI6ODEyNjMsInVybCI6Imh0dHBzOlwvXC9ncmVuaWVyLWF2b2NhdHMuY29tXC93cC1jb250ZW50XC91cGxvYWRzXC8yMDIzXC8wOVwvUmlzcXVlcy1pbmR1c3RyaWVscy1Db250ZW50aWV1eC1kZS1sYS1yZXNwb25zYWJpbGl0ZS1TaW5pc3RyZXMtZXQtY29udGVudGlldXgtZGVzLWFzc3VyYW5jZXMucG5nIiwic2xpZGVzaG93IjoiZGE1N2VkZSJ9\" href='https:\/\/grenier-avocats.com\/wp-content\/uploads\/2023\/09\/Risques-industriels-Contentieux-de-la-responsabilite-Sinistres-et-contentieux-des-assurances.png'><img loading=\"lazy\" decoding=\"async\" width=\"1040\" height=\"544\" src=\"https:\/\/grenier-avocats.com\/wp-content\/uploads\/2023\/09\/Risques-industriels-Contentieux-de-la-responsabilite-Sinistres-et-contentieux-des-assurances.png\" class=\"attachment-full size-full\" alt=\"https:\/\/grenier-avocats.com\/wp-content\/plugins\/pro-elements\/assets\/js\/webpack-pro.runtime.min.js?ver=3.18.1\" srcset=\"https:\/\/grenier-avocats.com\/wp-content\/uploads\/2023\/09\/Risques-industriels-Contentieux-de-la-responsabilite-Sinistres-et-contentieux-des-assurances.png 1040w, https:\/\/grenier-avocats.com\/wp-content\/uploads\/2023\/09\/Risques-industriels-Contentieux-de-la-responsabilite-Sinistres-et-contentieux-des-assurances-300x157.png 300w, https:\/\/grenier-avocats.com\/wp-content\/uploads\/2023\/09\/Risques-industriels-Contentieux-de-la-responsabilite-Sinistres-et-contentieux-des-assurances-1024x536.png 1024w, https:\/\/grenier-avocats.com\/wp-content\/uploads\/2023\/09\/Risques-industriels-Contentieux-de-la-responsabilite-Sinistres-et-contentieux-des-assurances-768x402.png 768w\" sizes=\"(max-width: 1040px) 100vw, 1040px\" \/><\/a>\n\t\t\t\t<\/dt><\/dl><dl class='gallery-item'>\n\t\t\t\t<dt class='gallery-icon landscape'>\n\t\t\t\t\t<a class=\"rollover rollover-zoom\" title=\"\"data-elementor-open-lightbox=\"yes\" data-elementor-lightbox-slideshow=\"da57ede\" data-elementor-lightbox-title=\"D\u00e9cideurs France 2023 - compliance et fraude -enqu\u00eate internationale et internes - Forte notori\u00e9t\u00e9\" data-e-action-hash=\"#elementor-action%3Aaction%3Dlightbox%26settings%3DeyJpZCI6ODE4MTgsInVybCI6Imh0dHBzOlwvXC9ncmVuaWVyLWF2b2NhdHMuY29tXC93cC1jb250ZW50XC91cGxvYWRzXC8yMDIzXC8xMVwvRGVjaWRldXJzLUZyYW5jZS0yMDIzLWNvbXBsaWFuY2UtZXQtZnJhdWRlLWVucXVldGUtaW50ZXJuYXRpb25hbGUtZXQtaW50ZXJuZXMtRm9ydGUtbm90b3JpZXRlLnBuZyIsInNsaWRlc2hvdyI6ImRhNTdlZGUifQ%3D%3D\" href='https:\/\/grenier-avocats.com\/wp-content\/uploads\/2023\/11\/Decideurs-France-2023-compliance-et-fraude-enquete-internationale-et-internes-Forte-notoriete.png'><img loading=\"lazy\" decoding=\"async\" width=\"1040\" height=\"544\" src=\"https:\/\/grenier-avocats.com\/wp-content\/uploads\/2023\/11\/Decideurs-France-2023-compliance-et-fraude-enquete-internationale-et-internes-Forte-notoriete.png\" class=\"attachment-full size-full\" alt=\"https:\/\/grenier-avocats.com\/wp-content\/plugins\/pro-elements\/assets\/js\/webpack-pro.runtime.min.js?ver=3.18.1\" srcset=\"https:\/\/grenier-avocats.com\/wp-content\/uploads\/2023\/11\/Decideurs-France-2023-compliance-et-fraude-enquete-internationale-et-internes-Forte-notoriete.png 1040w, https:\/\/grenier-avocats.com\/wp-content\/uploads\/2023\/11\/Decideurs-France-2023-compliance-et-fraude-enquete-internationale-et-internes-Forte-notoriete-300x157.png 300w, https:\/\/grenier-avocats.com\/wp-content\/uploads\/2023\/11\/Decideurs-France-2023-compliance-et-fraude-enquete-internationale-et-internes-Forte-notoriete-1024x536.png 1024w, https:\/\/grenier-avocats.com\/wp-content\/uploads\/2023\/11\/Decideurs-France-2023-compliance-et-fraude-enquete-internationale-et-internes-Forte-notoriete-768x402.png 768w\" sizes=\"(max-width: 1040px) 100vw, 1040px\" \/><\/a>\n\t\t\t\t<\/dt><\/dl><br style=\"clear: both\" \/><dl class='gallery-item'>\n\t\t\t\t<dt class='gallery-icon landscape'>\n\t\t\t\t\t<a class=\"rollover rollover-zoom\" title=\"\"data-elementor-open-lightbox=\"yes\" data-elementor-lightbox-slideshow=\"da57ede\" data-elementor-lightbox-title=\"D\u00e9cideurs France 2023 - compliance et fraude - programme conformit\u00e9 - Pratique r\u00e9put\u00e9e\" data-e-action-hash=\"#elementor-action%3Aaction%3Dlightbox%26settings%3DeyJpZCI6ODE4MTYsInVybCI6Imh0dHBzOlwvXC9ncmVuaWVyLWF2b2NhdHMuY29tXC93cC1jb250ZW50XC91cGxvYWRzXC8yMDIzXC8xMVwvRGVjaWRldXJzLUZyYW5jZS0yMDIzLWNvbXBsaWFuY2UtZXQtZnJhdWRlLXByb2dyYW1tZS1jb25mb3JtaXRlLVByYXRpcXVlLXJlcHV0ZWUucG5nIiwic2xpZGVzaG93IjoiZGE1N2VkZSJ9\" href='https:\/\/grenier-avocats.com\/wp-content\/uploads\/2023\/11\/Decideurs-France-2023-compliance-et-fraude-programme-conformite-Pratique-reputee.png'><img loading=\"lazy\" decoding=\"async\" width=\"1040\" height=\"544\" src=\"https:\/\/grenier-avocats.com\/wp-content\/uploads\/2023\/11\/Decideurs-France-2023-compliance-et-fraude-programme-conformite-Pratique-reputee.png\" class=\"attachment-full size-full\" alt=\"https:\/\/grenier-avocats.com\/wp-content\/plugins\/pro-elements\/assets\/js\/webpack-pro.runtime.min.js?ver=3.18.1\" srcset=\"https:\/\/grenier-avocats.com\/wp-content\/uploads\/2023\/11\/Decideurs-France-2023-compliance-et-fraude-programme-conformite-Pratique-reputee.png 1040w, https:\/\/grenier-avocats.com\/wp-content\/uploads\/2023\/11\/Decideurs-France-2023-compliance-et-fraude-programme-conformite-Pratique-reputee-300x157.png 300w, https:\/\/grenier-avocats.com\/wp-content\/uploads\/2023\/11\/Decideurs-France-2023-compliance-et-fraude-programme-conformite-Pratique-reputee-1024x536.png 1024w, https:\/\/grenier-avocats.com\/wp-content\/uploads\/2023\/11\/Decideurs-France-2023-compliance-et-fraude-programme-conformite-Pratique-reputee-768x402.png 768w\" sizes=\"(max-width: 1040px) 100vw, 1040px\" \/><\/a>\n\t\t\t\t<\/dt><\/dl>\n\t\t\t\t<br style='clear: both' \/>\n\t\t\t<\/div>\n\t\t<\/div>\n\t\t\t\t\t\t<\/div>\n\t\t\t\t<div class=\"elementor-element elementor-element-d3e9e05 elementor-widget elementor-widget-spacer\" data-id=\"d3e9e05\" data-element_type=\"widget\" data-e-type=\"widget\" data-widget_type=\"spacer.default\">\n\t\t\t\t\t\t\t<div class=\"elementor-spacer\">\n\t\t\t<div class=\"elementor-spacer-inner\"><\/div>\n\t\t<\/div>\n\t\t\t\t\t\t<\/div>\n\t\t\t\t<div class=\"elementor-element elementor-element-d2f1cbe elementor-widget elementor-widget-heading\" data-id=\"d2f1cbe\" data-element_type=\"widget\" data-e-type=\"widget\" data-widget_type=\"heading.default\">\n\t\t\t\t\t<h2 class=\"elementor-heading-title elementor-size-default\">Best Lawyers<\/h2>\t\t\t\t<\/div>\n\t\t\t\t<div class=\"elementor-element elementor-element-714e899 elementor-widget elementor-widget-image\" data-id=\"714e899\" data-element_type=\"widget\" data-e-type=\"widget\" data-widget_type=\"image.default\">\n\t\t\t\t\t\t\t\t\t\t\t\t\t\t\t<img loading=\"lazy\" decoding=\"async\" width=\"500\" height=\"500\" src=\"https:\/\/grenier-avocats.com\/wp-content\/uploads\/2023\/07\/Medaille-Provigis-Fournisseur-Bronze.png\" class=\"attachment-full size-full wp-image-81115\" alt=\"M\u00e9daille Provigis - Fournisseur Bronze\" srcset=\"https:\/\/grenier-avocats.com\/wp-content\/uploads\/2023\/07\/Medaille-Provigis-Fournisseur-Bronze.png 500w, https:\/\/grenier-avocats.com\/wp-content\/uploads\/2023\/07\/Medaille-Provigis-Fournisseur-Bronze-300x300.png 300w, https:\/\/grenier-avocats.com\/wp-content\/uploads\/2023\/07\/Medaille-Provigis-Fournisseur-Bronze-150x150.png 150w\" sizes=\"(max-width: 500px) 100vw, 500px\" \/>\t\t\t\t\t\t\t\t\t\t\t\t\t\t\t<\/div>\n\t\t\t\t\t<\/div>\n\t\t\t\t<\/div>\n\t\t\t\t\t<\/div>\n\t\t<\/div>\n\t\t\t\t\t<\/div>\n\t\t<\/section>\n\t\t\t\t<section class=\"elementor-section elementor-top-section elementor-element elementor-element-ed66369 elementor-section-boxed elementor-section-height-default elementor-section-height-default\" data-id=\"ed66369\" data-element_type=\"section\" data-e-type=\"section\" data-settings=\"{&quot;background_background&quot;:&quot;classic&quot;}\">\n\t\t\t\t\t\t<div class=\"elementor-container elementor-column-gap-wider\">\n\t\t\t\t\t<div class=\"elementor-column elementor-col-100 elementor-top-column elementor-element elementor-element-ff2bcc9\" data-id=\"ff2bcc9\" data-element_type=\"column\" data-e-type=\"column\">\n\t\t\t<div class=\"elementor-widget-wrap\">\n\t\t\t\t\t\t\t<\/div>\n\t\t<\/div>\n\t\t\t\t\t<\/div>\n\t\t<\/section>\n\t\t\t\t<section class=\"elementor-section elementor-top-section elementor-element elementor-element-db379ee elementor-section-boxed elementor-section-height-default elementor-section-height-default\" data-id=\"db379ee\" data-element_type=\"section\" data-e-type=\"section\" data-settings=\"{&quot;background_background&quot;:&quot;classic&quot;}\">\n\t\t\t\t\t\t<div class=\"elementor-container elementor-column-gap-wider\">\n\t\t\t\t\t<div class=\"elementor-column elementor-col-100 elementor-top-column elementor-element elementor-element-019f860\" data-id=\"019f860\" data-element_type=\"column\" data-e-type=\"column\">\n\t\t\t<div class=\"elementor-widget-wrap elementor-element-populated\">\n\t\t\t\t\t\t<div class=\"elementor-element elementor-element-baa4cca elementor-widget__width-auto elementor-widget elementor-widget-heading\" data-id=\"baa4cca\" data-element_type=\"widget\" data-e-type=\"widget\" data-widget_type=\"heading.default\">\n\t\t\t\t\t<h3 class=\"elementor-heading-title elementor-size-default\"><a href=\"https:\/\/grenier-avocats.com\/en\/news\/\">+ All awards<\/a><\/h3>\t\t\t\t<\/div>\n\t\t\t\t\t<\/div>\n\t\t<\/div>\n\t\t\t\t\t<\/div>\n\t\t<\/section>\n\t\t\t\t<section class=\"elementor-section elementor-top-section elementor-element elementor-element-784c6293 elementor-section-full_width elementor-section-stretched elementor-section-height-default elementor-section-height-default\" data-id=\"784c6293\" data-element_type=\"section\" data-e-type=\"section\" data-settings=\"{&quot;stretch_section&quot;:&quot;section-stretched&quot;,&quot;background_background&quot;:&quot;classic&quot;}\">\n\t\t\t\t\t\t<div class=\"elementor-container elementor-column-gap-default\">\n\t\t\t\t\t<div class=\"elementor-column elementor-col-100 elementor-top-column elementor-element elementor-element-1ddd2024\" data-id=\"1ddd2024\" data-element_type=\"column\" data-e-type=\"column\">\n\t\t\t<div class=\"elementor-widget-wrap elementor-element-populated\">\n\t\t\t\t\t\t<div class=\"elementor-element elementor-element-789a474b elementor-widget elementor-widget-image\" data-id=\"789a474b\" data-element_type=\"widget\" data-e-type=\"widget\" id=\"roue2\" data-settings=\"{&quot;motion_fx_motion_fx_scrolling&quot;:&quot;yes&quot;,&quot;motion_fx_translateX_effect&quot;:&quot;yes&quot;,&quot;motion_fx_translateX_speed&quot;:{&quot;unit&quot;:&quot;px&quot;,&quot;size&quot;:6.70000000000000017763568394002504646778106689453125,&quot;sizes&quot;:[]},&quot;motion_fx_translateX_affectedRange&quot;:{&quot;unit&quot;:&quot;%&quot;,&quot;size&quot;:&quot;&quot;,&quot;sizes&quot;:{&quot;start&quot;:15,&quot;end&quot;:85}},&quot;motion_fx_rotateZ_effect&quot;:&quot;yes&quot;,&quot;motion_fx_rotateZ_speed&quot;:{&quot;unit&quot;:&quot;px&quot;,&quot;size&quot;:2.70000000000000017763568394002504646778106689453125,&quot;sizes&quot;:[]},&quot;motion_fx_rotateZ_affectedRange&quot;:{&quot;unit&quot;:&quot;%&quot;,&quot;size&quot;:&quot;&quot;,&quot;sizes&quot;:{&quot;start&quot;:0,&quot;end&quot;:100}},&quot;motion_fx_devices&quot;:[&quot;desktop&quot;,&quot;tablet&quot;,&quot;mobile&quot;]}\" data-widget_type=\"image.default\">\n\t\t\t\t\t\t\t\t\t\t\t\t\t\t\t<img decoding=\"async\" src=\"https:\/\/grenier-avocats.com\/wp-content\/uploads\/elementor\/thumbs\/cogwheels-gear-engineering-settings-c-q92i84aidench609lwmq36adnaxa7us4ez814h22fk.png\" title=\"cogwheels, gear, engineering, settings, c\" alt=\"cogwheels, gear, engineering, settings, c\" loading=\"lazy\" \/>\t\t\t\t\t\t\t\t\t\t\t\t\t\t\t<\/div>\n\t\t\t\t\t<\/div>\n\t\t<\/div>\n\t\t\t\t\t<\/div>\n\t\t<\/section>\n\t\t<div class=\"elementor-element elementor-element-6daece2e e-flex e-con-boxed e-con e-parent\" data-id=\"6daece2e\" data-element_type=\"container\" data-e-type=\"container\" data-settings=\"{&quot;background_background&quot;:&quot;classic&quot;}\">\n\t\t\t\t\t<div class=\"e-con-inner\">\n\t\t<div class=\"elementor-element elementor-element-2cc40992 e-con-full e-flex e-con e-child\" data-id=\"2cc40992\" data-element_type=\"container\" data-e-type=\"container\">\n\t\t\t\t<div class=\"elementor-element elementor-element-6104f20d elementor-widget__width-auto elementor-widget elementor-widget-heading\" data-id=\"6104f20d\" data-element_type=\"widget\" data-e-type=\"widget\" data-widget_type=\"heading.default\">\n\t\t\t\t\t<h3 class=\"elementor-heading-title elementor-size-default\"><u>Your question ? Our solution !<\/u><\/h3>\t\t\t\t<\/div>\n\t\t\t\t<div class=\"elementor-element elementor-element-1467ec7c elementor-widget elementor-widget-heading\" data-id=\"1467ec7c\" data-element_type=\"widget\" data-e-type=\"widget\" data-widget_type=\"heading.default\">\n\t\t\t\t\t<h2 class=\"elementor-heading-title elementor-size-default\">Please feel free to contact us<\/h2>\t\t\t\t<\/div>\n\t\t\t\t<div class=\"elementor-element elementor-element-17e20d5d elementor-widget__width-auto elementor-widget-mobile__width-inherit elementor-mobile-align-center elementor-align-center e-transform elementor-widget elementor-widget-the7_button_widget\" data-id=\"17e20d5d\" data-element_type=\"widget\" data-e-type=\"widget\" data-settings=\"{&quot;_transform_scale_effect_hover&quot;:{&quot;unit&quot;:&quot;px&quot;,&quot;size&quot;:1.0500000000000000444089209850062616169452667236328125,&quot;sizes&quot;:[]},&quot;_transform_scale_effect_hover_tablet&quot;:{&quot;unit&quot;:&quot;px&quot;,&quot;size&quot;:&quot;&quot;,&quot;sizes&quot;:[]},&quot;_transform_scale_effect_hover_mobile&quot;:{&quot;unit&quot;:&quot;px&quot;,&quot;size&quot;:&quot;&quot;,&quot;sizes&quot;:[]}}\" data-widget_type=\"the7_button_widget.default\">\n\t\t\t\t<div class=\"elementor-widget-container\">\n\t\t\t\t\t<div class=\"elementor-button-wrapper\"><a href=\"https:\/\/grenier-avocats.com\/en\/contact-us\/\" class=\"box-button elementor-button elementor-size-lg\">Contact<\/a><\/div>\t\t\t\t<\/div>\n\t\t\t\t<\/div>\n\t\t\t\t<\/div>\n\t\t\t\t\t<\/div>\n\t\t\t\t<\/div>\n\t\t<div class=\"elementor-element elementor-element-cd4d01f e-flex e-con-boxed e-con e-parent\" data-id=\"cd4d01f\" data-element_type=\"container\" data-e-type=\"container\" data-settings=\"{&quot;background_background&quot;:&quot;classic&quot;}\">\n\t\t\t\t\t<div class=\"e-con-inner\">\n\t\t<div class=\"elementor-element elementor-element-918f444 e-flex e-con-boxed e-con e-child\" data-id=\"918f444\" data-element_type=\"container\" data-e-type=\"container\">\n\t\t\t\t\t<div class=\"e-con-inner\">\n\t\t<div class=\"elementor-element elementor-element-9ea99c3 e-flex e-con-boxed e-con e-child\" data-id=\"9ea99c3\" data-element_type=\"container\" data-e-type=\"container\">\n\t\t\t\t\t<div class=\"e-con-inner\">\n\t\t\t\t<div class=\"elementor-element elementor-element-c3c4f18 elementor-widget elementor-widget-image\" data-id=\"c3c4f18\" data-element_type=\"widget\" data-e-type=\"widget\" data-widget_type=\"image.default\">\n\t\t\t\t\t\t\t\t\t\t\t\t\t\t\t<img loading=\"lazy\" decoding=\"async\" width=\"521\" height=\"100\" src=\"https:\/\/grenier-avocats.com\/wp-content\/uploads\/2022\/09\/Illustration_sans_titre.png\" class=\"attachment-full size-full wp-image-77844\" alt=\"\" srcset=\"https:\/\/grenier-avocats.com\/wp-content\/uploads\/2022\/09\/Illustration_sans_titre.png 521w, https:\/\/grenier-avocats.com\/wp-content\/uploads\/2022\/09\/Illustration_sans_titre-300x58.png 300w\" sizes=\"(max-width: 521px) 100vw, 521px\" \/>\t\t\t\t\t\t\t\t\t\t\t\t\t\t\t<\/div>\n\t\t\t\t\t<\/div>\n\t\t\t\t<\/div>\n\t\t<div class=\"elementor-element elementor-element-9351995 e-con-full e-flex e-con e-child\" data-id=\"9351995\" data-element_type=\"container\" data-e-type=\"container\">\n\t\t\t\t<div class=\"elementor-element elementor-element-70b4dac elementor-widget elementor-widget-text-editor\" data-id=\"70b4dac\" data-element_type=\"widget\" data-e-type=\"widget\" data-widget_type=\"text-editor.default\">\n\t\t\t\t\t\t\t\t\t<span><strong>AARPI Grenier Avocats<\/strong><br>18 rue de l\u2019Arcade<br>75008 Paris &#8211; France<br>Switchboard\u00a0:\u00a0<a style=\"color: white;\" href=\"tel:+33186951590\">+ 33 1 86 95 15 90<\/a><br>Fax\u00a0:\u00a0<a style=\"color: white;\" href=\"tel:+33186953760\">+ 33 1 86 95 37 60<\/a><\/span>\t\t\t\t\t\t\t\t<\/div>\n\t\t\t\t<\/div>\n\t\t<div class=\"elementor-element elementor-element-794ee38 e-flex e-con-boxed e-con e-child\" data-id=\"794ee38\" data-element_type=\"container\" data-e-type=\"container\">\n\t\t\t\t\t<div class=\"e-con-inner\">\n\t\t\t\t<div class=\"elementor-element elementor-element-fa9de96 elementor-widget elementor-widget-text-editor\" data-id=\"fa9de96\" data-element_type=\"widget\" data-e-type=\"widget\" data-widget_type=\"text-editor.default\">\n\t\t\t\t\t\t\t\t\t<a style=\"color:white;\" href=\"https:\/\/grenier-avocats.com\/en\/contact-us\/\">CONTACT<\/a><br>\n<a style=\"color:white;\" href=\"https:\/\/grenier-avocats.com\/mentions-legales\/\">MENTIONS L\u00c9GALES<\/a><br>\n<a style=\"color:white;\" href=\"https:\/\/www.iso.org\/fr\/iso-9001-quality-management.html\">NOTRE CERTIFICATION ISO 9001<\/a><br>\t\t\t\t\t\t\t\t<\/div>\n\t\t\t\t\t<\/div>\n\t\t\t\t<\/div>\n\t\t\t\t\t<\/div>\n\t\t\t\t<\/div>\n\t\t\t\t\t<\/div>\n\t\t\t\t<\/div>\n\t\t\t\t<\/div>\n\t\t","protected":false},"excerpt":{"rendered":"<p>INDUSTRIAL, ETHICAL &amp; COMMERCIAL ISSUES Widely recognized in France and abroad for its legal expertise in industrial ans ethical issues, the firm of Grenier Avocats has worked closely over the last 15 years and more with leading industrial groups and with insurance and reinsurance companies, as well as brokers. NEWS + All news AWARDS Legal&hellip;<\/p>\n","protected":false},"author":2,"featured_media":0,"parent":0,"menu_order":1,"comment_status":"closed","ping_status":"closed","template":"elementor_header_footer","meta":{"inline_featured_image":false,"footnotes":""},"class_list":["post-77188","page","type-page","status-publish","hentry"],"yoast_head":"<!-- This site is optimized with the Yoast SEO plugin v27.5 - https:\/\/yoast.com\/product\/yoast-seo-wordpress\/ -->\n<title>Home &#8211; Grenier Avocats<\/title>\n<meta name=\"robots\" content=\"index, follow, max-snippet:-1, max-image-preview:large, max-video-preview:-1\" \/>\n<link rel=\"canonical\" href=\"https:\/\/grenier-avocats.com\/en\/\" \/>\n<meta property=\"og:locale\" content=\"en_US\" \/>\n<meta property=\"og:type\" content=\"article\" \/>\n<meta property=\"og:title\" content=\"Home &#8211; Grenier Avocats\" \/>\n<meta property=\"og:description\" content=\"INDUSTRIAL, ETHICAL &amp; COMMERCIAL ISSUES Widely recognized in France and abroad for its legal expertise in industrial ans ethical issues, the firm of Grenier Avocats has worked closely over the last 15 years and more with leading industrial groups and with insurance and reinsurance companies, as well as brokers. NEWS + All news AWARDS Legal&hellip;\" \/>\n<meta property=\"og:url\" content=\"https:\/\/grenier-avocats.com\/en\/\" \/>\n<meta property=\"og:site_name\" content=\"Grenier Avocats\" \/>\n<meta property=\"article:modified_time\" content=\"2025-10-11T00:47:11+00:00\" \/>\n<meta property=\"og:image\" content=\"https:\/\/grenier-avocats.com\/wp-content\/uploads\/elementor\/thumbs\/cogwheels-gear-engineering-settings-b-q92i88zpbkts37tfugnuxn3om8a4acas3mhgiuv3kg.png\" \/>\n<meta name=\"twitter:card\" content=\"summary_large_image\" \/>\n<meta name=\"twitter:label1\" content=\"Est. reading time\" \/>\n\t<meta name=\"twitter:data1\" content=\"2 minutes\" \/>\n<script type=\"application\/ld+json\" class=\"yoast-schema-graph\">{\"@context\":\"https:\\\/\\\/schema.org\",\"@graph\":[{\"@type\":\"WebPage\",\"@id\":\"https:\\\/\\\/grenier-avocats.com\\\/en\\\/\",\"url\":\"https:\\\/\\\/grenier-avocats.com\\\/en\\\/\",\"name\":\"Home &#8211; Grenier Avocats\",\"isPartOf\":{\"@id\":\"https:\\\/\\\/grenier-avocats.com\\\/en\\\/#website\"},\"primaryImageOfPage\":{\"@id\":\"https:\\\/\\\/grenier-avocats.com\\\/en\\\/#primaryimage\"},\"image\":{\"@id\":\"https:\\\/\\\/grenier-avocats.com\\\/en\\\/#primaryimage\"},\"thumbnailUrl\":\"https:\\\/\\\/grenier-avocats.com\\\/wp-content\\\/uploads\\\/elementor\\\/thumbs\\\/cogwheels-gear-engineering-settings-b-q92i88zpbkts37tfugnuxn3om8a4acas3mhgiuv3kg.png\",\"datePublished\":\"2022-08-10T07:24:17+00:00\",\"dateModified\":\"2025-10-11T00:47:11+00:00\",\"breadcrumb\":{\"@id\":\"https:\\\/\\\/grenier-avocats.com\\\/en\\\/#breadcrumb\"},\"inLanguage\":\"en-US\",\"potentialAction\":[{\"@type\":\"ReadAction\",\"target\":[\"https:\\\/\\\/grenier-avocats.com\\\/en\\\/\"]}]},{\"@type\":\"ImageObject\",\"inLanguage\":\"en-US\",\"@id\":\"https:\\\/\\\/grenier-avocats.com\\\/en\\\/#primaryimage\",\"url\":\"https:\\\/\\\/grenier-avocats.com\\\/wp-content\\\/uploads\\\/elementor\\\/thumbs\\\/cogwheels-gear-engineering-settings-b-q92i88zpbkts37tfugnuxn3om8a4acas3mhgiuv3kg.png\",\"contentUrl\":\"https:\\\/\\\/grenier-avocats.com\\\/wp-content\\\/uploads\\\/elementor\\\/thumbs\\\/cogwheels-gear-engineering-settings-b-q92i88zpbkts37tfugnuxn3om8a4acas3mhgiuv3kg.png\"},{\"@type\":\"BreadcrumbList\",\"@id\":\"https:\\\/\\\/grenier-avocats.com\\\/en\\\/#breadcrumb\",\"itemListElement\":[{\"@type\":\"ListItem\",\"position\":1,\"name\":\"Accueil\",\"item\":\"https:\\\/\\\/grenier-avocats.com\\\/en\\\/\"},{\"@type\":\"ListItem\",\"position\":2,\"name\":\"Home\"}]},{\"@type\":\"WebSite\",\"@id\":\"https:\\\/\\\/grenier-avocats.com\\\/en\\\/#website\",\"url\":\"https:\\\/\\\/grenier-avocats.com\\\/en\\\/\",\"name\":\"Grenier Avocats\",\"description\":\"Cabinet d&#039;avocats d&#039;affaires \u00e0 Paris\",\"publisher\":{\"@id\":\"https:\\\/\\\/grenier-avocats.com\\\/en\\\/#organization\"},\"alternateName\":\"L'expertise juridique des enjeux industriels et \u00e9thiques\",\"potentialAction\":[{\"@type\":\"SearchAction\",\"target\":{\"@type\":\"EntryPoint\",\"urlTemplate\":\"https:\\\/\\\/grenier-avocats.com\\\/en\\\/?s={search_term_string}\"},\"query-input\":{\"@type\":\"PropertyValueSpecification\",\"valueRequired\":true,\"valueName\":\"search_term_string\"}}],\"inLanguage\":\"en-US\"},{\"@type\":\"Organization\",\"@id\":\"https:\\\/\\\/grenier-avocats.com\\\/en\\\/#organization\",\"name\":\"Grenier Avocats \u2013\u00a0Law Firm\",\"alternateName\":\"L'expertise juridique des enjeux industriels et \u00e9thiques\",\"url\":\"https:\\\/\\\/grenier-avocats.com\\\/en\\\/\",\"logo\":{\"@type\":\"ImageObject\",\"inLanguage\":\"en-US\",\"@id\":\"https:\\\/\\\/grenier-avocats.com\\\/en\\\/#\\\/schema\\\/logo\\\/image\\\/\",\"url\":\"https:\\\/\\\/grenier-avocats.com\\\/wp-content\\\/uploads\\\/2022\\\/08\\\/logo-grenieravocats_100.png\",\"contentUrl\":\"https:\\\/\\\/grenier-avocats.com\\\/wp-content\\\/uploads\\\/2022\\\/08\\\/logo-grenieravocats_100.png\",\"width\":521,\"height\":100,\"caption\":\"Grenier Avocats \u2013\u00a0Law Firm\"},\"image\":{\"@id\":\"https:\\\/\\\/grenier-avocats.com\\\/en\\\/#\\\/schema\\\/logo\\\/image\\\/\"},\"sameAs\":[\"https:\\\/\\\/www.linkedin.com\\\/company\\\/grenieravocats\\\/\"]}]}<\/script>\n<!-- \/ Yoast SEO plugin. -->","yoast_head_json":{"title":"Home &#8211; Grenier Avocats","robots":{"index":"index","follow":"follow","max-snippet":"max-snippet:-1","max-image-preview":"max-image-preview:large","max-video-preview":"max-video-preview:-1"},"canonical":"https:\/\/grenier-avocats.com\/en\/","og_locale":"en_US","og_type":"article","og_title":"Home &#8211; Grenier Avocats","og_description":"INDUSTRIAL, ETHICAL &amp; COMMERCIAL ISSUES Widely recognized in France and abroad for its legal expertise in industrial ans ethical issues, the firm of Grenier Avocats has worked closely over the last 15 years and more with leading industrial groups and with insurance and reinsurance companies, as well as brokers. NEWS + All news AWARDS Legal&hellip;","og_url":"https:\/\/grenier-avocats.com\/en\/","og_site_name":"Grenier Avocats","article_modified_time":"2025-10-11T00:47:11+00:00","og_image":[{"url":"https:\/\/grenier-avocats.com\/wp-content\/uploads\/elementor\/thumbs\/cogwheels-gear-engineering-settings-b-q92i88zpbkts37tfugnuxn3om8a4acas3mhgiuv3kg.png","type":"","width":"","height":""}],"twitter_card":"summary_large_image","twitter_misc":{"Est. reading time":"2 minutes"},"schema":{"@context":"https:\/\/schema.org","@graph":[{"@type":"WebPage","@id":"https:\/\/grenier-avocats.com\/en\/","url":"https:\/\/grenier-avocats.com\/en\/","name":"Home &#8211; Grenier Avocats","isPartOf":{"@id":"https:\/\/grenier-avocats.com\/en\/#website"},"primaryImageOfPage":{"@id":"https:\/\/grenier-avocats.com\/en\/#primaryimage"},"image":{"@id":"https:\/\/grenier-avocats.com\/en\/#primaryimage"},"thumbnailUrl":"https:\/\/grenier-avocats.com\/wp-content\/uploads\/elementor\/thumbs\/cogwheels-gear-engineering-settings-b-q92i88zpbkts37tfugnuxn3om8a4acas3mhgiuv3kg.png","datePublished":"2022-08-10T07:24:17+00:00","dateModified":"2025-10-11T00:47:11+00:00","breadcrumb":{"@id":"https:\/\/grenier-avocats.com\/en\/#breadcrumb"},"inLanguage":"en-US","potentialAction":[{"@type":"ReadAction","target":["https:\/\/grenier-avocats.com\/en\/"]}]},{"@type":"ImageObject","inLanguage":"en-US","@id":"https:\/\/grenier-avocats.com\/en\/#primaryimage","url":"https:\/\/grenier-avocats.com\/wp-content\/uploads\/elementor\/thumbs\/cogwheels-gear-engineering-settings-b-q92i88zpbkts37tfugnuxn3om8a4acas3mhgiuv3kg.png","contentUrl":"https:\/\/grenier-avocats.com\/wp-content\/uploads\/elementor\/thumbs\/cogwheels-gear-engineering-settings-b-q92i88zpbkts37tfugnuxn3om8a4acas3mhgiuv3kg.png"},{"@type":"BreadcrumbList","@id":"https:\/\/grenier-avocats.com\/en\/#breadcrumb","itemListElement":[{"@type":"ListItem","position":1,"name":"Accueil","item":"https:\/\/grenier-avocats.com\/en\/"},{"@type":"ListItem","position":2,"name":"Home"}]},{"@type":"WebSite","@id":"https:\/\/grenier-avocats.com\/en\/#website","url":"https:\/\/grenier-avocats.com\/en\/","name":"Grenier Avocats","description":"Cabinet d&#039;avocats d&#039;affaires \u00e0 Paris","publisher":{"@id":"https:\/\/grenier-avocats.com\/en\/#organization"},"alternateName":"L'expertise juridique des enjeux industriels et \u00e9thiques","potentialAction":[{"@type":"SearchAction","target":{"@type":"EntryPoint","urlTemplate":"https:\/\/grenier-avocats.com\/en\/?s={search_term_string}"},"query-input":{"@type":"PropertyValueSpecification","valueRequired":true,"valueName":"search_term_string"}}],"inLanguage":"en-US"},{"@type":"Organization","@id":"https:\/\/grenier-avocats.com\/en\/#organization","name":"Grenier Avocats \u2013\u00a0Law Firm","alternateName":"L'expertise juridique des enjeux industriels et \u00e9thiques","url":"https:\/\/grenier-avocats.com\/en\/","logo":{"@type":"ImageObject","inLanguage":"en-US","@id":"https:\/\/grenier-avocats.com\/en\/#\/schema\/logo\/image\/","url":"https:\/\/grenier-avocats.com\/wp-content\/uploads\/2022\/08\/logo-grenieravocats_100.png","contentUrl":"https:\/\/grenier-avocats.com\/wp-content\/uploads\/2022\/08\/logo-grenieravocats_100.png","width":521,"height":100,"caption":"Grenier Avocats \u2013\u00a0Law Firm"},"image":{"@id":"https:\/\/grenier-avocats.com\/en\/#\/schema\/logo\/image\/"},"sameAs":["https:\/\/www.linkedin.com\/company\/grenieravocats\/"]}]}},"_links":{"self":[{"href":"https:\/\/grenier-avocats.com\/en\/wp-json\/wp\/v2\/pages\/77188","targetHints":{"allow":["GET"]}}],"collection":[{"href":"https:\/\/grenier-avocats.com\/en\/wp-json\/wp\/v2\/pages"}],"about":[{"href":"https:\/\/grenier-avocats.com\/en\/wp-json\/wp\/v2\/types\/page"}],"author":[{"embeddable":true,"href":"https:\/\/grenier-avocats.com\/en\/wp-json\/wp\/v2\/users\/2"}],"replies":[{"embeddable":true,"href":"https:\/\/grenier-avocats.com\/en\/wp-json\/wp\/v2\/comments?post=77188"}],"version-history":[{"count":0,"href":"https:\/\/grenier-avocats.com\/en\/wp-json\/wp\/v2\/pages\/77188\/revisions"}],"wp:attachment":[{"href":"https:\/\/grenier-avocats.com\/en\/wp-json\/wp\/v2\/media?parent=77188"}],"curies":[{"name":"wp","href":"https:\/\/api.w.org\/{rel}","templated":true}]}}